{"id":57674,"date":"2021-05-28T09:48:56","date_gmt":"2021-05-28T09:48:56","guid":{"rendered":"https:\/\/www.teka.com\/de-at\/?page_id=57674"},"modified":"2021-05-28T09:49:06","modified_gmt":"2021-05-28T09:49:06","slug":"neues-energieetikett","status":"publish","type":"page","link":"https:\/\/www.teka.com\/de-at\/neues-energieetikett\/","title":{"rendered":"Neues Energieetikett f\u00fcr Ger\u00e4te"},"content":{"rendered":"<p>[et_pb_section fb_built=&#8220;1&#8243; admin_label=&#8220;header-etiqueta energetica&#8220; _builder_version=&#8220;4.9.2&#8243; background_image=&#8220;https:\/\/www.teka.com\/es-es\/wp-content\/uploads\/sites\/2\/2020\/10\/eficiencia-energetcia.jpg&#8220; parallax=&#8220;on&#8220; locked=&#8220;off&#8220; collapsed=&#8220;on&#8220;][et_pb_row admin_label=&#8220;row&#8220; _builder_version=&#8220;4.9.2&#8243; background_size=&#8220;initial&#8220; background_position=&#8220;top_left&#8220; background_repeat=&#8220;repeat&#8220;][et_pb_column type=&#8220;4_4&#8243; _builder_version=&#8220;3.25&#8243; custom_padding=&#8220;|||&#8220; custom_padding__hover=&#8220;|||&#8220;][et_pb_text _builder_version=&#8220;4.9.2&#8243; text_text_color=&#8220;#222222&#8243; header_font=&#8220;|700|||||||&#8220; header_text_color=&#8220;#222222&#8243; header_font_size=&#8220;48px&#8220; header_line_height=&#8220;1.2em&#8220; width=&#8220;100%&#8220; max_width=&#8220;100%&#8220; module_alignment=&#8220;left&#8220; header_font_size_tablet=&#8220;&#8220; header_font_size_phone=&#8220;38px&#8220; header_font_size_last_edited=&#8220;on|phone&#8220;]<\/p>\n<h1>Neues Energieetikett f\u00fcr Ger\u00e4te<\/h1>\n<p>&nbsp;<\/p>\n<p>Ab dem <strong>1. M\u00e4rz 2021<\/strong> hat sich das Energieetikett unserer Ger\u00e4te ge\u00e4ndert.<\/p>\n<p>F\u00fcr diese neuen Linien ist es obligatorisch, das neue Energielabel online und an physischen Verkaufsstellen zu zeigen.[\/et_pb_text][\/et_pb_column][\/et_pb_row][\/et_pb_section][et_pb_section fb_built=&#8220;1&#8243; admin_label=&#8220;section&#8220; _builder_version=&#8220;4.4.6&#8243; custom_css_after=&#8220;width: 250px; ||     height: 100px; ||     border: 3px solid #555;||     background: #428bca;&#8220; locked=&#8220;off&#8220;][et_pb_row admin_label=&#8220;row&#8220; _builder_version=&#8220;4.4.6&#8243; background_size=&#8220;initial&#8220; background_position=&#8220;top_left&#8220; background_repeat=&#8220;repeat&#8220; module_alignment=&#8220;center&#8220; collapsed=&#8220;on&#8220;][et_pb_column type=&#8220;4_4&#8243; _builder_version=&#8220;3.25&#8243; custom_padding=&#8220;|||&#8220; custom_padding__hover=&#8220;|||&#8220;][et_pb_text _builder_version=&#8220;4.9.2&#8243; header_text_align=&#8220;left&#8220; header_2_text_align=&#8220;left&#8220; header_2_text_color=&#8220;#222222&#8243; header_2_font_size=&#8220;32px&#8220; width=&#8220;72%&#8220; width_tablet=&#8220;61%&#8220; width_phone=&#8220;100%&#8220; width_last_edited=&#8220;on|phone&#8220; max_width=&#8220;72%&#8220; max_width_tablet=&#8220;61%&#8220; max_width_phone=&#8220;84%&#8220; max_width_last_edited=&#8220;on|desktop&#8220; module_alignment=&#8220;left&#8220; header_2_font_size_tablet=&#8220;30px&#8220; header_2_font_size_phone=&#8220;26px&#8220; header_2_font_size_last_edited=&#8220;on|tablet&#8220; header_2_line_height_tablet=&#8220;1.3em&#8220; header_2_line_height_phone=&#8220;1.3em&#8220; header_2_line_height_last_edited=&#8220;on|phone&#8220;]<\/p>\n<h2>Warum \u00e4ndert sich das <strong>Energieetikett<\/strong>?<\/h2>\n<p>[\/et_pb_text][\/et_pb_column][\/et_pb_row][et_pb_row column_structure=&#8220;1_3,1_3,1_3&#8243; use_custom_gutter=&#8220;on&#8220; gutter_width=&#8220;2&#8243; custom_padding_last_edited=&#8220;on|phone&#8220; _builder_version=&#8220;4.4.6&#8243; module_alignment=&#8220;center&#8220; min_height=&#8220;357px&#8220; custom_margin=&#8220;0px||||false|false&#8220; custom_padding_tablet=&#8220;&#8220; custom_padding_phone=&#8220;0px||||false|false&#8220; collapsed=&#8220;on&#8220;][et_pb_column type=&#8220;1_3&#8243; _builder_version=&#8220;4.4.6&#8243;][et_pb_text admin_label=&#8220;Title&#8220; _builder_version=&#8220;4.9.2&#8243; text_font=&#8220;|700|||||||&#8220; text_text_color=&#8220;#222222&#8243; text_font_size=&#8220;23px&#8220; text_line_height=&#8220;1.4em&#8220; header_2_text_align=&#8220;left&#8220; header_2_text_color=&#8220;#222222&#8243; header_3_text_align=&#8220;left&#8220; header_3_text_color=&#8220;#515151&#8243; header_3_line_height=&#8220;1.4em&#8220; background_image=&#8220;https:\/\/www.teka.com\/es-es\/wp-content\/uploads\/sites\/2\/2020\/10\/sostenibilidad-1.jpg&#8220; background_size=&#8220;initial&#8220; background_position=&#8220;top_left&#8220; text_orientation=&#8220;center&#8220; custom_margin=&#8220;||10px||false|false&#8220; custom_padding=&#8220;75px|||30px|false|false&#8220; locked=&#8220;on&#8220;]<\/p>\n<h3><strong>Nachhaltigkeit ist wichtig<\/strong><br \/><span style=\"font-size: large; font-weight: 600;\"><em>Zunehmend<\/em><\/span><\/h3>\n<p>[\/et_pb_text][et_pb_text _builder_version=&#8220;4.9.2&#8243; text_text_color=&#8220;#000000&#8243; text_line_height=&#8220;26px&#8220; custom_padding=&#8220;|||20px|false|false&#8220;]<\/p>\n<p>Verbraucher fordern ein h\u00f6heres Nachhaltigkeitsniveau sowie schnellere Funktionen.<\/p>\n<p>[\/et_pb_text][\/et_pb_column][et_pb_column type=&#8220;1_3&#8243; _builder_version=&#8220;4.4.6&#8243;][et_pb_text admin_label=&#8220;Title&#8220; _builder_version=&#8220;4.9.2&#8243; text_font=&#8220;|700|||||||&#8220; text_text_color=&#8220;#222222&#8243; text_font_size=&#8220;23px&#8220; text_line_height=&#8220;1.4em&#8220; header_2_text_color=&#8220;#515151&#8243; header_3_text_align=&#8220;left&#8220; header_3_text_color=&#8220;#515151&#8243; header_3_line_height=&#8220;1.4em&#8220; background_image=&#8220;https:\/\/www.teka.com\/es-es\/wp-content\/uploads\/sites\/2\/2020\/10\/tecnologi\u0301a-avanza.jpg&#8220; background_size=&#8220;initial&#8220; background_position=&#8220;top_left&#8220; text_orientation=&#8220;center&#8220; module_alignment=&#8220;left&#8220; custom_margin=&#8220;||10px|||&#8220; custom_padding=&#8220;75px|||30px|false|false&#8220; locked=&#8220;on&#8220;]<\/p>\n<h3><strong>Technologische Fortschritte<\/strong><br \/><span style=\"font-size: large; font-weight: 600;\"><em>Bessere Produkte schaffen<\/em><\/span><\/h3>\n<p>[\/et_pb_text][et_pb_text _builder_version=&#8220;4.9.2&#8243; text_text_color=&#8220;#000000&#8243; text_line_height=&#8220;26px&#8220; width=&#8220;100%&#8220; max_width=&#8220;100%&#8220; module_alignment=&#8220;center&#8220; custom_margin=&#8220;||||false|false&#8220; custom_padding=&#8220;|||20px|false|false&#8220;]<\/p>\n<p>Die Technologie entwickelt sich stetig weiter und wirkt sich auch auf die Ger\u00e4teindustrie aus.<br \/>\nAus diesem Grund werden Ger\u00e4te mit einer Energieeffizienzklasse von A + und h\u00f6her hergestellt, was bedeutet, dass das Energieetikett veraltet ist und seine N\u00fctzlichkeit verloren hat. <\/p>\n<p>[\/et_pb_text][\/et_pb_column][et_pb_column type=&#8220;1_3&#8243; _builder_version=&#8220;4.4.6&#8243;][et_pb_text admin_label=&#8220;Title&#8220; _builder_version=&#8220;4.9.2&#8243; text_font=&#8220;|700|||||||&#8220; text_text_color=&#8220;#222222&#8243; text_font_size=&#8220;23px&#8220; text_line_height=&#8220;1.4em&#8220; header_2_text_color=&#8220;#222222&#8243; header_3_text_align=&#8220;left&#8220; header_3_text_color=&#8220;#515151&#8243; header_3_line_height=&#8220;1.4em&#8220; background_image=&#8220;https:\/\/www.teka.com\/es-es\/wp-content\/uploads\/sites\/2\/2020\/10\/mayor-precision.jpg&#8220; background_size=&#8220;initial&#8220; background_position=&#8220;top_left&#8220; text_orientation=&#8220;center&#8220; custom_margin=&#8220;||10px|||&#8220; custom_padding=&#8220;75px|||30px|false|false&#8220; locked=&#8220;on&#8220;]<\/p>\n<h3><strong>H\u00f6here Pr\u00e4zision<\/strong><br \/><span style=\"font-size: large; font-weight: 600;\"><em>Aus technischen Gr\u00fcnden<\/em><\/span><\/h3>\n<p>[\/et_pb_text][et_pb_text _builder_version=&#8220;4.9.2&#8243; text_text_color=&#8220;#000000&#8243; text_line_height=&#8220;26px&#8220; custom_padding=&#8220;0px|||20px|false|false&#8220;]<\/p>\n<p>Die Testmethode die das Energieetikett angezeigt musste ge\u00e4ndert werden.<\/p>\n<p>[\/et_pb_text][\/et_pb_column][\/et_pb_row][et_pb_row column_structure=&#8220;1_2,1_2&#8243; custom_padding_last_edited=&#8220;on|phone&#8220; _builder_version=&#8220;4.4.6&#8243; custom_margin=&#8220;|auto|130px|auto||&#8220; custom_padding=&#8220;130px|||||&#8220; custom_padding_tablet=&#8220;&#8220; custom_padding_phone=&#8220;90px||||false|false&#8220; collapsed=&#8220;on&#8220;][et_pb_column type=&#8220;1_2&#8243; _builder_version=&#8220;4.4.6&#8243;][et_pb_text _builder_version=&#8220;4.9.2&#8243; text_text_color=&#8220;#222222&#8243; text_font_size=&#8220;32px&#8220; header_2_text_color=&#8220;#222222&#8243; header_2_font_size=&#8220;32px&#8220; width=&#8220;100%&#8220; width_tablet=&#8220;&#8220; width_phone=&#8220;&#8220; width_last_edited=&#8220;on|desktop&#8220; max_width=&#8220;90%&#8220; module_alignment=&#8220;left&#8220; header_2_font_size_tablet=&#8220;30px&#8220; header_2_font_size_phone=&#8220;26px&#8220; header_2_font_size_last_edited=&#8220;on|phone&#8220; custom_css_main_element=&#8220;min-width: 50%;||&#8220; custom_css_main_element_last_edited=&#8220;on|desktop&#8220;]<\/p>\n<h2>Was \u00e4ndert sich im Jahr <b>2021<\/b>?<\/h2>\n<p>[\/et_pb_text][et_pb_text _builder_version=&#8220;4.9.2&#8243; text_line_height=&#8220;26px&#8220; width=&#8220;100%&#8220; max_width=&#8220;97%&#8220; module_alignment=&#8220;left&#8220; custom_margin=&#8220;|79px||||&#8220; custom_padding=&#8220;|0px||||&#8220; custom_css_main_element=&#8220;min-width: 50%;||&#8220;]<\/p>\n<p>Die wichtigste \u00c4nderung wird das Verschwinden der Energieeffizienzklassen A +, A ++ und A +++ sein. Stattdessen findet eine neue klasierung von A nach G statt. Dies bedeutet jedoch nur eine Buchstaben\u00e4nderung, da dies nicht zu einer Erh\u00f6hung des Energieverbrauchs des Ger\u00e4ts f\u00fchrt.<\/p>\n<p>Damit Sie auf alle Informationen zugreifen k\u00f6nnen, verf\u00fcgen die neuen Energieetiketten \u00fcber einen QR-Code, der Sie zu einer Datenbank mit allen von dieser \u00c4nderung betroffenen Produktbl\u00e4ttern f\u00fchrt. Dar\u00fcber hinaus k\u00f6nnen Sie auf diese Informationen auch im Internet zugreifen.<\/p>\n<p>[\/et_pb_text][\/et_pb_column][et_pb_column type=&#8220;1_2&#8243; _builder_version=&#8220;4.4.6&#8243;][et_pb_image src=&#8220;https:\/\/www.teka.com\/es-es\/wp-content\/uploads\/sites\/2\/2020\/10\/Universe-Ambient_02@2x.jpg&#8220; _builder_version=&#8220;4.4.6&#8243; module_alignment=&#8220;left&#8220; custom_margin=&#8220;30px||||false|false&#8220; locked=&#8220;on&#8220;][\/et_pb_image][\/et_pb_column][\/et_pb_row][et_pb_row _builder_version=&#8220;4.4.6&#8243; width=&#8220;78%&#8220; width_tablet=&#8220;82%&#8220; width_phone=&#8220;87%&#8220; width_last_edited=&#8220;on|phone&#8220; max_width_tablet=&#8220;&#8220; max_width_phone=&#8220;2560%&#8220; max_width_last_edited=&#8220;on|tablet&#8220; module_alignment=&#8220;center&#8220; min_height_tablet=&#8220;&#8220; min_height_phone=&#8220;&#8220; min_height_last_edited=&#8220;on|phone&#8220; custom_margin=&#8220;-33px|auto||auto||&#8220; custom_margin_tablet=&#8220;&#8220; custom_margin_phone=&#8220;-74px||||false|false&#8220; custom_margin_last_edited=&#8220;on|tablet&#8220; custom_padding=&#8220;2px||8px|||&#8220; collapsed=&#8220;on&#8220;][et_pb_column type=&#8220;4_4&#8243; _builder_version=&#8220;4.4.6&#8243;][et_pb_image src=&#8220;https:\/\/www.teka.com\/de-at\/wp-content\/uploads\/sites\/48\/2021\/05\/Desktop-Germany_Austria-1.jpg&#8220; alt=&#8220;fechas cambio etiqueta&#8220; title_text=&#8220;Mobile &#8211; Germany_Austria (1)&#8220; show_bottom_space=&#8220;off&#8220; align=&#8220;center&#8220; src_tablet=&#8220;https:\/\/www.teka.com\/de-at\/wp-content\/uploads\/sites\/48\/2021\/05\/Mobile-Germany_Austria-1.jpg&#8220; src_phone=&#8220;https:\/\/www.teka.com\/de-at\/wp-content\/uploads\/sites\/48\/2021\/05\/Mobile-Germany_Austria-1.jpg&#8220; src_last_edited=&#8220;on|phone&#8220; align_tablet=&#8220;&#8220; align_phone=&#8220;left&#8220; align_last_edited=&#8220;on|phone&#8220; admin_label=&#8220;Image &#8220; _builder_version=&#8220;4.9.2&#8243; width=&#8220;100%&#8220; width_tablet=&#8220;100%&#8220; width_phone=&#8220;67%&#8220; width_last_edited=&#8220;on|tablet&#8220; hover_enabled=&#8220;0&#8243; module_alignment_tablet=&#8220;center&#8220; module_alignment_phone=&#8220;left&#8220; module_alignment_last_edited=&#8220;on|phone&#8220; sticky_enabled=&#8220;0&#8243; locked=&#8220;on&#8220;][\/et_pb_image][\/et_pb_column][\/et_pb_row][et_pb_row custom_padding_last_edited=&#8220;on|phone&#8220; _builder_version=&#8220;4.4.6&#8243; custom_padding=&#8220;120px|||||&#8220; custom_padding_tablet=&#8220;&#8220; custom_padding_phone=&#8220;90px||||false|false&#8220; collapsed=&#8220;on&#8220;][et_pb_column type=&#8220;4_4&#8243; _builder_version=&#8220;4.4.6&#8243;][et_pb_text _builder_version=&#8220;4.9.2&#8243; header_2_text_align=&#8220;left&#8220; header_2_text_color=&#8220;#222222&#8243; header_2_font_size=&#8220;32px&#8220; width_tablet=&#8220;100%&#8220; width_phone=&#8220;100%&#8220; width_last_edited=&#8220;on|tablet&#8220; max_width=&#8220;55%&#8220; max_width_tablet=&#8220;61%&#8220; max_width_phone=&#8220;85%&#8220; max_width_last_edited=&#8220;on|tablet&#8220; module_alignment=&#8220;left&#8220; header_2_font_size_tablet=&#8220;30px&#8220; header_2_font_size_phone=&#8220;26px&#8220; header_2_font_size_last_edited=&#8220;on|phone&#8220;]<\/p>\n<h2>Sehe die <b>neuen Etiketten<\/b><\/h2>\n<p> [\/et_pb_text][et_pb_accordion open_toggle_text_color=&#8220;#515151&#8243; open_toggle_background_color=&#8220;#f5f5f5&#8243; closed_toggle_text_color=&#8220;#000000&#8243; closed_toggle_background_color=&#8220;#ffffff&#8220; icon_color=&#8220;#000000&#8243; admin_label=&#8220;See new labels&#8220; module_class=&#8220;acordeon&#8220; _builder_version=&#8220;4.9.2&#8243; toggle_text_color=&#8220;#515151&#8243; toggle_level=&#8220;h4&#8243; toggle_font=&#8220;|600|||||||&#8220; toggle_font_size=&#8220;20px&#8220; closed_toggle_text_align=&#8220;left&#8220; body_font=&#8220;|300|||||||&#8220; body_text_color=&#8220;#515151&#8243; text_orientation=&#8220;left&#8220; animation_style=&#8220;fade&#8220; toggle_font_size_tablet=&#8220;&#8220; toggle_font_size_phone=&#8220;20px&#8220; toggle_font_size_last_edited=&#8220;on|desktop&#8220; closed_toggle_font_size_tablet=&#8220;&#8220; closed_toggle_font_size_phone=&#8220;&#8220; closed_toggle_font_size_last_edited=&#8220;on|desktop&#8220; custom_css_toggle_icon=&#8220;content: %22%9233%22;||font-size: 30px;&#8220; border_width_top=&#8220;0px&#8220; border_width_right=&#8220;0px&#8220; border_width_left=&#8220;0px&#8220; locked=&#8220;on&#8220; custom_css_main_element_last_edited=&#8220;off|phone&#8220; custom_css_toggle_title_last_edited=&#8220;on|desktop&#8220;][et_pb_accordion_item title=&#8220;displaynone&#8220; open=&#8220;on&#8220; open_toggle_text_color=&#8220;#222222&#8243; open_toggle_background_color=&#8220;#f5f5f5&#8243; closed_toggle_text_color=&#8220;#222222&#8243; closed_toggle_background_color=&#8220;#ffffff&#8220; icon_color=&#8220;#000000&#8243; _builder_version=&#8220;4.4.6&#8243; background_color=&#8220;#CCCCCC&#8220; background_enable_color=&#8220;on&#8220; text_orientation=&#8220;left&#8220; max_height=&#8220;1000px&#8220; custom_css_main_element=&#8220;display:none;&#8220; toggle_level=&#8220;h3&#8243; toggle_text_align=&#8220;left&#8220; toggle_font_size=&#8220;20px&#8220; closed_toggle_font_size=&#8220;20px&#8220;]fffff[\/et_pb_accordion_item][et_pb_accordion_item title=&#8220;Das neue Energieetikett der Waschmaschinen&#8220; open_toggle_text_color=&#8220;#515151&#8243; open_toggle_background_color=&#8220;#ffffff&#8220; closed_toggle_text_color=&#8220;#000000&#8243; closed_toggle_background_color=&#8220;#ffffff&#8220; icon_color=&#8220;#000000&#8243; title_last_edited=&#8220;off|desktop&#8220; _builder_version=&#8220;4.9.2&#8243; body_font=&#8220;|300|||||||&#8220; body_text_color=&#8220;#000000&#8243; background_color=&#8220;#CCCCCC&#8220; background_enable_color=&#8220;on&#8220; text_orientation=&#8220;left&#8220; toggle_text_color=&#8220;#000000&#8243; toggle_font=&#8220;||||||||&#8220; toggle_text_align=&#8220;left&#8220; closed_toggle_font=&#8220;||||||||&#8220; toggle_font_size_tablet=&#8220;&#8220; toggle_font_size_phone=&#8220;&#8220; toggle_font_size_last_edited=&#8220;on|desktop&#8220; closed_toggle_font_size_tablet=&#8220;&#8220; closed_toggle_font_size_phone=&#8220;&#8220; closed_toggle_font_size_last_edited=&#8220;on|phone&#8220; custom_css_main_element_last_edited=&#8220;on|phone&#8220; custom_css_toggle_title_last_edited=&#8220;on|phone&#8220; title__hover_enabled=&#8220;off|desktop&#8220;]<\/p>\n<p>In Bezug auf die neue Kennzeichnung werden die \u00c4nderungen sowohl im Design als auch im Inhalt und in den angezeigten Informationen vorgenommen. Dar\u00fcber hinaus wird das neue Programm \u201eEco 40-60\u201c st\u00e4rker in den Vordergrund ger\u00fcckt, das sich perfekt f\u00fcr Baumwolle, Leinen oder gemischte Kleidung eignet, sofern sie die Temperatur gem\u00e4\u00df ihrem Etikett tragen k\u00f6nnen und einen normalen Schmutzgrad aufweisen.<\/p>\n<p><b>Informationen, die auf dem neuen Etikett angezeigt werden:<\/b><\/p>\n<div class=\"bloque1\">\n<div class=\"texto\">\n<ol style=\"line-height: 2em; margin-left: 10px;\">\n<li>QR code<\/li>\n<li>Energieeffizienzlabel **<\/li>\n<li>Gewichteter Durchschnitt des energetischen Verbrauchs ** in kWh \/ 100 Betriebszyklen (im Eco 40-60-Programm)<\/li>\n<li>Maximale Tragf\u00e4higkeit<\/li>\n<li>Programmdauer \u201eEco 40-60\u201c<\/li>\n<li>Water consumption weighted average** in liters\/cycle of operation (in the Eco 40-60 program)<\/li>\n<li>Wirkungsgradklasse f\u00fcr Zentrifugation**<\/li>\n<li>Schallleistung w\u00e4hrend des Zentrifugationszyklus, ausgedr\u00fcckt in DB (A) zu 1 PW und Ger\u00e4uschemissionsklasse **<\/li>\n<\/ol>\n<p style=\"font-size: 14px;\">** Diese Werte gelten f\u00fcr Lasten mit einer viertel Kapazit\u00e4t, mittlere oder vollst\u00e4ndige Lasten.<\/p>\n<\/div>\n<p><img loading=\"lazy\" decoding=\"async\" src=\"https:\/\/www.teka.com\/es-es\/wp-content\/uploads\/sites\/2\/2020\/10\/Etiqueta-lavadoras.jpg\" width=\"200\" height=\"200\" alt=\"Nueva etiqueta lavadoras\" class=\"etiquetas\"><\/p>\n<style>\n.bloque1 {display: flex;\nmargin-left: 20px;}\n<\/style>\n<style>\n.texto ol li {\nlist-style: decimal;}\n<\/style>\n<\/div>\n<p>[\/et_pb_accordion_item][et_pb_accordion_item title=&#8220;Das neue Energieetikett von Waschtrocknern&#8220; open_toggle_text_color=&#8220;#515151&#8243; open_toggle_background_color=&#8220;#ffffff&#8220; closed_toggle_text_color=&#8220;#&#8220; closed_toggle_background_color=&#8220;#ffffff&#8220; icon_color=&#8220;#000000&#8243; title_last_edited=&#8220;off|desktop&#8220; _builder_version=&#8220;4.9.2&#8243; body_text_color=&#8220;#000000&#8243; background_color=&#8220;#CCCCCC&#8220; background_enable_color=&#8220;on&#8220; text_orientation=&#8220;left&#8220; toggle_level=&#8220;h3&#8243; toggle_text_align=&#8220;left&#8220; toggle_font_size=&#8220;20px&#8220; closed_toggle_font_size=&#8220;20px&#8220;]<\/p>\n<p>Bei der neuen Kennzeichnung bleibt der Skalenbereich von A bis G erhalten. Das Etikett wird jedoch in zwei Spalten unterteilt. Links die Werte f\u00fcr den gesamten Vorgang, dh Waschen und Trocknen. Und in der rechten Spalte nur zum Waschen.<\/p>\n<p><b>Informationen, die auf dem neuen Etikett angezeigt werden:<\/b><\/p>\n<div class=\"bloque1\">\n<div class=\"texto\">\n<ol style=\"line-height: 2em; margin-left: 10px;\">\n<li>QR code<\/li>\n<li>Energieeffizienzetikett * (vollst\u00e4ndiger Betriebszyklus)<\/li>\n<li>Energieeffizienzetikett (Waschzyklus)<\/li>\n<li>Gewichteter Durchschnitt des Energieverbrauchs * in kWh \/ 100 Zyklen (vollst\u00e4ndiger Betriebszyklus **)<\/li>\n<li>Energetischer Verbrauch gewichteter Durchschnitt * in kWh \/ 100 Zyklen (Waschzyklus)<\/li>\n<li>Maximale Tragf\u00e4higkeit (vollst\u00e4ndiger Betriebszyklus **)<\/li>\n<li>Maximale Ladekapazit\u00e4t (Waschzyklus)<\/li>\n<li>Wasserverbrauch gewichteter Durchschnitt * in Litern \/ Betriebszyklus (vollst\u00e4ndiger Betriebszyklus **)<\/li>\n<li>Wasserverbrauch gewichteter Durchschnitt * in Litern \/ Betriebszyklus (Waschzyklus)<\/li>\n<li>Programmdauer (vollst\u00e4ndiger Betriebszyklus **)<\/li>\n<li>Programmdauer \u201eEco 40-60\u201c<\/li>\n<li>Wirkungsgradklasse f\u00fcr Zentrifugation*<\/li>\n<li>Schallleistung w\u00e4hrend des Zentrifugationszyklus, ausgedr\u00fcckt in DB (A) re 1 PW und Ger\u00e4uschemissionsklasse<\/li>\n<\/ol>\n<p>&nbsp;<\/p>\n<p style=\"font-size: 14px;\">* Diese Werte gelten f\u00fcr Lasten mit einer viertel Kapazit\u00e4t, mittlere oder vollst\u00e4ndige Lasten.<br \/>** Waschen und Trocknen<\/p>\n<\/div>\n<p><img loading=\"lazy\" decoding=\"async\" class=\"etiquetas\" style=\"margin-top: 30px;\" src=\"https:\/\/www.teka.com\/es-es\/wp-content\/uploads\/sites\/2\/2020\/12\/Etiqueta-lavasecadoras_lavasecadoras.jpg\" alt=\"nueva etiqueta lavadoras-secadoras\" width=\"200\" height=\"200\" \/><\/p>\n<\/div>\n<p><style>\n.bloque1 {display: flex;<\/p>\n<p>margin-left: 20px;}<\/p>\n<\/style>\n<style>\n.texto {max-width: 600px;}<\/p>\n<\/style>\n<style>\n.texto ol li {<\/p>\n<p>list-style: decimal;}<\/p>\n<\/style>\n<p>[\/et_pb_accordion_item][et_pb_accordion_item title=&#8220;Das neue Energieetikette der Geschirrsp\u00fcler&#8220; open_toggle_text_color=&#8220;#515151&#8243; open_toggle_background_color=&#8220;#ffffff&#8220; closed_toggle_text_color=&#8220;#222222&#8243; closed_toggle_background_color=&#8220;#ffffff&#8220; icon_color=&#8220;#000000&#8243; title_last_edited=&#8220;off|desktop&#8220; _builder_version=&#8220;4.9.2&#8243; body_text_color=&#8220;#000000&#8243; background_color=&#8220;#CCCCCC&#8220; background_enable_color=&#8220;on&#8220; text_orientation=&#8220;left&#8220; border_width_all=&#8220;0px&#8220; border_width_top=&#8220;0px&#8220; border_width_bottom=&#8220;1px&#8220; toggle_level=&#8220;h3&#8243; toggle_text_align=&#8220;left&#8220; toggle_font_size=&#8220;20px&#8220; closed_toggle_font_size=&#8220;20px&#8220;]<\/p>\n<p>Im neuen Label wird das Eco-Programm weiterhin eine Referenz f\u00fcr Werte sein. Die zum Erfassen der Informationen verwendete Testmethode hat sich jedoch ge\u00e4ndert und basiert auf 100 Zyklen:\n<\/p>\n<p><b>Informationen, die auf dem neuen Etikett angezeigt werden:<\/b><\/p>\n<div class=\"bloque1\">\n<div class=\"texto\">\n<ol style=\"line-height: 2em; margin-left: 10px;\">\n<li>QR code<\/li>\n<li>Energieeffizienzlabel **<\/li>\n<li>Energieverbrauch in kWh \/ 100 Betriebszyklen (im \u00d6ko-Programm)<\/li>\n<li>Standardschalenkapazit\u00e4t (f\u00fcr das \u00d6ko-Programm)<\/li>\n<li>Wasserverbrauch im Liter \/ Kreislaufbetrieb (im \u00d6ko-Programm)<\/li>\n<li>Die \u00d6ko-Programmdauer &#8222;&#8220;<\/li>\n<li>Schallleistung ausgedr\u00fcckt in dB (A) f\u00fcr 1 PW und Ger\u00e4uschemissionsklasse<\/li>\n<\/ol>\n<\/div>\n<p><img loading=\"lazy\" decoding=\"async\" class=\"etiquetas\" src=\"https:\/\/www.teka.com\/es-es\/wp-content\/uploads\/sites\/2\/2020\/10\/Etiqueta-lavavajillas.jpg\" alt=\"Nueva etiqueta lavavajillas\" width=\"200\" height=\"200\" \/><\/p>\n<\/div>\n<p><style>\n.bloque1 {display: flex;<\/p>\n<p>margin-left: 20px;}<\/p>\n<\/style>\n<style>\n.texto {max-width: 600px;}<\/p>\n<\/style>\n<style>\n.texto ol li {<\/p>\n<p>list-style: decimal;}<\/p>\n<\/style>\n<p>[\/et_pb_accordion_item][et_pb_accordion_item title=&#8220;Das neue Energieetikett f\u00fcr K\u00fchl- und Gefrierger\u00e4te&#8220; open_toggle_text_color=&#8220;#515151&#8243; open_toggle_background_color=&#8220;#ffffff&#8220; closed_toggle_text_color=&#8220;#222222&#8243; closed_toggle_background_color=&#8220;#ffffff&#8220; icon_color=&#8220;#000000&#8243; title_last_edited=&#8220;off|desktop&#8220; _builder_version=&#8220;4.9.2&#8243; body_text_color=&#8220;#000000&#8243; background_color=&#8220;#CCCCCC&#8220; background_enable_color=&#8220;on&#8220; text_orientation=&#8220;left&#8220; toggle_level=&#8220;h3&#8243; toggle_text_align=&#8220;left&#8220; toggle_font_size=&#8220;20px&#8220; closed_toggle_font_size=&#8220;20px&#8220;]Ab 2021 werden die Tests zum Sammeln von Informationen vollst\u00e4ndiger sein. Es ist wichtig, den K\u00fchlschranktyp, seine Funktionsweise, die Raumtemperatur oder die spezifische Anzahl der Ablagef\u00e4cher zu \u00fcberpr\u00fcfen. Der Rest der Informationen bleibt unver\u00e4ndert.<\/p>\n<p><b>Informationen, die auf dem neuen Etikett angezeigt werden:<\/b><br \/>\n<\/br><\/p>\n<div class=\"bloque1\">\n<div class=\"texto\">\n<ol style=\"line-height: 2.5em; margin-left: 10px;\">\n<li >QR code<\/li>\n<li>Energieeffizienzlabel **<\/li>\n<li>Energieverbrauch in kWh \/ Jahr (gemessen nach den neuen Standardbedingungen)<\/li>\n<li>Gesamtraum aller Gefrierf\u00e4cher<\/li>\n<li>Gesamtraum aller K\u00fchlr\u00e4ume<\/li>\n<li>Schallleistung ausgedr\u00fcckt in dB (A) f\u00fcr 1 PW und Ger\u00e4uschemissionsklasse<\/li>\n<\/ol>\n<\/div>\n<p><img loading=\"lazy\" decoding=\"async\" src=\"https:\/\/www.teka.com\/es-es\/wp-content\/uploads\/sites\/2\/2020\/10\/Etiqueta-frigori\u0301ficos.jpg\" width=\"200\" height=\"200\" alt=\"Nueva etiqueta frigor\u00edficos\" class=\"etiquetas\"><\/p>\n<\/div>\n<style>\n.bloque1 {display: flex;\nmargin-left: 20px;}\n<\/style>\n<style>\n.texto {max-width: 600px;}\n<\/style>\n<style>\n.texto ol li {\nlist-style: decimal;}\n<\/style>\n<p>[\/et_pb_accordion_item][\/et_pb_accordion][et_pb_code _builder_version=&#8220;4.9.2&#8243; locked=&#8220;on&#8220;]<script><!-- [et_pb_line_break_holder] -->jQuery(function($){<!-- [et_pb_line_break_holder] -->  $('.et_pb_toggle_title').click(function(){<!-- [et_pb_line_break_holder] -->    var $toggle = $(this).closest('.et_pb_toggle');<!-- [et_pb_line_break_holder] -->    if (!$toggle.hasClass('et_pb_accordion_toggling')) {<!-- [et_pb_line_break_holder] -->      var $accordion = $toggle.closest('.et_pb_accordion');<!-- [et_pb_line_break_holder] -->      if ($toggle.hasClass('et_pb_toggle_open')) {<!-- [et_pb_line_break_holder] -->        $accordion.addClass('et_pb_accordion_toggling');<!-- [et_pb_line_break_holder] -->        $toggle.find('.et_pb_toggle_content').slideToggle(700, function() { <!-- [et_pb_line_break_holder] -->          $toggle.removeClass('et_pb_toggle_open').addClass('et_pb_toggle_close'); <!-- [et_pb_line_break_holder] -->\t\t\t\t\t<!-- [et_pb_line_break_holder] -->        });<!-- [et_pb_line_break_holder] -->      }<!-- [et_pb_line_break_holder] -->      setTimeout(function(){ <!-- [et_pb_line_break_holder] -->        $accordion.removeClass('et_pb_accordion_toggling'); <!-- [et_pb_line_break_holder] -->      }, 750);<!-- [et_pb_line_break_holder] -->    }<!-- [et_pb_line_break_holder] -->  });<!-- [et_pb_line_break_holder] -->});<!-- [et_pb_line_break_holder] --><\/script>[\/et_pb_code][\/et_pb_column][\/et_pb_row][et_pb_row custom_padding_last_edited=&#8220;on|phone&#8220; _builder_version=&#8220;4.4.6&#8243; custom_padding=&#8220;75px|||||&#8220; custom_padding_tablet=&#8220;&#8220; custom_padding_phone=&#8220;50px||||false|false&#8220; collapsed=&#8220;on&#8220;][et_pb_column type=&#8220;4_4&#8243; _builder_version=&#8220;4.4.6&#8243;][et_pb_text _builder_version=&#8220;4.9.2&#8243; header_2_text_align=&#8220;left&#8220; header_2_text_color=&#8220;#222222&#8243; header_2_font_size=&#8220;32px&#8220; width=&#8220;100%&#8220; width_tablet=&#8220;77%&#8220; width_phone=&#8220;100%&#8220; width_last_edited=&#8220;on|desktop&#8220; max_width=&#8220;68%&#8220; max_width_tablet=&#8220;100%&#8220; max_width_phone=&#8220;82%&#8220; max_width_last_edited=&#8220;on|tablet&#8220; module_alignment=&#8220;left&#8220; header_2_font_size_tablet=&#8220;30px&#8220; header_2_font_size_phone=&#8220;26px&#8220; header_2_font_size_last_edited=&#8220;on|tablet&#8220;]<\/p>\n<h2>Siehe Beschriftungen <b>ohne \u00c4nderungen<\/b><\/h2>\n<p>[\/et_pb_text][et_pb_accordion open_toggle_background_color=&#8220;#f5f5f5&#8243; closed_toggle_background_color=&#8220;#ffffff&#8220; icon_color=&#8220;#000000&#8243; admin_label=&#8220;See labels with no changes&#8220; module_class=&#8220;acordeon&#8220; _builder_version=&#8220;4.9.2&#8243; toggle_level=&#8220;h4&#8243; toggle_font=&#8220;|600|||||||&#8220; toggle_font_size=&#8220;20px&#8220; text_orientation=&#8220;left&#8220; custom_margin=&#8220;||12px|||&#8220; animation_style=&#8220;fade&#8220; custom_css_toggle_icon=&#8220;content: %22%9233%22;||font-size: 30px;&#8220; border_width_top=&#8220;0px&#8220; border_width_right=&#8220;0px&#8220; border_width_left=&#8220;0px&#8220; locked=&#8220;on&#8220;][et_pb_accordion_item title=&#8220;displaynone&#8220; open=&#8220;on&#8220; open_toggle_text_color=&#8220;#222222&#8243; open_toggle_background_color=&#8220;#f5f5f5&#8243; closed_toggle_text_color=&#8220;#222222&#8243; closed_toggle_background_color=&#8220;#ffffff&#8220; icon_color=&#8220;#000000&#8243; _builder_version=&#8220;4.4.6&#8243; background_color=&#8220;#CCCCCC&#8220; background_enable_color=&#8220;on&#8220; text_orientation=&#8220;left&#8220; max_height=&#8220;1000px&#8220; custom_css_main_element=&#8220;display:none;&#8220; toggle_level=&#8220;h3&#8243; toggle_text_align=&#8220;left&#8220; toggle_font_size=&#8220;20px&#8220; closed_toggle_font_size=&#8220;20px&#8220;]fffff[\/et_pb_accordion_item][et_pb_accordion_item title=&#8220; Back\u00f6fen Energieetikett &#8220; open_toggle_text_color=&#8220;#515151&#8243; open_toggle_background_color=&#8220;#ffffff&#8220; closed_toggle_text_color=&#8220;#222222&#8243; closed_toggle_background_color=&#8220;#ffffff&#8220; icon_color=&#8220;#000000&#8243; title_last_edited=&#8220;off|desktop&#8220; _builder_version=&#8220;4.9.2&#8243; background_color=&#8220;#CCCCCC&#8220; background_enable_color=&#8220;on&#8220; text_orientation=&#8220;left&#8220; max_height=&#8220;1000px&#8220; toggle_level=&#8220;h3&#8243; toggle_text_align=&#8220;left&#8220; toggle_font_size=&#8220;20px&#8220; closed_toggle_font_size=&#8220;20px&#8220;]<\/p>\n<p>Das Energieetikett des Ofens zeigt die innere Tragf\u00e4higkeit und den Verbrauch f\u00fcr die verschiedenen Modelle w\u00e4hrend zweier Arten des Kochens an:<\/p>\n<p><\/br><\/p>\n<div class=\"bloque1\">\n<div class=\"texto\">\n<ul>\n<li type=\"square\">Hei\u00dfdampfgaren<\/li>\n<li type=\"square\">Kochen mit \u00fcberlegener und unterlegener Hitze<\/li>\n<\/ul>\n<p><\/br><\/p>\n<ol style=\"line-height: 2.5em;\">\n<li>Energieeffizienzklasse<\/li>\n<li>Energiequelle: Strom<\/li>\n<li>Hohlraumkapazit\u00e4t<\/li>\n<li>Energieverbrauch in kWh \/ Zyklus (\u00fcberlegene \/ unterlegene W\u00e4rme)<\/li>\n<li>Energieverbrauch in kWh \/ Zyklus (hei\u00dfe W\u00e4rme)<\/li>\n<\/ol>\n<p>\n<\/div>\n<p><img loading=\"lazy\" decoding=\"async\" src=\"https:\/\/www.teka.com\/es-es\/wp-content\/uploads\/sites\/2\/2020\/10\/ETIQUETAS_antigua-hornos.jpg\" width=\"200\" height=\"200\" alt=\"Etiqueta actual hornos\" class=\"etiquetasantiguas\"><\/p>\n<\/div>\n<style>\n.bloque1 {display: flex;\nmargin-left: 20px;}\n<\/style>\n<style>\n.texto {max-width: 600px;}\n<\/style>\n<style>\n.texto ol li {\nlist-style: decimal;}\n<\/style>\n<style>\n.wp-image-84857 {min-width: 200px;\ndisplay:block; margin-left: 90px; margin-right: 60px;}\n<\/style>\n<p>[\/et_pb_accordion_item][et_pb_accordion_item title=&#8220;Energieetiketten der Dunsthauben&#8220; open_toggle_text_color=&#8220;#515151&#8243; open_toggle_background_color=&#8220;#ffffff&#8220; closed_toggle_text_color=&#8220;#222222&#8243; closed_toggle_background_color=&#8220;#ffffff&#8220; icon_color=&#8220;#000000&#8243; title_last_edited=&#8220;off|desktop&#8220; _builder_version=&#8220;4.9.2&#8243; background_color=&#8220;#CCCCCC&#8220; background_enable_color=&#8220;on&#8220; text_orientation=&#8220;left&#8220; max_height=&#8220;1000px&#8220; toggle_level=&#8220;h3&#8243; toggle_text_align=&#8220;left&#8220; toggle_font_size=&#8220;20px&#8220; closed_toggle_font_size=&#8220;20px&#8220;]<\/p>\n<p>Das Energieetikett von Hoods zeigt den Verbrauch und die Effizienz auf der Grundlage eines durchschnittlichen t\u00e4glichen Verbrauchs von 60 Minuten und bei eingeschaltetem Licht f\u00fcr 120 Minuten.<\/p>\n<p><\/br><\/p>\n<div class=\"bloque1\">\n<div class=\"texto\">\n<ol  style=\"line-height: 2.5em;\">\n<li>Energieeffizienzklasse (L\u00fcfter und Beleuchtung)<\/li>\n<li>Energieverbrauch in kWh \/ Jahr<\/li>\n<li>L\u00fcfterwirkungsgrad<\/li>\n<li>Beleuchtungseffizienz (Beleuchtung und Verteilung)<\/li>\n<li>Fettdichte Filtereffizienz<\/li>\n<li>Schallleistung ausgedr\u00fcckt in dB (A) zu 1 PW<\/li>\n<\/ol>\n<\/div>\n<p><img loading=\"lazy\" decoding=\"async\" src=\"https:\/\/www.teka.com\/es-es\/wp-content\/uploads\/sites\/2\/2020\/10\/ETIQUETAS_antigua-campanas.jpg\" width=\"200\" height=\"200\" alt=\"Etiqueta antigua campanas\" class=\"etiquetasantiguas\"><\/p>\n<\/div>\n<style>\n.bloque1 {display: flex;\nmargin-left: 20px;}\n<\/style>\n<style>\n.texto {max-width: 600px;}\n<\/style>\n<style>\n.texto ol li {\nlist-style: decimal;}\n<\/style>\n<style>\n.wp-image-84863 {min-width: 200px;\ndisplay:block; margin-left: 90px; margin-right: 60px;}\n<\/style>\n<p>[\/et_pb_accordion_item][et_pb_accordion_item title=&#8220;Energieetikett der Trockner&#8220; open_toggle_text_color=&#8220;#515151&#8243; open_toggle_background_color=&#8220;#ffffff&#8220; closed_toggle_text_color=&#8220;#222222&#8243; closed_toggle_background_color=&#8220;#ffffff&#8220; icon_color=&#8220;#000000&#8243; title_last_edited=&#8220;off|desktop&#8220; _builder_version=&#8220;4.9.2&#8243; background_color=&#8220;#CCCCCC&#8220; background_enable_color=&#8220;on&#8220; text_orientation=&#8220;left&#8220; min_height_phone=&#8220;1000px&#8220; min_height_last_edited=&#8220;off|phone&#8220; custom_margin=&#8220;||||false|false&#8220; custom_padding=&#8220;||||false|false&#8220; toggle_level=&#8220;h3&#8243; toggle_text_align=&#8220;left&#8220; toggle_font_size=&#8220;20px&#8220; closed_toggle_font_size=&#8220;20px&#8220;]<\/p>\n<p>Das Energieetikett des Trockners enth\u00e4lt Informationen zu Verbrauch und Effizienz, basierend auf 160 Trocknungszyklen mit dem Standardprogramm f\u00fcr Baumwolle.<\/p>\n<p>Die Klassifizierung Skala ist von Buchstabe D bis A +++ unterteilt, wobei letztere die effizienteste Reduzierung des Verbrauchs um bis zu 63% im Vergleich zu Ger\u00e4ten der Klasse A darstellt.<\/p>\n<p>In Bezug auf die A ++ &#8211; Klasse wird der Verbrauch um bis zu 51% und in der A + -Klasse um bis zu 35% reduziert.\n<\/p>\n<p><\/br><\/p>\n<div class=\"bloque1\">\n<div class=\"texto\">\n<ol style=\"line-height: 2.5em\"; >\n<li>Energieeffizienzklasse<\/li>\n<li>Energieverbrauch in kWh \/ Jahr (160 Standardtrocknungszyklen pro Jahr)<\/li>\n<li>Schallleistung ausgedr\u00fcckt in dB (A) zu 1 PW<\/li>\n<li>Maximale Tragf\u00e4higkeit<\/li>\n<li>Dauer<\/li>\n<li>Energiequelle: Strom<\/li>\n<li>Trocknungseffizienzklasse<\/li>\n<\/ol>\n<\/div>\n<p><img loading=\"lazy\" decoding=\"async\" src=\"https:\/\/www.teka.com\/es-es\/wp-content\/uploads\/sites\/2\/2020\/10\/ETIQUETAS_antigua-secadoras.jpg\" width=\"200\" height=\"200\" alt=\"Etiqueta actual secadoras\" class=\"etiquetasantiguas\" \/><\/p>\n<\/div>\n<style>\n.bloque1 {display: flex;\nmargin-left: 20px;}\n<\/style>\n<style>\n.texto {max-width: 600px;}\n<\/style>\n<style>\n.texto ol li {\nlist-style: decimal;}\n<\/style>\n<style>\n.wp-image-84864 {min-width: 200px;\ndisplay:block; margin-left: 80px; margin-right: 60px;}\n<\/style>\n<p>[\/et_pb_accordion_item][\/et_pb_accordion][\/et_pb_column][\/et_pb_row][et_pb_row custom_padding_last_edited=&#8220;on|phone&#8220; disabled_on=&#8220;on|on|on&#8220; _builder_version=&#8220;4.4.6&#8243; custom_padding=&#8220;101px|||||&#8220; custom_padding_tablet=&#8220;&#8220; custom_padding_phone=&#8220;60px||||false|false&#8220; disabled=&#8220;on&#8220;][et_pb_column type=&#8220;4_4&#8243; _builder_version=&#8220;4.4.6&#8243;][et_pb_text disabled_on=&#8220;off|off|off&#8220; _builder_version=&#8220;4.4.6&#8243; header_2_text_align=&#8220;center&#8220; header_2_font_size=&#8220;32px&#8220; header_2_line_height=&#8220;1.3em&#8220; text_orientation=&#8220;center&#8220; width=&#8220;100%&#8220; width_tablet=&#8220;49%&#8220; width_phone=&#8220;100%&#8220; width_last_edited=&#8220;on|phone&#8220; max_width=&#8220;31%&#8220; max_width_tablet=&#8220;46%&#8220; max_width_phone=&#8220;34%&#8220; max_width_last_edited=&#8220;on|tablet&#8220; module_alignment=&#8220;center&#8220; header_2_font_size_tablet=&#8220;30px&#8220; header_2_font_size_phone=&#8220;26px&#8220; header_2_font_size_last_edited=&#8220;on|phone&#8220; header_2_line_height_tablet=&#8220;&#8220; header_2_line_height_phone=&#8220;&#8220; header_2_line_height_last_edited=&#8220;on|phone&#8220;]<\/p>\n<h2>Related<b>content<\/b><\/h2>\n<p>[\/et_pb_text][et_pb_text disabled_on=&#8220;off|off|off&#8220; _builder_version=&#8220;4.4.6&#8243; text_orientation=&#8220;center&#8220; width_tablet=&#8220;&#8220; width_phone=&#8220;94%&#8220; width_last_edited=&#8220;on|phone&#8220; module_alignment=&#8220;center&#8220; custom_margin=&#8220;-11px||50px|||&#8220;]<\/p>\n<p>Do you want to know more?<br \/>Visit our content related to home savings.<\/p>\n<p>[\/et_pb_text][et_pb_code admin_label=&#8220;Related content&#8220; _builder_version=&#8220;4.4.6&#8243; max_width_tablet=&#8220;76%&#8220; max_width_phone=&#8220;&#8220; max_width_last_edited=&#8220;on|tablet&#8220; custom_padding=&#8220;||||false|false&#8220; module_alignment_tablet=&#8220;center&#8220; module_alignment_phone=&#8220;&#8220; module_alignment_last_edited=&#8220;on|tablet&#8220; custom_css_main_element=&#8220;margin:-20px;&#8220; border_color_all=&#8220;rgba(0,0,0,0)&#8220; border_color_top=&#8220;rgba(0,0,0,0)&#8220;]<\/p>\n<div id=\"related-posts\" class=\"et_pb_section et_pb_section_1 posts-related et_section_regular\"><!-- [et_pb_line_break_holder] -->    <\/p>\n<div class=\"et_pb_column et_pb_column_4_4 et_pb_column_5    et_pb_css_mix_blend_mode_passthrough et-last-child\"><!-- [et_pb_line_break_holder] -->      <!-- [et_pb_line_break_holder] --><\/p>\n<div class=\"et_pb_text_inner\"><!-- [et_pb_line_break_holder] --><!-- [et_pb_line_break_holder] -->            <\/div>\n<p><!-- [et_pb_line_break_holder] -->        <\/div>\n<p><!-- [et_pb_line_break_holder] --><!-- [et_pb_line_break_holder] -->        <\/p>\n<div class=\"et_pb_module et_pb_inspiration_0 et_pb_blog_grid_wrapper\"><!-- [et_pb_line_break_holder] --><!-- [et_pb_line_break_holder] --><!-- [et_pb_line_break_holder] --><!-- [et_pb_line_break_holder] -->            <\/p>\n<div class=\"et_pb_module_inner\"><!-- [et_pb_line_break_holder] -->                <\/p>\n<div class=\"et_pb_module et_pb_inspiration_0 et_pb_blog_grid_wrapper et_pb_inspiration\"><!-- [et_pb_line_break_holder] -->                    <\/p>\n<div class=\"et_pb_blog_grid clearfix et_pb_bg_layout_light \"><!-- [et_pb_line_break_holder] --><!-- [et_pb_line_break_holder] --><!-- [et_pb_line_break_holder] -->                        <\/p>\n<div id=\"inspiration-list-grid\" class=\"et_pb_ajax_pagination_container\"><!-- [et_pb_line_break_holder] -->                            <\/p>\n<div class=\"et_pb_salvattore_content\" data-columns=\"3\"><!-- [et_pb_line_break_holder] -->                                <\/p>\n<div class=\"column size-1of3 postmobile\"><!-- [et_pb_line_break_holder] -->                                    <\/p>\n<article id=\"post-84548\" class=\"et_pb_post clearfix post-84548 post type-post status-publish format-standard has-post-thumbnail hentry category-limpieza\"><!-- [et_pb_line_break_holder] --><!-- [et_pb_line_break_holder] -->                                        <a href=\"https:\/\/www.teka.com\/es-es\/inspiracion\/consejos-y-mantenimiento\/ahorro-y-eficiencia\/por-que-comprar-una-lavadora-de-carga-superior\/\" class=\"entry-featured-image-url\" style=\"background-image: url(https:\/\/www.teka.com\/es-es\/wp-content\/uploads\/sites\/2\/2020\/01\/lavadoras-carga-superior.jpg);\"><!-- [et_pb_line_break_holder] -->                                        <\/a><!-- [et_pb_line_break_holder] -->                                        <\/p>\n<div class=\"post-list-content\"><!-- [et_pb_line_break_holder] -->                                            <\/p>\n<div class=\"post-list-category\"><!-- [et_pb_line_break_holder] -->                                                <a href=\"https:\/\/www.teka.com\/es-es\/inspiracion\/consejos-y-mantenimiento\/ahorro-y-eficiencia\/\" rel=\"category tag\">Ahorro y eficiencia,<\/a><!-- [et_pb_line_break_holder] --><!-- [et_pb_line_break_holder] -->                                                <a href=\"https:\/\/www.teka.com\/es-es\/category\/inspiracion\/\" rel=\"category tag\">Inspiraci\u00f3n<\/a> <a href=\"https:\/\/www.teka.com\/es-es\/category\/inspiracion\/consejos-y-mantenimiento\/\" rel=\"category tag\">Consejos y mantenimiento<\/a><!-- [et_pb_line_break_holder] --><!-- [et_pb_line_break_holder] -->                                            <\/div>\n<p><!-- [et_pb_line_break_holder] --><!-- [et_pb_line_break_holder] -->                                            <\/p>\n<h2 class=\"entry-title\"><a href=\"https:\/\/www.teka.com\/es-es\/inspiracion\/consejos-y-mantenimiento\/limpieza\/como-limpiar-el-acero-inoxidable-en-la-cocina\/\">\u00bfPor qu\u00e9 comprar una lavadora de carga superior?<\/a><\/h2>\n<p><!-- [et_pb_line_break_holder] -->                                            <\/p>\n<div class=\"post-list-date\"><!-- [et_pb_line_break_holder] -->                                            <\/div>\n<p><!-- [et_pb_line_break_holder] -->                                        <\/div>\n<p><!-- [et_pb_line_break_holder] -->                                    <\/article>\n<p><!-- [et_pb_line_break_holder] -->                                <\/div>\n<p><!-- [et_pb_line_break_holder] -->                                <\/p>\n<div class=\"column size-1of3 postmobile\"><!-- [et_pb_line_break_holder] -->                                    <\/p>\n<article id=\"post-84582\" class=\"et_pb_post clearfix post-84582 post type-post status-publish format-standard has-post-thumbnail hentry category-consejos-y-mantenimiento\"><!-- [et_pb_line_break_holder] --><!-- [et_pb_line_break_holder] -->                                        <a href=\"https:\/\/www.teka.com\/es-es\/inspiracion\/consejos-y-mantenimiento\/ahorro-y-eficiencia\/ahorra-energia-en-tu-hogar-con-un-lavavajillas-a\/\" class=\"entry-featured-image-url\" style=\"background-image: url(https:\/\/www.teka.com\/es-es\/wp-content\/uploads\/sites\/2\/2020\/02\/lavavajillas-ecologicos.jpg);\"><!-- [et_pb_line_break_holder] -->                                        <\/a><!-- [et_pb_line_break_holder] -->                                        <\/p>\n<div class=\"post-list-content\"><!-- [et_pb_line_break_holder] -->                                            <\/p>\n<div class=\"post-list-category\"><!-- [et_pb_line_break_holder] --><!-- [et_pb_line_break_holder] -->                                                <a href=\"https:\/\/www.teka.com\/es-es\/inspiracion\/consejos-y-mantenimiento\/ahorro-y-eficiencia\/\" rel=\"category tag\">Ahorro y eficiencia,<\/a><!-- [et_pb_line_break_holder] --><!-- [et_pb_line_break_holder] -->                                                <a href=\"https:\/\/www.teka.com\/es-es\/category\/inspiracion\/consejos-y-mantenimiento\/\" rel=\"category tag\">Consejos y mantenimiento<\/a> <\/div>\n<p><!-- [et_pb_line_break_holder] -->                                            <\/p>\n<h2 class=\"entry-title\"><!-- [et_pb_line_break_holder] --><!-- [et_pb_line_break_holder] -->                                                <a href=\"https:\/\/www.teka.com\/es-es\/inspiracion\/consejos-y-mantenimiento\/ahorro-y-eficiencia\/ahorra-energia-en-tu-hogar-con-un-lavavajillas-a\/\">Ahorra energ\u00eda en tu hogar con un lavavajillas A+++<\/a><\/h2>\n<p><!-- [et_pb_line_break_holder] -->                                            <\/p>\n<div class=\"post-list-date\"><!-- [et_pb_line_break_holder] -->                                            <\/div>\n<p><!-- [et_pb_line_break_holder] -->                                        <\/div>\n<p><!-- [et_pb_line_break_holder] -->                                    <\/article>\n<p><!-- [et_pb_line_break_holder] -->                                <\/div>\n<p><!-- [et_pb_line_break_holder] -->                                <\/p>\n<div class=\"column size-1of3 postmobile\"><!-- [et_pb_line_break_holder] -->                                    <\/p>\n<article id=\"post-84456\" class=\"et_pb_post clearfix post-84456 post type-post status-publish format-standard has-post-thumbnail hentry category-consejos-y-mantenimiento\"><!-- [et_pb_line_break_holder] --><!-- [et_pb_line_break_holder] -->                                        <a href=\"https:\/\/www.teka.com\/es-es\/inspiracion\/consejos-y-mantenimiento\/ahorro-y-eficiencia\/hacia-la-eficiencia-energetica-en-la-cocina\/\" class=\"entry-featured-image-url\" style=\"background-image: url(https:\/\/www.teka.com\/es-es\/wp-content\/uploads\/sites\/2\/2019\/03\/cocina-eficiente.jpg);\"><!-- [et_pb_line_break_holder] -->                                        <\/a><!-- [et_pb_line_break_holder] -->                                        <\/p>\n<div class=\"post-list-content\"><!-- [et_pb_line_break_holder] -->                                            <\/p>\n<div class=\"post-list-category\"><!-- [et_pb_line_break_holder] -->                                                <a href=\"https:\/\/www.teka.com\/es-es\/inspiracion\/consejos-y-mantenimiento\/ahorro-y-eficiencia\/\" rel=\"category tag\">Ahorro y eficiencia,<\/a><!-- [et_pb_line_break_holder] -->                                                <a href=\"https:\/\/www.teka.com\/es-es\/category\/inspiracion\/consejos-y-mantenimiento\/\" rel=\"category tag\">Consejos y mantenimiento<\/a> <\/div>\n<p><!-- [et_pb_line_break_holder] --><!-- [et_pb_line_break_holder] -->                                            <\/p>\n<h2 class=\"entry-title\"><a href=\"https:\/\/www.teka.com\/es-es\/inspiracion\/consejos-y-mantenimiento\/como-instalar-tu-frigorifico-nuevo-de-la-mejor-forma\/\">Hacia la eficiencia energ\u00e9tica en la cocina<\/a><\/h2>\n<p><!-- [et_pb_line_break_holder] -->                                            <\/p>\n<div class=\"post-list-date\"><!-- [et_pb_line_break_holder] -->                                            <\/div>\n<p><!-- [et_pb_line_break_holder] -->                                        <\/div>\n<p><!-- [et_pb_line_break_holder] -->                                    <\/article>\n<p><!-- [et_pb_line_break_holder] -->                                <\/div>\n<p><!-- [et_pb_line_break_holder] -->                            <\/div>\n<p><!-- .et_pb_salvattore_content --><!-- [et_pb_line_break_holder] -->                        <\/div>\n<p><!-- [et_pb_line_break_holder] -->                    <\/div>\n<p> <!-- .et_pb_posts --><!-- [et_pb_line_break_holder] -->                <\/div>\n<p><!-- [et_pb_line_break_holder] -->            <\/div>\n<p><!-- [et_pb_line_break_holder] -->        <\/div>\n<p><!-- [et_pb_line_break_holder] --><!-- [et_pb_line_break_holder] --><!-- [et_pb_line_break_holder] -->    <\/div>\n<p><!-- [et_pb_line_break_holder] -->    <!-- .et_pb_column --><!-- [et_pb_line_break_holder] --><\/div>\n<p><!-- [et_pb_line_break_holder] --><!-- .et_pb_row --><!-- [et_pb_line_break_holder] --><\/div>\n<p><!-- [et_pb_line_break_holder] --><\/p>\n<style><!-- [et_pb_line_break_holder] -->    @media (max-width:980px){.postmobile {width:100%;}}<!-- [et_pb_line_break_holder] --><\/style>\n<p>[\/et_pb_code][\/et_pb_column][\/et_pb_row][\/et_pb_section]<\/p>\n","protected":false},"excerpt":{"rendered":"<p>Neues Energieetikett f\u00fcr Ger\u00e4te &nbsp; Ab dem 1. M\u00e4rz 2021 hat sich das Energieetikett unserer Ger\u00e4te ge\u00e4ndert. F\u00fcr diese neuen Linien ist es obligatorisch, das neue Energielabel online und an physischen Verkaufsstellen zu zeigen.Warum \u00e4ndert sich das Energieetikett?Nachhaltigkeit ist wichtigZunehmendVerbraucher fordern ein h\u00f6heres Nachhaltigkeitsniveau sowie schnellere Funktionen.Technologische FortschritteBessere Produkte schaffenDie Technologie entwickelt sich stetig weiter [&hellip;]<\/p>\n","protected":false},"author":157,"featured_media":0,"parent":0,"menu_order":0,"comment_status":"closed","ping_status":"closed","template":"","meta":{"_acf_changed":false,"_et_pb_use_builder":"on","_et_pb_old_content":"","_et_gb_content_width":"","footnotes":""},"class_list":["post-57674","page","type-page","status-publish","hentry"],"acf":[],"yoast_head":"<!-- This site is optimized with the Yoast SEO plugin v27.5 - https:\/\/yoast.com\/product\/yoast-seo-wordpress\/ -->\n<title>Neues Energieetikett f\u00fcr Ger\u00e4te | Teka Austria<\/title>\n<meta name=\"robots\" content=\"index, follow, max-snippet:-1, max-image-preview:large, max-video-preview:-1\" \/>\n<link rel=\"canonical\" href=\"https:\/\/www.teka.com\/de-at\/neues-energieetikett\/\" \/>\n<meta property=\"og:locale\" content=\"de_DE\" \/>\n<meta property=\"og:type\" content=\"article\" \/>\n<meta property=\"og:title\" content=\"Neues Energieetikett f\u00fcr Ger\u00e4te | Teka Austria\" \/>\n<meta property=\"og:description\" content=\"Neues Energieetikett f\u00fcr Ger\u00e4te &nbsp; Ab dem 1. M\u00e4rz 2021 hat sich das Energieetikett unserer Ger\u00e4te ge\u00e4ndert. F\u00fcr diese neuen Linien ist es obligatorisch, das neue Energielabel online und an physischen Verkaufsstellen zu zeigen.Warum \u00e4ndert sich das Energieetikett?Nachhaltigkeit ist wichtigZunehmendVerbraucher fordern ein h\u00f6heres Nachhaltigkeitsniveau sowie schnellere Funktionen.Technologische FortschritteBessere Produkte schaffenDie Technologie entwickelt sich stetig weiter [&hellip;]\" \/>\n<meta property=\"og:url\" content=\"https:\/\/www.teka.com\/de-at\/neues-energieetikett\/\" \/>\n<meta property=\"og:site_name\" content=\"Teka Austria\" \/>\n<meta property=\"article:modified_time\" content=\"2021-05-28T09:49:06+00:00\" \/>\n<meta property=\"og:image\" content=\"https:\/\/www.teka.com\/es-es\/wp-content\/uploads\/sites\/2\/2020\/10\/Etiqueta-lavadoras.jpg\" \/>\n<meta name=\"twitter:card\" content=\"summary_large_image\" \/>\n<meta name=\"twitter:label1\" content=\"Gesch\u00e4tzte Lesezeit\" \/>\n\t<meta name=\"twitter:data1\" content=\"16\u00a0Minuten\" \/>\n<script type=\"application\/ld+json\" class=\"yoast-schema-graph\">{\"@context\":\"https:\\\/\\\/schema.org\",\"@graph\":[{\"@type\":\"WebPage\",\"@id\":\"https:\\\/\\\/www.teka.com\\\/de-at\\\/neues-energieetikett\\\/\",\"url\":\"https:\\\/\\\/www.teka.com\\\/de-at\\\/neues-energieetikett\\\/\",\"name\":\"Neues Energieetikett f\u00fcr Ger\u00e4te | Teka Austria\",\"isPartOf\":{\"@id\":\"https:\\\/\\\/www.teka.com\\\/de-at\\\/#website\"},\"primaryImageOfPage\":{\"@id\":\"https:\\\/\\\/www.teka.com\\\/de-at\\\/neues-energieetikett\\\/#primaryimage\"},\"image\":{\"@id\":\"https:\\\/\\\/www.teka.com\\\/de-at\\\/neues-energieetikett\\\/#primaryimage\"},\"thumbnailUrl\":\"https:\\\/\\\/www.teka.com\\\/es-es\\\/wp-content\\\/uploads\\\/sites\\\/2\\\/2020\\\/10\\\/Etiqueta-lavadoras.jpg\",\"datePublished\":\"2021-05-28T09:48:56+00:00\",\"dateModified\":\"2021-05-28T09:49:06+00:00\",\"inLanguage\":\"de\",\"potentialAction\":[{\"@type\":\"ReadAction\",\"target\":[\"https:\\\/\\\/www.teka.com\\\/de-at\\\/neues-energieetikett\\\/\"]}]},{\"@type\":\"ImageObject\",\"inLanguage\":\"de\",\"@id\":\"https:\\\/\\\/www.teka.com\\\/de-at\\\/neues-energieetikett\\\/#primaryimage\",\"url\":\"https:\\\/\\\/www.teka.com\\\/es-es\\\/wp-content\\\/uploads\\\/sites\\\/2\\\/2020\\\/10\\\/Etiqueta-lavadoras.jpg\",\"contentUrl\":\"https:\\\/\\\/www.teka.com\\\/es-es\\\/wp-content\\\/uploads\\\/sites\\\/2\\\/2020\\\/10\\\/Etiqueta-lavadoras.jpg\"},{\"@type\":\"WebSite\",\"@id\":\"https:\\\/\\\/www.teka.com\\\/de-at\\\/#website\",\"url\":\"https:\\\/\\\/www.teka.com\\\/de-at\\\/\",\"name\":\"Teka Austria\",\"description\":\"\",\"potentialAction\":[{\"@type\":\"SearchAction\",\"target\":{\"@type\":\"EntryPoint\",\"urlTemplate\":\"https:\\\/\\\/www.teka.com\\\/de-at\\\/?s={search_term_string}\"},\"query-input\":{\"@type\":\"PropertyValueSpecification\",\"valueRequired\":true,\"valueName\":\"search_term_string\"}}],\"inLanguage\":\"de\"}]}<\/script>\n<!-- \/ Yoast SEO plugin. -->","yoast_head_json":{"title":"Neues Energieetikett f\u00fcr Ger\u00e4te | Teka Austria","robots":{"index":"index","follow":"follow","max-snippet":"max-snippet:-1","max-image-preview":"max-image-preview:large","max-video-preview":"max-video-preview:-1"},"canonical":"https:\/\/www.teka.com\/de-at\/neues-energieetikett\/","og_locale":"de_DE","og_type":"article","og_title":"Neues Energieetikett f\u00fcr Ger\u00e4te | Teka Austria","og_description":"Neues Energieetikett f\u00fcr Ger\u00e4te &nbsp; Ab dem 1. M\u00e4rz 2021 hat sich das Energieetikett unserer Ger\u00e4te ge\u00e4ndert. F\u00fcr diese neuen Linien ist es obligatorisch, das neue Energielabel online und an physischen Verkaufsstellen zu zeigen.Warum \u00e4ndert sich das Energieetikett?Nachhaltigkeit ist wichtigZunehmendVerbraucher fordern ein h\u00f6heres Nachhaltigkeitsniveau sowie schnellere Funktionen.Technologische FortschritteBessere Produkte schaffenDie Technologie entwickelt sich stetig weiter [&hellip;]","og_url":"https:\/\/www.teka.com\/de-at\/neues-energieetikett\/","og_site_name":"Teka Austria","article_modified_time":"2021-05-28T09:49:06+00:00","og_image":[{"url":"https:\/\/www.teka.com\/es-es\/wp-content\/uploads\/sites\/2\/2020\/10\/Etiqueta-lavadoras.jpg","type":"","width":"","height":""}],"twitter_card":"summary_large_image","twitter_misc":{"Gesch\u00e4tzte Lesezeit":"16\u00a0Minuten"},"schema":{"@context":"https:\/\/schema.org","@graph":[{"@type":"WebPage","@id":"https:\/\/www.teka.com\/de-at\/neues-energieetikett\/","url":"https:\/\/www.teka.com\/de-at\/neues-energieetikett\/","name":"Neues Energieetikett f\u00fcr Ger\u00e4te | Teka Austria","isPartOf":{"@id":"https:\/\/www.teka.com\/de-at\/#website"},"primaryImageOfPage":{"@id":"https:\/\/www.teka.com\/de-at\/neues-energieetikett\/#primaryimage"},"image":{"@id":"https:\/\/www.teka.com\/de-at\/neues-energieetikett\/#primaryimage"},"thumbnailUrl":"https:\/\/www.teka.com\/es-es\/wp-content\/uploads\/sites\/2\/2020\/10\/Etiqueta-lavadoras.jpg","datePublished":"2021-05-28T09:48:56+00:00","dateModified":"2021-05-28T09:49:06+00:00","inLanguage":"de","potentialAction":[{"@type":"ReadAction","target":["https:\/\/www.teka.com\/de-at\/neues-energieetikett\/"]}]},{"@type":"ImageObject","inLanguage":"de","@id":"https:\/\/www.teka.com\/de-at\/neues-energieetikett\/#primaryimage","url":"https:\/\/www.teka.com\/es-es\/wp-content\/uploads\/sites\/2\/2020\/10\/Etiqueta-lavadoras.jpg","contentUrl":"https:\/\/www.teka.com\/es-es\/wp-content\/uploads\/sites\/2\/2020\/10\/Etiqueta-lavadoras.jpg"},{"@type":"WebSite","@id":"https:\/\/www.teka.com\/de-at\/#website","url":"https:\/\/www.teka.com\/de-at\/","name":"Teka Austria","description":"","potentialAction":[{"@type":"SearchAction","target":{"@type":"EntryPoint","urlTemplate":"https:\/\/www.teka.com\/de-at\/?s={search_term_string}"},"query-input":{"@type":"PropertyValueSpecification","valueRequired":true,"valueName":"search_term_string"}}],"inLanguage":"de"}]}},"_links":{"self":[{"href":"https:\/\/www.teka.com\/de-at\/wp-json\/wp\/v2\/pages\/57674","targetHints":{"allow":["GET"]}}],"collection":[{"href":"https:\/\/www.teka.com\/de-at\/wp-json\/wp\/v2\/pages"}],"about":[{"href":"https:\/\/www.teka.com\/de-at\/wp-json\/wp\/v2\/types\/page"}],"author":[{"embeddable":true,"href":"https:\/\/www.teka.com\/de-at\/wp-json\/wp\/v2\/users\/157"}],"replies":[{"embeddable":true,"href":"https:\/\/www.teka.com\/de-at\/wp-json\/wp\/v2\/comments?post=57674"}],"version-history":[{"count":10,"href":"https:\/\/www.teka.com\/de-at\/wp-json\/wp\/v2\/pages\/57674\/revisions"}],"predecessor-version":[{"id":57811,"href":"https:\/\/www.teka.com\/de-at\/wp-json\/wp\/v2\/pages\/57674\/revisions\/57811"}],"wp:attachment":[{"href":"https:\/\/www.teka.com\/de-at\/wp-json\/wp\/v2\/media?parent=57674"}],"curies":[{"name":"wp","href":"https:\/\/api.w.org\/{rel}","templated":true}]}}