{"id":21994,"date":"2018-09-11T08:07:24","date_gmt":"2018-09-11T08:07:24","guid":{"rendered":"http:\/\/teka.com\/?page_id=21994"},"modified":"2026-01-30T13:33:05","modified_gmt":"2026-01-30T13:33:05","slug":"teka-and-sports","status":"publish","type":"page","link":"https:\/\/www.teka.com\/it-it\/about-us\/teka-and-sports\/","title":{"rendered":"Teka e lo sport"},"content":{"rendered":"<p>[et_pb_section fb_built=&#8221;1&#8243; module_id=&#8221;teka-top&#8221; _builder_version=&#8221;3.19&#8243; background_image=&#8221;https:\/\/www.teka.com\/it-it\/wp-content\/uploads\/sites\/137\/2019\/12\/teka-group-about-us-header-image.jpg&#8221; global_module=&#8221;23211&#8243; collapsed=&#8221;on&#8221; global_colors_info=&#8221;{}&#8221;][et_pb_row column_structure=&#8221;1_2,1_2&#8243; _builder_version=&#8221;4.16&#8243; background_size=&#8221;initial&#8221; background_position=&#8221;top_left&#8221; background_repeat=&#8221;repeat&#8221; global_colors_info=&#8221;{}&#8221;][et_pb_column type=&#8221;1_2&#8243; _builder_version=&#8221;4.16&#8243; custom_padding=&#8221;|||&#8221; global_colors_info=&#8221;{}&#8221; custom_padding__hover=&#8221;|||&#8221;][et_pb_text admin_label=&#8221;Header Title&#8221; _builder_version=&#8221;4.27.5&#8243; background_layout=&#8221;dark&#8221; global_colors_info=&#8221;{}&#8221;]<\/p>\n<p>&nbsp;<\/p>\n<p>&nbsp;<\/p>\n<h3><strong>Gruppo Teka, <\/strong><br \/>di origine tedesca.<\/h3>\n<p>[\/et_pb_text][\/et_pb_column][et_pb_column type=&#8221;1_2&#8243; _builder_version=&#8221;4.16&#8243; custom_padding=&#8221;|||&#8221; global_colors_info=&#8221;{}&#8221; custom_padding__hover=&#8221;|||&#8221;][\/et_pb_column][\/et_pb_row][\/et_pb_section][et_pb_section fb_built=&#8221;1&#8243; module_id=&#8221;teka-menu&#8221; _builder_version=&#8221;4.27.5&#8243; background_color=&#8221;#0e0e0e&#8221; global_module=&#8221;23212&#8243; collapsed=&#8221;on&#8221; global_colors_info=&#8221;{}&#8221;][et_pb_row _builder_version=&#8221;4.16&#8243; background_size=&#8221;initial&#8221; background_position=&#8221;top_left&#8221; background_repeat=&#8221;repeat&#8221; collapsed=&#8221;off&#8221; global_colors_info=&#8221;{}&#8221;][et_pb_column type=&#8221;4_4&#8243; _builder_version=&#8221;4.16&#8243; custom_padding=&#8221;|||&#8221; global_colors_info=&#8221;{}&#8221; custom_padding__hover=&#8221;|||&#8221;][et_pb_sidebar area=&#8221;et_pb_widget_area_7&#8243; disabled_on=&#8221;on|on|&#8221; admin_label=&#8221;Sidebar&#8221; _builder_version=&#8221;4.27.4&#8243; background_layout=&#8221;dark&#8221; global_colors_info=&#8221;{}&#8221;][\/et_pb_sidebar][et_pb_sidebar area=&#8221;et_pb_widget_area_9&#8243; disabled_on=&#8221;on||on&#8221; admin_label=&#8221;Sidebar Tablet&#8221; _builder_version=&#8221;4.27.5&#8243; background_layout=&#8221;dark&#8221; global_colors_info=&#8221;{}&#8221;][\/et_pb_sidebar][et_pb_sidebar area=&#8221;et_pb_widget_area_8&#8243; disabled_on=&#8221;|on|on&#8221; admin_label=&#8221;Sidebar Mobile&#8221; _builder_version=&#8221;4.27.5&#8243; background_layout=&#8221;dark&#8221; global_colors_info=&#8221;{}&#8221;][\/et_pb_sidebar][\/et_pb_column][\/et_pb_row][\/et_pb_section][et_pb_section fb_built=&#8221;1&#8243; admin_label=&#8221;Intro&#8221; module_id=&#8221;about-us&#8221; _builder_version=&#8221;4.22.1&#8243; collapsed=&#8221;off&#8221; global_colors_info=&#8221;{}&#8221;][et_pb_row _builder_version=&#8221;4.16&#8243; background_size=&#8221;initial&#8221; background_position=&#8221;top_left&#8221; background_repeat=&#8221;repeat&#8221; global_colors_info=&#8221;{}&#8221;][et_pb_column type=&#8221;4_4&#8243; _builder_version=&#8221;4.16&#8243; custom_padding=&#8221;|||&#8221; global_colors_info=&#8221;{}&#8221; custom_padding__hover=&#8221;|||&#8221;][et_pb_text _builder_version=&#8221;4.27.5&#8243; header_font=&#8221;|700|||||||&#8221; text_orientation=&#8221;center&#8221; width=&#8221;70%&#8221; module_alignment=&#8221;center&#8221; hover_enabled=&#8221;0&#8243; global_colors_info=&#8221;{}&#8221; sticky_enabled=&#8221;0&#8243;]<\/p>\n<h1>Teka e lo sport<\/h1>\n<p>Teka \u00e8 un punto di riferimento nella storia delle sponsorizzazioni sportive. Nel corso dei suoi quasi 100 anni di storia, il contributo dell\u2019azienda ha accompagnato alcuni dei momenti pi\u00f9 significativi dello sport internazionale.<\/p>\n<p>Nel tempo, il sostegno di Teka in diverse discipline ha contribuito a scrivere pagine importanti dello sport moderno, rafforzando il ruolo del marchio come protagonista e riferimento in questo ambito.<\/p>\n<p>[\/et_pb_text][\/et_pb_column][\/et_pb_row][\/et_pb_section][et_pb_section fb_built=&#8221;1&#8243; admin_label=&#8221;Menu&#8221; module_id=&#8221;sport-menu&#8221; module_class=&#8221;tabs-menu&#8221; _builder_version=&#8221;4.22.1&#8243; locked=&#8221;off&#8221; collapsed=&#8221;off&#8221; global_colors_info=&#8221;{}&#8221;][et_pb_row _builder_version=&#8221;4.16&#8243; background_size=&#8221;initial&#8221; background_position=&#8221;top_left&#8221; background_repeat=&#8221;repeat&#8221; global_colors_info=&#8221;{}&#8221;][et_pb_column type=&#8221;4_4&#8243; _builder_version=&#8221;4.16&#8243; custom_padding=&#8221;|||&#8221; global_colors_info=&#8221;{}&#8221; custom_padding__hover=&#8221;|||&#8221;][et_pb_code _builder_version=&#8221;4.27.5&#8243; global_colors_info=&#8221;{}&#8221;]<\/p>\n<ul><!-- [et_pb_line_break_holder] --><\/p>\n<li><a href=\"#\" class=\"sport-futbol\" data-tab=\"sport-futbol\"><i class=\"itk-deporte-futbol\"><\/i>Calcio<\/a><\/li>\n<p><!-- [et_pb_line_break_holder] --><\/p>\n<li><a href=\"#\" class=\"sport-basketball\" data-tab=\"sport-basketball\"><i class=\"itk-deporte-baloncesto\"><\/i>Basket<\/a><\/li>\n<p><!-- [et_pb_line_break_holder] --><\/p>\n<li><a href=\"#\" class=\"sport-cycling\" data-tab=\"sport-cycling\"><i class=\"itk-deporte-ciclismo\"><\/i>Ciclismo<\/a><\/li>\n<p><!-- [et_pb_line_break_holder] --><\/p>\n<li><a href=\"#\" class=\"sport-handball\" data-tab=\"sport-handball\"><i class=\"itk-deporte-balonmano\"><\/i>Pallamano<\/a><\/li>\n<p><!-- [et_pb_line_break_holder] --><\/p>\n<li><a href=\"#\" class=\"sport-hokey\" data-tab=\"sport-hokey\"><i class=\"itk-deporte-hockey\"><\/i>Hockey<\/a><\/li>\n<p><!-- [et_pb_line_break_holder] --><\/p>\n<li><a href=\"#\" class=\"sport-motor\" data-tab=\"sport-motor\"><i class=\"itk-deporte-motor\"><\/i>Motociclismo<\/a><\/li>\n<p><!-- [et_pb_line_break_holder] --><\/p>\n<li><a href=\"#\" class=\"sport-polo\" data-tab=\"sport-polo\"><i class=\"itk-deporte-polo\"><\/i>Altri Sport<\/a><\/li>\n<p><!-- [et_pb_line_break_holder] --><\/ul>\n<p>[\/et_pb_code][\/et_pb_column][\/et_pb_row][\/et_pb_section][et_pb_section fb_built=&#8221;1&#8243; admin_label=&#8221;Football&#8221; module_id=&#8221;sport-futbol&#8221; module_class=&#8221;tab-content&#8221; _builder_version=&#8221;4.27.5&#8243; hover_enabled=&#8221;0&#8243; collapsed=&#8221;off&#8221; global_colors_info=&#8221;{}&#8221; sticky_enabled=&#8221;0&#8243;][et_pb_row column_structure=&#8221;1_2,1_2&#8243; make_equal=&#8221;on&#8221; admin_label=&#8221;Racing de Santander FC&#8221; _builder_version=&#8221;4.27.5&#8243; background_size=&#8221;initial&#8221; background_position=&#8221;top_left&#8221; background_repeat=&#8221;repeat&#8221; hover_enabled=&#8221;0&#8243; collapsed=&#8221;off&#8221; global_colors_info=&#8221;{}&#8221; sticky_enabled=&#8221;0&#8243;][et_pb_column type=&#8221;1_2&#8243; _builder_version=&#8221;4.16&#8243; custom_padding=&#8221;|||&#8221; global_colors_info=&#8221;{}&#8221; custom_padding__hover=&#8221;|||&#8221;][et_pb_text admin_label=&#8221;Title&#8221; _builder_version=&#8221;4.27.5&#8243; header_2_font=&#8221;|700|||||||&#8221; header_2_font_size=&#8221;18px&#8221; hover_enabled=&#8221;0&#8243; global_colors_info=&#8221;{}&#8221; sticky_enabled=&#8221;0&#8243;]<\/p>\n<h2>Il primo marchio a sponsorizzare una squadra di calcio in Spagna<\/h2>\n<p>[\/et_pb_text][et_pb_text _builder_version=&#8221;4.27.5&#8243; header_2_font=&#8221;|700|||||||&#8221; header_2_font_size=&#8221;18px&#8221; hover_enabled=&#8221;0&#8243; global_colors_info=&#8221;{}&#8221; sticky_enabled=&#8221;0&#8243;]<\/p>\n<p data-start=\"69\" data-end=\"780\">Tutto ha inizio nel 1981, quando Teka diventa il primo marchio a sponsorizzare una squadra di calcio in Spagna, dando vita a una delle prime sponsorizzazioni calcistiche anche a livello europeo. Il 27 dicembre di quell\u2019anno, il logo Teka compare per la prima volta sulla maglia del <strong data-start=\"351\" data-end=\"392\"><span class=\"hover:entity-accent entity-underline inline cursor-pointer align-baseline\"><span class=\"whitespace-normal\">Racing de Santander<\/span><\/span><\/strong> in una partita della <strong data-start=\"414\" data-end=\"455\"><span class=\"hover:entity-accent entity-underline inline cursor-pointer align-baseline\"><span class=\"whitespace-normal\">Liga spagnola<\/span><\/span><\/strong> contro il <strong data-start=\"466\" data-end=\"507\"><span class=\"hover:entity-accent entity-underline inline cursor-pointer align-baseline\"><span class=\"whitespace-normal\">Real Madrid C.F.<\/span><\/span><\/strong>, disputata allo <strong data-start=\"524\" data-end=\"565\"><span class=\"hover:entity-accent entity-underline inline cursor-pointer align-baseline\"><span class=\"whitespace-normal\">Stadio Santiago Bernab\u00e9u<\/span><\/span><\/strong>.<br data-start=\"566\" data-end=\"569\" \/>L\u2019incontro, valido per la diciassettesima giornata di campionato, si conclude con una vittoria per 4-0 del Real Madrid. Al termine della stagione, il Racing de Santander chiude il campionato al dodicesimo posto.<\/p>\n<p data-start=\"782\" data-end=\"1391\">Fino a quel momento non esistevano precedenti di pubblicit\u00e0 sulle maglie di squadre di calcio professionistiche. Per questo motivo, il Racing de Santander dovette richiedere un\u2019autorizzazione speciale alla <strong data-start=\"988\" data-end=\"1029\"><span class=\"hover:entity-accent entity-underline inline cursor-pointer align-baseline\"><span class=\"whitespace-normal\">Federazione calcistica spagnola<\/span><\/span><\/strong> per poter inserire il marchio Teka sulle divise ufficiali. Una decisione che segn\u00f2 un punto di svolta nella storia del calcio spagnolo e apr\u00ec la strada a un nuovo modello di sponsorizzazione sportiva. Poco dopo, molti altri brand iniziarono a seguire lo stesso percorso. All\u2019epoca, Teka investiva circa 60.000 euro per la sponsorizzazione di un\u2019intera stagione.<\/p>\n<p data-start=\"1393\" data-end=\"1754\">Negli anni successivi, fino al 1989, Teka rimase sponsor del Racing de Santander, accompagnando il club per quasi un decennio con il proprio logo sulle maglie. In quel periodo, la squadra riusc\u00ec a mantenere la permanenza nella massima serie del calcio spagnolo con una rosa composta in gran parte da giocatori provenienti dalla Cantabria, nel nord della Spagna.<\/p>\n<p>[\/et_pb_text][\/et_pb_column][et_pb_column type=&#8221;1_2&#8243; _builder_version=&#8221;4.22.1&#8243; custom_padding=&#8221;|||&#8221; custom_css_main_element=&#8221;margin: auto; &#8221; global_colors_info=&#8221;{}&#8221; custom_padding__hover=&#8221;|||&#8221;][et_pb_image src=&#8221;https:\/\/www.teka.com\/wp-content\/uploads\/sites\/137\/2018\/10\/webRACINGLIGUILLA-575&#215;323.jpg&#8221; align_tablet=&#8221;center&#8221; align_phone=&#8221;center&#8221; align_last_edited=&#8221;on|desktop&#8221; _builder_version=&#8221;4.22.1&#8243; global_colors_info=&#8221;{}&#8221;][\/et_pb_image][\/et_pb_column][\/et_pb_row][et_pb_row column_structure=&#8221;1_2,1_2&#8243; make_equal=&#8221;on&#8221; admin_label=&#8221;Real Madrid FC&#8221; _builder_version=&#8221;4.22.1&#8243; background_size=&#8221;initial&#8221; background_position=&#8221;top_left&#8221; background_repeat=&#8221;repeat&#8221; collapsed=&#8221;off&#8221; global_colors_info=&#8221;{}&#8221;][et_pb_column type=&#8221;1_2&#8243; _builder_version=&#8221;4.16&#8243; custom_padding=&#8221;|||&#8221; global_colors_info=&#8221;{}&#8221; custom_padding__hover=&#8221;|||&#8221;][et_pb_text admin_label=&#8221;Title&#8221; _builder_version=&#8221;4.27.5&#8243; header_2_font=&#8221;|700|||||||&#8221; header_2_font_size=&#8221;18px&#8221; hover_enabled=&#8221;0&#8243; global_colors_info=&#8221;{}&#8221; sticky_enabled=&#8221;0&#8243;]<\/p>\n<h2>Sponsorizzazione del Real Madrid FC<\/h2>\n<p>[\/et_pb_text][et_pb_text _builder_version=&#8221;4.27.5&#8243; header_2_font=&#8221;|700|||||||&#8221; header_2_font_size=&#8221;18px&#8221; header_2_line_height=&#8221;1.3em&#8221; hover_enabled=&#8221;0&#8243; global_colors_info=&#8221;{}&#8221; sticky_enabled=&#8221;0&#8243;]<\/p>\n<p data-start=\"69\" data-end=\"757\">Nel 1992 si verifica un altro momento chiave nella storia della sponsorizzazione sportiva: Teka diventa sponsor ufficiale del <strong data-start=\"195\" data-end=\"236\"><span class=\"hover:entity-accent entity-underline inline cursor-pointer align-baseline\"><span class=\"whitespace-normal\">Real Madrid C.F.<\/span><\/span><\/strong>. In quegli anni il club vive le ultime stagioni della celebre <em data-start=\"299\" data-end=\"318\">Quinta del Buitre<\/em>, guidata da <strong data-start=\"331\" data-end=\"372\"><span class=\"hover:entity-accent entity-underline inline cursor-pointer align-baseline\"><span class=\"whitespace-normal\">Emilio Butrague\u00f1o<\/span><\/span><\/strong>, insieme a giocatori come <strong data-start=\"399\" data-end=\"440\"><span class=\"hover:entity-accent entity-underline inline cursor-pointer align-baseline\"><span class=\"whitespace-normal\">M\u00edchel<\/span><\/span><\/strong>, <strong data-start=\"442\" data-end=\"483\"><span class=\"hover:entity-accent entity-underline inline cursor-pointer align-baseline\"><span class=\"whitespace-normal\">Manolo Sanch\u00eds<\/span><\/span><\/strong>, <strong data-start=\"485\" data-end=\"526\"><span class=\"hover:entity-accent entity-underline inline cursor-pointer align-baseline\"><span class=\"whitespace-normal\">Mart\u00edn V\u00e1zquez<\/span><\/span><\/strong> e <strong data-start=\"529\" data-end=\"570\"><span class=\"hover:entity-accent entity-underline inline cursor-pointer align-baseline\"><span class=\"whitespace-normal\">Miguel Pardeza<\/span><\/span><\/strong>. Nello stesso periodo arriva una nuova stella dal Cile, <strong data-start=\"627\" data-end=\"668\"><span class=\"hover:entity-accent entity-underline inline cursor-pointer align-baseline\"><span class=\"whitespace-normal\">Iv\u00e1n Zamorano<\/span><\/span><\/strong>, mentre <strong data-start=\"677\" data-end=\"718\"><span class=\"hover:entity-accent entity-underline inline cursor-pointer align-baseline\"><span class=\"whitespace-normal\">Robert Prosine\u010dki<\/span><\/span><\/strong> rientra in squadra dopo un infortunio.<\/p>\n<p data-start=\"759\" data-end=\"1313\">Quegli anni sono segnati anche dalle due Ligas perse all\u2019ultimo minuto a Tenerife, partite rimaste nella memoria per le polemiche e l\u2019intensit\u00e0 emotiva. In quel periodo <strong data-start=\"928\" data-end=\"969\"><span class=\"hover:entity-accent entity-underline inline cursor-pointer align-baseline\"><span class=\"whitespace-normal\">Jorge Valdano<\/span><\/span><\/strong> \u00e8 allenatore del Tenerife; nel 1994 entrer\u00e0 a far parte del Real Madrid. Proprio nel 1992 il club schiera una delle formazioni pi\u00f9 spettacolari della sua storia, vincendo il campionato spagnolo e ottenendo successi memorabili, tra cui il 5-0 contro il <strong data-start=\"1222\" data-end=\"1263\"><span class=\"hover:entity-accent entity-underline inline cursor-pointer align-baseline\"><span class=\"whitespace-normal\">FC Barcelona<\/span><\/span><\/strong> allo <strong data-start=\"1269\" data-end=\"1312\"><span class=\"hover:entity-accent entity-underline inline cursor-pointer align-baseline\"><span class=\"whitespace-normal\">Stadio Santiago Bernab\u00e9u<\/span><\/span><\/strong>.<\/p>\n<p data-start=\"1315\" data-end=\"2176\">Nel 1994 debutta <strong data-start=\"1332\" data-end=\"1375\"><span class=\"hover:entity-accent entity-underline inline cursor-pointer align-baseline\"><span class=\"whitespace-normal\">Ra\u00fal Gonz\u00e1lez Blanco<\/span><\/span><\/strong>, destinato a diventare una leggenda del club. Nel 1996 <strong data-start=\"1431\" data-end=\"1474\"><span class=\"hover:entity-accent entity-underline inline cursor-pointer align-baseline\"><span class=\"whitespace-normal\">Fabio Capello<\/span><\/span><\/strong> firma come nuovo allenatore e, con la sponsorizzazione Teka, il Real Madrid riunisce una rosa di campioni: <strong data-start=\"1582\" data-end=\"1625\"><span class=\"hover:entity-accent entity-underline inline cursor-pointer align-baseline\"><span class=\"whitespace-normal\">Predrag Mijatovi\u0107<\/span><\/span><\/strong>, <strong data-start=\"1627\" data-end=\"1670\"><span class=\"hover:entity-accent entity-underline inline cursor-pointer align-baseline\"><span class=\"whitespace-normal\">Davor \u0160uker<\/span><\/span><\/strong>, <strong data-start=\"1672\" data-end=\"1715\"><span class=\"hover:entity-accent entity-underline inline cursor-pointer align-baseline\"><span class=\"whitespace-normal\">Roberto Carlos<\/span><\/span><\/strong> e <strong data-start=\"1718\" data-end=\"1761\"><span class=\"hover:entity-accent entity-underline inline cursor-pointer align-baseline\"><span class=\"whitespace-normal\">Clarence Seedorf<\/span><\/span><\/strong> si uniscono a giocatori gi\u00e0 presenti come <strong data-start=\"1804\" data-end=\"1847\"><span class=\"hover:entity-accent entity-underline inline cursor-pointer align-baseline\"><span class=\"whitespace-normal\">Fernando Redondo<\/span><\/span><\/strong>, <strong data-start=\"1849\" data-end=\"1892\"><span class=\"hover:entity-accent entity-underline inline cursor-pointer align-baseline\"><span class=\"whitespace-normal\">Fernando Hierro<\/span><\/span><\/strong>, <strong data-start=\"1894\" data-end=\"1937\"><span class=\"hover:entity-accent entity-underline inline cursor-pointer align-baseline\"><span class=\"whitespace-normal\">Jos\u00e9 Amavisca<\/span><\/span><\/strong> e <strong data-start=\"1940\" data-end=\"1983\"><span class=\"hover:entity-accent entity-underline inline cursor-pointer align-baseline\"><span class=\"whitespace-normal\">Santiago Ca\u00f1izares<\/span><\/span><\/strong>. Emergono inoltre nuovi talenti guidati da Ra\u00fal, tra cui <strong data-start=\"2041\" data-end=\"2084\"><span class=\"hover:entity-accent entity-underline inline cursor-pointer align-baseline\"><span class=\"whitespace-normal\">Guti<\/span><\/span><\/strong>, <strong data-start=\"2086\" data-end=\"2129\"><span class=\"hover:entity-accent entity-underline inline cursor-pointer align-baseline\"><span class=\"whitespace-normal\">\u00c1lvaro Benito<\/span><\/span><\/strong> e <strong data-start=\"2132\" data-end=\"2175\"><span class=\"hover:entity-accent entity-underline inline cursor-pointer align-baseline\"><span class=\"whitespace-normal\">V\u00edctor S\u00e1nchez<\/span><\/span><\/strong>.<\/p>\n<p data-start=\"2178\" data-end=\"2627\">La squadra ottiene ottimi risultati, vincendo la <strong data-start=\"2227\" data-end=\"2270\"><span class=\"hover:entity-accent entity-underline inline cursor-pointer align-baseline\"><span class=\"whitespace-normal\">Liga spagnola<\/span><\/span><\/strong> contro il FC Barcelona, che schiera il giovane <strong data-start=\"2318\" data-end=\"2361\"><span class=\"hover:entity-accent entity-underline inline cursor-pointer align-baseline\"><span class=\"whitespace-normal\">Ronaldo Naz\u00e1rio<\/span><\/span><\/strong>. Nella stagione successiva <strong data-start=\"2389\" data-end=\"2432\"><span class=\"hover:entity-accent entity-underline inline cursor-pointer align-baseline\"><span class=\"whitespace-normal\">Jupp Heynckes<\/span><\/span><\/strong> diventa allenatore e il club si rafforza ulteriormente con <strong data-start=\"2492\" data-end=\"2535\"><span class=\"hover:entity-accent entity-underline inline cursor-pointer align-baseline\"><span class=\"whitespace-normal\">Fernando Morientes<\/span><\/span><\/strong>, <strong data-start=\"2537\" data-end=\"2580\"><span class=\"hover:entity-accent entity-underline inline cursor-pointer align-baseline\"><span class=\"whitespace-normal\">S\u00e1vio<\/span><\/span><\/strong> e <strong data-start=\"2583\" data-end=\"2626\"><span class=\"hover:entity-accent entity-underline inline cursor-pointer align-baseline\"><span class=\"whitespace-normal\">Christian Karembeu<\/span><\/span><\/strong>.<\/p>\n<p data-start=\"2629\" data-end=\"3143\">Il momento pi\u00f9 alto arriva il 20 maggio 1998, quando il Real Madrid conquista la settima <strong data-start=\"2718\" data-end=\"2761\"><span class=\"hover:entity-accent entity-underline inline cursor-pointer align-baseline\"><span class=\"whitespace-normal\">Coppa dei Campioni<\/span><\/span><\/strong> all\u2019<strong data-start=\"2766\" data-end=\"2809\"><span class=\"hover:entity-accent entity-underline inline cursor-pointer align-baseline\"><span class=\"whitespace-normal\">Amsterdam Arena<\/span><\/span><\/strong>, battendo la <strong data-start=\"2823\" data-end=\"2866\"><span class=\"hover:entity-accent entity-underline inline cursor-pointer align-baseline\"><span class=\"whitespace-normal\">Juventus<\/span><\/span><\/strong> per 1-0 con un gol di Mijatovi\u0107. Una finale che vede in campo campioni come <strong data-start=\"2943\" data-end=\"2986\"><span class=\"hover:entity-accent entity-underline inline cursor-pointer align-baseline\"><span class=\"whitespace-normal\">Zinedine Zidane<\/span><\/span><\/strong>, <strong data-start=\"2988\" data-end=\"3031\"><span class=\"hover:entity-accent entity-underline inline cursor-pointer align-baseline\"><span class=\"whitespace-normal\">Filippo Inzaghi<\/span><\/span><\/strong> e <strong data-start=\"3034\" data-end=\"3077\"><span class=\"hover:entity-accent entity-underline inline cursor-pointer align-baseline\"><span class=\"whitespace-normal\">Alessandro Del Piero<\/span><\/span><\/strong>, e che segna una delle pagine pi\u00f9 iconiche della storia del club.<\/p>\n<p>[\/et_pb_text][\/et_pb_column][et_pb_column type=&#8221;1_2&#8243; _builder_version=&#8221;4.22.1&#8243; custom_padding=&#8221;|||&#8221; custom_css_main_element=&#8221;margin: auto; &#8221; global_colors_info=&#8221;{}&#8221; custom_padding__hover=&#8221;|||&#8221;][et_pb_image src=&#8221;https:\/\/www.teka.com\/it-it\/wp-content\/uploads\/sites\/137\/2018\/10\/tumblr_nn258a5X2G1t52aheo2_1280.jpg&#8221; title_text=&#8221;tumblr_nn258a5X2G1t52aheo2_1280&#8243; align_tablet=&#8221;center&#8221; align_phone=&#8221;center&#8221; align_last_edited=&#8221;on|desktop&#8221; _builder_version=&#8221;4.22.1&#8243; global_colors_info=&#8221;{}&#8221;][\/et_pb_image][et_pb_text _builder_version=&#8221;4.27.4&#8243; header_2_font=&#8221;|700|||||||&#8221; header_2_font_size=&#8221;18px&#8221; global_colors_info=&#8221;{}&#8221;]<\/p>\n<p><span style=\"font-weight: 400;\">Il titolo pose fine a 32 anni di tentativi infruttuosi di vincere la Coppa dei Campioni. Il giorno dopo la partita, il Real Madrid festeggi\u00f2 il titolo accanto alla statua della dea Cibeles a Madrid, simbolo non ufficiale del club. Pi\u00f9 di mezzo milione di persone parteciparono ai festeggiamenti per le strade di Madrid.<\/span><\/p>\n<p><span style=\"font-weight: 400;\">Nel 1999 il Real Madrid ingaggi\u00f2 Vicente del Bosque come nuovo allenatore e altri giocatori importanti, come Steve McManaman, Nicolas Anelka, M\u00edchel Salgado e Iv\u00e1n Herrera. Fu anche il debutto di un altro giocatore leggendario: \u00cdker Casillas. Il giocatore madrileno esord\u00ec nella massima serie a soli 18 anni in una partita contro l&#8217;Athletic Bilbao.<\/span><\/p>\n<p><span style=\"font-weight: 400;\">Poco dopo, il 20 maggio 2000, allo stadio Saint-Denis di Parigi, il club visse un altro momento storico. La finale della Coppa dei Campioni si disput\u00f2 tra il Real Madrid e il Valencia C.F. con una vittoria per 3-0 del Real Madrid, conquistando cos\u00ec l&#8217;ottava Coppa dei Campioni a soli due anni dalla settima. Morientes, McManaman e Ra\u00fal segnarono in quella partita indimenticabile.<\/span><\/p>\n<p>[\/et_pb_text][\/et_pb_column][\/et_pb_row][et_pb_row column_structure=&#8221;3_5,2_5&#8243; make_equal=&#8221;on&#8221; admin_label=&#8221;Cadiz FC&#8221; _builder_version=&#8221;4.22.1&#8243; background_size=&#8221;initial&#8221; background_position=&#8221;top_left&#8221; background_repeat=&#8221;repeat&#8221; collapsed=&#8221;off&#8221; global_colors_info=&#8221;{}&#8221;][et_pb_column type=&#8221;3_5&#8243; _builder_version=&#8221;4.16&#8243; custom_padding=&#8221;|||&#8221; global_colors_info=&#8221;{}&#8221; custom_padding__hover=&#8221;|||&#8221;][et_pb_image src=&#8221;https:\/\/www.teka.com\/it-it\/wp-content\/uploads\/sites\/137\/2024\/01\/cadiz-football-club-patrocinado-por-teka-en-2007.webp&#8221; title_text=&#8221;cadiz-football-club-patrocinado-por-teka-en-2007&#8243; align_tablet=&#8221;center&#8221; align_phone=&#8221;center&#8221; align_last_edited=&#8221;on|desktop&#8221; _builder_version=&#8221;4.22.1&#8243; global_colors_info=&#8221;{}&#8221;][\/et_pb_image][\/et_pb_column][et_pb_column type=&#8221;2_5&#8243; _builder_version=&#8221;4.22.1&#8243; custom_padding=&#8221;|||&#8221; custom_css_main_element=&#8221;margin: auto; &#8221; global_colors_info=&#8221;{}&#8221; custom_padding__hover=&#8221;|||&#8221;][et_pb_text admin_label=&#8221;Title&#8221; _builder_version=&#8221;4.27.5&#8243; header_2_font=&#8221;|700|||||||&#8221; header_2_font_size=&#8221;18px&#8221; hover_enabled=&#8221;0&#8243; global_colors_info=&#8221;{}&#8221; sticky_enabled=&#8221;0&#8243;]<\/p>\n<h2>Sponsorizzazione del Cadice FC<\/h2>\n<p>[\/et_pb_text][et_pb_text _builder_version=&#8221;4.27.5&#8243; header_2_font=&#8221;|700|||||||&#8221; header_2_font_size=&#8221;18px&#8221; header_2_line_height=&#8221;1.3em&#8221; hover_enabled=&#8221;0&#8243; global_colors_info=&#8221;{}&#8221; sticky_enabled=&#8221;0&#8243;]<\/p>\n<p data-start=\"65\" data-end=\"235\">Nel corso della stagione 2007\u20132008, Teka \u00e8 diventata sponsor principale del <strong data-start=\"141\" data-end=\"182\"><span class=\"hover:entity-accent entity-underline inline cursor-pointer align-baseline\"><span class=\"whitespace-normal\">C\u00e1diz C.F.<\/span><\/span><\/strong>, con il proprio logo sulla maglia del club andaluso. Il C\u00e1diz C.F. \u00e8 una delle societ\u00e0 calcistiche pi\u00f9 storiche della Spagna, fondata nel 1910, e rappresenta una realt\u00e0 di grande tradizione nel panorama del calcio spagnolo.<\/p>\n<p>[\/et_pb_text][\/et_pb_column][\/et_pb_row][\/et_pb_section][et_pb_section fb_built=&#8221;1&#8243; admin_label=&#8221;Basketball&#8221; module_id=&#8221;sport-basketball&#8221; module_class=&#8221;tab-content&#8221; _builder_version=&#8221;4.22.1&#8243; collapsed=&#8221;off&#8221; global_colors_info=&#8221;{}&#8221;][et_pb_row make_equal=&#8221;on&#8221; admin_label=&#8221;Intro&#8221; _builder_version=&#8221;4.22.1&#8243; background_size=&#8221;initial&#8221; background_position=&#8221;top_left&#8221; background_repeat=&#8221;repeat&#8221; collapsed=&#8221;off&#8221; global_colors_info=&#8221;{}&#8221;][et_pb_column type=&#8221;4_4&#8243; _builder_version=&#8221;4.22.1&#8243; custom_padding=&#8221;|||&#8221; custom_css_main_element=&#8221;margin: auto; &#8221; global_colors_info=&#8221;{}&#8221; custom_padding__hover=&#8221;|||&#8221;][et_pb_text _builder_version=&#8221;4.27.5&#8243; header_2_font=&#8221;|700|||||||&#8221; header_2_font_size=&#8221;18px&#8221; header_2_line_height=&#8221;1.3em&#8221; hover_enabled=&#8221;0&#8243; global_colors_info=&#8221;{}&#8221; sticky_enabled=&#8221;0&#8243;]<\/p>\n<p data-start=\"73\" data-end=\"420\">Teka ha trovato il proprio spazio anche nei campi da basket, affiancando all\u2019esperienza nel calcio uno dei rapporti di sponsorizzazione pi\u00f9 duraturi e significativi dello sport spagnolo. \u00c8 difficile pensare alle maglie del <strong data-start=\"296\" data-end=\"337\"><span class=\"hover:entity-accent entity-underline inline cursor-pointer align-baseline\"><span class=\"whitespace-normal\">Real Madrid Basket<\/span><\/span><\/strong> senza il logo Teka, simbolo di due dei periodi pi\u00f9 vincenti nella storia del club. Quella maglia rappresenta un\u2019epoca memorabile, rimasta nell\u2019immaginario non solo dei tifosi del Real Madrid, ma anche degli appassionati e delle squadre di basket di tutto il mondo.<\/p>\n<p>[\/et_pb_text][\/et_pb_column][\/et_pb_row][et_pb_row column_structure=&#8221;1_2,1_2&#8243; make_equal=&#8221;on&#8221; admin_label=&#8221;Real Madrid First period&#8221; _builder_version=&#8221;4.22.1&#8243; background_size=&#8221;initial&#8221; background_position=&#8221;top_left&#8221; background_repeat=&#8221;repeat&#8221; collapsed=&#8221;off&#8221; global_colors_info=&#8221;{}&#8221;][et_pb_column type=&#8221;1_2&#8243; _builder_version=&#8221;4.22.1&#8243; custom_padding=&#8221;|||&#8221; custom_css_main_element=&#8221;margin: auto; &#8221; global_colors_info=&#8221;{}&#8221; custom_padding__hover=&#8221;|||&#8221;][et_pb_text admin_label=&#8221;Title&#8221; _builder_version=&#8221;4.27.5&#8243; header_2_font=&#8221;|700|||||||&#8221; header_2_font_size=&#8221;18px&#8221; hover_enabled=&#8221;0&#8243; global_colors_info=&#8221;{}&#8221; sticky_enabled=&#8221;0&#8243;]<\/p>\n<h2>Primo periodo: 1992-2000, Real Madrid Teka<\/h2>\n<p>[\/et_pb_text][et_pb_text _builder_version=&#8221;4.27.5&#8243; header_2_font=&#8221;|700|||||||&#8221; header_2_font_size=&#8221;18px&#8221; header_2_line_height=&#8221;1.3em&#8221; hover_enabled=&#8221;0&#8243; global_colors_info=&#8221;{}&#8221; sticky_enabled=&#8221;0&#8243;]<\/p>\n<p data-start=\"69\" data-end=\"677\">Questi anni rappresentano una vera pietra miliare per la squadra e sono ancora oggi tra i pi\u00f9 amati dai tifosi. Un periodo particolarmente prolifico, in cui il club riesce a riunire sul campo nomi destinati a entrare nella storia del basket europeo. Nel 1992 inizia la sponsorizzazione di Teka e, poco dopo, la squadra assume il nome di <strong data-start=\"406\" data-end=\"447\"><span class=\"hover:entity-accent entity-underline inline cursor-pointer align-baseline\"><span class=\"whitespace-normal\">Real Madrid Teka<\/span><\/span><\/strong>. In quegli anni il club conquista due campionati <strong data-start=\"497\" data-end=\"538\"><span class=\"hover:entity-accent entity-underline inline cursor-pointer align-baseline\"><span class=\"whitespace-normal\">ACB<\/span><\/span><\/strong> (1993 e 1994) e, dopo 15 anni di attesa, torna sul tetto d\u2019Europa con la vittoria dell\u2019<strong data-start=\"626\" data-end=\"667\"><span class=\"hover:entity-accent entity-underline inline cursor-pointer align-baseline\"><span class=\"whitespace-normal\">Eurolega<\/span><\/span><\/strong> nel 1995.<\/p>\n<p data-start=\"679\" data-end=\"1186\">Parallelamente all\u2019arrivo di Teka al Real Madrid, viene ingaggiato <strong data-start=\"746\" data-end=\"787\"><span class=\"hover:entity-accent entity-underline inline cursor-pointer align-baseline\"><span class=\"whitespace-normal\">Arvydas Sabonis<\/span><\/span><\/strong>, giocatore chiave nella strategia che riporta la squadra ai vertici del basket internazionale. Successivamente entrano a far parte del roster <strong data-start=\"930\" data-end=\"971\"><span class=\"hover:entity-accent entity-underline inline cursor-pointer align-baseline\"><span class=\"whitespace-normal\">Joe Arlauckas<\/span><\/span><\/strong> e altri protagonisti come <strong data-start=\"998\" data-end=\"1039\"><span class=\"hover:entity-accent entity-underline inline cursor-pointer align-baseline\"><span class=\"whitespace-normal\">Jos\u00e9 Miguel Ant\u00fanez<\/span><\/span><\/strong> e <strong data-start=\"1042\" data-end=\"1083\"><span class=\"hover:entity-accent entity-underline inline cursor-pointer align-baseline\"><span class=\"whitespace-normal\">Chechu Biriukov<\/span><\/span><\/strong>, dando vita a un\u2019epoca d\u2019oro sotto la guida dell\u2019allenatore <strong data-start=\"1144\" data-end=\"1185\"><span class=\"hover:entity-accent entity-underline inline cursor-pointer align-baseline\"><span class=\"whitespace-normal\">Clifford Luyk<\/span><\/span><\/strong>. L\u2019arrivo di ulteriori campioni come <strong data-start=\"1224\" data-end=\"1265\"><span class=\"hover:entity-accent entity-underline inline cursor-pointer align-baseline\"><span class=\"whitespace-normal\">Alberto Herreros<\/span><\/span><\/strong> e <strong data-start=\"1268\" data-end=\"1309\"><span class=\"hover:entity-accent entity-underline inline cursor-pointer align-baseline\"><span class=\"whitespace-normal\">Dejan Bodiroga<\/span><\/span><\/strong> aggiunge ulteriore prestigio a un club che, in queste stagioni, conquista due Coppe Europee, tre campionati spagnoli e numerosi altri trofei, per un totale di 15 titoli.<\/p>\n<p>[\/et_pb_text][\/et_pb_column][et_pb_column type=&#8221;1_2&#8243; _builder_version=&#8221;4.22.1&#8243; custom_padding=&#8221;|||&#8221; custom_css_main_element=&#8221;margin: auto; &#8221; global_colors_info=&#8221;{}&#8221; custom_padding__hover=&#8221;|||&#8221;][et_pb_image src=&#8221;https:\/\/www.teka.com\/wp-content\/uploads\/sites\/137\/2018\/10\/Sabonis.jpg&#8221; align_tablet=&#8221;center&#8221; align_phone=&#8221;center&#8221; align_last_edited=&#8221;on|desktop&#8221; _builder_version=&#8221;4.22.1&#8243; global_colors_info=&#8221;{}&#8221;][\/et_pb_image][\/et_pb_column][\/et_pb_row][et_pb_row column_structure=&#8221;2_5,3_5&#8243; make_equal=&#8221;on&#8221; admin_label=&#8221;Real Madrid Second period&#8221; _builder_version=&#8221;4.22.1&#8243; background_size=&#8221;initial&#8221; background_position=&#8221;top_left&#8221; background_repeat=&#8221;repeat&#8221; collapsed=&#8221;off&#8221; global_colors_info=&#8221;{}&#8221;][et_pb_column type=&#8221;2_5&#8243; _builder_version=&#8221;4.22.1&#8243; custom_padding=&#8221;|||&#8221; custom_css_main_element=&#8221;margin: auto; &#8221; global_colors_info=&#8221;{}&#8221; custom_padding__hover=&#8221;|||&#8221;][et_pb_image src=&#8221;https:\/\/www.teka.com\/it-it\/wp-content\/uploads\/sites\/137\/2024\/01\/Teka-patrocinador-oficial-del-real-madrid-baloncesto-de-2014-a-2016.webp&#8221; title_text=&#8221;Teka-patrocinador-oficial-del-real-madrid-baloncesto-de-2014-a-2016&#8243; align_tablet=&#8221;center&#8221; align_phone=&#8221;center&#8221; align_last_edited=&#8221;on|desktop&#8221; _builder_version=&#8221;4.22.1&#8243; global_colors_info=&#8221;{}&#8221;][\/et_pb_image][et_pb_image src=&#8221;https:\/\/www.teka.com\/it-it\/wp-content\/uploads\/sites\/137\/2024\/01\/Teka-patrocino-al-real-madrid-baloncesto-de-2014-a-2016.webp&#8221; title_text=&#8221;Teka-patrocino-al-real-madrid-baloncesto-de-2014-a-2016&#8243; align_tablet=&#8221;center&#8221; align_phone=&#8221;center&#8221; align_last_edited=&#8221;on|desktop&#8221; _builder_version=&#8221;4.22.1&#8243; global_colors_info=&#8221;{}&#8221;][\/et_pb_image][\/et_pb_column][et_pb_column type=&#8221;3_5&#8243; _builder_version=&#8221;4.22.1&#8243; custom_padding=&#8221;|||&#8221; custom_css_main_element=&#8221;margin: auto; &#8221; global_colors_info=&#8221;{}&#8221; custom_padding__hover=&#8221;|||&#8221;][et_pb_text admin_label=&#8221;Title&#8221; _builder_version=&#8221;4.27.4&#8243; header_2_font=&#8221;|700|||||||&#8221; header_2_font_size=&#8221;18px&#8221; global_colors_info=&#8221;{}&#8221;]<\/p>\n<h2>Secondo periodo: 2014-2016, Real Madrid de Baloncesto<\/h2>\n<p>[\/et_pb_text][et_pb_text _builder_version=&#8221;4.27.5&#8243; header_2_font=&#8221;|700|||||||&#8221; header_2_font_size=&#8221;18px&#8221; header_2_line_height=&#8221;1.3em&#8221; hover_enabled=&#8221;0&#8243; global_colors_info=&#8221;{}&#8221; sticky_enabled=&#8221;0&#8243;]<\/p>\n<p data-start=\"69\" data-end=\"510\">Con l\u2019arrivo di Teka si apre una nuova fase per l\u2019ex <strong data-start=\"122\" data-end=\"163\"><span class=\"hover:entity-accent entity-underline inline cursor-pointer align-baseline\"><span class=\"whitespace-normal\">Real Madrid de Baloncesto<\/span><\/span><\/strong>. Teka diventa lo sponsor con il maggior numero di titoli nella storia del club madrileno, e questo periodo ne rappresenta l\u2019esempio pi\u00f9 emblematico. L\u2019accordo, firmato da <strong data-start=\"335\" data-end=\"376\"><span class=\"hover:entity-accent entity-underline inline cursor-pointer align-baseline\"><span class=\"whitespace-normal\">Florentino P\u00e9rez<\/span><\/span><\/strong> per il club e da <strong data-start=\"394\" data-end=\"435\"><span class=\"hover:entity-accent entity-underline inline cursor-pointer align-baseline\"><span class=\"whitespace-normal\">Arturo Baldasano<\/span><\/span><\/strong> per Teka, segna l\u2019inizio di una fase straordinariamente ricca di successi.<\/p>\n<p data-start=\"512\" data-end=\"1038\">La squadra riconquista il prestigio europeo vincendo l\u2019ottava <strong data-start=\"574\" data-end=\"615\"><span class=\"hover:entity-accent entity-underline inline cursor-pointer align-baseline\"><span class=\"whitespace-normal\">Coppa dei Campioni<\/span><\/span><\/strong>, insieme ad altri importanti trofei: due campionati nazionali, la <strong data-start=\"682\" data-end=\"723\"><span class=\"hover:entity-accent entity-underline inline cursor-pointer align-baseline\"><span class=\"whitespace-normal\">Supercoppa di Spagna<\/span><\/span><\/strong>, due <strong data-start=\"729\" data-end=\"770\"><span class=\"hover:entity-accent entity-underline inline cursor-pointer align-baseline\"><span class=\"whitespace-normal\">Coppe del Re<\/span><\/span><\/strong> e una <strong data-start=\"777\" data-end=\"818\"><span class=\"hover:entity-accent entity-underline inline cursor-pointer align-baseline\"><span class=\"whitespace-normal\">Coppa Intercontinentale FIBA<\/span><\/span><\/strong>. I tifosi vivono momenti indimenticabili, come la finale delle Final Four contro l\u2019<strong data-start=\"902\" data-end=\"943\"><span class=\"hover:entity-accent entity-underline inline cursor-pointer align-baseline\"><span class=\"whitespace-normal\">Olympiakos<\/span><\/span><\/strong>, conclusa con la vittoria della squadra spagnola al <strong data-start=\"996\" data-end=\"1037\"><span class=\"hover:entity-accent entity-underline inline cursor-pointer align-baseline\"><span class=\"whitespace-normal\">Palacio de Deportes di Madrid<\/span><\/span><\/strong>.<\/p>\n<p data-start=\"1040\" data-end=\"1563\">In questi anni il club ingaggia giocatori di fama mondiale come <strong data-start=\"1104\" data-end=\"1145\"><span class=\"hover:entity-accent entity-underline inline cursor-pointer align-baseline\"><span class=\"whitespace-normal\">Rudy Fern\u00e1ndez<\/span><\/span><\/strong>, <strong data-start=\"1147\" data-end=\"1190\"><span class=\"hover:entity-accent entity-underline inline cursor-pointer align-baseline\"><span class=\"whitespace-normal\">Felipe Reyes<\/span><\/span><\/strong>, <strong data-start=\"1192\" data-end=\"1235\"><span class=\"hover:entity-accent entity-underline inline cursor-pointer align-baseline\"><span class=\"whitespace-normal\">Jaycee Carroll<\/span><\/span><\/strong>, <strong data-start=\"1237\" data-end=\"1280\"><span class=\"hover:entity-accent entity-underline inline cursor-pointer align-baseline\"><span class=\"whitespace-normal\">Sergio Rodr\u00edguez<\/span><\/span><\/strong>, <strong data-start=\"1282\" data-end=\"1325\"><span class=\"hover:entity-accent entity-underline inline cursor-pointer align-baseline\"><span class=\"whitespace-normal\">Luka Don\u010di\u0107<\/span><\/span><\/strong> e <strong data-start=\"1328\" data-end=\"1371\"><span class=\"hover:entity-accent entity-underline inline cursor-pointer align-baseline\"><span class=\"whitespace-normal\">Sergio Llull<\/span><\/span><\/strong>. Tutti indossano una maglia entrata nella storia del basket spagnolo e internazionale, simbolo del club e dei valori del marchio, e protagonista di alcuni dei momenti pi\u00f9 iconici dello sport.<\/p>\n<p>[\/et_pb_text][\/et_pb_column][\/et_pb_row][\/et_pb_section][et_pb_section fb_built=&#8221;1&#8243; admin_label=&#8221;Cycling&#8221; module_id=&#8221;sport-cycling&#8221; module_class=&#8221;tab-content&#8221; _builder_version=&#8221;4.22.1&#8243; collapsed=&#8221;off&#8221; global_colors_info=&#8221;{}&#8221;][et_pb_row make_equal=&#8221;on&#8221; admin_label=&#8221;Intro&#8221; _builder_version=&#8221;4.22.1&#8243; background_size=&#8221;initial&#8221; background_position=&#8221;top_left&#8221; background_repeat=&#8221;repeat&#8221; collapsed=&#8221;off&#8221; global_colors_info=&#8221;{}&#8221;][et_pb_column type=&#8221;4_4&#8243; _builder_version=&#8221;4.22.1&#8243; custom_padding=&#8221;|||&#8221; custom_css_main_element=&#8221;margin: auto; &#8221; global_colors_info=&#8221;{}&#8221; custom_padding__hover=&#8221;|||&#8221;][et_pb_text _builder_version=&#8221;4.27.5&#8243; header_2_font=&#8221;|700|||||||&#8221; header_2_font_size=&#8221;18px&#8221; header_2_line_height=&#8221;1.3em&#8221; hover_enabled=&#8221;0&#8243; global_colors_info=&#8221;{}&#8221; sticky_enabled=&#8221;0&#8243;]<\/p>\n<p data-start=\"69\" data-end=\"451\">Dopo aver avviato il proprio percorso nello sport nel 1975, Teka affronta una nuova sfida estendendo il proprio sostegno al ciclismo spagnolo nel 1976. <strong data-start=\"221\" data-end=\"262\"><span class=\"hover:entity-accent entity-underline inline cursor-pointer align-baseline\"><span class=\"whitespace-normal\">Jos\u00e9 G\u00f3mez Casuso<\/span><\/span><\/strong>, allora direttore di Teka, svolge un ruolo determinante come catalizzatore dell\u2019iniziativa, cos\u00ec come aveva gi\u00e0 fatto con la squadra di pallamano <strong data-start=\"409\" data-end=\"450\"><span class=\"hover:entity-accent entity-underline inline cursor-pointer align-baseline\"><span class=\"whitespace-normal\">GD Teka Santander<\/span><\/span><\/strong>. Dall\u2019incontro con il ciclista e appassionato di ciclismo <strong data-start=\"510\" data-end=\"551\"><span class=\"hover:entity-accent entity-underline inline cursor-pointer align-baseline\"><span class=\"whitespace-normal\">Santiago Revuelta<\/span><\/span><\/strong> nasce la squadra <strong data-start=\"569\" data-end=\"610\"><span class=\"hover:entity-accent entity-underline inline cursor-pointer align-baseline\"><span class=\"whitespace-normal\">GD Teka Santander<\/span><\/span><\/strong>, con sede in Cantabria. Il team cresce progressivamente fino a vivere il suo periodo di massimo splendore negli anni \u201980, diventando un punto di riferimento del ciclismo spagnolo di quegli anni.<\/p>\n<p>[\/et_pb_text][\/et_pb_column][\/et_pb_row][et_pb_row column_structure=&#8221;1_2,1_2&#8243; make_equal=&#8221;on&#8221; admin_label=&#8221;Grupo Deportivo Teka&#8221; _builder_version=&#8221;4.27.5&#8243; background_size=&#8221;initial&#8221; background_position=&#8221;top_left&#8221; background_repeat=&#8221;repeat&#8221; hover_enabled=&#8221;0&#8243; collapsed=&#8221;off&#8221; global_colors_info=&#8221;{}&#8221; sticky_enabled=&#8221;0&#8243;][et_pb_column type=&#8221;1_2&#8243; _builder_version=&#8221;4.22.1&#8243; custom_padding=&#8221;|||&#8221; custom_css_main_element=&#8221;margin: auto; &#8221; global_colors_info=&#8221;{}&#8221; custom_padding__hover=&#8221;|||&#8221;][et_pb_image src=&#8221;https:\/\/www.teka.com\/it-it\/wp-content\/uploads\/sites\/137\/2024\/01\/grupo-deportivo-teka-de-ciclismo.webp&#8221; title_text=&#8221;grupo-deportivo-teka-de-ciclismo&#8221; align_tablet=&#8221;center&#8221; align_phone=&#8221;center&#8221; align_last_edited=&#8221;on|desktop&#8221; admin_label=&#8221;Image Cycling&#8221; _builder_version=&#8221;4.22.1&#8243; global_colors_info=&#8221;{}&#8221;][\/et_pb_image][\/et_pb_column][et_pb_column type=&#8221;1_2&#8243; _builder_version=&#8221;4.22.1&#8243; custom_padding=&#8221;|||&#8221; custom_css_main_element=&#8221;margin: auto; &#8221; global_colors_info=&#8221;{}&#8221; custom_padding__hover=&#8221;|||&#8221;][et_pb_text admin_label=&#8221;Title&#8221; _builder_version=&#8221;4.27.5&#8243; header_2_font=&#8221;|700|||||||&#8221; header_2_font_size=&#8221;18px&#8221; hover_enabled=&#8221;0&#8243; global_colors_info=&#8221;{}&#8221; sticky_enabled=&#8221;0&#8243;]<\/p>\n<h2><strong>Grupo Deportivo Teka<\/strong><\/h2>\n<p>[\/et_pb_text][et_pb_text _builder_version=&#8221;4.27.5&#8243; header_2_font=&#8221;|700|||||||&#8221; header_2_font_size=&#8221;18px&#8221; header_2_line_height=&#8221;1.3em&#8221; hover_enabled=&#8221;0&#8243; global_colors_info=&#8221;{}&#8221; sticky_enabled=&#8221;0&#8243;]<\/p>\n<p data-start=\"69\" data-end=\"703\">La squadra si afferma progressivamente nel panorama delle competizioni ciclistiche spagnole, ottenendo importanti riconoscimenti. Nel 1977 conquista la <strong data-start=\"221\" data-end=\"262\"><span class=\"hover:entity-accent entity-underline inline cursor-pointer align-baseline\"><span class=\"whitespace-normal\">Vuelta a Espa\u00f1a<\/span><\/span><\/strong> nella classifica a squadre, insieme ad altre vittorie in competizioni come la Vuelta a Cantabria, L\u00e9rida e Levante. Diventa cos\u00ec una presenza stabile nel ciclismo nazionale, iniziando a ingaggiare atleti locali, nazionali e internazionali. Corridori come lo spagnolo <strong data-start=\"530\" data-end=\"571\"><span class=\"hover:entity-accent entity-underline inline cursor-pointer align-baseline\"><span class=\"whitespace-normal\">Juli\u00e1n Andiano<\/span><\/span><\/strong> e il portoghese <strong data-start=\"588\" data-end=\"629\"><span class=\"hover:entity-accent entity-underline inline cursor-pointer align-baseline\"><span class=\"whitespace-normal\">Joaquim Agostinho<\/span><\/span><\/strong> trovano spazio nella squadra Teka, contribuendo con risultati di rilievo.<\/p>\n<p data-start=\"705\" data-end=\"1301\" data-is-last-node=\"\" data-is-only-node=\"\">I primi anni \u201980 segnano il definitivo decollo della <strong data-start=\"758\" data-end=\"799\"><span class=\"hover:entity-accent entity-underline inline cursor-pointer align-baseline\"><span class=\"whitespace-normal\">GD Teka<\/span><\/span><\/strong>. Questo periodo \u00e8 ricordato con particolare nostalgia dagli appassionati, quando il ciclismo spagnolo inizia ad affermarsi anche a livello internazionale. Sono anni entusiasmanti per questo sport, caratterizzati da una crescente partecipazione del pubblico e dall\u2019emergere di grandi protagonisti, molti dei quali raggiungeranno i loro principali successi tra gli anni \u201980 e \u201990. In questo contesto, Teka rappresenta uno dei simboli pi\u00f9 significativi di quella vera e propria et\u00e0 dell\u2019oro del ciclismo.<\/p>\n<p>[\/et_pb_text][\/et_pb_column][\/et_pb_row][et_pb_row column_structure=&#8221;1_2,1_2&#8243; make_equal=&#8221;on&#8221; admin_label=&#8221;80&#8217;s decade&#8221; _builder_version=&#8221;4.22.1&#8243; background_size=&#8221;initial&#8221; background_position=&#8221;top_left&#8221; background_repeat=&#8221;repeat&#8221; collapsed=&#8221;off&#8221; global_colors_info=&#8221;{}&#8221;][et_pb_column type=&#8221;1_2&#8243; _builder_version=&#8221;4.22.1&#8243; custom_padding=&#8221;|||&#8221; custom_css_main_element=&#8221;margin: auto; &#8221; global_colors_info=&#8221;{}&#8221; custom_padding__hover=&#8221;|||&#8221;][et_pb_text _builder_version=&#8221;4.27.5&#8243; header_2_font=&#8221;|700|||||||&#8221; header_2_font_size=&#8221;18px&#8221; header_2_line_height=&#8221;1.3em&#8221; hover_enabled=&#8221;0&#8243; global_colors_info=&#8221;{}&#8221; sticky_enabled=&#8221;0&#8243;]<\/p>\n<p>Nel 1982 il gi\u00e0 celebre <strong data-start=\"93\" data-end=\"134\"><span class=\"hover:entity-accent entity-underline inline cursor-pointer align-baseline\"><span class=\"whitespace-normal\">Marino Lejarreta<\/span><\/span><\/strong> conquista la <strong data-start=\"148\" data-end=\"189\"><span class=\"hover:entity-accent entity-underline inline cursor-pointer align-baseline\"><span class=\"whitespace-normal\">Vuelta a Espa\u00f1a<\/span><\/span><\/strong> indossando la divisa con il logo Teka. In realt\u00e0, gi\u00e0 negli anni precedenti altri corridori del team avevano ottenuto importanti successi, aprendo la strada a nuovi innesti. Tra questi figurano <strong data-start=\"384\" data-end=\"425\"><span class=\"hover:entity-accent entity-underline inline cursor-pointer align-baseline\"><span class=\"whitespace-normal\">No\u00ebl Dejonckheere<\/span><\/span><\/strong> e <strong data-start=\"428\" data-end=\"469\"><span class=\"hover:entity-accent entity-underline inline cursor-pointer align-baseline\"><span class=\"whitespace-normal\">Reimund Dietzen<\/span><\/span><\/strong>. Successivamente, la squadra compie un passo pionieristico nel ciclismo spagnolo ingaggiando per la prima volta corridori colombiani di grande esperienza, come <strong data-start=\"630\" data-end=\"671\"><span class=\"hover:entity-accent entity-underline inline cursor-pointer align-baseline\"><span class=\"whitespace-normal\">Edgar Corredor<\/span><\/span><\/strong>.<\/p>\n<p data-start=\"674\" data-end=\"861\">A met\u00e0 degli anni \u201980 il peso della <strong data-start=\"710\" data-end=\"751\"><span class=\"hover:entity-accent entity-underline inline cursor-pointer align-baseline\"><span class=\"whitespace-normal\">GD Teka<\/span><\/span><\/strong> nel panorama ciclistico \u00e8 ormai evidente e il team dispone di uno dei budget pi\u00f9 elevati a livello nazionale.<\/p>\n<p data-start=\"863\" data-end=\"1321\">Il GD ottiene numerosi successi nelle competizioni interne, tra cui la vittoria della Vuelta a Espa\u00f1a nella classifica a squadre nel 1984. Nel 1986 il GD Teka viene eletto Miglior Squadra Professionistica dell\u2019Anno e, in quel momento, schiera la rosa pi\u00f9 ampia della propria storia. La partecipazione al <strong data-start=\"1167\" data-end=\"1208\"><span class=\"hover:entity-accent entity-underline inline cursor-pointer align-baseline\"><span class=\"whitespace-normal\">Tour de France<\/span><\/span><\/strong> negli anni successivi porta anche a diverse vittorie di tappa, rafforzando il prestigio internazionale del team.<\/p>\n<p data-start=\"1323\" data-end=\"1826\" data-is-last-node=\"\" data-is-only-node=\"\">L\u2019inizio degli anni \u201990 coincide con una serie di eventi che portano alla conclusione del rapporto tra Teka e la squadra. Nel corso della sua storia, la GD Teka colleziona oltre 500 vittorie e vede tra i propri protagonisti alcuni dei nomi pi\u00f9 importanti del ciclismo nazionale, come <strong data-start=\"1607\" data-end=\"1648\"><span class=\"hover:entity-accent entity-underline inline cursor-pointer align-baseline\"><span class=\"whitespace-normal\">Marino Lejarreta<\/span><\/span><\/strong>, <strong data-start=\"1650\" data-end=\"1691\"><span class=\"hover:entity-accent entity-underline inline cursor-pointer align-baseline\"><span class=\"whitespace-normal\">Peio Ruiz Cabestany<\/span><\/span><\/strong>, <strong data-start=\"1693\" data-end=\"1734\"><span class=\"hover:entity-accent entity-underline inline cursor-pointer align-baseline\"><span class=\"whitespace-normal\">Eduardo Chozas<\/span><\/span><\/strong>, <strong data-start=\"1736\" data-end=\"1779\"><span class=\"hover:entity-accent entity-underline inline cursor-pointer align-baseline\"><span class=\"whitespace-normal\">Miguel Mar\u00eda Lasa<\/span><\/span><\/strong> e <strong data-start=\"1782\" data-end=\"1825\"><span class=\"hover:entity-accent entity-underline inline cursor-pointer align-baseline\"><span class=\"whitespace-normal\">Marino Alonso<\/span><\/span><\/strong>.<\/p>\n<p>[\/et_pb_text][\/et_pb_column][et_pb_column type=&#8221;1_2&#8243; _builder_version=&#8221;4.22.1&#8243; custom_padding=&#8221;|||&#8221; custom_css_main_element=&#8221;margin: auto; &#8221; global_colors_info=&#8221;{}&#8221; custom_padding__hover=&#8221;|||&#8221;][et_pb_image src=&#8221;https:\/\/www.teka.com\/wp-content\/uploads\/sites\/137\/2018\/10\/teka-ciclismo2.jpg&#8221; align_tablet=&#8221;center&#8221; align_phone=&#8221;center&#8221; align_last_edited=&#8221;on|desktop&#8221; admin_label=&#8221;Image Cycling&#8221; _builder_version=&#8221;4.16&#8243; global_colors_info=&#8221;{}&#8221;][\/et_pb_image][\/et_pb_column][\/et_pb_row][\/et_pb_section][et_pb_section fb_built=&#8221;1&#8243; admin_label=&#8221;Handball&#8221; module_id=&#8221;sport-handball&#8221; module_class=&#8221;tab-content&#8221; _builder_version=&#8221;4.22.1&#8243; collapsed=&#8221;off&#8221; global_colors_info=&#8221;{}&#8221;][et_pb_row make_equal=&#8221;on&#8221; admin_label=&#8221;Intro&#8221; _builder_version=&#8221;4.22.1&#8243; background_size=&#8221;initial&#8221; background_position=&#8221;top_left&#8221; background_repeat=&#8221;repeat&#8221; collapsed=&#8221;off&#8221; global_colors_info=&#8221;{}&#8221;][et_pb_column type=&#8221;4_4&#8243; _builder_version=&#8221;4.22.1&#8243; custom_padding=&#8221;|||&#8221; custom_css_main_element=&#8221;margin: auto; &#8221; global_colors_info=&#8221;{}&#8221; custom_padding__hover=&#8221;|||&#8221;][et_pb_text _builder_version=&#8221;4.27.5&#8243; header_2_font=&#8221;|700|||||||&#8221; header_2_font_size=&#8221;18px&#8221; header_2_line_height=&#8221;1.3em&#8221; hover_enabled=&#8221;0&#8243; global_colors_info=&#8221;{}&#8221; sticky_enabled=&#8221;0&#8243;]<\/p>\n<p data-start=\"69\" data-end=\"485\">L\u2019impegno di Teka nello sport si estende a diverse discipline ed \u00e8 naturale associare il logo dell\u2019azienda ad alcuni dei momenti pi\u00f9 significativi della storia delle squadre spagnole. La pallamano occupa un posto speciale in questo percorso: \u00e8 infatti con questo sport che Teka avvia la propria esperienza nelle sponsorizzazioni sportive nel 1975, in <strong data-start=\"420\" data-end=\"461\"><span class=\"hover:entity-accent entity-underline inline cursor-pointer align-baseline\"><span class=\"whitespace-normal\">Cantabria<\/span><\/span><\/strong>, nel nord della Spagna. In quell\u2019anno nasce il <strong data-start=\"510\" data-end=\"551\"><span class=\"hover:entity-accent entity-underline inline cursor-pointer align-baseline\"><span class=\"whitespace-normal\">Club Balonmano Cantabria<\/span><\/span><\/strong> con il nome di <strong data-start=\"567\" data-end=\"608\"><span class=\"hover:entity-accent entity-underline inline cursor-pointer align-baseline\"><span class=\"whitespace-normal\">Grupo Deportivo Teka Santander<\/span><\/span><\/strong>, grazie al sostegno finanziario dell\u2019azienda. All\u2019epoca, nessuno avrebbe potuto immaginare che una squadra locale di seconda divisione sarebbe riuscita a lasciare un segno profondo non solo nella storia della pallamano, ma anche in quella dello sport spagnolo.<\/p>\n<p>[\/et_pb_text][\/et_pb_column][\/et_pb_row][et_pb_row column_structure=&#8221;1_2,1_2&#8243; make_equal=&#8221;on&#8221; admin_label=&#8221;Grupo Deportivo Teka&#8221; _builder_version=&#8221;4.22.1&#8243; background_size=&#8221;initial&#8221; background_position=&#8221;top_left&#8221; background_repeat=&#8221;repeat&#8221; collapsed=&#8221;off&#8221; global_colors_info=&#8221;{}&#8221;][et_pb_column type=&#8221;1_2&#8243; _builder_version=&#8221;4.22.1&#8243; custom_padding=&#8221;|||&#8221; custom_css_main_element=&#8221;margin: auto; &#8221; global_colors_info=&#8221;{}&#8221; custom_padding__hover=&#8221;|||&#8221;][et_pb_text admin_label=&#8221;Title&#8221; _builder_version=&#8221;4.27.5&#8243; header_2_font=&#8221;|700|||||||&#8221; header_2_font_size=&#8221;18px&#8221; hover_enabled=&#8221;0&#8243; global_colors_info=&#8221;{}&#8221; sticky_enabled=&#8221;0&#8243;]<\/p>\n<h2><strong>Grupo Deportivo Teka Santander: 1975-1995<\/strong><\/h2>\n<p>[\/et_pb_text][et_pb_text _builder_version=&#8221;4.27.5&#8243; header_2_font=&#8221;|700|||||||&#8221; header_2_font_size=&#8221;18px&#8221; header_2_line_height=&#8221;1.3em&#8221; hover_enabled=&#8221;0&#8243; global_colors_info=&#8221;{}&#8221; sticky_enabled=&#8221;0&#8243;]<\/p>\n<p data-start=\"69\" data-end=\"620\"><strong data-start=\"69\" data-end=\"110\"><span class=\"hover:entity-accent entity-underline inline cursor-pointer align-baseline\"><span class=\"whitespace-normal\">Santander<\/span><\/span><\/strong>, sede del primo stabilimento Teka in Spagna, ospita anche il <strong data-start=\"172\" data-end=\"213\"><span class=\"hover:entity-accent entity-underline inline cursor-pointer align-baseline\"><span class=\"whitespace-normal\">Grupo Deportivo Teka Santander<\/span><\/span><\/strong>. All\u2019epoca, la sponsorizzazione di un club sportivo da parte di un marchio rappresenta una novit\u00e0 assoluta nel Paese. Azienda e squadra intraprendono cos\u00ec un percorso comune, uniti dalla passione per lo sport e dal sostegno dei tifosi. Un impegno condiviso che consente di superare le difficolt\u00e0 tipiche di chi parte da zero, confrontandosi con club pi\u00f9 affermati, dotati di maggiore reputazione e risorse. Il club viene fondato da <strong data-start=\"647\" data-end=\"688\"><span class=\"hover:entity-accent entity-underline inline cursor-pointer align-baseline\"><span class=\"whitespace-normal\">Jos\u00e9 Antonio Revilla<\/span><\/span><\/strong>, mentre <strong data-start=\"697\" data-end=\"738\"><span class=\"hover:entity-accent entity-underline inline cursor-pointer align-baseline\"><span class=\"whitespace-normal\">Jos\u00e9 G\u00f3mez Casuso<\/span><\/span><\/strong> organizza e sostiene la sponsorizzazione per conto di Teka.<\/p>\n<p data-start=\"800\" data-end=\"1181\">Il coinvolgimento dell\u2019azienda \u00e8 tale che la squadra entra presto nella storia con il nome di <strong data-start=\"894\" data-end=\"907\">\u201cEl Teka\u201d<\/strong>. Grazie al valore umano, alla qualit\u00e0 dei giocatori, al sostegno costante dei tifosi e a una gestione efficace, il club conosce una rapida crescita. Dopo diversi tentativi, nella stagione 1982\/83 raggiunge finalmente la massima serie del campionato spagnolo di pallamano.<\/p>\n<p data-start=\"1183\" data-end=\"1447\">Nel 1985 \u201cEl Teka\u201d partecipa per la prima volta a una competizione europea e nella stagione 1988\/89 conquista la <strong data-start=\"1296\" data-end=\"1337\"><span class=\"hover:entity-accent entity-underline inline cursor-pointer align-baseline\"><span class=\"whitespace-normal\">Copa del Rey<\/span><\/span><\/strong>. Alla fine del decennio, il club \u00e8 ormai riconosciuto come una delle migliori squadre di pallamano in Spagna.<\/p>\n<p>[\/et_pb_text][\/et_pb_column][et_pb_column type=&#8221;1_2&#8243; _builder_version=&#8221;4.22.1&#8243; custom_padding=&#8221;|||&#8221; custom_css_main_element=&#8221;margin: auto; &#8221; global_colors_info=&#8221;{}&#8221; custom_padding__hover=&#8221;|||&#8221;][et_pb_image src=&#8221;https:\/\/www.teka.com\/it-it\/wp-content\/uploads\/sites\/137\/2024\/01\/grupo-deportivo-teka-balonmano.webp&#8221; title_text=&#8221;grupo-deportivo-teka-balonmano&#8221; align_tablet=&#8221;center&#8221; align_phone=&#8221;center&#8221; align_last_edited=&#8221;on|desktop&#8221; _builder_version=&#8221;4.22.1&#8243; global_colors_info=&#8221;{}&#8221;][\/et_pb_image][\/et_pb_column][\/et_pb_row][et_pb_row column_structure=&#8221;2_5,3_5&#8243; make_equal=&#8221;on&#8221; admin_label=&#8221;Teka Cantabria&#8221; _builder_version=&#8221;4.22.1&#8243; background_size=&#8221;initial&#8221; background_position=&#8221;top_left&#8221; background_repeat=&#8221;repeat&#8221; collapsed=&#8221;off&#8221; global_colors_info=&#8221;{}&#8221;][et_pb_column type=&#8221;2_5&#8243; _builder_version=&#8221;4.22.1&#8243; custom_padding=&#8221;|||&#8221; custom_css_main_element=&#8221;margin: auto; &#8221; global_colors_info=&#8221;{}&#8221; custom_padding__hover=&#8221;|||&#8221;][et_pb_image src=&#8221;https:\/\/www.teka.com\/it-it\/wp-content\/uploads\/sites\/137\/2024\/01\/equipo-de-balonmano-de-teka-de-la-temporada-1988-89.webp&#8221; title_text=&#8221;equipo-de-balonmano-de-teka-de-la-temporada-1988-89&#8243; align_tablet=&#8221;center&#8221; align_phone=&#8221;center&#8221; align_last_edited=&#8221;on|desktop&#8221; _builder_version=&#8221;4.22.1&#8243; global_colors_info=&#8221;{}&#8221;][\/et_pb_image][et_pb_image src=&#8221;https:\/\/www.teka.com\/it-it\/wp-content\/uploads\/sites\/137\/2024\/01\/tributo-a-teka-en-el-museo-deportivo-de-santander.webp&#8221; title_text=&#8221;tributo-a-teka-en-el-museo-deportivo-de-santander&#8221; align_tablet=&#8221;center&#8221; align_phone=&#8221;center&#8221; align_last_edited=&#8221;on|desktop&#8221; _builder_version=&#8221;4.22.1&#8243; global_colors_info=&#8221;{}&#8221;][\/et_pb_image][\/et_pb_column][et_pb_column type=&#8221;3_5&#8243; _builder_version=&#8221;4.22.1&#8243; custom_padding=&#8221;|||&#8221; custom_css_main_element=&#8221;margin: auto; &#8221; global_colors_info=&#8221;{}&#8221; custom_padding__hover=&#8221;|||&#8221;][et_pb_text admin_label=&#8221;Title&#8221; _builder_version=&#8221;4.27.5&#8243; header_2_font=&#8221;|700|||||||&#8221; header_2_font_size=&#8221;18px&#8221; hover_enabled=&#8221;0&#8243; global_colors_info=&#8221;{}&#8221; sticky_enabled=&#8221;0&#8243;]<\/p>\n<h2><strong>Teka Cantabria 1993-94: quando eravamo la squadra migliore<\/strong><\/h2>\n<p>[\/et_pb_text][et_pb_text _builder_version=&#8221;4.27.5&#8243; header_2_font=&#8221;|700|||||||&#8221; header_2_font_size=&#8221;18px&#8221; header_2_line_height=&#8221;1.3em&#8221; hover_enabled=&#8221;0&#8243; global_colors_info=&#8221;{}&#8221; sticky_enabled=&#8221;0&#8243;]<\/p>\n<div class=\"flex flex-col text-sm pb-25\">\n<article class=\"text-token-text-primary w-full focus:outline-none [--shadow-height:45px] has-data-writing-block:pointer-events-none has-data-writing-block:-mt-(--shadow-height) has-data-writing-block:pt-(--shadow-height) [&amp;:has([data-writing-block])&gt;*]:pointer-events-auto scroll-mt-[calc(var(--header-height)+min(200px,max(70px,20svh)))]\" dir=\"auto\" tabindex=\"-1\" data-turn-id=\"b0294e83-8e16-4489-a525-c343fb172a44\" data-testid=\"conversation-turn-74\" data-scroll-anchor=\"true\" data-turn=\"assistant\">\n<div class=\"text-base my-auto mx-auto pb-10 [--thread-content-margin:--spacing(4)] @w-sm\/main:[--thread-content-margin:--spacing(6)] @w-lg\/main:[--thread-content-margin:--spacing(16)] px-(--thread-content-margin)\">\n<div class=\"[--thread-content-max-width:40rem] @w-lg\/main:[--thread-content-max-width:48rem] mx-auto max-w-(--thread-content-max-width) flex-1 group\/turn-messages focus-visible:outline-hidden relative flex w-full min-w-0 flex-col agent-turn\" tabindex=\"-1\">\n<div class=\"flex max-w-full flex-col grow\">\n<div class=\"min-h-8 text-message relative flex w-full flex-col items-end gap-2 text-start break-words whitespace-normal [.text-message+&amp;]:mt-1\" dir=\"auto\" data-message-author-role=\"assistant\" data-message-id=\"591ef923-0952-4351-8960-64be0f7cb3b1\" data-message-model-slug=\"gpt-5-2\">\n<div class=\"flex w-full flex-col gap-1 empty:hidden first:pt-[1px]\">\n<div class=\"markdown prose dark:prose-invert w-full wrap-break-word dark markdown-new-styling\">\n<p data-start=\"69\" data-end=\"1013\">La stagione 1992\/93 segna l\u2019arrivo di nuovi innesti decisivi, tra cui <strong data-start=\"139\" data-end=\"180\"><span class=\"hover:entity-accent entity-underline inline cursor-pointer align-baseline\"><span class=\"whitespace-normal\">Talant Dujshebaev<\/span><\/span><\/strong>, <strong data-start=\"182\" data-end=\"223\"><span class=\"hover:entity-accent entity-underline inline cursor-pointer align-baseline\"><span class=\"whitespace-normal\">Mijail Jakimovic<\/span><\/span><\/strong> e <strong data-start=\"226\" data-end=\"267\"><span class=\"hover:entity-accent entity-underline inline cursor-pointer align-baseline\"><span class=\"whitespace-normal\">Mateo Garralda<\/span><\/span><\/strong>, che si affiancano a una rosa gi\u00e0 vincente. In quell\u2019annata la squadra conquista tre titoli consecutivi nelle competizioni pi\u00f9 prestigiose: la <strong data-start=\"411\" data-end=\"452\"><span class=\"hover:entity-accent entity-underline inline cursor-pointer align-baseline\"><span class=\"whitespace-normal\">Supercoppa di Spagna<\/span><\/span><\/strong>, il campionato <strong data-start=\"468\" data-end=\"509\"><span class=\"hover:entity-accent entity-underline inline cursor-pointer align-baseline\"><span class=\"whitespace-normal\">Liga ASOBAL<\/span><\/span><\/strong> e la <strong data-start=\"515\" data-end=\"556\"><span class=\"hover:entity-accent entity-underline inline cursor-pointer align-baseline\"><span class=\"whitespace-normal\">Coppa IHF<\/span><\/span><\/strong>. \u00c8 la prima volta che una squadra di pallamano spagnola vince un titolo europeo. Giocatori come <strong data-start=\"653\" data-end=\"694\"><span class=\"hover:entity-accent entity-underline inline cursor-pointer align-baseline\"><span class=\"whitespace-normal\">Mats Olsson<\/span><\/span><\/strong>, <strong data-start=\"696\" data-end=\"737\"><span class=\"hover:entity-accent entity-underline inline cursor-pointer align-baseline\"><span class=\"whitespace-normal\">Alberto Urdiales<\/span><\/span><\/strong>, <strong data-start=\"739\" data-end=\"780\"><span class=\"hover:entity-accent entity-underline inline cursor-pointer align-baseline\"><span class=\"whitespace-normal\">Jos\u00e9 Javier Hombrados<\/span><\/span><\/strong>, <strong data-start=\"782\" data-end=\"823\"><span class=\"hover:entity-accent entity-underline inline cursor-pointer align-baseline\"><span class=\"whitespace-normal\">Juli\u00e1n Ruiz<\/span><\/span><\/strong>, <strong data-start=\"825\" data-end=\"868\"><span class=\"hover:entity-accent entity-underline inline cursor-pointer align-baseline\"><span class=\"whitespace-normal\">Rodrigo Re\u00f1ones<\/span><\/span><\/strong>, <strong data-start=\"870\" data-end=\"913\"><span class=\"hover:entity-accent entity-underline inline cursor-pointer align-baseline\"><span class=\"whitespace-normal\">Mu\u00f1oz Melo<\/span><\/span><\/strong> e <strong data-start=\"916\" data-end=\"959\"><span class=\"hover:entity-accent entity-underline inline cursor-pointer align-baseline\"><span class=\"whitespace-normal\">Javier Cabanas<\/span><\/span><\/strong> entrano definitivamente nella storia della pallamano.<\/p>\n<p data-start=\"1015\" data-end=\"1498\">Nella stagione 1993\/94 la squadra prosegue la propria crescita vincendo nuovamente la <strong data-start=\"1101\" data-end=\"1116\">Liga ASOBAL<\/strong> e la <strong data-start=\"1122\" data-end=\"1165\"><span class=\"hover:entity-accent entity-underline inline cursor-pointer align-baseline\"><span class=\"whitespace-normal\">Champions League<\/span><\/span><\/strong>, confermando un percorso di miglioramento costante sin dagli esordi. Il documentario <em data-start=\"1251\" data-end=\"1309\">Teka Cantabria 93\/94. Quando eravamo la squadra migliore<\/em> (FID, 2022) raccoglie immagini e testimonianze che raccontano come il club abbia scritto una pagina fondamentale dello sport spagnolo, rendendo omaggio alla conquista di questi due trofei.<\/p>\n<p data-start=\"1500\" data-end=\"2015\">Nel 1995 il rapporto tra il marchio e la squadra si interrompe, per poi riprendere alcuni anni dopo, nel 1999. Il club si scioglie definitivamente nel 2008, chiudendo una storia sportiva che ha portato la pallamano spagnola ai vertici mondiali. Il palmar\u00e8s comprende la <strong data-start=\"1770\" data-end=\"1813\"><span class=\"hover:entity-accent entity-underline inline cursor-pointer align-baseline\"><span class=\"whitespace-normal\">Coppa dei Campioni<\/span><\/span><\/strong>, il Campionato del Mondo per club, due coppe internazionali, diversi titoli della <strong data-start=\"1896\" data-end=\"1911\">Liga ASOBAL<\/strong>, numerose <strong data-start=\"1922\" data-end=\"1965\"><span class=\"hover:entity-accent entity-underline inline cursor-pointer align-baseline\"><span class=\"whitespace-normal\">Coppe del Re<\/span><\/span><\/strong>, due Supercoppe di Spagna e quattro Coppe ASOBAL.<\/p>\n<p data-start=\"2017\" data-end=\"2310\" data-is-last-node=\"\" data-is-only-node=\"\">Il <strong data-start=\"2020\" data-end=\"2063\"><span class=\"hover:entity-accent entity-underline inline cursor-pointer align-baseline\"><span class=\"whitespace-normal\">Museo dello Sport di Santander<\/span><\/span><\/strong>, situato nel <strong data-start=\"2077\" data-end=\"2120\"><span class=\"hover:entity-accent entity-underline inline cursor-pointer align-baseline\"><span class=\"whitespace-normal\">Palacio de Deportes di Santander<\/span><\/span><\/strong>, ha dedicato uno dei suoi spazi alla squadra come tributo a tutte le persone che, attraverso la pallamano, hanno portato la citt\u00e0 di Santander ai massimi livelli delle competizioni europee.<\/p>\n<\/div>\n<\/div>\n<\/div>\n<\/div>\n<\/div>\n<\/div>\n<\/article>\n<\/div>\n<p>[\/et_pb_text][\/et_pb_column][\/et_pb_row][\/et_pb_section][et_pb_section fb_built=&#8221;1&#8243; admin_label=&#8221;Hockey&#8221; module_id=&#8221;sport-hokey&#8221; module_class=&#8221;tab-content&#8221; _builder_version=&#8221;4.22.1&#8243; collapsed=&#8221;off&#8221; global_colors_info=&#8221;{}&#8221;][et_pb_row column_structure=&#8221;1_2,1_2&#8243; _builder_version=&#8221;4.16&#8243; background_size=&#8221;initial&#8221; background_position=&#8221;top_left&#8221; background_repeat=&#8221;repeat&#8221; global_colors_info=&#8221;{}&#8221;][et_pb_column type=&#8221;1_2&#8243; _builder_version=&#8221;4.16&#8243; custom_padding=&#8221;|||&#8221; global_colors_info=&#8221;{}&#8221; custom_padding__hover=&#8221;|||&#8221;][et_pb_image src=&#8221;https:\/\/www.teka.com\/wp-content\/uploads\/sites\/137\/2018\/10\/Tatran-Teka.jpg&#8221; align_tablet=&#8221;center&#8221; align_phone=&#8221;center&#8221; align_last_edited=&#8221;on|desktop&#8221; admin_label=&#8221;Image Hockey&#8221; _builder_version=&#8221;4.16&#8243; global_colors_info=&#8221;{}&#8221;][\/et_pb_image][\/et_pb_column][et_pb_column type=&#8221;1_2&#8243; _builder_version=&#8221;4.16&#8243; custom_padding=&#8221;|||&#8221; global_colors_info=&#8221;{}&#8221; custom_padding__hover=&#8221;|||&#8221;][et_pb_text admin_label=&#8221;Hockey&#8221; _builder_version=&#8221;4.27.5&#8243; hover_enabled=&#8221;0&#8243; global_colors_info=&#8221;{}&#8221; sticky_enabled=&#8221;0&#8243;]<\/p>\n<h3>Hockey su pista<\/h3>\n<p>Teka \u00e8 presente nella Superliga Nazionale Ceca di hockey su pattini come sponsor principale del <strong data-start=\"161\" data-end=\"202\"><span class=\"hover:entity-accent entity-underline inline cursor-pointer align-baseline\"><span class=\"whitespace-normal\">Tatran Teka St\u0159e\u0161ovice<\/span><\/span><\/strong>.<\/p>\n<p>[\/et_pb_text][\/et_pb_column][\/et_pb_row][\/et_pb_section][et_pb_section fb_built=&#8221;1&#8243; admin_label=&#8221;Motor&#8221; module_id=&#8221;sport-motor&#8221; module_class=&#8221;tab-content&#8221; _builder_version=&#8221;4.22.1&#8243; collapsed=&#8221;off&#8221; global_colors_info=&#8221;{}&#8221;][et_pb_row make_equal=&#8221;on&#8221; admin_label=&#8221;Intro&#8221; _builder_version=&#8221;4.22.1&#8243; background_size=&#8221;initial&#8221; background_position=&#8221;top_left&#8221; background_repeat=&#8221;repeat&#8221; collapsed=&#8221;off&#8221; global_colors_info=&#8221;{}&#8221;][et_pb_column type=&#8221;4_4&#8243; _builder_version=&#8221;4.22.1&#8243; custom_padding=&#8221;|||&#8221; custom_css_main_element=&#8221;margin: auto; &#8221; global_colors_info=&#8221;{}&#8221; custom_padding__hover=&#8221;|||&#8221;][et_pb_text _builder_version=&#8221;4.27.5&#8243; header_2_font=&#8221;|700|||||||&#8221; header_2_font_size=&#8221;18px&#8221; header_2_line_height=&#8221;1.3em&#8221; hover_enabled=&#8221;0&#8243; global_colors_info=&#8221;{}&#8221; sticky_enabled=&#8221;0&#8243;]<\/p>\n<p data-start=\"72\" data-end=\"459\">L\u2019impegno di Teka nello sport si estende a diverse discipline ed \u00e8 naturale associare il logo dell\u2019azienda ad alcuni dei momenti pi\u00f9 significativi della storia delle squadre spagnole. La pallamano occupa un ruolo speciale in questo percorso, perch\u00e9 \u00e8 proprio con questo sport che Teka avvia la sua esperienza nelle sponsorizzazioni sportive nel 1975, in Cantabria, nel nord della Spagna. In quell\u2019anno nasce il <strong data-start=\"484\" data-end=\"512\">Club Balonmano Cantabria<\/strong> con il nome di <strong data-start=\"528\" data-end=\"562\">Grupo Deportivo Teka Santander<\/strong>, grazie al sostegno finanziario dell\u2019azienda. All\u2019epoca, nessuno avrebbe potuto immaginare che una squadra locale di seconda divisione sarebbe riuscita a lasciare un segno profondo non solo nella storia della pallamano, ma anche in quella dello sport spagnolo.<\/p>\n<p>[\/et_pb_text][\/et_pb_column][\/et_pb_row][et_pb_row column_structure=&#8221;1_2,1_2&#8243; _builder_version=&#8221;4.16&#8243; background_size=&#8221;initial&#8221; background_position=&#8221;top_left&#8221; background_repeat=&#8221;repeat&#8221; collapsed=&#8221;off&#8221; global_colors_info=&#8221;{}&#8221;][et_pb_column type=&#8221;1_2&#8243; _builder_version=&#8221;4.16&#8243; custom_padding=&#8221;|||&#8221; global_colors_info=&#8221;{}&#8221; custom_padding__hover=&#8221;|||&#8221;][et_pb_image src=&#8221;https:\/\/www.teka.com\/wp-content\/uploads\/sites\/137\/2018\/10\/LarissaPapenmeierMX1MX2MotocrossWorldPyDv7aCj8A2l.jpg&#8221; align_tablet=&#8221;center&#8221; align_phone=&#8221;center&#8221; align_last_edited=&#8221;on|desktop&#8221; admin_label=&#8221;Image Motocross&#8221; _builder_version=&#8221;4.16&#8243; global_colors_info=&#8221;{}&#8221;][\/et_pb_image][et_pb_text admin_label=&#8221;Title&#8221; _builder_version=&#8221;4.27.5&#8243; header_2_font=&#8221;|700|||||||&#8221; header_2_font_size=&#8221;18px&#8221; hover_enabled=&#8221;0&#8243; global_colors_info=&#8221;{}&#8221; sticky_enabled=&#8221;0&#8243;]<\/p>\n<h2><strong>Il Campionato mondiale di motocross FIM di Teka<\/strong><\/h2>\n<p>[\/et_pb_text][et_pb_text _builder_version=&#8221;4.27.5&#8243; header_2_font=&#8221;|700|||||||&#8221; header_2_font_size=&#8221;18px&#8221; header_2_line_height=&#8221;1.3em&#8221; hover_enabled=&#8221;0&#8243; global_colors_info=&#8221;{}&#8221; sticky_enabled=&#8221;0&#8243;]<\/p>\n<div class=\"flex flex-col text-sm pb-25\">\n<article class=\"text-token-text-primary w-full focus:outline-none [--shadow-height:45px] has-data-writing-block:pointer-events-none has-data-writing-block:-mt-(--shadow-height) has-data-writing-block:pt-(--shadow-height) [&amp;:has([data-writing-block])&gt;*]:pointer-events-auto scroll-mt-[calc(var(--header-height)+min(200px,max(70px,20svh)))]\" dir=\"auto\" tabindex=\"-1\" data-turn-id=\"b071dd63-319a-4d60-a363-1899877ebed7\" data-testid=\"conversation-turn-80\" data-scroll-anchor=\"true\" data-turn=\"assistant\">\n<div class=\"text-base my-auto mx-auto pb-10 [--thread-content-margin:--spacing(4)] @w-sm\/main:[--thread-content-margin:--spacing(6)] @w-lg\/main:[--thread-content-margin:--spacing(16)] px-(--thread-content-margin)\">\n<div class=\"[--thread-content-max-width:40rem] @w-lg\/main:[--thread-content-max-width:48rem] mx-auto max-w-(--thread-content-max-width) flex-1 group\/turn-messages focus-visible:outline-hidden relative flex w-full min-w-0 flex-col agent-turn\" tabindex=\"-1\">\n<div class=\"flex max-w-full flex-col grow\">\n<div class=\"min-h-8 text-message relative flex w-full flex-col items-end gap-2 text-start break-words whitespace-normal [.text-message+&amp;]:mt-1\" dir=\"auto\" data-message-author-role=\"assistant\" data-message-id=\"0cf98efd-f816-4367-9345-c3a5f3913380\" data-message-model-slug=\"gpt-5-2\">\n<div class=\"flex w-full flex-col gap-1 empty:hidden first:pt-[1px]\">\n<div class=\"markdown prose dark:prose-invert w-full wrap-break-word dark markdown-new-styling\">\n<p data-start=\"69\" data-end=\"603\">Teka avvia la propria presenza nel mondo del motociclismo nel 2008 con la sponsorizzazione del team <strong data-start=\"169\" data-end=\"210\"><span class=\"hover:entity-accent entity-underline inline cursor-pointer align-baseline\"><span class=\"whitespace-normal\">Suzuki Motocross Team<\/span><\/span><\/strong>. In quell\u2019anno la squadra diventa una delle pi\u00f9 premiate della stagione, rafforzando la scelta del marchio di estendere il proprio impegno nelle sponsorizzazioni sportive. L\u2019ingresso nel motocross rappresenta anche un\u2019importante opportunit\u00e0 di visibilit\u00e0 nei Paesi del Nord Europa, dove Teka intende consolidare la propria notoriet\u00e0, gi\u00e0 forte in mercati come Germania, Portogallo e Spagna. I team <strong data-start=\"612\" data-end=\"653\"><span class=\"hover:entity-accent entity-underline inline cursor-pointer align-baseline\"><span class=\"whitespace-normal\">Teka Suzuki WMX1<\/span><\/span><\/strong> includono piloti di primo piano come <strong data-start=\"691\" data-end=\"732\"><span class=\"hover:entity-accent entity-underline inline cursor-pointer align-baseline\"><span class=\"whitespace-normal\">Steve Ramon<\/span><\/span><\/strong> e <strong data-start=\"735\" data-end=\"776\"><span class=\"hover:entity-accent entity-underline inline cursor-pointer align-baseline\"><span class=\"whitespace-normal\">Ken de Dycker<\/span><\/span><\/strong>, che conquistano rispettivamente il secondo e il terzo posto nel <strong data-start=\"842\" data-end=\"883\"><span class=\"hover:entity-accent entity-underline inline cursor-pointer align-baseline\"><span class=\"whitespace-normal\">Campionato Mondiale di Motocross<\/span><\/span><\/strong> di quell\u2019anno.<\/p>\n<p data-start=\"900\" data-end=\"1547\" data-is-last-node=\"\" data-is-only-node=\"\">Negli anni successivi Teka rafforza ulteriormente il proprio ruolo nelle sponsorizzazioni sportive. Nel 2009 e nel 2010 il marchio diventa uno degli sponsor principali del <strong data-start=\"1072\" data-end=\"1113\"><span class=\"hover:entity-accent entity-underline inline cursor-pointer align-baseline\"><span class=\"whitespace-normal\">Campionato Mondiale di Motocross FIM<\/span><\/span><\/strong> nelle categorie <strong data-start=\"1130\" data-end=\"1137\">MX1<\/strong> e <strong data-start=\"1140\" data-end=\"1147\">MX2<\/strong>. Questa competizione internazionale, seguita da un vasto pubblico a livello globale, si rivela una vetrina ideale per lo sport e per i brand sponsor, in particolare nei Paesi dell\u2019Europa centrale e settentrionale. Disputato in diverse nazioni e caratterizzato da un\u2019ampia copertura televisiva, il Campionato contribuisce a rendere il motocross uno degli sport motoristici pi\u00f9 spettacolari e seguiti.<\/p>\n<\/div>\n<\/div>\n<\/div>\n<\/div>\n<div class=\"mt-3 w-full empty:hidden\">\n<div class=\"text-center\">\u00a0<\/div>\n<\/div>\n<\/div>\n<\/div>\n<\/article>\n<\/div>\n<div class=\"pointer-events-none h-px w-px absolute bottom-0\" aria-hidden=\"true\" data-edge=\"true\">\u00a0<\/div>\n<p>[\/et_pb_text][\/et_pb_column][et_pb_column type=&#8221;1_2&#8243; _builder_version=&#8221;4.16&#8243; custom_padding=&#8221;|||&#8221; global_colors_info=&#8221;{}&#8221; custom_padding__hover=&#8221;|||&#8221;][et_pb_image src=&#8221;https:\/\/www.teka.com\/wp-content\/uploads\/sites\/137\/2018\/10\/17355-Ricky-Cardus-GP-Qatar-2012-Moto2-2.jpg&#8221; align_tablet=&#8221;center&#8221; align_phone=&#8221;center&#8221; align_last_edited=&#8221;on|desktop&#8221; admin_label=&#8221;Image Moto2&#8243; _builder_version=&#8221;4.16&#8243; global_colors_info=&#8221;{}&#8221;][\/et_pb_image][et_pb_text admin_label=&#8221;Title&#8221; _builder_version=&#8221;4.27.5&#8243; header_2_font=&#8221;|700|||||||&#8221; header_2_font_size=&#8221;18px&#8221; hover_enabled=&#8221;0&#8243; global_colors_info=&#8221;{}&#8221; sticky_enabled=&#8221;0&#8243;]<\/p>\n<h2><strong>Teka entra in Moto2 nel 2012 attraverso il Team AGR<\/strong><\/h2>\n<p>[\/et_pb_text][et_pb_text _builder_version=&#8221;4.27.5&#8243; header_2_font=&#8221;|700|||||||&#8221; header_2_font_size=&#8221;18px&#8221; header_2_line_height=&#8221;1.3em&#8221; hover_enabled=&#8221;0&#8243; global_colors_info=&#8221;{}&#8221; sticky_enabled=&#8221;0&#8243;]<\/p>\n<p data-start=\"69\" data-end=\"722\">Teka entra nella competizione <strong data-start=\"99\" data-end=\"108\">Moto2<\/strong> attraverso la sponsorizzazione del team <strong data-start=\"149\" data-end=\"190\"><span class=\"hover:entity-accent entity-underline inline cursor-pointer align-baseline\"><span class=\"whitespace-normal\">AGR Team<\/span><\/span><\/strong> (<em data-start=\"192\" data-end=\"225\">Argui\u00f1ano and Gin\u00e9s Racing Team<\/em>), di propriet\u00e0 di <strong data-start=\"244\" data-end=\"285\"><span class=\"hover:entity-accent entity-underline inline cursor-pointer align-baseline\"><span class=\"whitespace-normal\">Karlos Argui\u00f1ano<\/span><\/span><\/strong>. Nato da una forte passione per il motociclismo, il progetto prende forma dall\u2019incontro tra <strong data-start=\"378\" data-end=\"419\"><span class=\"hover:entity-accent entity-underline inline cursor-pointer align-baseline\"><span class=\"whitespace-normal\">Gin\u00e9s Guirado<\/span><\/span><\/strong>, meccanico con oltre vent\u2019anni di esperienza al fianco di piloti come <strong data-start=\"490\" data-end=\"531\"><span class=\"hover:entity-accent entity-underline inline cursor-pointer align-baseline\"><span class=\"whitespace-normal\">Jorge Mart\u00ednez Aspar<\/span><\/span><\/strong> e <strong data-start=\"534\" data-end=\"575\"><span class=\"hover:entity-accent entity-underline inline cursor-pointer align-baseline\"><span class=\"whitespace-normal\">\u00c1ngel Nieto<\/span><\/span><\/strong>, e Karlos Argui\u00f1ano. Insieme decidono di concentrare i propri sforzi sulla scoperta e sulla crescita di giovani talenti con un futuro promettente. Nel 2012 l\u2019AGR Team avvia con successo il proprio percorso verso le competizioni di massimo livello, raggiungendo la categoria <strong data-start=\"851\" data-end=\"892\"><span class=\"hover:entity-accent entity-underline inline cursor-pointer align-baseline\"><span class=\"whitespace-normal\">Moto2<\/span><\/span><\/strong> del <strong data-start=\"897\" data-end=\"938\"><span class=\"hover:entity-accent entity-underline inline cursor-pointer align-baseline\"><span class=\"whitespace-normal\">Campionato mondiale di motociclismo<\/span><\/span><\/strong> grazie alla sponsorizzazione di Teka. In quell\u2019anno, il pilota <strong data-start=\"1002\" data-end=\"1043\"><span class=\"hover:entity-accent entity-underline inline cursor-pointer align-baseline\"><span class=\"whitespace-normal\">Ricky Card\u00fas<\/span><\/span><\/strong> si qualifica per il Campionato del Mondo con il Team AGR.<\/p>\n<p data-start=\"1103\" data-end=\"1379\" data-is-last-node=\"\" data-is-only-node=\"\">Il rapporto intenso e continuativo di Teka con lo sport in quegli anni testimonia l\u2019impegno del marchio nel sostenere nuove squadre e giovani talenti in diverse discipline, accompagnandoli nel percorso di crescita verso le competizioni pi\u00f9 importanti a livello internazionale.<\/p>\n<p>[\/et_pb_text][\/et_pb_column][\/et_pb_row][\/et_pb_section][et_pb_section fb_built=&#8221;1&#8243; admin_label=&#8221;Others&#8221; module_id=&#8221;sport-polo&#8221; module_class=&#8221;tab-content&#8221; _builder_version=&#8221;4.22.1&#8243; locked=&#8221;off&#8221; collapsed=&#8221;off&#8221; global_colors_info=&#8221;{}&#8221;][et_pb_row make_equal=&#8221;on&#8221; _builder_version=&#8221;4.22.1&#8243; background_size=&#8221;initial&#8221; background_position=&#8221;top_left&#8221; background_repeat=&#8221;repeat&#8221; global_colors_info=&#8221;{}&#8221;][et_pb_column type=&#8221;4_4&#8243; _builder_version=&#8221;4.22.1&#8243; custom_padding=&#8221;|||&#8221; custom_css_main_element=&#8221;margin: auto;&#8221; global_colors_info=&#8221;{}&#8221; custom_padding__hover=&#8221;|||&#8221;][et_pb_text _builder_version=&#8221;4.27.5&#8243; header_2_font=&#8221;|700|||||||&#8221; header_2_font_size=&#8221;18px&#8221; hover_enabled=&#8221;0&#8243; global_colors_info=&#8221;{}&#8221; sticky_enabled=&#8221;0&#8243;]<\/p>\n<p data-start=\"75\" data-end=\"397\">Il miglioramento continuo, la ricerca dell\u2019eccellenza e il lavoro di squadra sono valori fondamentali nello sport. Gli stessi valori che hanno guidato Teka nel corso dei suoi 100 anni di storia. Per questo, nel tempo, la sponsorizzazione del marchio si \u00e8 estesa anche ad altre discipline sportive a livello internazionale. Un modo concreto per sostenere ci\u00f2 che ci spinge a crescere e a dare il meglio, non solo nello sport, ma in ogni ambito della vita.<\/p>\n<p>[\/et_pb_text][\/et_pb_column][\/et_pb_row][et_pb_row column_structure=&#8221;1_2,1_2&#8243; make_equal=&#8221;on&#8221; _builder_version=&#8221;4.22.1&#8243; background_size=&#8221;initial&#8221; background_position=&#8221;top_left&#8221; background_repeat=&#8221;repeat&#8221; global_colors_info=&#8221;{}&#8221;][et_pb_column type=&#8221;1_2&#8243; _builder_version=&#8221;4.22.1&#8243; custom_padding=&#8221;|||&#8221; custom_css_main_element=&#8221;margin: auto;&#8221; global_colors_info=&#8221;{}&#8221; custom_padding__hover=&#8221;|||&#8221;][et_pb_image src=&#8221;https:\/\/www.teka.com\/it-it\/wp-content\/uploads\/sites\/137\/2025\/01\/image001-scaled.jpg&#8221; title_text=&#8221;image001&#8243; _builder_version=&#8221;4.27.4&#8243; _module_preset=&#8221;default&#8221; global_colors_info=&#8221;{}&#8221;][\/et_pb_image][\/et_pb_column][et_pb_column type=&#8221;1_2&#8243; _builder_version=&#8221;4.22.1&#8243; custom_padding=&#8221;|||&#8221; custom_css_main_element=&#8221;margin: auto;&#8221; global_colors_info=&#8221;{}&#8221; custom_padding__hover=&#8221;|||&#8221;][et_pb_text admin_label=&#8221;Title&#8221; _builder_version=&#8221;4.27.5&#8243; header_2_font=&#8221;|700|||||||&#8221; header_2_font_size=&#8221;18px&#8221; hover_enabled=&#8221;0&#8243; global_colors_info=&#8221;{}&#8221; sticky_enabled=&#8221;0&#8243;]<\/p>\n<h2><strong>Sport acquatici<\/strong><\/h2>\n<p>[\/et_pb_text][et_pb_text _builder_version=&#8221;4.27.5&#8243; header_2_font=&#8221;|700|||||||&#8221; header_2_font_size=&#8221;18px&#8221; hover_enabled=&#8221;0&#8243; global_colors_info=&#8221;{}&#8221; sticky_enabled=&#8221;0&#8243;]<\/p>\n<p data-start=\"65\" data-end=\"579\">Nel 2010 Teka estende il proprio impegno sportivo diventando sponsor della seconda edizione della <strong data-start=\"163\" data-end=\"204\"><span class=\"hover:entity-accent entity-underline inline cursor-pointer align-baseline\"><span class=\"whitespace-normal\">Barcelona World Race<\/span><\/span><\/strong>. Si tratta di una regata unica nel suo genere: una competizione intorno al mondo senza scali, con equipaggi composti da sole due persone per imbarcazione. In questo contesto, Teka \u00e8 l\u2019unico sponsor del proprio settore presente alla manifestazione. Una delle barche sponsorizzate dal marchio conquista il secondo posto in classifica, ottenendo un risultato di grande rilievo.<\/p>\n<p data-start=\"581\" data-end=\"765\" data-is-last-node=\"\" data-is-only-node=\"\">Il marchio \u00e8 inoltre sponsor del doppio medagliato ungherese <strong data-start=\"642\" data-end=\"683\"><span class=\"hover:entity-accent entity-underline inline cursor-pointer align-baseline\"><span class=\"whitespace-normal\">Imre Pulai<\/span><\/span><\/strong>, uno dei protagonisti pi\u00f9 affermati della canoa internazionale degli ultimi anni.<\/p>\n<p>[\/et_pb_text][\/et_pb_column][\/et_pb_row][et_pb_row column_structure=&#8221;1_2,1_2&#8243; make_equal=&#8221;on&#8221; _builder_version=&#8221;4.22.1&#8243; background_size=&#8221;initial&#8221; background_position=&#8221;top_left&#8221; background_repeat=&#8221;repeat&#8221; global_colors_info=&#8221;{}&#8221;][et_pb_column type=&#8221;1_2&#8243; _builder_version=&#8221;4.22.1&#8243; custom_padding=&#8221;|||&#8221; custom_css_main_element=&#8221;margin: auto;&#8221; global_colors_info=&#8221;{}&#8221; custom_padding__hover=&#8221;|||&#8221;][et_pb_text admin_label=&#8221;Title&#8221; _builder_version=&#8221;4.27.4&#8243; header_2_font=&#8221;|700|||||||&#8221; header_2_font_size=&#8221;18px&#8221; global_colors_info=&#8221;{}&#8221;]<\/p>\n<h2><strong>Teka come squadra<\/strong><\/h2>\n<p>[\/et_pb_text][et_pb_text _builder_version=&#8221;4.27.5&#8243; header_2_font=&#8221;|700|||||||&#8221; header_2_font_size=&#8221;18px&#8221; hover_enabled=&#8221;0&#8243; global_colors_info=&#8221;{}&#8221; sticky_enabled=&#8221;0&#8243;]<\/p>\n<p data-start=\"65\" data-end=\"344\">Il logo Teka \u00e8 stato presente anche in numerose altre discipline sportive. Il marchio \u00e8 stato sponsor della squadra ceca di floorball (conosciuto anche come unihockey) <strong data-start=\"233\" data-end=\"274\"><span class=\"hover:entity-accent entity-underline inline cursor-pointer align-baseline\"><span class=\"whitespace-normal\">Tatran Teka St\u0159e\u0161ovice<\/span><\/span><\/strong>, con risultati di rilievo sia a livello nazionale che internazionale.<\/p>\n<p data-start=\"346\" data-end=\"530\" data-is-last-node=\"\" data-is-only-node=\"\">Teka \u00e8 stata inoltre sponsor del doppio medagliato ungherese <strong data-start=\"407\" data-end=\"448\"><span class=\"hover:entity-accent entity-underline inline cursor-pointer align-baseline\"><span class=\"whitespace-normal\">Imre Pulai<\/span><\/span><\/strong>, uno dei protagonisti pi\u00f9 affermati della canoa internazionale negli ultimi anni.<\/p>\n<p>[\/et_pb_text][\/et_pb_column][et_pb_column type=&#8221;1_2&#8243; _builder_version=&#8221;4.22.1&#8243; custom_padding=&#8221;|||&#8221; custom_css_main_element=&#8221;margin: auto;&#8221; global_colors_info=&#8221;{}&#8221; custom_padding__hover=&#8221;|||&#8221;][et_pb_image src=&#8221;https:\/\/www.teka.com\/wp-content\/uploads\/sites\/137\/2018\/10\/Tatran-Teka.jpg&#8221; align_tablet=&#8221;center&#8221; align_phone=&#8221;center&#8221; align_last_edited=&#8221;on|desktop&#8221; admin_label=&#8221;Image Hockey&#8221; _builder_version=&#8221;4.16&#8243; global_colors_info=&#8221;{}&#8221;][\/et_pb_image][\/et_pb_column][\/et_pb_row][et_pb_row column_structure=&#8221;1_2,1_2&#8243; make_equal=&#8221;on&#8221; _builder_version=&#8221;4.22.1&#8243; background_size=&#8221;initial&#8221; background_position=&#8221;top_left&#8221; background_repeat=&#8221;repeat&#8221; global_colors_info=&#8221;{}&#8221;][et_pb_column type=&#8221;1_2&#8243; _builder_version=&#8221;4.22.1&#8243; custom_padding=&#8221;|||&#8221; custom_css_main_element=&#8221;margin: auto;&#8221; global_colors_info=&#8221;{}&#8221; custom_padding__hover=&#8221;|||&#8221;][et_pb_image src=&#8221;https:\/\/www.teka.com\/wp-content\/uploads\/sites\/137\/2018\/10\/23823257_837494583079457_4446895935825379328_n.jpg&#8221; align_tablet=&#8221;center&#8221; align_phone=&#8221;center&#8221; align_last_edited=&#8221;on|desktop&#8221; admin_label=&#8221;Image Polo&#8221; _builder_version=&#8221;4.16&#8243; global_colors_info=&#8221;{}&#8221;][\/et_pb_image][\/et_pb_column][et_pb_column type=&#8221;1_2&#8243; _builder_version=&#8221;4.22.1&#8243; custom_padding=&#8221;|||&#8221; custom_css_main_element=&#8221;margin: auto;&#8221; global_colors_info=&#8221;{}&#8221; custom_padding__hover=&#8221;|||&#8221;][et_pb_text _builder_version=&#8221;4.27.5&#8243; header_2_font=&#8221;|700|||||||&#8221; header_2_font_size=&#8221;18px&#8221; hover_enabled=&#8221;0&#8243; global_colors_info=&#8221;{}&#8221; sticky_enabled=&#8221;0&#8243;]<\/p>\n<p data-start=\"75\" data-end=\"287\">L\u2019immagine del Gruppo Teka si \u00e8 espressa anche in discipline come il polo, attraverso la sponsorizzazione del <strong data-start=\"185\" data-end=\"226\"><span class=\"hover:entity-accent entity-underline inline cursor-pointer align-baseline\"><span class=\"whitespace-normal\">San Crist\u00f3bal Polo Club<\/span><\/span><\/strong> in Cile, protagonista di un importante palmar\u00e8s di vittorie.<\/p>\n<p data-start=\"289\" data-end=\"583\" data-is-last-node=\"\" data-is-only-node=\"\">Attraverso la sponsorizzazione sportiva, Teka ha trovato un modo autentico per sostenere i propri valori ed essere parte di un percorso condiviso verso obiettivi sempre pi\u00f9 ambiziosi. Una filosofia che accompagna il Gruppo fin dalla sua nascita e che trova nello sport una naturale espressione.<\/p>\n<p>[\/et_pb_text][\/et_pb_column][\/et_pb_row][\/et_pb_section]<\/p>\n","protected":false},"excerpt":{"rendered":"<p>&nbsp; &nbsp; Gruppo Teka, di origine tedesca.Teka e lo sport Teka \u00e8 un punto di riferimento nella storia delle sponsorizzazioni sportive. Nel corso dei suoi quasi 100 anni di storia, il contributo dell\u2019azienda ha accompagnato alcuni dei momenti pi\u00f9 significativi dello sport internazionale. Nel tempo, il sostegno di Teka in diverse discipline ha contribuito a [&hellip;]<\/p>\n","protected":false},"author":9,"featured_media":0,"parent":21989,"menu_order":6,"comment_status":"closed","ping_status":"closed","template":"","meta":{"_acf_changed":false,"_et_pb_use_builder":"on","_et_pb_old_content":"","_et_gb_content_width":"","footnotes":""},"class_list":["post-21994","page","type-page","status-publish","hentry"],"acf":[],"yoast_head":"<!-- This site is optimized with the Yoast SEO plugin v27.2 - https:\/\/yoast.com\/product\/yoast-seo-wordpress\/ -->\n<title>Teka e lo sport | About Teka Italia<\/title>\n<meta name=\"robots\" content=\"index, follow, max-snippet:-1, max-image-preview:large, max-video-preview:-1\" \/>\n<link rel=\"canonical\" href=\"https:\/\/www.teka.com\/it-it\/about-us\/teka-and-sports\/\" \/>\n<meta property=\"og:locale\" content=\"it_IT\" \/>\n<meta property=\"og:type\" content=\"article\" \/>\n<meta property=\"og:title\" content=\"Teka e lo sport | About Teka Italia\" \/>\n<meta property=\"og:description\" content=\"&nbsp; &nbsp; Gruppo Teka, di origine tedesca.Teka e lo sport Teka \u00e8 un punto di riferimento nella storia delle sponsorizzazioni sportive. Nel corso dei suoi quasi 100 anni di storia, il contributo dell\u2019azienda ha accompagnato alcuni dei momenti pi\u00f9 significativi dello sport internazionale. Nel tempo, il sostegno di Teka in diverse discipline ha contribuito a [&hellip;]\" \/>\n<meta property=\"og:url\" content=\"https:\/\/www.teka.com\/it-it\/about-us\/teka-and-sports\/\" \/>\n<meta property=\"og:site_name\" content=\"Teka Italia\" \/>\n<meta property=\"article:modified_time\" content=\"2026-01-30T13:33:05+00:00\" \/>\n<meta name=\"twitter:card\" content=\"summary_large_image\" \/>\n<meta name=\"twitter:label1\" content=\"Tempo di lettura stimato\" \/>\n\t<meta name=\"twitter:data1\" content=\"21 minuti\" \/>\n<script type=\"application\/ld+json\" class=\"yoast-schema-graph\">{\"@context\":\"https:\/\/schema.org\",\"@graph\":[{\"@type\":\"WebPage\",\"@id\":\"https:\/\/www.teka.com\/it-it\/about-us\/teka-and-sports\/\",\"url\":\"https:\/\/www.teka.com\/it-it\/about-us\/teka-and-sports\/\",\"name\":\"Teka e lo sport | About Teka Italia\",\"isPartOf\":{\"@id\":\"https:\/\/www.teka.com\/it-it\/#website\"},\"datePublished\":\"2018-09-11T08:07:24+00:00\",\"dateModified\":\"2026-01-30T13:33:05+00:00\",\"breadcrumb\":{\"@id\":\"https:\/\/www.teka.com\/it-it\/about-us\/teka-and-sports\/#breadcrumb\"},\"inLanguage\":\"it-IT\",\"potentialAction\":[{\"@type\":\"ReadAction\",\"target\":[\"https:\/\/www.teka.com\/it-it\/about-us\/teka-and-sports\/\"]}]},{\"@type\":\"BreadcrumbList\",\"@id\":\"https:\/\/www.teka.com\/it-it\/about-us\/teka-and-sports\/#breadcrumb\",\"itemListElement\":[{\"@type\":\"ListItem\",\"position\":1,\"name\":\"Chi Siamo | Teka Italia\",\"item\":\"https:\/\/www.teka.com\/it-it\/about-us\/\"},{\"@type\":\"ListItem\",\"position\":2,\"name\":\"Teka e lo sport\"}]},{\"@type\":\"WebSite\",\"@id\":\"https:\/\/www.teka.com\/it-it\/#website\",\"url\":\"https:\/\/www.teka.com\/it-it\/\",\"name\":\"Teka Italia\",\"description\":\"\",\"potentialAction\":[{\"@type\":\"SearchAction\",\"target\":{\"@type\":\"EntryPoint\",\"urlTemplate\":\"https:\/\/www.teka.com\/it-it\/?s={search_term_string}\"},\"query-input\":{\"@type\":\"PropertyValueSpecification\",\"valueRequired\":true,\"valueName\":\"search_term_string\"}}],\"inLanguage\":\"it-IT\"}]}<\/script>\n<!-- \/ Yoast SEO plugin. -->","yoast_head_json":{"title":"Teka e lo sport | About Teka Italia","robots":{"index":"index","follow":"follow","max-snippet":"max-snippet:-1","max-image-preview":"max-image-preview:large","max-video-preview":"max-video-preview:-1"},"canonical":"https:\/\/www.teka.com\/it-it\/about-us\/teka-and-sports\/","og_locale":"it_IT","og_type":"article","og_title":"Teka e lo sport | About Teka Italia","og_description":"&nbsp; &nbsp; Gruppo Teka, di origine tedesca.Teka e lo sport Teka \u00e8 un punto di riferimento nella storia delle sponsorizzazioni sportive. Nel corso dei suoi quasi 100 anni di storia, il contributo dell\u2019azienda ha accompagnato alcuni dei momenti pi\u00f9 significativi dello sport internazionale. Nel tempo, il sostegno di Teka in diverse discipline ha contribuito a [&hellip;]","og_url":"https:\/\/www.teka.com\/it-it\/about-us\/teka-and-sports\/","og_site_name":"Teka Italia","article_modified_time":"2026-01-30T13:33:05+00:00","twitter_card":"summary_large_image","twitter_misc":{"Tempo di lettura stimato":"21 minuti"},"schema":{"@context":"https:\/\/schema.org","@graph":[{"@type":"WebPage","@id":"https:\/\/www.teka.com\/it-it\/about-us\/teka-and-sports\/","url":"https:\/\/www.teka.com\/it-it\/about-us\/teka-and-sports\/","name":"Teka e lo sport | About Teka Italia","isPartOf":{"@id":"https:\/\/www.teka.com\/it-it\/#website"},"datePublished":"2018-09-11T08:07:24+00:00","dateModified":"2026-01-30T13:33:05+00:00","breadcrumb":{"@id":"https:\/\/www.teka.com\/it-it\/about-us\/teka-and-sports\/#breadcrumb"},"inLanguage":"it-IT","potentialAction":[{"@type":"ReadAction","target":["https:\/\/www.teka.com\/it-it\/about-us\/teka-and-sports\/"]}]},{"@type":"BreadcrumbList","@id":"https:\/\/www.teka.com\/it-it\/about-us\/teka-and-sports\/#breadcrumb","itemListElement":[{"@type":"ListItem","position":1,"name":"Chi Siamo | Teka Italia","item":"https:\/\/www.teka.com\/it-it\/about-us\/"},{"@type":"ListItem","position":2,"name":"Teka e lo sport"}]},{"@type":"WebSite","@id":"https:\/\/www.teka.com\/it-it\/#website","url":"https:\/\/www.teka.com\/it-it\/","name":"Teka Italia","description":"","potentialAction":[{"@type":"SearchAction","target":{"@type":"EntryPoint","urlTemplate":"https:\/\/www.teka.com\/it-it\/?s={search_term_string}"},"query-input":{"@type":"PropertyValueSpecification","valueRequired":true,"valueName":"search_term_string"}}],"inLanguage":"it-IT"}]}},"_links":{"self":[{"href":"https:\/\/www.teka.com\/it-it\/wp-json\/wp\/v2\/pages\/21994","targetHints":{"allow":["GET"]}}],"collection":[{"href":"https:\/\/www.teka.com\/it-it\/wp-json\/wp\/v2\/pages"}],"about":[{"href":"https:\/\/www.teka.com\/it-it\/wp-json\/wp\/v2\/types\/page"}],"author":[{"embeddable":true,"href":"https:\/\/www.teka.com\/it-it\/wp-json\/wp\/v2\/users\/9"}],"replies":[{"embeddable":true,"href":"https:\/\/www.teka.com\/it-it\/wp-json\/wp\/v2\/comments?post=21994"}],"version-history":[{"count":50,"href":"https:\/\/www.teka.com\/it-it\/wp-json\/wp\/v2\/pages\/21994\/revisions"}],"predecessor-version":[{"id":148697,"href":"https:\/\/www.teka.com\/it-it\/wp-json\/wp\/v2\/pages\/21994\/revisions\/148697"}],"up":[{"embeddable":true,"href":"https:\/\/www.teka.com\/it-it\/wp-json\/wp\/v2\/pages\/21989"}],"wp:attachment":[{"href":"https:\/\/www.teka.com\/it-it\/wp-json\/wp\/v2\/media?parent=21994"}],"curies":[{"name":"wp","href":"https:\/\/api.w.org\/{rel}","templated":true}]}}