{"id":21996,"date":"2018-09-11T08:07:23","date_gmt":"2018-09-11T08:07:23","guid":{"rendered":"http:\/\/teka.com\/?page_id=21996"},"modified":"2022-11-28T11:00:27","modified_gmt":"2022-11-28T11:00:27","slug":"group-brands","status":"publish","type":"page","link":"https:\/\/www.teka.com\/pl-pl\/about-us\/group-brands\/","title":{"rendered":"Portfolio marek Grupy Teka"},"content":{"rendered":"<p>[et_pb_section fb_built=&#8221;1&#8243; module_id=&#8221;teka-top&#8221; _builder_version=&#8221;3.19&#8243; background_image=&#8221;https:\/\/www.teka.com\/pl-pl\/wp-content\/uploads\/sites\/15\/2018\/11\/prueba.jpg&#8221; global_module=&#8221;23211&#8243;][et_pb_row _builder_version=&#8221;3.25&#8243; background_size=&#8221;initial&#8221; background_position=&#8221;top_left&#8221; background_repeat=&#8221;repeat&#8221; column_structure=&#8221;1_2,1_2&#8243;][et_pb_column type=&#8221;1_2&#8243; _builder_version=&#8221;3.25&#8243; custom_padding=&#8221;|||&#8221; custom_padding__hover=&#8221;|||&#8221;][et_pb_text admin_label=&#8221;Header Title&#8221; _builder_version=&#8221;3.27.4&#8243; background_layout=&#8221;dark&#8221;]<\/p>\n<h3><strong>Grupa Teka<\/strong>,<br \/>niemieckie korzenie.<\/h3>\n<p>[\/et_pb_text][\/et_pb_column][et_pb_column type=&#8221;1_2&#8243; _builder_version=&#8221;3.25&#8243; custom_padding=&#8221;|||&#8221; custom_padding__hover=&#8221;|||&#8221;][\/et_pb_column][\/et_pb_row][\/et_pb_section][et_pb_section fb_built=&#8221;1&#8243; module_id=&#8221;teka-menu&#8221; _builder_version=&#8221;3.19&#8243; background_color=&#8221;#0e0e0e&#8221; global_module=&#8221;23212&#8243;][et_pb_row _builder_version=&#8221;3.25&#8243; background_size=&#8221;initial&#8221; background_position=&#8221;top_left&#8221; background_repeat=&#8221;repeat&#8221;][et_pb_column type=&#8221;4_4&#8243; _builder_version=&#8221;3.25&#8243; custom_padding=&#8221;|||&#8221; custom_padding__hover=&#8221;|||&#8221;][et_pb_sidebar area=&#8221;et_pb_widget_area_7&#8243; disabled_on=&#8221;on|on|&#8221; _builder_version=&#8221;3.19&#8243; background_layout=&#8221;dark&#8221;][\/et_pb_sidebar][et_pb_sidebar area=&#8221;et_pb_widget_area_9&#8243; disabled_on=&#8221;on||on&#8221; admin_label=&#8221;Sidebar Tablet&#8221; _builder_version=&#8221;3.19&#8243; background_layout=&#8221;dark&#8221;][\/et_pb_sidebar][et_pb_sidebar area=&#8221;et_pb_widget_area_8&#8243; disabled_on=&#8221;|on|on&#8221; admin_label=&#8221;Sidebar Mobile&#8221; _builder_version=&#8221;3.19&#8243; background_layout=&#8221;dark&#8221;][\/et_pb_sidebar][\/et_pb_column][\/et_pb_row][\/et_pb_section][et_pb_section fb_built=&#8221;1&#8243; module_id=&#8221;about-us&#8221; _builder_version=&#8221;3.22&#8243;][et_pb_row _builder_version=&#8221;3.25&#8243; background_size=&#8221;initial&#8221; background_position=&#8221;top_left&#8221; background_repeat=&#8221;repeat&#8221; max_width=&#8221;700px&#8221; use_custom_width=&#8221;on&#8221; custom_width_px=&#8221;700px&#8221;][et_pb_column type=&#8221;4_4&#8243; _builder_version=&#8221;3.25&#8243; custom_padding=&#8221;|||&#8221; custom_padding__hover=&#8221;|||&#8221;][et_pb_text admin_label=&#8221;Teka Group &#8211; Title + Subtitle&#8221; _builder_version=&#8221;3.27.4&#8243; text_orientation=&#8221;center&#8221;]<\/p>\n<h1><strong>Grupa Teka<\/strong><\/h1>\n<p>[\/et_pb_text][\/et_pb_column][\/et_pb_row][et_pb_row _builder_version=&#8221;3.25&#8243; background_size=&#8221;initial&#8221; background_position=&#8221;top_left&#8221; background_repeat=&#8221;repeat&#8221; max_width=&#8221;700px&#8221; use_custom_width=&#8221;on&#8221; custom_width_px=&#8221;700px&#8221;][et_pb_column type=&#8221;4_4&#8243; _builder_version=&#8221;3.25&#8243; custom_padding=&#8221;|||&#8221; custom_padding__hover=&#8221;|||&#8221;][et_pb_text admin_label=&#8221;Teka Group &#8211; Title + Subtitle&#8221; _builder_version=&#8221;3.27.4&#8243; text_orientation=&#8221;center&#8221;]<\/p>\n<h6>140 lat historii. Tysi\u0105ce rozwi\u0105za\u0144. Miliony chwil.<\/h6>\n<p>[\/et_pb_text][\/et_pb_column][\/et_pb_row][et_pb_row column_structure=&#8221;1_2,1_2&#8243; _builder_version=&#8221;3.25&#8243; background_size=&#8221;initial&#8221; background_position=&#8221;top_left&#8221; background_repeat=&#8221;repeat&#8221;][et_pb_column type=&#8221;1_2&#8243; _builder_version=&#8221;3.25&#8243; custom_padding=&#8221;|||&#8221; custom_padding__hover=&#8221;|||&#8221;][et_pb_text admin_label=&#8221;Teka Group &#8211; Text Column 1&#8243; _builder_version=&#8221;3.27.4&#8243;]<\/p>\n<p><strong>Grupa Teka <\/strong>to mi\u0119dzynarodowy koncern o niemieckich korzeniach, obecnie stanowi cz\u0119\u015b\u0107 holdingu Heritage B.<\/p>\n<p>Posiada 15 fabryk oraz zatrudnia ok. 4.000 pracownik\u00f3w na ca\u0142ym \u015bwiecie. Marka jest obecna w ponad 120 krajach na pi\u0119ciu kontynentach.<\/p>\n<p>&nbsp;<\/p>\n<p>&nbsp;<\/p>\n<p>[\/et_pb_text][\/et_pb_column][et_pb_column type=&#8221;1_2&#8243; _builder_version=&#8221;3.25&#8243; custom_padding=&#8221;|||&#8221; custom_padding__hover=&#8221;|||&#8221;][et_pb_text admin_label=&#8221;Teka Group &#8211; Text Column 2&#8243; _builder_version=&#8221;3.27.4&#8243;]<\/p>\n<p>Grupa obejmuje marki \u015bwiatowej renomy jak: Teka, K\u00fcppersbusch, Intra, Mof\u00e9m oraz Thor.<\/p>\n<p>Dowiedz si\u0119 wi\u0119cej o markach Grupy Teka<\/p>\n<p>[\/et_pb_text][\/et_pb_column][\/et_pb_row][\/et_pb_section][et_pb_section fb_built=&#8221;1&#8243; module_id=&#8221;group-menu&#8221; module_class=&#8221;tabs-menu&#8221; _builder_version=&#8221;3.22&#8243; locked=&#8221;off&#8221;][et_pb_row _builder_version=&#8221;3.25&#8243; background_size=&#8221;initial&#8221; background_position=&#8221;top_left&#8221; background_repeat=&#8221;repeat&#8221;][et_pb_column type=&#8221;4_4&#8243; _builder_version=&#8221;3.25&#8243; custom_padding=&#8221;|||&#8221; custom_padding__hover=&#8221;|||&#8221;][et_pb_code admin_label=&#8221;Code %91not editable%93&#8243; _builder_version=&#8221;4.9.2&#8243;]<\/p>\n<ul>\n<li><a href=\"#\" class=\"group-teka\"><\/a><\/li>\n<li><a href=\"#\" class=\"group-kuppersbusch\"><img decoding=\"async\" src=\"https:\/\/www.teka.com\/global\/wp-content\/uploads\/sites\/3\/2018\/10\/marca-kuppersbusch.svg\" alt=\"kuppersbusch\" \/><\/a><\/li>\n<li><a href=\"#\" class=\"group-intra\"><img decoding=\"async\" src=\"https:\/\/www.teka.com\/global\/wp-content\/uploads\/sites\/3\/2018\/10\/marca-intra.svg\" alt=\"intra\" \/><\/a><\/li>\n<p>[\/et_pb_code][\/et_pb_column][\/et_pb_row][\/et_pb_section][et_pb_section fb_built=&#8221;1&#8243; module_id=&#8221;group-teka&#8221; module_class=&#8221;tab-content&#8221; _builder_version=&#8221;3.22&#8243;][et_pb_row _builder_version=&#8221;3.25&#8243; background_size=&#8221;initial&#8221; background_position=&#8221;top_left&#8221; background_repeat=&#8221;repeat&#8221;][et_pb_column type=&#8221;4_4&#8243; _builder_version=&#8221;3.25&#8243; custom_padding=&#8221;|||&#8221; custom_padding__hover=&#8221;|||&#8221;][et_pb_text admin_label=&#8221;TEKA &#8211; Title&#8221; _builder_version=&#8221;3.27.4&#8243;]<\/p>\n<h2>Teka<\/h2>\n<p><a href=\"https:\/\/www.teka.com\">www.teka.com<\/a><\/p>\n<p>[\/et_pb_text][\/et_pb_column][\/et_pb_row][et_pb_row column_structure=&#8221;1_2,1_2&#8243; _builder_version=&#8221;3.25&#8243; background_size=&#8221;initial&#8221; background_position=&#8221;top_left&#8221; background_repeat=&#8221;repeat&#8221;][et_pb_column type=&#8221;1_2&#8243; _builder_version=&#8221;3.25&#8243; custom_padding=&#8221;|||&#8221; custom_padding__hover=&#8221;|||&#8221;][et_pb_text admin_label=&#8221;TEKA &#8211; Text&#8221; _builder_version=&#8221;3.27.4&#8243;]<\/p>\n<p><span class=\"s1\">Historia Teka rozpocz\u0119\u0142a si\u0119 w 1924 roku, kiedy Karl Thielman za\u0142o\u017cy\u0142 w Niemczech firm\u0119 produkuj\u0105c\u0105 maszyny rolnicze, skupiaj\u0105c si\u0119 na tym sektorze przez pierwsze lata dzia\u0142alno\u015bci. <\/span><\/p>\n<p><span class=\"s1\">Wkr\u00f3tce potem zaj\u0105\u0142 si\u0119 obr\u00f3bk\u0105 stali nierdzewnej, co by\u0142o fundamentalnym posuni\u0119ciem w historii firmy. <\/span><\/p>\n<p><span class=\"s1\">W roku 1957 Helmut Klein do\u0142\u0105czy\u0142 do firmy jako partner. Wtedy to powsta\u0142a marka Teka, znak towarowy z\u0142o\u017cony z inicja\u0142\u00f3w obu jej za\u0142o\u017cycieli, Thielmanna oraz Kleina.<\/span><\/p>\n<p><span class=\"s1\">Od tego momentu zacz\u0119to sprzedawa\u0107 produkty pod mark\u0105 Teka. Na pocz\u0105tku produkowano jedynie zlewozmywaki. W nast\u0119pnych latach sukces produkt\u00f3w sprawi\u0142, \u017ce Teka poszerzy\u0142a asortyment rozpoczynaj\u0105c produkcj\u0119 kuchenek, piekarnik\u00f3w oraz okap\u00f3w.<\/span><\/p>\n<p><span class=\"s1\">W 1964 roku Teka rozpocz\u0119\u0142a dzia\u0142alno\u015b\u0107 w Hiszpanii, sk\u0105d zacz\u0119\u0142a mi\u0119dzynarodow\u0105 ekspansj\u0119 w kolejnych latach, najpierw w Europie, a nast\u0119pnie na pozosta\u0142ych kontynentach. Przez ca\u0142y ten czas gama produkt\u00f3w ros\u0142a, zyskuj\u0105c og\u00f3lno\u015bwiatowe uznanie, dzi\u0119ki nowoczesnemu wzornictwu oraz wysokiej jako\u015bci wyko\u0144czenia.<\/span><\/p>\n<p class=\"p1\"><span class=\"s1\">Od lat 70. wielki sukces marki na rynkach europejskich spowodowa\u0142, \u017ce Teka rozpocz\u0119\u0142a szerok\u0105 ekspansj\u0119 na poziomie mi\u0119dzynarodowym. Najpierw na pozosta\u0142ych rynkach europejskich, a p\u00f3\u017aniej w Ameryce, Azji, Afryce oraz na Bliskim Wschodzie.<\/span><\/p>\n<p class=\"p1\"><span class=\"s1\">W tym okresie marka sta\u0142a si\u0119 jednym z najwi\u0119kszych sponsor\u00f3w sportowych na \u015bwiecie, patronuj\u0105c klubowi Real Madrid, zar\u00f3wno pi\u0142karskiemu, jak i koszykarskiemu. Teka jest w\u0142a\u015bcicielem klubu pi\u0142ki r\u0119cznej oraz klubu kolarskiego, bra\u0142a udzia\u0142 w rajdzie Pary\u017c-Dakar, a nawet w Zimowych Igrzyskach Olimpijskich. <\/span><\/p>\n<p><span class=\"s1\">W 2016 roku Teka wprowadzi\u0142a do oferty lini\u0119 Wish, obejmuj\u0105c\u0105 ca\u0142y asortyment, co stanowi\u0142o najwi\u0119ksz\u0105 inwestycj\u0119 w historii firmy, kt\u00f3ra pozwoli\u0142a na modernizacj\u0119 zak\u0142ad\u00f3w produkcyjnych oraz od\u015bwie\u017cenie wzornictwa. <\/span><\/p>\n<p><span class=\"s1\">W 2018 roku Teka okre\u015bli\u0142a nowe pozycjonowanie marki oraz zaprezentowa\u0142a nowe motto \u201cCook your way to life\u201d (Tw\u00f3j w\u0142asny przepis na \u017cycie).\u00a0 Firma rozpocz\u0119\u0142a najwi\u0119ksz\u0105 kampani\u0119 reklamow\u0105, jak\u0105 kiedykolwiek przeprowadzono w historii Teka, z kr\u00f3tkim filmem w re\u017cyserii nominowanej do nagrody Goya Mariny Seresesky i z muzyk\u0105 Glenna Jamesa Hansarda \u2013 zdobywcy Oscara za najlepsz\u0105 oryginaln\u0105 piosenk\u0119 w filmie. <\/span><\/p>\n<p><span class=\"s1\">W ramach tej kampanii Teka wsp\u00f3\u0142pracuje z Fundaci\u00f3n Alzheimer Espa\u00f1a (Hiszpa\u0144ska Fundacja\u00a0Pomocy Ludziom Dotkni\u0119tym Chorob\u0105\u00a0Alzheimera). Wideo osi\u0105gn\u0119\u0142o 13 milion\u00f3w wy\u015bwietle\u0144 w ci\u0105gu miesi\u0105ca, ustanawiaj\u0105c rekord w bran\u017cy.<\/span><\/p>\n<p><span class=\"s1\">Dzi\u015b popularno\u015b\u0107 produkt\u00f3w Teka obiega ca\u0142y \u015bwiat, marka zdobywa nagrody i osi\u0105ga sukcesy, jak w przypadku rynku hiszpa\u0144skiego, gdzie po\u0142owa gospodarstw domowych jest wyposa\u017cona w urz\u0105dzenia Teka.<\/span><\/p>\n<p>[\/et_pb_text][\/et_pb_column][et_pb_column type=&#8221;1_2&#8243; _builder_version=&#8221;3.25&#8243; custom_padding=&#8221;|||&#8221; custom_padding__hover=&#8221;|||&#8221;][et_pb_image src=&#8221;https:\/\/www.teka.com\/pl-pl\/wp-content\/uploads\/sites\/15\/2018\/11\/group-Teka.jpg&#8221; align_tablet=&#8221;center&#8221; align_phone=&#8221;&#8221; align_last_edited=&#8221;on|desktop&#8221; admin_label=&#8221;TEKA &#8211; Images&#8221; _builder_version=&#8221;3.23&#8243;][\/et_pb_image][\/et_pb_column][\/et_pb_row][\/et_pb_section][et_pb_section fb_built=&#8221;1&#8243; module_id=&#8221;group-kuppersbusch&#8221; module_class=&#8221;tab-content&#8221; _builder_version=&#8221;3.22&#8243;][et_pb_row _builder_version=&#8221;3.25&#8243; background_size=&#8221;initial&#8221; background_position=&#8221;top_left&#8221; background_repeat=&#8221;repeat&#8221;][et_pb_column type=&#8221;4_4&#8243; _builder_version=&#8221;3.25&#8243; custom_padding=&#8221;|||&#8221; custom_padding__hover=&#8221;|||&#8221;][et_pb_text admin_label=&#8221;K\u00dcPPERBUSCH &#8211; Title&#8221; _builder_version=&#8221;3.27.4&#8243;]<\/p>\n<h2>K\u00fcppersbusch<\/h2>\n<p><a href=\"https:\/\/www.kuppersbusch.com\/\">kuppersbusch.com<\/a><\/p>\n<p>[\/et_pb_text][\/et_pb_column][\/et_pb_row][et_pb_row column_structure=&#8221;1_2,1_2&#8243; _builder_version=&#8221;3.25&#8243; background_size=&#8221;initial&#8221; background_position=&#8221;top_left&#8221; background_repeat=&#8221;repeat&#8221;][et_pb_column type=&#8221;1_2&#8243; _builder_version=&#8221;3.25&#8243; custom_padding=&#8221;|||&#8221; custom_padding__hover=&#8221;|||&#8221;][et_pb_text admin_label=&#8221;K\u00dcPPERBUSCH &#8211; Text&#8221; _builder_version=&#8221;3.27.4&#8243;]<\/p>\n<p>K\u00fcppersbusch to jedna z najstarszych marek w Grupie. Firma zosta\u0142a za\u0142o\u017cona w 1875 roku przez Friedricha K\u00fcppersbuscha i skupi\u0142a si\u0119 na produkcji piecy kuchennych.<\/p>\n<p>W roku 1913 firma zatrudnia\u0142a ju\u017c 12.000 pracownik\u00f3w, staj\u0105c si\u0119 europejskim liderem w produkcji piec\u00f3w kuchennych i kuchni w\u0119glowych do gospodarstw domowych.<\/p>\n<p>W 1935 roku firma K\u00fcppersbusch otworzy\u0142a drug\u0105 fabryk\u0119 w Austrii ze wzgl\u0119du na du\u017cy popyt na jej produkty w ca\u0142ej Europie.<\/p>\n<p>25 lat p\u00f3\u017aniej marka K\u00fcppersbusch obejmuje szeroki asortyment urz\u0105dze\u0144 do gospodarstw domowych, od lod\u00f3wek po okapy kuchenne.<\/p>\n<p>W latach 70-tych sta\u0142a si\u0119 jedn\u0105 z pierwszych firm na \u015bwiecie produkuj\u0105cych urz\u0105dzenia kuchenne do zabudowy. <\/p>\n<p>W roku 1983 wprowadzi\u0142a na rynek \u00f6kotherm\u00ae, konwerter katalityczny stosowany w piecach kuchennych oraz piekarnikach, niezwykle ekologiczn\u0105 i korzystn\u0105 dla zdrowia technologi\u0119. Ten wyj\u0105tkowy produkt by\u0142 dost\u0119pny tylko w K\u00fcppersbusch.<\/p>\n<p>W latach 90-tych marka K\u00fcppersbusch zdoby\u0142a ogromn\u0105 liczb\u0119 nagr\u00f3d za wzornictwo oraz innowacyjno\u015b\u0107 dzi\u0119ki swojej wysokiej jako\u015bci i niezwyk\u0142ym produktom. W\u015br\u00f3d nagr\u00f3d znalaz\u0142y si\u0119 Bundespreis, Red Dot Award, IF Design Award, Platinum Award for Design Excellence ADEX. Do chwili obecnej ponad 60 r\u00f3\u017cnych urz\u0105dze\u0144, takich jak piekarniki, okapy oraz p\u0142yty kuchenne, zosta\u0142o nagrodzonych nie tylko w Niemczech, ale tak\u017ce na ca\u0142ym \u015bwiecie.<\/p>\n<p>W 1999 roku K\u00fcppersbusch do\u0142\u0105czy\u0142a do portfolio marek Grupy Teka. Zajmuje pozycj\u0119 premium w\u015br\u00f3d niemieckich marek nale\u017c\u0105cych do Grupy, za\u015b liczba pracownik\u00f3w zatrudnionych na ca\u0142ym \u015bwiecie przekroczy\u0142a 5.000.<\/p>\n<p>W 2015 roku marka K\u00fcppersbusch \u015bwi\u0119towa\u0142a 150 lat dzia\u0142alno\u015bci, wprowadzaj\u0105c na rynek szerok\u0105 gam\u0119 nowych produkt\u00f3w oraz innowacyjnych rozwi\u0105za\u0144 technologicznych, co zbieg\u0142o si\u0119 z udzia\u0142em w mi\u0119dzynarodowych targach LivingKitchen w niemieckiej Kolonii. W marcu tego samego roku K\u00fcppersbusch zosta\u0142a mianowana cz\u0142onkiem-za\u0142o\u017cycielem German Design Council.<\/p>\n<p>We wrze\u015bniu 2016 roku German Design Council przyj\u0119\u0142a mark\u0119 K\u00fcppersbusch do grona \u201eMajor German Brands\u201d.<\/p>\n<p>[\/et_pb_text][\/et_pb_column][et_pb_column type=&#8221;1_2&#8243; _builder_version=&#8221;3.25&#8243; custom_padding=&#8221;|||&#8221; custom_padding__hover=&#8221;|||&#8221;][et_pb_image src=&#8221;https:\/\/www.teka.com\/wp-content\/uploads\/sites\/3\/2018\/10\/group-Kuppersbusch.jpg&#8221; align_tablet=&#8221;center&#8221; align_phone=&#8221;&#8221; align_last_edited=&#8221;on|desktop&#8221; admin_label=&#8221;K\u00dcPPERBUSCH &#8211; Images&#8221; _builder_version=&#8221;3.23&#8243;][\/et_pb_image][\/et_pb_column][\/et_pb_row][\/et_pb_section][et_pb_section fb_built=&#8221;1&#8243; module_id=&#8221;group-intra&#8221; module_class=&#8221;tab-content&#8221; _builder_version=&#8221;3.22&#8243;][et_pb_row _builder_version=&#8221;3.25&#8243; background_size=&#8221;initial&#8221; background_position=&#8221;top_left&#8221; background_repeat=&#8221;repeat&#8221;][et_pb_column type=&#8221;4_4&#8243; _builder_version=&#8221;3.25&#8243; custom_padding=&#8221;|||&#8221; custom_padding__hover=&#8221;|||&#8221;][et_pb_text admin_label=&#8221;INTRA &#8211; Title&#8221; _builder_version=&#8221;3.27.4&#8243;]<\/p>\n<h2>Intra<\/h2>\n<p><a href=\"http:\/\/www.intra-www.teka.com\/english\/kitchen\">intra-www.teka.com<\/a><\/p>\n<p>[\/et_pb_text][\/et_pb_column][\/et_pb_row][et_pb_row column_structure=&#8221;1_2,1_2&#8243; _builder_version=&#8221;3.25&#8243; background_size=&#8221;initial&#8221; background_position=&#8221;top_left&#8221; background_repeat=&#8221;repeat&#8221;][et_pb_column type=&#8221;1_2&#8243; _builder_version=&#8221;3.25&#8243; custom_padding=&#8221;|||&#8221; custom_padding__hover=&#8221;|||&#8221;][et_pb_text admin_label=&#8221;INTRA &#8211; Text&#8221; _builder_version=&#8221;3.27.4&#8243;]<\/p>\n<p>Intra jest znana na ca\u0142ym \u015bwiecie z najwy\u017cszych standard\u00f3w wzornictwa oraz produkt\u00f3w ze stali nierdzewnej. Wiedza potrzebna do osi\u0105gni\u0119cia tak wysokiej jako\u015bci produkt\u00f3w jest wynikiem dziesi\u0119cioleci innowacji.<\/p>\n<p>Dzi\u0119ki know-how z M\u00f6lntorp w Szwecji oraz Juvel w Danii, Intra eksperymentowa\u0142a z szerok\u0105 gam\u0105 produkt\u00f3w, aby zebra\u0107 wiedz\u0119 i do\u015bwiadczenie, niezb\u0119dne by sta\u0107 si\u0119 tym, czym jest dzisiaj.<\/p>\n<p>Ponad 140 lat przedsi\u0119biorczo\u015bci oraz innowacji uwidacznia s\u0105 w produktach Grupy Intra.<\/p>\n<p>Historia firmy rozpocz\u0119\u0142a si\u0119 w 1871 roku, kiedy mistrz kowalstwa i jego syn wynaj\u0119li gospodarstwo w miejscowo\u015bci M\u00f6lntorp w Szwecji.<\/p>\n<p>W 1895 roku powsta\u0142a firma M\u00f6lntorp AB. We wczesnych latach produkowa\u0142a pojemniki z cyny dla sektora mleczarskiego.<\/p>\n<p>Od 1920 roku nast\u0119powa\u0142o urozmaicenie produkcji, firma zacz\u0119\u0142a wytwarza\u0107 zlewozmywaki z stali nierdzewnej. <\/p>\n<p><span class=\"tlid-translation translation\"><span class=\"\" title=\"\">W latach 30. XX w. II wojna \u015bwiatowa przerwa\u0142a plany ekspansji, kt\u00f3re mo\u017cna by\u0142o skutecznie przeprowadzi\u0107 dopiero po zako\u0144czeniu wojny.<\/span><\/span><\/p>\n<p>Dywersyfikacja produkt\u00f3w spowodowana okre\u015blonym zapotrzebowaniem podczas wojny pozwoli\u0142a zdoby\u0107 wiedz\u0119 i do\u015bwiadczenie, kt\u00f3re mia\u0142y zaowocowa\u0107 w przysz\u0142o\u015bci. <\/p>\n<p>W 1947 roku firma zmieni\u0142a nazw\u0119 na Byggeartikler A\/S, kontynuowano proces dywersyfikacji produkcji, kt\u00f3ra obejmowa\u0142a aluminiowe \u0142odzie, sk\u0142adane krzes\u0142a oraz sto\u0142y. W tym okresie firma pr\u0119\u017cnie rozwin\u0119\u0142a si\u0119 na rynku norweskim.<\/p>\n<p>W roku 1976 Byggeartikler A\/S zmieni\u0142a nazw\u0119 na INTRA AS.<\/p>\n<p>W ci\u0105gu tych lat firma zatrudnia\u0142a ponad 200 pracownik\u00f3w, produkuj\u0105c 350.000 sztuk zlewozmywak\u00f3w rocznie.<\/p>\n<p>W roku 1988 Intra AS dokona\u0142a po\u0142\u0105czenia z firmami Gustavsberg w Szwecji oraz Juvel w Danii.<\/p>\n<p>W 1989 roku Intra AS przenios\u0142a swoj\u0105 norwesk\u0105 fabryk\u0119 z Trondheim do Malvik.<\/p>\n<p>W 1994 roku powsta\u0142y oddzia\u0142y Intra w Polsce oraz w Niemczech. Firma ci\u0105gle rozwija\u0142a si\u0119, zatrudniaj\u0105c ju\u017c ponad 300 pracownik\u00f3w.<\/p>\n<p>W 2007 roku Grupa Teka przej\u0119\u0142a Intra AS. W tym czasie INTRA posiada\u0142a fabryki w Norwegii, Szwecji i Danii, dzi\u0119ki czemu sta\u0142a si\u0119 liderem rynku skandynawskiego z udzia\u0142em si\u0119gaj\u0105cym 40%. W ci\u0105gu nast\u0119pnych lat wi\u0119kszo\u015b\u0107 eksportu trafia\u0142a na rynki w Niemczech oraz USA. <\/p>\n<p>W 2016 roku Grupa Intra przej\u0119\u0142a sp\u00f3\u0142k\u0119 Elcee z sektora sanitarnego, kontynuuj\u0105c plan \u015bwiatowej ekspansji.<\/p>\n<p>[\/et_pb_text][\/et_pb_column][et_pb_column type=&#8221;1_2&#8243; _builder_version=&#8221;3.25&#8243; custom_padding=&#8221;|||&#8221; custom_padding__hover=&#8221;|||&#8221;][et_pb_image src=&#8221;https:\/\/www.teka.com\/pl-pl\/wp-content\/uploads\/sites\/15\/2018\/11\/group-Intra.jpg&#8221; align_tablet=&#8221;center&#8221; align_phone=&#8221;&#8221; align_last_edited=&#8221;on|desktop&#8221; admin_label=&#8221;INTRA &#8211; Images&#8221; _builder_version=&#8221;3.23&#8243;][\/et_pb_image][\/et_pb_column][\/et_pb_row][\/et_pb_section]<\/p>\n","protected":false},"excerpt":{"rendered":"<p>Grupa Teka,niemieckie korzenie.Grupa Teka 140 lat historii. Tysi\u0105ce rozwi\u0105za\u0144. Miliony chwil. Grupa Teka to mi\u0119dzynarodowy koncern o niemieckich korzeniach, obecnie stanowi cz\u0119\u015b\u0107 holdingu Heritage B. Posiada 15 fabryk oraz zatrudnia ok. 4.000 pracownik\u00f3w na ca\u0142ym \u015bwiecie. Marka jest obecna w ponad 120 krajach na pi\u0119ciu kontynentach. &nbsp; &nbsp; Grupa obejmuje marki \u015bwiatowej renomy jak: Teka, [&hellip;]<\/p>\n","protected":false},"author":9,"featured_media":0,"parent":21989,"menu_order":1,"comment_status":"closed","ping_status":"closed","template":"","meta":{"_acf_changed":false,"_et_pb_use_builder":"on","_et_pb_old_content":"","_et_gb_content_width":"","footnotes":""},"class_list":["post-21996","page","type-page","status-publish","hentry"],"acf":[],"yoast_head":"<!-- This site is optimized with the Yoast SEO plugin v27.2 - https:\/\/yoast.com\/product\/yoast-seo-wordpress\/ -->\n<title>Portfolio marek Grupy Teka: Teka, K\u00fcpperbusch, Intra... | Teka Polska<\/title>\n<meta name=\"robots\" content=\"index, follow, max-snippet:-1, max-image-preview:large, max-video-preview:-1\" \/>\n<link rel=\"canonical\" href=\"https:\/\/www.teka.com\/pl-pl\/about-us\/group-brands\/\" \/>\n<meta property=\"og:locale\" content=\"pl_PL\" \/>\n<meta property=\"og:type\" content=\"article\" \/>\n<meta property=\"og:title\" content=\"Portfolio marek Grupy Teka: Teka, K\u00fcpperbusch, Intra... | Teka Polska\" \/>\n<meta property=\"og:description\" content=\"Grupa Teka,niemieckie korzenie.Grupa Teka 140 lat historii. Tysi\u0105ce rozwi\u0105za\u0144. Miliony chwil. Grupa Teka to mi\u0119dzynarodowy koncern o niemieckich korzeniach, obecnie stanowi cz\u0119\u015b\u0107 holdingu Heritage B. Posiada 15 fabryk oraz zatrudnia ok. 4.000 pracownik\u00f3w na ca\u0142ym \u015bwiecie. Marka jest obecna w ponad 120 krajach na pi\u0119ciu kontynentach. &nbsp; &nbsp; Grupa obejmuje marki \u015bwiatowej renomy jak: Teka, [&hellip;]\" \/>\n<meta property=\"og:url\" content=\"https:\/\/www.teka.com\/pl-pl\/about-us\/group-brands\/\" \/>\n<meta property=\"og:site_name\" content=\"Teka Polska\" \/>\n<meta property=\"article:modified_time\" content=\"2022-11-28T11:00:27+00:00\" \/>\n<meta property=\"og:image\" content=\"https:\/\/www.teka.com\/global\/wp-content\/uploads\/sites\/3\/2018\/10\/marca-kuppersbusch.svg\" \/>\n<meta name=\"twitter:card\" content=\"summary_large_image\" \/>\n<meta name=\"twitter:label1\" content=\"Szacowany czas czytania\" \/>\n\t<meta name=\"twitter:data1\" content=\"11 minut\" \/>\n<script type=\"application\/ld+json\" class=\"yoast-schema-graph\">{\"@context\":\"https:\/\/schema.org\",\"@graph\":[{\"@type\":\"WebPage\",\"@id\":\"https:\/\/www.teka.com\/pl-pl\/about-us\/group-brands\/\",\"url\":\"https:\/\/www.teka.com\/pl-pl\/about-us\/group-brands\/\",\"name\":\"Portfolio marek Grupy Teka: Teka, K\u00fcpperbusch, Intra... | Teka Polska\",\"isPartOf\":{\"@id\":\"https:\/\/www.teka.com\/pl-pl\/#website\"},\"primaryImageOfPage\":{\"@id\":\"https:\/\/www.teka.com\/pl-pl\/about-us\/group-brands\/#primaryimage\"},\"image\":{\"@id\":\"https:\/\/www.teka.com\/pl-pl\/about-us\/group-brands\/#primaryimage\"},\"thumbnailUrl\":\"https:\/\/www.teka.com\/global\/wp-content\/uploads\/sites\/3\/2018\/10\/marca-kuppersbusch.svg\",\"datePublished\":\"2018-09-11T08:07:23+00:00\",\"dateModified\":\"2022-11-28T11:00:27+00:00\",\"breadcrumb\":{\"@id\":\"https:\/\/www.teka.com\/pl-pl\/about-us\/group-brands\/#breadcrumb\"},\"inLanguage\":\"pl-PL\",\"potentialAction\":[{\"@type\":\"ReadAction\",\"target\":[\"https:\/\/www.teka.com\/pl-pl\/about-us\/group-brands\/\"]}]},{\"@type\":\"ImageObject\",\"inLanguage\":\"pl-PL\",\"@id\":\"https:\/\/www.teka.com\/pl-pl\/about-us\/group-brands\/#primaryimage\",\"url\":\"https:\/\/www.teka.com\/global\/wp-content\/uploads\/sites\/3\/2018\/10\/marca-kuppersbusch.svg\",\"contentUrl\":\"https:\/\/www.teka.com\/global\/wp-content\/uploads\/sites\/3\/2018\/10\/marca-kuppersbusch.svg\"},{\"@type\":\"BreadcrumbList\",\"@id\":\"https:\/\/www.teka.com\/pl-pl\/about-us\/group-brands\/#breadcrumb\",\"itemListElement\":[{\"@type\":\"ListItem\",\"position\":1,\"name\":\"O nas\",\"item\":\"https:\/\/www.teka.com\/pl-pl\/about-us\/\"},{\"@type\":\"ListItem\",\"position\":2,\"name\":\"Portfolio marek Grupy Teka\"}]},{\"@type\":\"WebSite\",\"@id\":\"https:\/\/www.teka.com\/pl-pl\/#website\",\"url\":\"https:\/\/www.teka.com\/pl-pl\/\",\"name\":\"Teka Polska\",\"description\":\"Tw\u00f3j przepis na \u017cycie\",\"potentialAction\":[{\"@type\":\"SearchAction\",\"target\":{\"@type\":\"EntryPoint\",\"urlTemplate\":\"https:\/\/www.teka.com\/pl-pl\/?s={search_term_string}\"},\"query-input\":{\"@type\":\"PropertyValueSpecification\",\"valueRequired\":true,\"valueName\":\"search_term_string\"}}],\"inLanguage\":\"pl-PL\"}]}<\/script>\n<!-- \/ Yoast SEO plugin. -->","yoast_head_json":{"title":"Portfolio marek Grupy Teka: Teka, K\u00fcpperbusch, Intra... | Teka Polska","robots":{"index":"index","follow":"follow","max-snippet":"max-snippet:-1","max-image-preview":"max-image-preview:large","max-video-preview":"max-video-preview:-1"},"canonical":"https:\/\/www.teka.com\/pl-pl\/about-us\/group-brands\/","og_locale":"pl_PL","og_type":"article","og_title":"Portfolio marek Grupy Teka: Teka, K\u00fcpperbusch, Intra... | Teka Polska","og_description":"Grupa Teka,niemieckie korzenie.Grupa Teka 140 lat historii. Tysi\u0105ce rozwi\u0105za\u0144. Miliony chwil. Grupa Teka to mi\u0119dzynarodowy koncern o niemieckich korzeniach, obecnie stanowi cz\u0119\u015b\u0107 holdingu Heritage B. Posiada 15 fabryk oraz zatrudnia ok. 4.000 pracownik\u00f3w na ca\u0142ym \u015bwiecie. Marka jest obecna w ponad 120 krajach na pi\u0119ciu kontynentach. &nbsp; &nbsp; Grupa obejmuje marki \u015bwiatowej renomy jak: Teka, [&hellip;]","og_url":"https:\/\/www.teka.com\/pl-pl\/about-us\/group-brands\/","og_site_name":"Teka Polska","article_modified_time":"2022-11-28T11:00:27+00:00","og_image":[{"url":"https:\/\/www.teka.com\/global\/wp-content\/uploads\/sites\/3\/2018\/10\/marca-kuppersbusch.svg","type":"","width":"","height":""}],"twitter_card":"summary_large_image","twitter_misc":{"Szacowany czas czytania":"11 minut"},"schema":{"@context":"https:\/\/schema.org","@graph":[{"@type":"WebPage","@id":"https:\/\/www.teka.com\/pl-pl\/about-us\/group-brands\/","url":"https:\/\/www.teka.com\/pl-pl\/about-us\/group-brands\/","name":"Portfolio marek Grupy Teka: Teka, K\u00fcpperbusch, Intra... | Teka Polska","isPartOf":{"@id":"https:\/\/www.teka.com\/pl-pl\/#website"},"primaryImageOfPage":{"@id":"https:\/\/www.teka.com\/pl-pl\/about-us\/group-brands\/#primaryimage"},"image":{"@id":"https:\/\/www.teka.com\/pl-pl\/about-us\/group-brands\/#primaryimage"},"thumbnailUrl":"https:\/\/www.teka.com\/global\/wp-content\/uploads\/sites\/3\/2018\/10\/marca-kuppersbusch.svg","datePublished":"2018-09-11T08:07:23+00:00","dateModified":"2022-11-28T11:00:27+00:00","breadcrumb":{"@id":"https:\/\/www.teka.com\/pl-pl\/about-us\/group-brands\/#breadcrumb"},"inLanguage":"pl-PL","potentialAction":[{"@type":"ReadAction","target":["https:\/\/www.teka.com\/pl-pl\/about-us\/group-brands\/"]}]},{"@type":"ImageObject","inLanguage":"pl-PL","@id":"https:\/\/www.teka.com\/pl-pl\/about-us\/group-brands\/#primaryimage","url":"https:\/\/www.teka.com\/global\/wp-content\/uploads\/sites\/3\/2018\/10\/marca-kuppersbusch.svg","contentUrl":"https:\/\/www.teka.com\/global\/wp-content\/uploads\/sites\/3\/2018\/10\/marca-kuppersbusch.svg"},{"@type":"BreadcrumbList","@id":"https:\/\/www.teka.com\/pl-pl\/about-us\/group-brands\/#breadcrumb","itemListElement":[{"@type":"ListItem","position":1,"name":"O nas","item":"https:\/\/www.teka.com\/pl-pl\/about-us\/"},{"@type":"ListItem","position":2,"name":"Portfolio marek Grupy Teka"}]},{"@type":"WebSite","@id":"https:\/\/www.teka.com\/pl-pl\/#website","url":"https:\/\/www.teka.com\/pl-pl\/","name":"Teka Polska","description":"Tw\u00f3j przepis na \u017cycie","potentialAction":[{"@type":"SearchAction","target":{"@type":"EntryPoint","urlTemplate":"https:\/\/www.teka.com\/pl-pl\/?s={search_term_string}"},"query-input":{"@type":"PropertyValueSpecification","valueRequired":true,"valueName":"search_term_string"}}],"inLanguage":"pl-PL"}]}},"_links":{"self":[{"href":"https:\/\/www.teka.com\/pl-pl\/wp-json\/wp\/v2\/pages\/21996","targetHints":{"allow":["GET"]}}],"collection":[{"href":"https:\/\/www.teka.com\/pl-pl\/wp-json\/wp\/v2\/pages"}],"about":[{"href":"https:\/\/www.teka.com\/pl-pl\/wp-json\/wp\/v2\/types\/page"}],"author":[{"embeddable":true,"href":"https:\/\/www.teka.com\/pl-pl\/wp-json\/wp\/v2\/users\/9"}],"replies":[{"embeddable":true,"href":"https:\/\/www.teka.com\/pl-pl\/wp-json\/wp\/v2\/comments?post=21996"}],"version-history":[{"count":35,"href":"https:\/\/www.teka.com\/pl-pl\/wp-json\/wp\/v2\/pages\/21996\/revisions"}],"predecessor-version":[{"id":124330,"href":"https:\/\/www.teka.com\/pl-pl\/wp-json\/wp\/v2\/pages\/21996\/revisions\/124330"}],"up":[{"embeddable":true,"href":"https:\/\/www.teka.com\/pl-pl\/wp-json\/wp\/v2\/pages\/21989"}],"wp:attachment":[{"href":"https:\/\/www.teka.com\/pl-pl\/wp-json\/wp\/v2\/media?parent=21996"}],"curies":[{"name":"wp","href":"https:\/\/api.w.org\/{rel}","templated":true}]}}