{"id":21996,"date":"2018-09-11T08:07:23","date_gmt":"2018-09-11T08:07:23","guid":{"rendered":"http:\/\/teka.com\/?page_id=21996"},"modified":"2024-09-09T11:14:40","modified_gmt":"2024-09-09T11:14:40","slug":"marcas-do-grupo","status":"publish","type":"page","link":"https:\/\/www.teka.com\/pt-pt\/sobre-nos\/marcas-do-grupo\/","title":{"rendered":"Marcas do grupo"},"content":{"rendered":"<p>[et_pb_section fb_built=&#8221;1&#8243; module_id=&#8221;teka-top&#8221; _builder_version=&#8221;3.17.6&#8243; background_image=&#8221;http:\/\/teka.com\/pt-pt\/wp-content\/uploads\/sites\/8\/2018\/11\/teka-slider-about-us-desktop.jpg&#8221; global_module=&#8221;23211&#8243; collapsed=&#8221;on&#8221; global_colors_info=&#8221;{}&#8221;][et_pb_row column_structure=&#8221;1_2,1_2&#8243; _builder_version=&#8221;4.16&#8243; background_size=&#8221;initial&#8221; background_position=&#8221;top_left&#8221; background_repeat=&#8221;repeat&#8221; global_colors_info=&#8221;{}&#8221;][et_pb_column type=&#8221;1_2&#8243; _builder_version=&#8221;4.16&#8243; custom_padding=&#8221;|||&#8221; global_colors_info=&#8221;{}&#8221; custom_padding__hover=&#8221;|||&#8221;][et_pb_text admin_label=&#8221;Header Title&#8221; _builder_version=&#8221;4.16&#8243; background_layout=&#8221;dark&#8221; global_colors_info=&#8221;{}&#8221;]<\/p>\n<p>\u00a0<\/p>\n<p>\u00a0<\/p>\n<h3><strong>Grupo Teka<\/strong>,<br \/>Origem Alem\u00e3<\/h3>\n<p>\u00a0<\/p>\n<p>\u00a0<\/p>\n<p>\u00a0<\/p>\n<p>\u00a0<\/p>\n<p>[\/et_pb_text][\/et_pb_column][et_pb_column type=&#8221;1_2&#8243; _builder_version=&#8221;4.16&#8243; custom_padding=&#8221;|||&#8221; global_colors_info=&#8221;{}&#8221; custom_padding__hover=&#8221;|||&#8221;][\/et_pb_column][\/et_pb_row][\/et_pb_section][et_pb_section fb_built=&#8221;1&#8243; module_id=&#8221;teka-menu&#8221; _builder_version=&#8221;3.14&#8243; background_color=&#8221;#0e0e0e&#8221; global_module=&#8221;23212&#8243; collapsed=&#8221;on&#8221; global_colors_info=&#8221;{}&#8221;][et_pb_row _builder_version=&#8221;4.16&#8243; background_size=&#8221;initial&#8221; background_position=&#8221;top_left&#8221; background_repeat=&#8221;repeat&#8221; global_colors_info=&#8221;{}&#8221;][et_pb_column type=&#8221;4_4&#8243; _builder_version=&#8221;4.16&#8243; custom_padding=&#8221;|||&#8221; global_colors_info=&#8221;{}&#8221; custom_padding__hover=&#8221;|||&#8221;][et_pb_sidebar area=&#8221;et_pb_widget_area_7&#8243; disabled_on=&#8221;on|on|&#8221; _builder_version=&#8221;4.16&#8243; background_layout=&#8221;dark&#8221; global_colors_info=&#8221;{}&#8221;][\/et_pb_sidebar][et_pb_sidebar area=&#8221;et_pb_widget_area_9&#8243; disabled_on=&#8221;on||on&#8221; admin_label=&#8221;Sidebar Tablet&#8221; _builder_version=&#8221;4.16&#8243; background_layout=&#8221;dark&#8221; global_colors_info=&#8221;{}&#8221;][\/et_pb_sidebar][et_pb_sidebar area=&#8221;et_pb_widget_area_8&#8243; disabled_on=&#8221;|on|on&#8221; admin_label=&#8221;Sidebar Mobile&#8221; _builder_version=&#8221;4.16&#8243; background_layout=&#8221;dark&#8221; global_colors_info=&#8221;{}&#8221;][\/et_pb_sidebar][\/et_pb_column][\/et_pb_row][\/et_pb_section][et_pb_section fb_built=&#8221;1&#8243; module_id=&#8221;about-us&#8221; _builder_version=&#8221;4.16&#8243; global_colors_info=&#8221;{}&#8221;][et_pb_row _builder_version=&#8221;4.16&#8243; background_size=&#8221;initial&#8221; background_position=&#8221;top_left&#8221; background_repeat=&#8221;repeat&#8221; max_width=&#8221;700px&#8221; use_custom_width=&#8221;on&#8221; custom_width_px=&#8221;700px&#8221; global_colors_info=&#8221;{}&#8221;][et_pb_column type=&#8221;4_4&#8243; _builder_version=&#8221;4.16&#8243; custom_padding=&#8221;|||&#8221; global_colors_info=&#8221;{}&#8221; custom_padding__hover=&#8221;|||&#8221;][et_pb_text admin_label=&#8221;Teka Group &#8211; Title + Subtitle&#8221; _builder_version=&#8221;4.16&#8243; text_orientation=&#8221;center&#8221; hover_enabled=&#8221;0&#8243; global_colors_info=&#8221;{}&#8221; sticky_enabled=&#8221;0&#8243;]<\/p>\n<h1><strong>O Grupo Teka<\/strong>\u00a0<\/h1>\n<p>[\/et_pb_text][\/et_pb_column][\/et_pb_row][et_pb_row _builder_version=&#8221;4.16&#8243; background_size=&#8221;initial&#8221; background_position=&#8221;top_left&#8221; background_repeat=&#8221;repeat&#8221; max_width=&#8221;700px&#8221; use_custom_width=&#8221;on&#8221; custom_width_px=&#8221;700px&#8221; global_colors_info=&#8221;{}&#8221;][et_pb_column type=&#8221;4_4&#8243; _builder_version=&#8221;4.16&#8243; custom_padding=&#8221;|||&#8221; global_colors_info=&#8221;{}&#8221; custom_padding__hover=&#8221;|||&#8221;][et_pb_text admin_label=&#8221;Teka Group &#8211; Title + Subtitle&#8221; _builder_version=&#8221;4.22.1&#8243; text_orientation=&#8221;center&#8221; hover_enabled=&#8221;0&#8243; global_colors_info=&#8221;{}&#8221; sticky_enabled=&#8221;0&#8243;]<\/p>\n<h6>100 anos de hist\u00f3ria. Centenas de solu\u00e7\u00f5es. Milh\u00f5es de momentos.<\/h6>\n<p>[\/et_pb_text][\/et_pb_column][\/et_pb_row][et_pb_row column_structure=&#8221;1_2,1_2&#8243; _builder_version=&#8221;4.16&#8243; background_size=&#8221;initial&#8221; background_position=&#8221;top_left&#8221; background_repeat=&#8221;repeat&#8221; global_colors_info=&#8221;{}&#8221;][et_pb_column type=&#8221;1_2&#8243; _builder_version=&#8221;4.16&#8243; custom_padding=&#8221;|||&#8221; global_colors_info=&#8221;{}&#8221; custom_padding__hover=&#8221;|||&#8221;][et_pb_text admin_label=&#8221;Teka Group &#8211; Text Column 1&#8243; _builder_version=&#8221;4.22.1&#8243; hover_enabled=&#8221;0&#8243; global_colors_info=&#8221;{}&#8221; sticky_enabled=&#8221;0&#8243;]<\/p>\n<p><span style=\"font-weight: 400;\">O <strong>Grupo Teka<\/strong> \u00e9\u00a0uma empresa multinacional alem\u00e3 e um dos mais importantes fabricantes europeus de lava-lou\u00e7as em a\u00e7o inox, eletrodom\u00e9sticos de encastre e solu\u00e7\u00f5es de banho.<\/span><\/p>\n<p><span style=\"font-weight: 400;\">O nosso grupo \u00e9 composto por v\u00e1rias marcas l\u00edderes mundiais, tais como a Teka, K\u00fcppersbusch, Intra, Mof\u00e9m e Thor. Com mais de 100 anos de hist\u00f3ria, o Grupo Teka tornou-se um exemplo internacional de eletrodom\u00e9sticos de cozinha e solu\u00e7\u00f5es para banho.<\/span><\/p>\n<p>Atualmente, o grupo possui 15 f\u00e1bricas, est\u00e1 presente em mais de 120 pa\u00edses e tem aproximadamente 4.000 colaboradores.<\/p>\n<p>&nbsp;<\/p>\n<p>[\/et_pb_text][\/et_pb_column][et_pb_column type=&#8221;1_2&#8243; _builder_version=&#8221;4.16&#8243; custom_padding=&#8221;|||&#8221; global_colors_info=&#8221;{}&#8221; custom_padding__hover=&#8221;|||&#8221;][et_pb_text admin_label=&#8221;Teka Group &#8211; Text Column 2&#8243; _builder_version=&#8221;4.22.1&#8243; hover_enabled=&#8221;0&#8243; global_colors_info=&#8221;{}&#8221; sticky_enabled=&#8221;0&#8243;]<\/p>\n<p><span style=\"font-weight: 400;\">Atualmente, a Teka possui 15 f\u00e1bricas e 4.000 colaboradores em todo o mundo, com presen\u00e7a em mais de 120 pa\u00edses, nos cinco continentes.<\/span><\/p>\n<p><span style=\"font-weight: 400;\">Outras marcas que fazem parte do Grupo Teka:<\/span><\/p>\n<p>[\/et_pb_text][\/et_pb_column][\/et_pb_row][\/et_pb_section][et_pb_section fb_built=&#8221;1&#8243; module_id=&#8221;group-menu&#8221; module_class=&#8221;tabs-menu&#8221; _builder_version=&#8221;4.16&#8243; locked=&#8221;on&#8221; global_colors_info=&#8221;{}&#8221;][et_pb_row _builder_version=&#8221;4.16&#8243; background_size=&#8221;initial&#8221; background_position=&#8221;top_left&#8221; background_repeat=&#8221;repeat&#8221; global_colors_info=&#8221;{}&#8221;][et_pb_column type=&#8221;4_4&#8243; _builder_version=&#8221;4.16&#8243; custom_padding=&#8221;|||&#8221; global_colors_info=&#8221;{}&#8221; custom_padding__hover=&#8221;|||&#8221;][et_pb_code admin_label=&#8221;Code %91not editable%93&#8243; _builder_version=&#8221;4.16&#8243; locked=&#8221;off&#8221; global_colors_info=&#8221;{}&#8221;]<\/p>\n<ul>\n<li><a href=\"#\" class=\"group-teka\"><\/a><\/li>\n<li><a href=\"#\" class=\"group-kuppersbusch\"><img decoding=\"async\" src=\"https:\/\/www.teka.com\/global\/wp-content\/uploads\/sites\/3\/2018\/10\/marca-kuppersbusch.svg\" alt=\"kuppersbusch\" \/><\/a><\/li>\n<li><a href=\"#\" class=\"group-intra\"><img decoding=\"async\" src=\"https:\/\/www.teka.com\/global\/wp-content\/uploads\/sites\/3\/2018\/10\/marca-intra.svg\" alt=\"intra\" \/><\/a><\/li>\n<p>[\/et_pb_code][\/et_pb_column][\/et_pb_row][\/et_pb_section][et_pb_section fb_built=&#8221;1&#8243; module_id=&#8221;group-teka&#8221; module_class=&#8221;tab-content&#8221; _builder_version=&#8221;4.16&#8243; global_colors_info=&#8221;{}&#8221;][et_pb_row _builder_version=&#8221;4.16&#8243; background_size=&#8221;initial&#8221; background_position=&#8221;top_left&#8221; background_repeat=&#8221;repeat&#8221; global_colors_info=&#8221;{}&#8221;][et_pb_column type=&#8221;4_4&#8243; _builder_version=&#8221;4.16&#8243; custom_padding=&#8221;|||&#8221; global_colors_info=&#8221;{}&#8221; custom_padding__hover=&#8221;|||&#8221;][et_pb_text admin_label=&#8221;TEKA &#8211; Title&#8221; _builder_version=&#8221;4.16&#8243; hover_enabled=&#8221;0&#8243; global_colors_info=&#8221;{}&#8221; sticky_enabled=&#8221;0&#8243;]<\/p>\n<h2>Teka<\/h2>\n<p><a href=\"https:\/\/www.teka.com\">teka.com<\/a><\/p>\n<p>[\/et_pb_text][\/et_pb_column][\/et_pb_row][et_pb_row column_structure=&#8221;1_2,1_2&#8243; _builder_version=&#8221;4.16&#8243; background_size=&#8221;initial&#8221; background_position=&#8221;top_left&#8221; background_repeat=&#8221;repeat&#8221; global_colors_info=&#8221;{}&#8221;][et_pb_column type=&#8221;1_2&#8243; _builder_version=&#8221;4.16&#8243; custom_padding=&#8221;|||&#8221; global_colors_info=&#8221;{}&#8221; custom_padding__hover=&#8221;|||&#8221;][et_pb_text admin_label=&#8221;TEKA &#8211; Text&#8221; _builder_version=&#8221;4.22.1&#8243; hover_enabled=&#8221;0&#8243; global_colors_info=&#8221;{}&#8221; sticky_enabled=&#8221;0&#8243;]<\/p>\n<p><span style=\"font-weight: 400;\">A hist\u00f3ria da Teka come\u00e7ou em 1924, quando Karl Thielman fundou uma empresa de m\u00e1quinas agr\u00edcolas na Alemanha, e se focou neste setor durante os primeiros anos.<\/span><\/p>\n<p>Pouco depois, come\u00e7ou a trabalhar em a\u00e7o inoxid\u00e1vel, um passo essencial na hist\u00f3ria da empresa.\u00a0<\/p>\n<p><span style=\"font-weight: 400;\">Em 1957, Helmut Klein ingressou na empresa como s\u00f3cio. Foi ent\u00e3o que a Teka foi criada como uma marca, com as iniciais de ambos os seus fundadores, Thielmann &amp; Klein.<\/span><\/p>\n<p><span style=\"font-weight: 400;\">A partir da\u00ed, os produtos sob o nome Teka come\u00e7aram a ser vendidos. Nos primeiros dias, a Teka come\u00e7ou por fabricar lava-lou\u00e7as. Durante os anos seguintes, o sucesso dos seus produtos deu \u00e0 Teka a oportunidade de se expandir, atrav\u00e9s da produ\u00e7\u00e3o de fornos, placas e exaustores.\u00a0<\/span><\/p>\n<p>Em 1964, a Teka instalou-se em Espanha e iniciou uma grande expans\u00e3o internacional ao n\u00edvel da Europa e dos restantes continentes.\u00a0<\/p>\n<p>Ao longo deste per\u00edodo, a gama de produtos cresceu e alcan\u00e7ou reconhecimento mundial. gra\u00e7as ao seu design e produtos de alta qualidade para cozinhas e espa\u00e7os de banho.\u00a0<\/p>\n<p>Desde a d\u00e9cada de 1970 e nos 40 anos seguintes, a Teka destacou-se como um dos principais patrocinadores no mundo do desporto. A empresa apoiou o Real Madrid nas modalidades de futebol e basquete, teve o seu pr\u00f3prio clube de andebol, patrocinou equipas de ciclismo e esteve presente em eventos como o rali Paris-Dakar e os Jogos Ol\u00edmpicos de Inverno. <span style=\"font-weight: 400;\">\u00a0<\/span><\/p>\n<p>Em 2016, a Teka lan\u00e7ou a gama Wish, o que se tornou no maior investimento da hist\u00f3ria da empresa, renovando todas as suas f\u00e1bricas e projetos.\u00a0<\/p>\n<p>Em 2018, a Teka lan\u00e7ou sua nova posi\u00e7\u00e3o no mercado e o slogan \u201cUma receita para a vida\u201d. A empresa realizou a maior campanha publicit\u00e1ria de sua hist\u00f3ria, incluindo uma curta-metragem dirigida por Marina Seresesky, vencedora do \u00d3scar de Goya, com banda sonora de Glenn James Hansard, vencedor do \u00d3scar de melhor can\u00e7\u00e3o original. Para esta campanha, a Teka colaborou com a Funda\u00e7\u00e3o Espanhola de Alzheimer. O v\u00eddeo da campanha atingiu 11 milh\u00f5es de visualiza\u00e7\u00f5es num m\u00eas, atingindo um recorde no setor.<\/p>\n<p><span style=\"font-weight: 400;\">Atualmente, a grande maioria dos lares espanh\u00f3is possui um equipamento Teka e a marca est\u00e1 presente em mais de 100 milh\u00f5es de casas em todo o mundo.<\/span><\/p>\n<p>[\/et_pb_text][\/et_pb_column][et_pb_column type=&#8221;1_2&#8243; _builder_version=&#8221;4.16&#8243; custom_padding=&#8221;|||&#8221; global_colors_info=&#8221;{}&#8221; custom_padding__hover=&#8221;|||&#8221;][et_pb_image src=&#8221;http:\/\/teka.com\/pt-pt\/wp-content\/uploads\/sites\/8\/2018\/11\/group-Teka.jpg&#8221; align_tablet=&#8221;center&#8221; align_phone=&#8221;&#8221; align_last_edited=&#8221;on|desktop&#8221; admin_label=&#8221;TEKA &#8211; Images&#8221; _builder_version=&#8221;4.16&#8243; global_colors_info=&#8221;{}&#8221;][\/et_pb_image][\/et_pb_column][\/et_pb_row][\/et_pb_section][et_pb_section fb_built=&#8221;1&#8243; module_id=&#8221;group-kuppersbusch&#8221; module_class=&#8221;tab-content&#8221; _builder_version=&#8221;4.16&#8243; global_colors_info=&#8221;{}&#8221;][et_pb_row _builder_version=&#8221;4.16&#8243; background_size=&#8221;initial&#8221; background_position=&#8221;top_left&#8221; background_repeat=&#8221;repeat&#8221; global_colors_info=&#8221;{}&#8221;][et_pb_column type=&#8221;4_4&#8243; _builder_version=&#8221;4.16&#8243; custom_padding=&#8221;|||&#8221; global_colors_info=&#8221;{}&#8221; custom_padding__hover=&#8221;|||&#8221;][et_pb_text admin_label=&#8221;K\u00dcPPERBUSCH &#8211; Title&#8221; _builder_version=&#8221;4.16&#8243; hover_enabled=&#8221;0&#8243; global_colors_info=&#8221;{}&#8221; sticky_enabled=&#8221;0&#8243;]<\/p>\n<h2>K\u00fcppersbusch<\/h2>\n<p><a href=\"https:\/\/www.kuppersbusch.com\/\">kuppersbusch.com<\/a><\/p>\n<p>[\/et_pb_text][\/et_pb_column][\/et_pb_row][et_pb_row column_structure=&#8221;1_2,1_2&#8243; _builder_version=&#8221;4.16&#8243; background_size=&#8221;initial&#8221; background_position=&#8221;top_left&#8221; background_repeat=&#8221;repeat&#8221; global_colors_info=&#8221;{}&#8221;][et_pb_column type=&#8221;1_2&#8243; _builder_version=&#8221;4.16&#8243; custom_padding=&#8221;|||&#8221; global_colors_info=&#8221;{}&#8221; custom_padding__hover=&#8221;|||&#8221;][et_pb_text admin_label=&#8221;K\u00dcPPERBUSCH &#8211; Text&#8221; _builder_version=&#8221;4.22.1&#8243; hover_enabled=&#8221;0&#8243; global_colors_info=&#8221;{}&#8221; sticky_enabled=&#8221;0&#8243;]<\/p>\n<p><span style=\"font-weight: 400;\">Trata-se de uma das empresas com mais tradi\u00e7\u00e3o do grupo, uma vez que nasceu em 1875 e foi fundada por Friedrich K\u00fcppersbusch que se dedicou \u00e0 produ\u00e7\u00e3o de fog\u00f5es dom\u00e9sticos.<\/span><\/p>\n<p><span style=\"font-weight: 400;\">Em 1913, a empresa j\u00e1 contava com 12.000 colaboradores e era l\u00edder na Europa na produ\u00e7\u00e3o de fog\u00f5es e fornos dom\u00e9sticos.<\/span><\/p>\n<p><span style=\"font-weight: 400;\">Em 1935, a empresa abre uma segunda f\u00e1brica com produ\u00e7\u00e3o na \u00c1ustria, devido a uma grande procura dos seus produtos em toda a Europa.<\/span><\/p>\n<p><span style=\"font-weight: 400;\">25 anos mais tarde, a K\u00fcppersbusch oferecia um vasto leque de produtos, fabricando todo o tipo de eletrodom\u00e9sticos para casa, desde frigor\u00edficos a chamin\u00e9s.<\/span><\/p>\n<p><span style=\"font-weight: 400;\">Nos anos 70, torna-se uma das primeiras empresas, a n\u00edvel mundial, a fabricar eletrodom\u00e9sticos de encastre.<\/span><\/p>\n<p><span style=\"font-weight: 400;\">Em 1983, surge o <\/span><span style=\"font-weight: 400;\">\u00f6kotherm\u00ae, um catalisador para fornos com uma tecnologia ecol\u00f3gica e saud\u00e1vel.<span style=\"font-weight: 400;\">\u00a0Um produto \u00fanico e apenas dispon\u00edvel na K\u00fcppersbusch.<\/span><\/span><\/p>\n<p><span style=\"font-weight: 400;\">Nos anos 90, a marca K\u00fcppersbusch foi galardoada com uma infinidade de pr\u00e9mios de design e inova\u00e7\u00e3o, gra\u00e7as \u00e0 sua grande qualidade e aos seus produtos. Entre eles destacam-se: Bundespreis, Red Dot Award, IF Design Award, Platinum Award para Design Excellence ADEX. Hoje em dia, mais de 60 produtos como fornos, chamin\u00e9s ou placas foram premiados, tanto na Alemanha como a n\u00edvel internacional.<\/span><\/p>\n<p><span style=\"font-weight: 400;\">Em 1999, a K\u00fcppersbusch passa a fazer parte do Grupo Teka, passando a ocupar o segmento mais <em>premium<\/em> das marcas do grupo alem\u00e3o. Da liga\u00e7\u00e3o de ambas as empresas resulta um grupo com mais de 5.000 trabalhadores a n\u00edvel mundial.<\/span><\/p>\n<p><span style=\"font-weight: 400;\">Em 2015, a K\u00fcppersbusch celebra 150 anos de hist\u00f3ria, lan\u00e7ando no mercado uma ampla gama de novos produtos e inova\u00e7\u00f5es que coincidiu com a feira internacional Living Kitchen, realizada em Col\u00f3nia, Alemanha. Em mar\u00e7o desse mesmo ano, a K\u00fcppersbusch \u00e9 nomeada membro fundador do Consulado de Design Alem\u00e3o.<\/span><\/p>\n<p><span style=\"font-weight: 400;\">Em setembro de 2016, o Consulado de Design Alem\u00e3o aceita a entrada da K\u00fcppersbusch no seu c\u00edrculo de \u201cMajor German Brands\u201d.<\/span><\/p>\n<p>[\/et_pb_text][\/et_pb_column][et_pb_column type=&#8221;1_2&#8243; _builder_version=&#8221;4.16&#8243; custom_padding=&#8221;|||&#8221; global_colors_info=&#8221;{}&#8221; custom_padding__hover=&#8221;|||&#8221;][et_pb_image src=&#8221;http:\/\/teka.com\/wp-content\/uploads\/sites\/3\/2018\/10\/group-Kuppersbusch.jpg&#8221; align_tablet=&#8221;center&#8221; align_phone=&#8221;&#8221; align_last_edited=&#8221;on|desktop&#8221; admin_label=&#8221;K\u00dcPPERBUSCH &#8211; Images&#8221; _builder_version=&#8221;4.16&#8243; global_colors_info=&#8221;{}&#8221;][\/et_pb_image][\/et_pb_column][\/et_pb_row][\/et_pb_section][et_pb_section fb_built=&#8221;1&#8243; module_id=&#8221;group-intra&#8221; module_class=&#8221;tab-content&#8221; _builder_version=&#8221;4.16&#8243; global_colors_info=&#8221;{}&#8221;][et_pb_row _builder_version=&#8221;4.16&#8243; background_size=&#8221;initial&#8221; background_position=&#8221;top_left&#8221; background_repeat=&#8221;repeat&#8221; global_colors_info=&#8221;{}&#8221;][et_pb_column type=&#8221;4_4&#8243; _builder_version=&#8221;4.16&#8243; custom_padding=&#8221;|||&#8221; global_colors_info=&#8221;{}&#8221; custom_padding__hover=&#8221;|||&#8221;][et_pb_text admin_label=&#8221;INTRA &#8211; Title&#8221; _builder_version=&#8221;4.16&#8243; global_colors_info=&#8221;{}&#8221;]<\/p>\n<h2>Intra<\/h2>\n<p><a href=\"http:\/\/www.intra-teka.com\/english\/kitchen\">intra-teka.com<\/a><\/p>\n<p>[\/et_pb_text][\/et_pb_column][\/et_pb_row][et_pb_row column_structure=&#8221;1_2,1_2&#8243; _builder_version=&#8221;4.16&#8243; background_size=&#8221;initial&#8221; background_position=&#8221;top_left&#8221; background_repeat=&#8221;repeat&#8221; global_colors_info=&#8221;{}&#8221;][et_pb_column type=&#8221;1_2&#8243; _builder_version=&#8221;4.16&#8243; custom_padding=&#8221;|||&#8221; global_colors_info=&#8221;{}&#8221; custom_padding__hover=&#8221;|||&#8221;][et_pb_text admin_label=&#8221;INTRA &#8211; Text&#8221; _builder_version=&#8221;4.22.1&#8243; hover_enabled=&#8221;0&#8243; global_colors_info=&#8221;{}&#8221; sticky_enabled=&#8221;0&#8243;]<\/p>\n<p><span style=\"font-weight: 400;\">A Intra \u00e9 conhecida internacionalmente pelo seu design de alta qualidade e pelos seus produtos em a\u00e7o inoxid\u00e1vel. O conhecimento necess\u00e1rio para fazer esses produtos vem de v\u00e1rias inova\u00e7\u00f5es ao longo de muitas d\u00e9cadas.<\/span><\/p>\n<p><span style=\"font-weight: 400;\">Com o know-how das empresas M\u00f6lntorp na Su\u00e9cia e Juvel na Dinamarca, a Intra tem uma vasta gama de produtos que re\u00fane o conhecimento e a experi\u00eancia necess\u00e1rios para ser o que \u00e9 hoje.<\/span><\/p>\n<p><span style=\"font-weight: 400;\">Mais de 140 anos de empreendedorismo e inova\u00e7\u00e3o apoiam os produtos feitos pelo Grupo Intra.<\/span><span style=\"font-weight: 400;\"><br \/><\/span><span style=\"font-weight: 400;\"><br \/><\/span><span style=\"font-weight: 400;\">A hist\u00f3ria da empresa remonta ao ano 1871, quando um mestre ferreiro e o seu filho arrendaram uma fazenda em M\u00f6ltntorp, na Su\u00e9cia.<\/span><\/p>\n<p><span style=\"font-weight: 400;\">Em 1895 \u00e9 fundada a empresa M\u00f6ltorps AB. Nos primeiros anos, a empresa fabricou recipientes de estanho para o setor dos lactic\u00ednios.<\/span><\/p>\n<p><span style=\"font-weight: 400;\">A partir de 1920 diversificam o fabrico de produtos e come\u00e7aram a comercializar lava-lou\u00e7as em a\u00e7o inoxid\u00e1vel.<\/span><\/p>\n<p><span style=\"font-weight: 400;\">Nos anos 30, a Segunda Guerra Mundial, atrasou os planos de expans\u00e3o e s\u00f3 depois de terminada \u00e9 que puderam ser retomados.<\/span><\/p>\n<p><span style=\"font-weight: 400;\">A diversifica\u00e7\u00e3o de produtos baseada na procura da guerra fornece mais conhecimento.<\/span><\/p>\n<p><span style=\"font-weight: 400;\">Em 1947, a empresa passa a chamar-se Byggeartikler A\/S e nos anos seguintes diversificam os seus produtos, incluindo barcos de alum\u00ednio, cadeiras dobr\u00e1veis e mesas. Nesse per\u00edodo a empresa expande-se no mercado noruegu\u00eas.<\/span><\/p>\n<p><span style=\"font-weight: 400;\">Em 1976 Byggeartikler A\/S converte-se em INTRA AS<\/span><\/p>\n<p><span style=\"font-weight: 400;\">A moderniza\u00e7\u00e3o dos lava-lou\u00e7as em a\u00e7o inoxid\u00e1vel conduz a lan\u00e7amentos de produtos de grande \u00eaxito. A empresa conta com mais de 200 trabalhadores e fabrica aproximadamente 350.000 lava-lou\u00e7as por ano.<\/span><\/p>\n<p><span style=\"font-weight: 400;\">Em 1988, a Intra AS fundiu-se com a Gustavsberg na Su\u00e9cia e a Juvel, na Dinamarca.<\/span><\/p>\n<p><span style=\"font-weight: 400;\">Durante 1989, a Intra AS mudou as suas instala\u00e7\u00f5es de produ\u00e7\u00e3o norueguesas de Trondheim para a sua morada atual, em Malvik.<\/span><\/p>\n<p><span style=\"font-weight: 400;\">Em 1994, a Intra foi estabelecida na Pol\u00f3nia e na Alemanha. A empresa continua a sua expans\u00e3o e nesse momento contava com mais de 300 trabalhadores.<\/span><\/p>\n<p><span style=\"font-weight: 400;\">Em 2007, o Grupo Teka compra a Intra AS. Neste momento a INTRA possui f\u00e1bricas na Noruega, Su\u00e9cia e Dinamarca, uma empresa l\u00edder com uma quota no mercado escandinavo de 40%. A Alemanha e os Estados Unidos convertem-se nos seus principais mercados de exporta\u00e7\u00e3o durante os anos seguintes.<\/span><\/p>\n<p><span style=\"font-weight: 400;\">Em 2016, o Grupo Intra adquiriu a unidade de neg\u00f3cio sanit\u00e1rio Elcee, continuando com o seu processo de expans\u00e3o internacional.<\/span><\/p>\n<p>[\/et_pb_text][\/et_pb_column][et_pb_column type=&#8221;1_2&#8243; _builder_version=&#8221;4.16&#8243; custom_padding=&#8221;|||&#8221; global_colors_info=&#8221;{}&#8221; custom_padding__hover=&#8221;|||&#8221;][et_pb_image src=&#8221;http:\/\/teka.com\/pt-pt\/wp-content\/uploads\/sites\/8\/2018\/11\/group-Intra.jpg&#8221; align_tablet=&#8221;center&#8221; align_phone=&#8221;&#8221; align_last_edited=&#8221;on|desktop&#8221; admin_label=&#8221;INTRA &#8211; Images&#8221; _builder_version=&#8221;4.16&#8243; global_colors_info=&#8221;{}&#8221;][\/et_pb_image][\/et_pb_column][\/et_pb_row][\/et_pb_section][et_pb_section fb_built=&#8221;1&#8243; disabled_on=&#8221;on|on|on&#8221; module_id=&#8221;group-mofem&#8221; module_class=&#8221;tab-content&#8221; _builder_version=&#8221;4.16&#8243; disabled=&#8221;on&#8221; global_colors_info=&#8221;{}&#8221;][et_pb_row _builder_version=&#8221;4.16&#8243; background_size=&#8221;initial&#8221; background_position=&#8221;top_left&#8221; background_repeat=&#8221;repeat&#8221; global_colors_info=&#8221;{}&#8221;][et_pb_column type=&#8221;4_4&#8243; _builder_version=&#8221;4.16&#8243; custom_padding=&#8221;|||&#8221; global_colors_info=&#8221;{}&#8221; custom_padding__hover=&#8221;|||&#8221;][et_pb_text admin_label=&#8221;MOF\u00c9M &#8211; Title&#8221; _builder_version=&#8221;4.16&#8243; global_colors_info=&#8221;{}&#8221;]<\/p>\n<h2>Mof\u00e9m<\/h2>\n<p><a href=\"https:\/\/www.mofem.hu\/\">mofem.hu<\/a><\/p>\n<p>[\/et_pb_text][\/et_pb_column][\/et_pb_row][et_pb_row column_structure=&#8221;1_2,1_2&#8243; _builder_version=&#8221;4.16&#8243; background_size=&#8221;initial&#8221; background_position=&#8221;top_left&#8221; background_repeat=&#8221;repeat&#8221; global_colors_info=&#8221;{}&#8221;][et_pb_column type=&#8221;1_2&#8243; _builder_version=&#8221;4.16&#8243; custom_padding=&#8221;|||&#8221; global_colors_info=&#8221;{}&#8221; custom_padding__hover=&#8221;|||&#8221;][et_pb_text admin_label=&#8221;MOF\u00c9M &#8211; Text&#8221; _builder_version=&#8221;4.16&#8243; hover_enabled=&#8221;0&#8243; global_colors_info=&#8221;{}&#8221; sticky_enabled=&#8221;0&#8243;]<\/p>\n<p><span style=\"font-weight: 400\">\u00c9 uma empresa l\u00edder no mercado h\u00fangaro no fabrico e comercializa\u00e7\u00e3o de produtos sanit\u00e1rios e v\u00e1lvulas industriais. Entre os seus principais produtos, destacam-se as v\u00e1lvulas termost\u00e1ticas de radiadores, que oferecem uma solu\u00e7\u00e3o perfeita para a poupan\u00e7a de energia e cujos modelos foram premiados pelo seu trabalho na moderniza\u00e7\u00e3o do aquecimento das casas.<\/span><\/p>\n<p><span style=\"font-weight: 400\">A empresa \u00e9 sin\u00f3nimo de qualidade e de confian\u00e7a em todos os seus produtos. A popularidade dos produtos Mof\u00e9m deve-se, entre outros fatores, aos servi\u00e7os que oferece como l\u00edder de mercado, como as garantias de 5 anos em todos os seus produtos, 10 anos de garantia na troca de pe\u00e7as e a sua excelente rede de servi\u00e7os t\u00e9cnicos.<\/span><\/p>\n<p><span style=\"font-weight: 400\">Outra parte importante do seu \u00eaxito deve-se \u00e0 confian\u00e7a que muitos arquitetos e instaladores depositam na empresa, confiando os seus produtos todos os dias.<\/span><\/p>\n<p><span style=\"font-weight: 400\">A Mofem conta com mais de 100 anos de hist\u00f3ria, que come\u00e7ou em 1900, quando a empresa foi fundada na cidade de Mosonmagyar\u00f3v\u00e1r, na Hungria.<\/span><\/p>\n<p><span style=\"font-weight: 400\">Em 1994, o Grupo Teka compra a Mof\u00e9m, que passa a desempenhar um papel essencial na produ\u00e7\u00e3o, expans\u00e3o e log\u00edstica do grupo.<\/span><\/p>\n<p>[\/et_pb_text][\/et_pb_column][et_pb_column type=&#8221;1_2&#8243; _builder_version=&#8221;4.16&#8243; custom_padding=&#8221;|||&#8221; global_colors_info=&#8221;{}&#8221; custom_padding__hover=&#8221;|||&#8221;][et_pb_image src=&#8221;http:\/\/teka.com\/pt-pt\/wp-content\/uploads\/sites\/8\/2018\/11\/group-Mofem.jpg&#8221; align_tablet=&#8221;center&#8221; align_phone=&#8221;&#8221; align_last_edited=&#8221;on|desktop&#8221; admin_label=&#8221;MOF\u00c9M &#8211; Images&#8221; _builder_version=&#8221;4.16&#8243; global_colors_info=&#8221;{}&#8221;][\/et_pb_image][\/et_pb_column][\/et_pb_row][\/et_pb_section]<\/p>\n","protected":false},"excerpt":{"rendered":"<p>\u00a0 \u00a0 Grupo Teka,Origem Alem\u00e3 \u00a0 \u00a0 \u00a0 \u00a0O Grupo Teka\u00a0 100 anos de hist\u00f3ria. Centenas de solu\u00e7\u00f5es. Milh\u00f5es de momentos.O Grupo Teka \u00e9\u00a0uma empresa multinacional alem\u00e3 e um dos mais importantes fabricantes europeus de lava-lou\u00e7as em a\u00e7o inox, eletrodom\u00e9sticos de encastre e solu\u00e7\u00f5es de banho. O nosso grupo \u00e9 composto por v\u00e1rias marcas l\u00edderes [&hellip;]<\/p>\n","protected":false},"author":9,"featured_media":0,"parent":21989,"menu_order":1,"comment_status":"closed","ping_status":"closed","template":"","meta":{"_acf_changed":false,"_et_pb_use_builder":"on","_et_pb_old_content":"","_et_gb_content_width":"","footnotes":""},"class_list":["post-21996","page","type-page","status-publish","hentry"],"acf":[],"yoast_head":"<!-- This site is optimized with the Yoast SEO plugin v27.2 - https:\/\/yoast.com\/product\/yoast-seo-wordpress\/ -->\n<title>Marcas do grupo: Teka, K\u00fcpperbusch, Intra... | Teka Portugal<\/title>\n<meta name=\"robots\" content=\"index, follow, max-snippet:-1, max-image-preview:large, max-video-preview:-1\" \/>\n<link rel=\"canonical\" href=\"https:\/\/www.teka.com\/pt-pt\/sobre-nos\/marcas-do-grupo\/\" \/>\n<meta property=\"og:locale\" content=\"pt_PT\" \/>\n<meta property=\"og:type\" content=\"article\" \/>\n<meta property=\"og:title\" content=\"Marcas do grupo: Teka, K\u00fcpperbusch, Intra... | Teka Portugal\" \/>\n<meta property=\"og:description\" content=\"\u00a0 \u00a0 Grupo Teka,Origem Alem\u00e3 \u00a0 \u00a0 \u00a0 \u00a0O Grupo Teka\u00a0 100 anos de hist\u00f3ria. Centenas de solu\u00e7\u00f5es. Milh\u00f5es de momentos.O Grupo Teka \u00e9\u00a0uma empresa multinacional alem\u00e3 e um dos mais importantes fabricantes europeus de lava-lou\u00e7as em a\u00e7o inox, eletrodom\u00e9sticos de encastre e solu\u00e7\u00f5es de banho. O nosso grupo \u00e9 composto por v\u00e1rias marcas l\u00edderes [&hellip;]\" \/>\n<meta property=\"og:url\" content=\"https:\/\/www.teka.com\/pt-pt\/sobre-nos\/marcas-do-grupo\/\" \/>\n<meta property=\"og:site_name\" content=\"Teka Portugal\" \/>\n<meta property=\"article:modified_time\" content=\"2024-09-09T11:14:40+00:00\" \/>\n<meta property=\"og:image\" content=\"https:\/\/www.teka.com\/global\/wp-content\/uploads\/sites\/3\/2018\/10\/marca-kuppersbusch.svg\" \/>\n<meta name=\"twitter:card\" content=\"summary_large_image\" \/>\n<meta name=\"twitter:label1\" content=\"Tempo estimado de leitura\" \/>\n\t<meta name=\"twitter:data1\" content=\"8 minutos\" \/>\n<script type=\"application\/ld+json\" class=\"yoast-schema-graph\">{\"@context\":\"https:\/\/schema.org\",\"@graph\":[{\"@type\":\"WebPage\",\"@id\":\"https:\/\/www.teka.com\/pt-pt\/sobre-nos\/marcas-do-grupo\/\",\"url\":\"https:\/\/www.teka.com\/pt-pt\/sobre-nos\/marcas-do-grupo\/\",\"name\":\"Marcas do grupo: Teka, K\u00fcpperbusch, Intra... | Teka Portugal\",\"isPartOf\":{\"@id\":\"https:\/\/www.teka.com\/pt-pt\/#website\"},\"primaryImageOfPage\":{\"@id\":\"https:\/\/www.teka.com\/pt-pt\/sobre-nos\/marcas-do-grupo\/#primaryimage\"},\"image\":{\"@id\":\"https:\/\/www.teka.com\/pt-pt\/sobre-nos\/marcas-do-grupo\/#primaryimage\"},\"thumbnailUrl\":\"https:\/\/www.teka.com\/global\/wp-content\/uploads\/sites\/3\/2018\/10\/marca-kuppersbusch.svg\",\"datePublished\":\"2018-09-11T08:07:23+00:00\",\"dateModified\":\"2024-09-09T11:14:40+00:00\",\"breadcrumb\":{\"@id\":\"https:\/\/www.teka.com\/pt-pt\/sobre-nos\/marcas-do-grupo\/#breadcrumb\"},\"inLanguage\":\"pt-PT\",\"potentialAction\":[{\"@type\":\"ReadAction\",\"target\":[\"https:\/\/www.teka.com\/pt-pt\/sobre-nos\/marcas-do-grupo\/\"]}]},{\"@type\":\"ImageObject\",\"inLanguage\":\"pt-PT\",\"@id\":\"https:\/\/www.teka.com\/pt-pt\/sobre-nos\/marcas-do-grupo\/#primaryimage\",\"url\":\"https:\/\/www.teka.com\/global\/wp-content\/uploads\/sites\/3\/2018\/10\/marca-kuppersbusch.svg\",\"contentUrl\":\"https:\/\/www.teka.com\/global\/wp-content\/uploads\/sites\/3\/2018\/10\/marca-kuppersbusch.svg\"},{\"@type\":\"BreadcrumbList\",\"@id\":\"https:\/\/www.teka.com\/pt-pt\/sobre-nos\/marcas-do-grupo\/#breadcrumb\",\"itemListElement\":[{\"@type\":\"ListItem\",\"position\":1,\"name\":\"Home\",\"item\":\"https:\/\/www.teka.com\/pt-pt\/\"},{\"@type\":\"ListItem\",\"position\":2,\"name\":\"Sobre n\u00f3s\",\"item\":\"https:\/\/www.teka.com\/pt-pt\/sobre-nos\/\"},{\"@type\":\"ListItem\",\"position\":3,\"name\":\"Marcas do grupo\"}]},{\"@type\":\"WebSite\",\"@id\":\"https:\/\/www.teka.com\/pt-pt\/#website\",\"url\":\"https:\/\/www.teka.com\/pt-pt\/\",\"name\":\"Teka Portugal\",\"description\":\"\",\"potentialAction\":[{\"@type\":\"SearchAction\",\"target\":{\"@type\":\"EntryPoint\",\"urlTemplate\":\"https:\/\/www.teka.com\/pt-pt\/?s={search_term_string}\"},\"query-input\":{\"@type\":\"PropertyValueSpecification\",\"valueRequired\":true,\"valueName\":\"search_term_string\"}}],\"inLanguage\":\"pt-PT\"}]}<\/script>\n<!-- \/ Yoast SEO plugin. -->","yoast_head_json":{"title":"Marcas do grupo: Teka, K\u00fcpperbusch, Intra... | Teka Portugal","robots":{"index":"index","follow":"follow","max-snippet":"max-snippet:-1","max-image-preview":"max-image-preview:large","max-video-preview":"max-video-preview:-1"},"canonical":"https:\/\/www.teka.com\/pt-pt\/sobre-nos\/marcas-do-grupo\/","og_locale":"pt_PT","og_type":"article","og_title":"Marcas do grupo: Teka, K\u00fcpperbusch, Intra... | Teka Portugal","og_description":"\u00a0 \u00a0 Grupo Teka,Origem Alem\u00e3 \u00a0 \u00a0 \u00a0 \u00a0O Grupo Teka\u00a0 100 anos de hist\u00f3ria. Centenas de solu\u00e7\u00f5es. Milh\u00f5es de momentos.O Grupo Teka \u00e9\u00a0uma empresa multinacional alem\u00e3 e um dos mais importantes fabricantes europeus de lava-lou\u00e7as em a\u00e7o inox, eletrodom\u00e9sticos de encastre e solu\u00e7\u00f5es de banho. O nosso grupo \u00e9 composto por v\u00e1rias marcas l\u00edderes [&hellip;]","og_url":"https:\/\/www.teka.com\/pt-pt\/sobre-nos\/marcas-do-grupo\/","og_site_name":"Teka Portugal","article_modified_time":"2024-09-09T11:14:40+00:00","og_image":[{"url":"https:\/\/www.teka.com\/global\/wp-content\/uploads\/sites\/3\/2018\/10\/marca-kuppersbusch.svg","type":"","width":"","height":""}],"twitter_card":"summary_large_image","twitter_misc":{"Tempo estimado de leitura":"8 minutos"},"schema":{"@context":"https:\/\/schema.org","@graph":[{"@type":"WebPage","@id":"https:\/\/www.teka.com\/pt-pt\/sobre-nos\/marcas-do-grupo\/","url":"https:\/\/www.teka.com\/pt-pt\/sobre-nos\/marcas-do-grupo\/","name":"Marcas do grupo: Teka, K\u00fcpperbusch, Intra... | Teka Portugal","isPartOf":{"@id":"https:\/\/www.teka.com\/pt-pt\/#website"},"primaryImageOfPage":{"@id":"https:\/\/www.teka.com\/pt-pt\/sobre-nos\/marcas-do-grupo\/#primaryimage"},"image":{"@id":"https:\/\/www.teka.com\/pt-pt\/sobre-nos\/marcas-do-grupo\/#primaryimage"},"thumbnailUrl":"https:\/\/www.teka.com\/global\/wp-content\/uploads\/sites\/3\/2018\/10\/marca-kuppersbusch.svg","datePublished":"2018-09-11T08:07:23+00:00","dateModified":"2024-09-09T11:14:40+00:00","breadcrumb":{"@id":"https:\/\/www.teka.com\/pt-pt\/sobre-nos\/marcas-do-grupo\/#breadcrumb"},"inLanguage":"pt-PT","potentialAction":[{"@type":"ReadAction","target":["https:\/\/www.teka.com\/pt-pt\/sobre-nos\/marcas-do-grupo\/"]}]},{"@type":"ImageObject","inLanguage":"pt-PT","@id":"https:\/\/www.teka.com\/pt-pt\/sobre-nos\/marcas-do-grupo\/#primaryimage","url":"https:\/\/www.teka.com\/global\/wp-content\/uploads\/sites\/3\/2018\/10\/marca-kuppersbusch.svg","contentUrl":"https:\/\/www.teka.com\/global\/wp-content\/uploads\/sites\/3\/2018\/10\/marca-kuppersbusch.svg"},{"@type":"BreadcrumbList","@id":"https:\/\/www.teka.com\/pt-pt\/sobre-nos\/marcas-do-grupo\/#breadcrumb","itemListElement":[{"@type":"ListItem","position":1,"name":"Home","item":"https:\/\/www.teka.com\/pt-pt\/"},{"@type":"ListItem","position":2,"name":"Sobre n\u00f3s","item":"https:\/\/www.teka.com\/pt-pt\/sobre-nos\/"},{"@type":"ListItem","position":3,"name":"Marcas do grupo"}]},{"@type":"WebSite","@id":"https:\/\/www.teka.com\/pt-pt\/#website","url":"https:\/\/www.teka.com\/pt-pt\/","name":"Teka Portugal","description":"","potentialAction":[{"@type":"SearchAction","target":{"@type":"EntryPoint","urlTemplate":"https:\/\/www.teka.com\/pt-pt\/?s={search_term_string}"},"query-input":{"@type":"PropertyValueSpecification","valueRequired":true,"valueName":"search_term_string"}}],"inLanguage":"pt-PT"}]}},"_links":{"self":[{"href":"https:\/\/www.teka.com\/pt-pt\/wp-json\/wp\/v2\/pages\/21996","targetHints":{"allow":["GET"]}}],"collection":[{"href":"https:\/\/www.teka.com\/pt-pt\/wp-json\/wp\/v2\/pages"}],"about":[{"href":"https:\/\/www.teka.com\/pt-pt\/wp-json\/wp\/v2\/types\/page"}],"author":[{"embeddable":true,"href":"https:\/\/www.teka.com\/pt-pt\/wp-json\/wp\/v2\/users\/9"}],"replies":[{"embeddable":true,"href":"https:\/\/www.teka.com\/pt-pt\/wp-json\/wp\/v2\/comments?post=21996"}],"version-history":[{"count":38,"href":"https:\/\/www.teka.com\/pt-pt\/wp-json\/wp\/v2\/pages\/21996\/revisions"}],"predecessor-version":[{"id":125428,"href":"https:\/\/www.teka.com\/pt-pt\/wp-json\/wp\/v2\/pages\/21996\/revisions\/125428"}],"up":[{"embeddable":true,"href":"https:\/\/www.teka.com\/pt-pt\/wp-json\/wp\/v2\/pages\/21989"}],"wp:attachment":[{"href":"https:\/\/www.teka.com\/pt-pt\/wp-json\/wp\/v2\/media?parent=21996"}],"curies":[{"name":"wp","href":"https:\/\/api.w.org\/{rel}","templated":true}]}}