{"id":21994,"date":"2018-09-11T08:07:24","date_gmt":"2018-09-11T08:07:24","guid":{"rendered":"http:\/\/teka.com\/?page_id=21994"},"modified":"2025-02-12T12:06:36","modified_gmt":"2025-02-12T11:06:36","slug":"teka-a-sport","status":"publish","type":"page","link":"https:\/\/www.teka.com\/sk-sk\/o-nas\/teka-a-sport\/","title":{"rendered":"Teka a \u0161port"},"content":{"rendered":"<p>[et_pb_section fb_built=&#8220;1&#8243; module_id=&#8220;teka-top&#8220; _builder_version=&#8220;3.17.6&#8243; background_image=&#8220;https:\/\/www.teka.com\/sk-sk\/wp-content\/uploads\/sites\/132\/2018\/11\/teka-slider-about-us-desktop.jpg&#8220; global_module=&#8220;23211&#8243; global_colors_info=&#8220;{}&#8220; collapsed=&#8220;on&#8220;][et_pb_row _builder_version=&#8220;4.16&#8243; background_size=&#8220;initial&#8220; background_position=&#8220;top_left&#8220; background_repeat=&#8220;repeat&#8220; global_colors_info=&#8220;{}&#8220; column_structure=&#8220;1_2,1_2&#8243;][et_pb_column type=&#8220;1_2&#8243; _builder_version=&#8220;4.16&#8243; custom_padding=&#8220;|||&#8220; global_colors_info=&#8220;{}&#8220; custom_padding__hover=&#8220;|||&#8220;][et_pb_text admin_label=&#8220;Header Title&#8220; _builder_version=&#8220;4.27.4&#8243; background_layout=&#8220;dark&#8220; hover_enabled=&#8220;0&#8243; global_colors_info=&#8220;{}&#8220; sticky_enabled=&#8220;0&#8243;]<\/p>\n<p>\u00a0<\/p>\n<p>\u00a0<\/p>\n<h3><strong>Skupina Teka, <\/strong><br \/>Nemeck\u00fd p\u00f4vod.<\/h3>\n<p>\u00a0<\/p>\n<p>\u00a0<\/p>\n<p>\u00a0<\/p>\n<p>\u00a0<\/p>\n<p>[\/et_pb_text][\/et_pb_column][et_pb_column type=&#8220;1_2&#8243; _builder_version=&#8220;4.16&#8243; custom_padding=&#8220;|||&#8220; global_colors_info=&#8220;{}&#8220; custom_padding__hover=&#8220;|||&#8220;][\/et_pb_column][\/et_pb_row][\/et_pb_section][et_pb_section fb_built=&#8220;1&#8243; module_id=&#8220;teka-menu&#8220; _builder_version=&#8220;3.14&#8243; background_color=&#8220;#0e0e0e&#8220; global_module=&#8220;23212&#8243; global_colors_info=&#8220;{}&#8220; collapsed=&#8220;on&#8220;][et_pb_row _builder_version=&#8220;4.16&#8243; background_size=&#8220;initial&#8220; background_position=&#8220;top_left&#8220; background_repeat=&#8220;repeat&#8220; global_colors_info=&#8220;{}&#8220;][et_pb_column type=&#8220;4_4&#8243; _builder_version=&#8220;4.16&#8243; custom_padding=&#8220;|||&#8220; global_colors_info=&#8220;{}&#8220; custom_padding__hover=&#8220;|||&#8220;][et_pb_sidebar area=&#8220;et_pb_widget_area_7&#8243; disabled_on=&#8220;on|on|&#8220; _builder_version=&#8220;4.16&#8243; background_layout=&#8220;dark&#8220; global_colors_info=&#8220;{}&#8220;][\/et_pb_sidebar][et_pb_sidebar area=&#8220;et_pb_widget_area_9&#8243; disabled_on=&#8220;on||on&#8220; admin_label=&#8220;Sidebar Tablet&#8220; _builder_version=&#8220;4.16&#8243; background_layout=&#8220;dark&#8220; global_colors_info=&#8220;{}&#8220;][\/et_pb_sidebar][et_pb_sidebar area=&#8220;et_pb_widget_area_8&#8243; disabled_on=&#8220;|on|on&#8220; admin_label=&#8220;Sidebar Mobile&#8220; _builder_version=&#8220;4.27.4&#8243; background_layout=&#8220;dark&#8220; hover_enabled=&#8220;0&#8243; global_colors_info=&#8220;{}&#8220; sticky_enabled=&#8220;0&#8243;][\/et_pb_sidebar][\/et_pb_column][\/et_pb_row][\/et_pb_section][et_pb_section fb_built=&#8220;1&#8243; admin_label=&#8220;Intro&#8220; module_id=&#8220;about-us&#8220; _builder_version=&#8220;4.22.1&#8243; collapsed=&#8220;on&#8220; global_colors_info=&#8220;{}&#8220; locked=&#8220;off&#8220; theme_builder_area=&#8220;post_content&#8220;][et_pb_row _builder_version=&#8220;4.16&#8243; background_size=&#8220;initial&#8220; background_position=&#8220;top_left&#8220; background_repeat=&#8220;repeat&#8220; global_colors_info=&#8220;{}&#8220; theme_builder_area=&#8220;post_content&#8220;][et_pb_column type=&#8220;4_4&#8243; _builder_version=&#8220;4.16&#8243; custom_padding=&#8220;|||&#8220; global_colors_info=&#8220;{}&#8220; custom_padding__hover=&#8220;|||&#8220; theme_builder_area=&#8220;post_content&#8220;][et_pb_text _builder_version=&#8220;4.27.4&#8243; header_font=&#8220;|700|||||||&#8220; text_orientation=&#8220;center&#8220; width=&#8220;70%&#8220; module_alignment=&#8220;center&#8220; hover_enabled=&#8220;0&#8243; global_colors_info=&#8220;{}&#8220; theme_builder_area=&#8220;post_content&#8220; sticky_enabled=&#8220;0&#8243;]<\/p>\n<h1>Teka a \u0161port<\/h1>\n<p><span style=\"font-weight: 400;\">Spolo\u010dnos\u0165 Teka je referenciou v hist\u00f3rii sponzorstva v \u0161porte. Po\u010das svojej 100-ro\u010dnej hist\u00f3rie sa spolo\u010dnos\u0165 podie\u013eala na nieko\u013ek\u00fdch najv\u00fdznamnej\u0161\u00edch momentoch \u0161portu.<\/span><\/p>\n<p><span style=\"font-weight: 400;\">Po\u010das tohto obdobia sa v\u010faka podpore spolo\u010dnosti Teka v r\u00f4znych oblastiach vytvorili niektor\u00e9 z najpozoruhodnej\u0161\u00edch pr\u00edbehov modern\u00e9ho \u0161portu, ktor\u00e9 sa stali ved\u00facou zna\u010dkou a definovali \u00e9ru v tejto oblasti.<\/span><\/p>\n<p>[\/et_pb_text][\/et_pb_column][\/et_pb_row][\/et_pb_section][et_pb_section fb_built=&#8220;1&#8243; admin_label=&#8220;Menu&#8220; module_id=&#8220;sport-menu&#8220; module_class=&#8220;tabs-menu&#8220; _builder_version=&#8220;4.22.1&#8243; locked=&#8220;off&#8220; collapsed=&#8220;on&#8220; global_colors_info=&#8220;{}&#8220; theme_builder_area=&#8220;post_content&#8220;][et_pb_row _builder_version=&#8220;4.16&#8243; background_size=&#8220;initial&#8220; background_position=&#8220;top_left&#8220; background_repeat=&#8220;repeat&#8220; global_colors_info=&#8220;{}&#8220; theme_builder_area=&#8220;post_content&#8220;][et_pb_column type=&#8220;4_4&#8243; _builder_version=&#8220;4.16&#8243; custom_padding=&#8220;|||&#8220; global_colors_info=&#8220;{}&#8220; custom_padding__hover=&#8220;|||&#8220; theme_builder_area=&#8220;post_content&#8220;][et_pb_code _builder_version=&#8220;4.27.4&#8243; hover_enabled=&#8220;0&#8243; global_colors_info=&#8220;{}&#8220; theme_builder_area=&#8220;post_content&#8220; sticky_enabled=&#8220;0&#8243;]<\/p>\n<ul><!-- [et_pb_line_break_holder] --><\/p>\n<li><a href=\"#\" class=\"sport-futbol\" data-tab=\"sport-futbol\"><i class=\"itk-deporte-futbol\"><\/i>Futbal<\/a><\/li>\n<p><!-- [et_pb_line_break_holder] --><\/p>\n<li><a href=\"#\" class=\"sport-basketball\" data-tab=\"sport-basketball\"><i class=\"itk-deporte-baloncesto\"><\/i>Basketbal<\/a><\/li>\n<p><!-- [et_pb_line_break_holder] --><\/p>\n<li><a href=\"#\" class=\"sport-cycling\" data-tab=\"sport-cycling\"><i class=\"itk-deporte-ciclismo\"><\/i>Cyklistika<\/a><\/li>\n<p><!-- [et_pb_line_break_holder] --><\/p>\n<li><a href=\"#\" class=\"sport-handball\" data-tab=\"sport-handball\"><i class=\"itk-deporte-balonmano\"><\/i>H\u00e1dzan\u00e1<\/a><\/li>\n<p><!-- [et_pb_line_break_holder] --><\/p>\n<li><a href=\"#\" class=\"sport-hokey\" data-tab=\"sport-hokey\"><i class=\"itk-deporte-hockey\"><\/i>Hokej<\/a><\/li>\n<p><!-- [et_pb_line_break_holder] --><\/p>\n<li><a href=\"#\" class=\"sport-motor\" data-tab=\"sport-motor\"><i class=\"itk-deporte-motor\"><\/i>Motoristick\u00e9 \u0161porty<\/a><\/li>\n<p><!-- [et_pb_line_break_holder] --><\/p>\n<li><a href=\"#\" class=\"sport-polo\" data-tab=\"sport-polo\"><i class=\"itk-deporte-polo\"><\/i>Ostatn\u00e9 \u0161porty<\/a><\/li>\n<p><!-- [et_pb_line_break_holder] --><\/ul>\n<p>[\/et_pb_code][\/et_pb_column][\/et_pb_row][\/et_pb_section][et_pb_section fb_built=&#8220;1&#8243; admin_label=&#8220;Football&#8220; module_id=&#8220;sport-futbol&#8220; module_class=&#8220;tab-content&#8220; _builder_version=&#8220;4.22.1&#8243; collapsed=&#8220;on&#8220; global_colors_info=&#8220;{}&#8220; locked=&#8220;off&#8220; theme_builder_area=&#8220;post_content&#8220;][et_pb_row column_structure=&#8220;1_2,1_2&#8243; make_equal=&#8220;on&#8220; admin_label=&#8220;Racing de Santander FC&#8220; _builder_version=&#8220;4.22.1&#8243; background_size=&#8220;initial&#8220; background_position=&#8220;top_left&#8220; background_repeat=&#8220;repeat&#8220; collapsed=&#8220;on&#8220; global_colors_info=&#8220;{}&#8220; theme_builder_area=&#8220;post_content&#8220;][et_pb_column type=&#8220;1_2&#8243; _builder_version=&#8220;4.16&#8243; custom_padding=&#8220;|||&#8220; global_colors_info=&#8220;{}&#8220; custom_padding__hover=&#8220;|||&#8220; theme_builder_area=&#8220;post_content&#8220;][et_pb_text admin_label=&#8220;Title&#8220; _builder_version=&#8220;4.27.4&#8243; header_2_font=&#8220;|700|||||||&#8220; header_2_font_size=&#8220;18px&#8220; hover_enabled=&#8220;0&#8243; global_colors_info=&#8220;{}&#8220; theme_builder_area=&#8220;post_content&#8220; sticky_enabled=&#8220;0&#8243;]<\/p>\n<h2>Prv\u00e1 zna\u010dka sponzoruj\u00faca futbalov\u00fd t\u00edm v \u0160panielsku<\/h2>\n<p>[\/et_pb_text][et_pb_text _builder_version=&#8220;4.27.4&#8243; header_2_font=&#8220;|700|||||||&#8220; header_2_font_size=&#8220;18px&#8220; hover_enabled=&#8220;0&#8243; global_colors_info=&#8220;{}&#8220; theme_builder_area=&#8220;post_content&#8220; sticky_enabled=&#8220;0&#8243;]<span style=\"font-weight: 400;\">V\u0161etko sa za\u010dalo v roku 1981, ke\u010f sa spolo\u010dnos\u0165 Teka stala prvou zna\u010dkou, ktor\u00e1 sponzorovala futbalov\u00fd t\u00edm v \u0160panielsku. Bol to z\u00e1rove\u0148 jeden z prv\u00fdch sponzorsk\u00fdch kontraktov futbalov\u00e9ho t\u00edmu v Eur\u00f3pe. 27 decembra sa logo Teka objavilo na drese futbalov\u00e9ho t\u00edmu Racing de Santander v z\u00e1pase \u0161panielskej ligy proti Realu Madrid na \u0161tadi\u00f3ne Santiago Bernabeu. Tento z\u00e1pas, 17. v porad\u00ed \u0161panielskej ligy, sa skon\u010dil v\u00ed\u0165azstvom Realu Madrid 4:0. Racing de Santander skon\u010dil v tejto sez\u00f3ne na 12. mieste v \u0161ampion\u00e1te. <\/span><\/p>\n<p><span style=\"font-weight: 400;\">Zobrazenie reklamy na drese profesion\u00e1lnej futbalovej ligy nemalo dovtedy obdobu. Racing de Santander musel po\u017eiada\u0165 \u0160panielsku futbalov\u00fa feder\u00e1ciu o povolenie na potla\u010d dresov s nemeckou zna\u010dkou. Toto gesto nav\u017edy zmenilo hist\u00f3riu \u0161panielskeho futbalu. Kr\u00e1tko nato za\u010dalo sponzorova\u0165 futbalov\u00e9 t\u00edmy mnoho \u010fal\u0161\u00edch zna\u010diek. V tom \u010dase spolo\u010dnos\u0165 Teka zaplatila za sponzorstvo celej sez\u00f3ny pribli\u017ene 60 000 eur.<\/span><span style=\"font-weight: 400;\">\u00a0<\/span><\/p>\n<p><span style=\"font-weight: 400;\">V nasleduj\u00facich rokoch a\u017e do roku 1989 bola spolo\u010dnos\u0165 Teka sponzorom t\u00edmu Racing de Santander a na drese bolo umiestnen\u00e9 logo spolo\u010dnosti. Takmer desa\u0165 rokov nosili dizajn loga nemeckej zna\u010dky a dok\u00e1zali sa udr\u017ea\u0165 v najvy\u0161\u0161ej \u0161panielskej futbalovej lige s hr\u00e1\u010dmi t\u00edmu poch\u00e1dzaj\u00facimi preva\u017ene len z Kant\u00e1brie, severn\u00e9ho regi\u00f3nu \u0160panielska.<\/span>[\/et_pb_text][\/et_pb_column][et_pb_column type=&#8220;1_2&#8243; _builder_version=&#8220;4.22.1&#8243; custom_padding=&#8220;|||&#8220; custom_css_main_element=&#8220;margin: auto; &#8220; global_colors_info=&#8220;{}&#8220; custom_padding__hover=&#8220;|||&#8220; theme_builder_area=&#8220;post_content&#8220;][et_pb_image src=&#8220;https:\/\/www.teka.com\/wp-content\/uploads\/sites\/3\/2018\/10\/webRACINGLIGUILLA-575&#215;323.jpg&#8220; align_tablet=&#8220;center&#8220; align_phone=&#8220;center&#8220; align_last_edited=&#8220;on|desktop&#8220; _builder_version=&#8220;4.22.1&#8243; global_colors_info=&#8220;{}&#8220; theme_builder_area=&#8220;post_content&#8220;][\/et_pb_image][\/et_pb_column][\/et_pb_row][et_pb_row column_structure=&#8220;1_2,1_2&#8243; make_equal=&#8220;on&#8220; admin_label=&#8220;Real Madrid FC&#8220; _builder_version=&#8220;4.22.1&#8243; background_size=&#8220;initial&#8220; background_position=&#8220;top_left&#8220; background_repeat=&#8220;repeat&#8220; collapsed=&#8220;on&#8220; global_colors_info=&#8220;{}&#8220; theme_builder_area=&#8220;post_content&#8220;][et_pb_column type=&#8220;1_2&#8243; _builder_version=&#8220;4.16&#8243; custom_padding=&#8220;|||&#8220; global_colors_info=&#8220;{}&#8220; custom_padding__hover=&#8220;|||&#8220; theme_builder_area=&#8220;post_content&#8220;][et_pb_text admin_label=&#8220;Title&#8220; _builder_version=&#8220;4.27.4&#8243; header_2_font=&#8220;|700|||||||&#8220; header_2_font_size=&#8220;18px&#8220; hover_enabled=&#8220;0&#8243; global_colors_info=&#8220;{}&#8220; theme_builder_area=&#8220;post_content&#8220; sticky_enabled=&#8220;0&#8243;]<\/p>\n<h2>Sponzorstvo klubu Real Madrid FC<\/h2>\n<p>[\/et_pb_text][et_pb_text _builder_version=&#8220;4.27.4&#8243; header_2_font=&#8220;|700|||||||&#8220; header_2_font_size=&#8220;18px&#8220; header_2_line_height=&#8220;1.3em&#8220; hover_enabled=&#8220;0&#8243; global_colors_info=&#8220;{}&#8220; theme_builder_area=&#8220;post_content&#8220; sticky_enabled=&#8220;0&#8243;]<span style=\"font-weight: 400;\">V roku 1992 sa odohral \u010fal\u0161\u00ed v\u00fdznamn\u00fd moment \u0161portov\u00e9ho sponzorstva. Spolo\u010dnos\u0165 Teka sa stala ofici\u00e1lnym sponzorom klubu Real Madrid C.F. V tom \u010dase t\u00edm Realu Madrid e\u0161te pre\u017e\u00edval posledn\u00e9 roky zn\u00e1meho Quinta del Buitre, v ktorom Emilio Butrague\u00f1o viedol nezabudnute\u013en\u00fa gener\u00e1ciu hr\u00e1\u010dov s M\u00edchelom, Sanch\u00edsom, Mart\u00ednom-V\u00e1zquezom a Pardezom. V tej istej sez\u00f3ne pri\u0161la do t\u00edmu \u010fal\u0161ia k\u013e\u00fa\u010dov\u00e1 hviezda, Iv\u00e1n Zamorano z \u010cile. Z\u00e1rove\u0148 sa po zranen\u00ed vr\u00e1til do hry Robert Prosinecki, jeden z najv\u00fdraznej\u0161\u00edch pos\u00edl klubu v posledn\u00fdch rokoch.<\/span><\/p>\n<p><span style=\"font-weight: 400;\">Dva z\u00e1pasy \u0161panielskej ligy, ktor\u00e9 sa v Tenerife prehrali v poslednej min\u00fate, boli v t\u00fdchto rokoch pozna\u010den\u00e9 dvoma z\u00e1pasmi pln\u00fdmi kontroverzi\u00ed a ch\u00fdb, ale aj vzru\u0161enia a\u017e do konca. Tr\u00e9nerom t\u00edmu Tenerife bol vtedy Jorge Valdano. Kr\u00e1tko nato, v roku 1994, nast\u00fapil do Realu Madrid. Bolo to tie\u017e v roku 1992, ke\u010f Real Madrid vytvoril jednu z najlep\u0161\u00edch zost\u00e1v v hist\u00f3rii s pozoruhodn\u00fdm \u0161t\u00fdlom, vyhral \u0161panielsku ligu a dosiahol \u010fal\u0161ie pam\u00e4tn\u00e9 v\u00ed\u0165azstv\u00e1, ako napr\u00edklad triumf 5:0 nad FC Barcelona na \u0161tadi\u00f3ne Santiaga Bernab\u00e9ua.<\/span><\/p>\n<p><span style=\"font-weight: 400;\">V roku 1994 sa v \u0148om prv\u00fdkr\u00e1t predstavil legend\u00e1rny hr\u00e1\u010d Realu Madrid Ra\u00fal Gonz\u00e1lez Blanco. V roku 1996 sa nov\u00fdm tr\u00e9nerom stal Talian Fabio Capello. V tom istom roku sa v\u010faka sponzorskej podpore spolo\u010dnosti Teka v bielom t\u00edme zi\u0161la plej\u00e1da legend\u00e1rnych futbalov\u00fdch hviezd. Do klubu pri\u0161li Mijatovi\u010d, Suker, Roberto Carlos a Seedorf spolu s plej\u00e1dou hr\u00e1\u010dov, ktor\u00ed u\u017e boli v t\u00edme, ako Fernando Redondo, Hierro, Amavisca a Ca\u00f1izares. Okrem toho sa objavila nov\u00e1 gener\u00e1cia talentov pod veden\u00edm Ra\u00fala Gonz\u00e1leza s menami ako Guti, \u00c1lvaro Benito a V\u00edctor S\u00e1nchez.<\/span><\/p>\n<p><span style=\"font-weight: 400;\">V tej sez\u00f3ne dosiahol t\u00edm dobr\u00e9 v\u00fdsledky a vyhral \u0161panielsky ligov\u00fd titul v z\u00e1pase proti F.C. Barcelona, pri\u010dom s\u00fa\u010das\u0165ou katal\u00e1nskeho t\u00edmu bol aj mlad\u00fd Ronaldo Nazario. V nasleduj\u00facej sez\u00f3ne sa nov\u00fdm tr\u00e9nerom stal Jupp Heynckes a klub podp\u00edsal nieko\u013eko d\u00f4le\u017eit\u00fdch hr\u00e1\u010dov ako Fernando Morientes, Braz\u00edl\u010dan Savio alebo Franc\u00faz Christian Karembeu. V tej sez\u00f3ne sa odohral jeden z m\u00ed\u013enikov klubu, ke\u010f t\u00edm z\u00edskal siedmy eur\u00f3psky poh\u00e1r. Dvadsiateho m\u00e1ja 1998 v Amsterdam Arene porazil Real Madrid C.F. tur\u00ednsky Juventus 1:0 g\u00f3lom Pedju Mijatovi\u010da a v zostave so Zinedinom Zidanom, Inzaghim a Del Pierom.<\/span>[\/et_pb_text][\/et_pb_column][et_pb_column type=&#8220;1_2&#8243; _builder_version=&#8220;4.22.1&#8243; custom_padding=&#8220;|||&#8220; custom_css_main_element=&#8220;margin: auto; &#8220; global_colors_info=&#8220;{}&#8220; custom_padding__hover=&#8220;|||&#8220; theme_builder_area=&#8220;post_content&#8220;][et_pb_image src=&#8220;https:\/\/www.teka.com\/global\/wp-content\/uploads\/sites\/3\/2018\/10\/tumblr_nn258a5X2G1t52aheo2_1280.jpg&#8220; title_text=&#8220;tumblr_nn258a5X2G1t52aheo2_1280&#8243; align_tablet=&#8220;center&#8220; align_phone=&#8220;center&#8220; align_last_edited=&#8220;on|desktop&#8220; _builder_version=&#8220;4.22.1&#8243; global_colors_info=&#8220;{}&#8220; theme_builder_area=&#8220;post_content&#8220;][\/et_pb_image][et_pb_text _builder_version=&#8220;4.27.4&#8243; header_2_font=&#8220;|700|||||||&#8220; header_2_font_size=&#8220;18px&#8220; hover_enabled=&#8220;0&#8243; global_colors_info=&#8220;{}&#8220; theme_builder_area=&#8220;post_content&#8220; sticky_enabled=&#8220;0&#8243;]<\/p>\n<p><span style=\"font-weight: 400;\">Tento titul znamenal koniec 32-ro\u010dnej ne\u00faspe\u0161nej snahy vyhra\u0165 Eur\u00f3psky poh\u00e1r. Nasleduj\u00faci de\u0148 po z\u00e1pase Real Madrid oslavoval titul pri soche bohyne Cibeles v Madride, ktor\u00e1 nie je ofici\u00e1lnym symbolom klubu. Na oslav\u00e1ch v uliciach Madridu sa z\u00fa\u010dastnilo viac ako pol mili\u00f3na \u013eud\u00ed.<\/span><\/p>\n<p><span style=\"font-weight: 400;\">V roku 1999 sa nov\u00fdm tr\u00e9nerom Realu Madrid stal Vicente del Bosque a \u010fal\u0161\u00ed v\u00fdznamn\u00ed hr\u00e1\u010di ako Steve McManaman, Nicolas Anelka, M\u00edchel Salgado a Iv\u00e1n Herrera. Bol to tie\u017e debut \u010fal\u0161ieho legend\u00e1rneho hr\u00e1\u010da: \u00cdker Casillas. Rod\u00e1k z Madridu debutoval v najvy\u0161\u0161ej s\u00fa\u0165a\u017ei vo veku iba 18 rokov v z\u00e1pase proti Athleticu Bilbao.<\/span><\/p>\n<p><span style=\"font-weight: 400;\">Kr\u00e1tko na to, 20. m\u00e1ja 2000, za\u017eil klub na \u0161tadi\u00f3ne Saint-Denis v Par\u00ed\u017ei \u010fal\u0161\u00ed historick\u00fd moment. Uskuto\u010dnil sa fin\u00e1lov\u00fd z\u00e1pas Eur\u00f3pskeho poh\u00e1ra medzi Realom Madrid a Valenciou C.F. V\u00ed\u0165azstvom 3:0 pre Real Madrid z\u00edskal \u00f4smy Eur\u00f3psky poh\u00e1r len po dvoch rokoch od siedmeho. V tomto nezabudnute\u013enom z\u00e1pase sk\u00f3rovali Morientes, McManaman a Ra\u00fal.<\/span><\/p>\n<p>[\/et_pb_text][\/et_pb_column][\/et_pb_row][et_pb_row column_structure=&#8220;3_5,2_5&#8243; make_equal=&#8220;on&#8220; admin_label=&#8220;Cadiz FC&#8220; _builder_version=&#8220;4.22.1&#8243; background_size=&#8220;initial&#8220; background_position=&#8220;top_left&#8220; background_repeat=&#8220;repeat&#8220; collapsed=&#8220;on&#8220; global_colors_info=&#8220;{}&#8220; theme_builder_area=&#8220;post_content&#8220;][et_pb_column type=&#8220;3_5&#8243; _builder_version=&#8220;4.16&#8243; custom_padding=&#8220;|||&#8220; global_colors_info=&#8220;{}&#8220; custom_padding__hover=&#8220;|||&#8220; theme_builder_area=&#8220;post_content&#8220;][et_pb_image src=&#8220;https:\/\/www.teka.com\/global\/wp-content\/uploads\/sites\/3\/2024\/01\/cadiz-football-club-patrocinado-por-teka-en-2007.webp&#8220; title_text=&#8220;cadiz-football-club-patrocinado-por-teka-en-2007&#8243; align_tablet=&#8220;center&#8220; align_phone=&#8220;center&#8220; align_last_edited=&#8220;on|desktop&#8220; _builder_version=&#8220;4.22.1&#8243; global_colors_info=&#8220;{}&#8220; theme_builder_area=&#8220;post_content&#8220;][\/et_pb_image][\/et_pb_column][et_pb_column type=&#8220;2_5&#8243; _builder_version=&#8220;4.22.1&#8243; custom_padding=&#8220;|||&#8220; custom_css_main_element=&#8220;margin: auto; &#8220; global_colors_info=&#8220;{}&#8220; custom_padding__hover=&#8220;|||&#8220; theme_builder_area=&#8220;post_content&#8220;][et_pb_text admin_label=&#8220;Title&#8220; _builder_version=&#8220;4.27.4&#8243; header_2_font=&#8220;|700|||||||&#8220; header_2_font_size=&#8220;18px&#8220; hover_enabled=&#8220;0&#8243; global_colors_info=&#8220;{}&#8220; theme_builder_area=&#8220;post_content&#8220; sticky_enabled=&#8220;0&#8243;]<\/p>\n<h2>Sponzorstvo Cadiz FC<\/h2>\n<p>[\/et_pb_text][et_pb_text _builder_version=&#8220;4.27.4&#8243; header_2_font=&#8220;|700|||||||&#8220; header_2_font_size=&#8220;18px&#8220; header_2_line_height=&#8220;1.3em&#8220; hover_enabled=&#8220;0&#8243; global_colors_info=&#8220;{}&#8220; theme_builder_area=&#8220;post_content&#8220; sticky_enabled=&#8220;0&#8243;]<\/p>\n<p><span style=\"font-weight: 400;\">Spolo\u010dnos\u0165 Teka sa stala hlavn\u00fdm sponzorom klubu C\u00e1diz C.F. v sez\u00f3ne 2007-2008 a jej logo sa objavilo na drese andal\u00fazskeho klubu. C\u00e1diz C.F. je jedn\u00fdm z t\u00edmov s najdlh\u0161ou hist\u00f3riou v \u0161panielskom futbale, zalo\u017een\u00fd bol v roku 1910.<\/span><\/p>\n<p>[\/et_pb_text][\/et_pb_column][\/et_pb_row][\/et_pb_section][et_pb_section fb_built=&#8220;1&#8243; admin_label=&#8220;Basketball&#8220; module_id=&#8220;sport-basketball&#8220; module_class=&#8220;tab-content&#8220; _builder_version=&#8220;4.22.1&#8243; collapsed=&#8220;on&#8220; global_colors_info=&#8220;{}&#8220; locked=&#8220;off&#8220; theme_builder_area=&#8220;post_content&#8220;][et_pb_row make_equal=&#8220;on&#8220; admin_label=&#8220;Intro&#8220; _builder_version=&#8220;4.22.1&#8243; background_size=&#8220;initial&#8220; background_position=&#8220;top_left&#8220; background_repeat=&#8220;repeat&#8220; collapsed=&#8220;on&#8220; global_colors_info=&#8220;{}&#8220; theme_builder_area=&#8220;post_content&#8220;][et_pb_column type=&#8220;4_4&#8243; _builder_version=&#8220;4.22.1&#8243; custom_padding=&#8220;|||&#8220; custom_css_main_element=&#8220;margin: auto; &#8220; global_colors_info=&#8220;{}&#8220; custom_padding__hover=&#8220;|||&#8220; theme_builder_area=&#8220;post_content&#8220;][et_pb_text _builder_version=&#8220;4.27.4&#8243; header_2_font=&#8220;|700|||||||&#8220; header_2_font_size=&#8220;18px&#8220; header_2_line_height=&#8220;1.3em&#8220; hover_enabled=&#8220;0&#8243; global_colors_info=&#8220;{}&#8220; theme_builder_area=&#8220;post_content&#8220; sticky_enabled=&#8220;0&#8243;]<\/p>\n<p><span style=\"font-weight: 400;\">Spolo\u010dnos\u0165 Teka si na\u0161la svoje miesto na basketbalov\u00fdch ihrisk\u00e1ch v\u010faka jedn\u00e9mu z najplodnej\u0161\u00edch vz\u0165ahov v \u0161panielskom \u0161porte spolu so sponzorsk\u00fdmi sk\u00fasenos\u0165ami vo futbale. Nemo\u017eno si nespomen\u00fa\u0165 na basketbalov\u00e9 dresy Realu Madrid bez loga Teka, ktor\u00e9 boli s\u00fa\u010das\u0165ou dvoch naj\u00faspe\u0161nej\u0161\u00edch obdob\u00ed v hist\u00f3rii basketbalov\u00e9ho klubu. Okrem toho tento dres predstavuje \u00e9ru, ktor\u00fa si pam\u00e4taj\u00fa fan\u00fa\u0161ikovia bieleho klubu, ako aj ostatn\u00ed fan\u00fa\u0161ikovia a t\u00edmy basketbalu na celom svete.<\/span><\/p>\n<p>[\/et_pb_text][\/et_pb_column][\/et_pb_row][et_pb_row column_structure=&#8220;1_2,1_2&#8243; make_equal=&#8220;on&#8220; admin_label=&#8220;Real Madrid First period&#8220; _builder_version=&#8220;4.22.1&#8243; background_size=&#8220;initial&#8220; background_position=&#8220;top_left&#8220; background_repeat=&#8220;repeat&#8220; collapsed=&#8220;on&#8220; global_colors_info=&#8220;{}&#8220; theme_builder_area=&#8220;post_content&#8220;][et_pb_column type=&#8220;1_2&#8243; _builder_version=&#8220;4.22.1&#8243; custom_padding=&#8220;|||&#8220; custom_css_main_element=&#8220;margin: auto; &#8220; global_colors_info=&#8220;{}&#8220; custom_padding__hover=&#8220;|||&#8220; theme_builder_area=&#8220;post_content&#8220;][et_pb_text admin_label=&#8220;Title&#8220; _builder_version=&#8220;4.27.4&#8243; header_2_font=&#8220;|700|||||||&#8220; header_2_font_size=&#8220;18px&#8220; hover_enabled=&#8220;0&#8243; global_colors_info=&#8220;{}&#8220; theme_builder_area=&#8220;post_content&#8220; sticky_enabled=&#8220;0&#8243;]<\/p>\n<h2>Prv\u00e9 obdobie: 1992-2000, Real Madrid Teka<\/h2>\n<p>[\/et_pb_text][et_pb_text _builder_version=&#8220;4.27.4&#8243; header_2_font=&#8220;|700|||||||&#8220; header_2_font_size=&#8220;18px&#8220; header_2_line_height=&#8220;1.3em&#8220; hover_enabled=&#8220;0&#8243; global_colors_info=&#8220;{}&#8220; theme_builder_area=&#8220;post_content&#8220; sticky_enabled=&#8220;0&#8243;]<\/p>\n<p><span style=\"font-weight: 400;\">Tieto roky predstavuj\u00fa pre t\u00edm v\u00fdznamn\u00fd m\u00ed\u013enik a pre jeho priaznivcov s\u00fa st\u00e1le jedn\u00fdm z najcennej\u0161\u00edch obdob\u00ed. Plodn\u00e9 obdobie, v ktorom sa klubu podarilo na ihrisku spoji\u0165 nezabudnute\u013en\u00e9 men\u00e1. V roku 1992 sa za\u010dalo sponzorstvo spolo\u010dnosti Teka a kr\u00e1tko nato sa t\u00edm stal Real Madrid Teka. Klub dvakr\u00e1t vyhral ACB ligu (1993, 1994) a po p\u00e4tn\u00e1stich rokoch nah\u00e1\u0148ania sa za eur\u00f3pskym titulom napokon dosiahol \u010fal\u0161\u00ed vrcholn\u00fd moment, ke\u010f v roku 1995 vyhral Euroligu.<\/span><\/p>\n<p><span style=\"font-weight: 400;\">V tom istom \u010dase, ke\u010f Teka pri\u0161iel do Realu Madrid, podp\u00edsal zmluvu Arvyas Sabonis. Bol to k\u013e\u00fa\u010dov\u00fd hr\u00e1\u010d v strat\u00e9gii, ktor\u00e1 vr\u00e1tila t\u00edm na najvy\u0161\u0161ie poz\u00edcie v basketbale. Po \u0148om tvorili s\u00fa\u010das\u0165 t\u00edmu Joe Arlauckas a \u010fal\u0161ie ve\u013ek\u00e9 men\u00e1, ako napr\u00edklad Jos\u00e9 Miguel Ant\u00fanez alebo Chechu Biriukov, ktor\u00e9 predstavovali zlat\u00fa \u00e9ru pod velen\u00edm tr\u00e9nera Clifforda Luyka. Pr\u00edchod \u010fal\u0161\u00edch hviezdnych hr\u00e1\u010dov ako Alberto Herreos a Dejan Bodiroga dodal klubu, ktor\u00fd v t\u00fdchto sez\u00f3nach dosiahol dva Eur\u00f3pske poh\u00e1re v\u00ed\u0165azov poh\u00e1rov, tri \u0161panielske ligy a nieko\u013eko turnajov, prest\u00ed\u017e, celkovo 15 titulov.<\/span><\/p>\n<p>[\/et_pb_text][\/et_pb_column][et_pb_column type=&#8220;1_2&#8243; _builder_version=&#8220;4.22.1&#8243; custom_padding=&#8220;|||&#8220; custom_css_main_element=&#8220;margin: auto; &#8220; global_colors_info=&#8220;{}&#8220; custom_padding__hover=&#8220;|||&#8220; theme_builder_area=&#8220;post_content&#8220;][et_pb_image src=&#8220;https:\/\/www.teka.com\/wp-content\/uploads\/sites\/3\/2018\/10\/Sabonis.jpg&#8220; align_tablet=&#8220;center&#8220; align_phone=&#8220;center&#8220; align_last_edited=&#8220;on|desktop&#8220; _builder_version=&#8220;4.22.1&#8243; global_colors_info=&#8220;{}&#8220; theme_builder_area=&#8220;post_content&#8220;][\/et_pb_image][\/et_pb_column][\/et_pb_row][et_pb_row column_structure=&#8220;2_5,3_5&#8243; make_equal=&#8220;on&#8220; admin_label=&#8220;Real Madrid Second period&#8220; _builder_version=&#8220;4.22.1&#8243; background_size=&#8220;initial&#8220; background_position=&#8220;top_left&#8220; background_repeat=&#8220;repeat&#8220; collapsed=&#8220;on&#8220; global_colors_info=&#8220;{}&#8220; theme_builder_area=&#8220;post_content&#8220;][et_pb_column type=&#8220;2_5&#8243; _builder_version=&#8220;4.22.1&#8243; custom_padding=&#8220;|||&#8220; custom_css_main_element=&#8220;margin: auto; &#8220; global_colors_info=&#8220;{}&#8220; custom_padding__hover=&#8220;|||&#8220; theme_builder_area=&#8220;post_content&#8220;][et_pb_image src=&#8220;https:\/\/www.teka.com\/global\/wp-content\/uploads\/sites\/3\/2024\/01\/Teka-patrocinador-oficial-del-real-madrid-baloncesto-de-2014-a-2016.webp&#8220; title_text=&#8220;Teka-patrocinador-oficial-del-real-madrid-baloncesto-de-2014-a-2016&#8243; align_tablet=&#8220;center&#8220; align_phone=&#8220;center&#8220; align_last_edited=&#8220;on|desktop&#8220; _builder_version=&#8220;4.22.1&#8243; global_colors_info=&#8220;{}&#8220; theme_builder_area=&#8220;post_content&#8220;][\/et_pb_image][et_pb_image src=&#8220;https:\/\/www.teka.com\/global\/wp-content\/uploads\/sites\/3\/2024\/01\/Teka-patrocino-al-real-madrid-baloncesto-de-2014-a-2016.webp&#8220; title_text=&#8220;Teka-patrocino-al-real-madrid-baloncesto-de-2014-a-2016&#8243; align_tablet=&#8220;center&#8220; align_phone=&#8220;center&#8220; align_last_edited=&#8220;on|desktop&#8220; _builder_version=&#8220;4.22.1&#8243; global_colors_info=&#8220;{}&#8220; theme_builder_area=&#8220;post_content&#8220;][\/et_pb_image][\/et_pb_column][et_pb_column type=&#8220;3_5&#8243; _builder_version=&#8220;4.22.1&#8243; custom_padding=&#8220;|||&#8220; custom_css_main_element=&#8220;margin: auto; &#8220; global_colors_info=&#8220;{}&#8220; custom_padding__hover=&#8220;|||&#8220; theme_builder_area=&#8220;post_content&#8220;][et_pb_text admin_label=&#8220;Title&#8220; _builder_version=&#8220;4.27.4&#8243; header_2_font=&#8220;|700|||||||&#8220; header_2_font_size=&#8220;18px&#8220; hover_enabled=&#8220;0&#8243; global_colors_info=&#8220;{}&#8220; theme_builder_area=&#8220;post_content&#8220; sticky_enabled=&#8220;0&#8243;]<\/p>\n<h2>Druh\u00e9 obdobie: 2014-2016, Real Madrid de Baloncesto<\/h2>\n<p>[\/et_pb_text][et_pb_text _builder_version=&#8220;4.27.4&#8243; header_2_font=&#8220;|700|||||||&#8220; header_2_font_size=&#8220;18px&#8220; header_2_line_height=&#8220;1.3em&#8220; hover_enabled=&#8220;0&#8243; global_colors_info=&#8220;{}&#8220; theme_builder_area=&#8220;post_content&#8220; sticky_enabled=&#8220;0&#8243;]<\/p>\n<p><span style=\"font-weight: 400;\">Za\u010dalo sa nov\u00e9 obdobie medzi spolo\u010dnos\u0165ou Teka a b\u00fdval\u00fdm Realom Madrid de Baloncesto. Spolo\u010dnos\u0165 Teka je sponzorom s najv\u00e4\u010d\u0161\u00edm po\u010dtom titulov v hist\u00f3rii madridsk\u00e9ho klubu a toto obdobie sa uk\u00e1zalo ako najlep\u0161\u00ed pr\u00edklad. Florentino P\u00e9rez v mene klubu a Arturo Baldasano, prezident spolo\u010dnosti Teka, podp\u00edsali dohodu, ktor\u00e1 bola za\u010diatkom etapy po\u010detn\u00fdch v\u00ed\u0165azstiev t\u00edmu.<\/span><\/p>\n<p><span style=\"font-weight: 400;\">T\u00edm z\u00edskal sp\u00e4\u0165 svoju prest\u00ed\u017e v Eur\u00f3pe, ke\u010f z\u00edskal \u00f4smy Eur\u00f3psky poh\u00e1r a \u010fal\u0161ie tituly vr\u00e1tane dvoch ligov\u00fdch titulov, \u0161panielskeho Superpoh\u00e1ra, dvoch Copas del Rey a Interkontinent\u00e1lneho poh\u00e1ra FIBA. Fan\u00fa\u0161ikovia za\u017eili pozoruhodn\u00e9 momenty, ako napr\u00edklad fin\u00e1le Final Four proti Olympiakosu, ktor\u00e9 sa skon\u010dilo v\u00ed\u0165azstvom \u0161panielskeho t\u00edmu v Palacio de Deportes v Madride.<\/span><\/p>\n<p><span style=\"font-weight: 400;\">Klub podp\u00edsal zmluvy s renomovan\u00fdmi hr\u00e1\u010dmi ako Rudy Fern\u00e1ndez, Felipe Reyes, Jaycee Carroll, Sergio Rodr\u00edguez, Luka Don\u010di\u010d a Sergio Llull. Obliekali dres, ktor\u00fd sa stal s\u00fa\u010das\u0165ou hist\u00f3rie basketbalu v \u0160panielsku a na celom svete, reprezentoval hodnoty klubu aj zna\u010dky a priniesol n\u00e1m niektor\u00e9 z najlegend\u00e1rnej\u0161\u00edch momentov v \u0161porte.<\/span><\/p>\n<p>[\/et_pb_text][\/et_pb_column][\/et_pb_row][\/et_pb_section][et_pb_section fb_built=&#8220;1&#8243; admin_label=&#8220;Cycling&#8220; module_id=&#8220;sport-cycling&#8220; module_class=&#8220;tab-content&#8220; _builder_version=&#8220;4.22.1&#8243; collapsed=&#8220;on&#8220; global_colors_info=&#8220;{}&#8220; locked=&#8220;off&#8220; theme_builder_area=&#8220;post_content&#8220;][et_pb_row make_equal=&#8220;on&#8220; admin_label=&#8220;Intro&#8220; _builder_version=&#8220;4.22.1&#8243; background_size=&#8220;initial&#8220; background_position=&#8220;top_left&#8220; background_repeat=&#8220;repeat&#8220; collapsed=&#8220;on&#8220; global_colors_info=&#8220;{}&#8220; theme_builder_area=&#8220;post_content&#8220;][et_pb_column type=&#8220;4_4&#8243; _builder_version=&#8220;4.22.1&#8243; custom_padding=&#8220;|||&#8220; custom_css_main_element=&#8220;margin: auto; &#8220; global_colors_info=&#8220;{}&#8220; custom_padding__hover=&#8220;|||&#8220; theme_builder_area=&#8220;post_content&#8220;][et_pb_text _builder_version=&#8220;4.27.4&#8243; header_2_font=&#8220;|700|||||||&#8220; header_2_font_size=&#8220;18px&#8220; header_2_line_height=&#8220;1.3em&#8220; hover_enabled=&#8220;0&#8243; global_colors_info=&#8220;{}&#8220; theme_builder_area=&#8220;post_content&#8220; sticky_enabled=&#8220;0&#8243;]<\/p>\n<p>Po tom, \u010do spolo\u010dnos\u0165 Teka za\u010dala svoju \u0161portov\u00fa hist\u00f3riu v roku 1975, sa v roku 1976 p\u00fa\u0161\u0165a do novej v\u00fdzvy a roz\u0161iruje svoju podporu \u0161panielskej cyklistike. \u0160panielska cyklistika v roku 1976. Jos\u00e9 G\u00f3mez Casuso, mana\u017e\u00e9r spolo\u010dnosti Teka, p\u00f4sobil ako katalyz\u00e1tor, ako to u\u017e urobil v pr\u00edpade h\u00e1dzan\u00e1rskeho t\u00edmu GD Teka Santander. Po zhode s cyklistom a vtedaj\u0161\u00edm ve\u013ek\u00fdm fan\u00fa\u0161ikom Santiagom Revueltom vytvorili GD Teka Santander. Revuelta, vytvorili GD. T\u00edm s\u00eddlil v Kant\u00e1brii a r\u00e1stol, a\u017e k\u00fdm nedosiahol svoje najlep\u0161ie chv\u00edle po\u010das 80. rokov. po\u010das 80. rokov.<\/p>\n<p>[\/et_pb_text][\/et_pb_column][\/et_pb_row][et_pb_row column_structure=&#8220;1_2,1_2&#8243; make_equal=&#8220;on&#8220; admin_label=&#8220;Grupo Deportivo Teka&#8220; _builder_version=&#8220;4.22.1&#8243; background_size=&#8220;initial&#8220; background_position=&#8220;top_left&#8220; background_repeat=&#8220;repeat&#8220; collapsed=&#8220;on&#8220; global_colors_info=&#8220;{}&#8220; theme_builder_area=&#8220;post_content&#8220;][et_pb_column type=&#8220;1_2&#8243; _builder_version=&#8220;4.22.1&#8243; custom_padding=&#8220;|||&#8220; custom_css_main_element=&#8220;margin: auto; &#8220; global_colors_info=&#8220;{}&#8220; custom_padding__hover=&#8220;|||&#8220; theme_builder_area=&#8220;post_content&#8220;][et_pb_image src=&#8220;https:\/\/www.teka.com\/global\/wp-content\/uploads\/sites\/3\/2024\/01\/grupo-deportivo-teka-de-ciclismo.webp&#8220; title_text=&#8220;grupo-deportivo-teka-de-ciclismo&#8220; align_tablet=&#8220;center&#8220; align_phone=&#8220;center&#8220; align_last_edited=&#8220;on|desktop&#8220; admin_label=&#8220;Image Cycling&#8220; _builder_version=&#8220;4.22.1&#8243; global_colors_info=&#8220;{}&#8220; theme_builder_area=&#8220;post_content&#8220;][\/et_pb_image][\/et_pb_column][et_pb_column type=&#8220;1_2&#8243; _builder_version=&#8220;4.22.1&#8243; custom_padding=&#8220;|||&#8220; custom_css_main_element=&#8220;margin: auto; &#8220; global_colors_info=&#8220;{}&#8220; custom_padding__hover=&#8220;|||&#8220; theme_builder_area=&#8220;post_content&#8220;][et_pb_text admin_label=&#8220;Title&#8220; _builder_version=&#8220;4.27.4&#8243; header_2_font=&#8220;|700|||||||&#8220; header_2_font_size=&#8220;18px&#8220; hover_enabled=&#8220;0&#8243; global_colors_info=&#8220;{}&#8220; theme_builder_area=&#8220;post_content&#8220; sticky_enabled=&#8220;0&#8243;]<\/p>\n<h2><strong>Grupo Deportivo Teka<\/strong><\/h2>\n<p>[\/et_pb_text][et_pb_text _builder_version=&#8220;4.27.4&#8243; header_2_font=&#8220;|700|||||||&#8220; header_2_font_size=&#8220;18px&#8220; header_2_line_height=&#8220;1.3em&#8220; hover_enabled=&#8220;0&#8243; global_colors_info=&#8220;{}&#8220; theme_builder_area=&#8220;post_content&#8220; sticky_enabled=&#8220;0&#8243;]<\/p>\n<p><span style=\"font-weight: 400;\">T\u00edm si na\u0161iel cestu na \u0161panielske cyklistick\u00e9 preteky a z\u00edskal uznanie. V roku 1977 vyhrali Vuelta a Espa\u00f1a v kateg\u00f3rii t\u00edmov, ako aj \u010fal\u0161ie preteky, napr\u00edklad Vuelta a Cantabria, L\u00e9rida a Levante. Za\u010dali by\u0165 pravidelne pr\u00edtomn\u00ed na cyklistickej sc\u00e9ne a za\u010dali podpisova\u0165 zmluvy s n\u00e1rodn\u00fdmi a miestnymi cyklistami, ako aj s medzin\u00e1rodn\u00fdmi cyklistami. Men\u00e1 ako \u0160paniel Juli\u00e1n Anddiano alebo Portugal\u010dan Joaquim Agostinho si na\u0161li svoje miesto a zabezpe\u010dili si v\u00ed\u0165azstv\u00e1 v t\u00edme Teka.<\/span><\/p>\n<p><span style=\"font-weight: 400;\">Za\u010diatkom 80. rokov 20. storo\u010dia sa za\u010dala vyr\u00e1ba\u0165 spolo\u010dnos\u0165 GDD Teka. V skuto\u010dnosti sa priaznivci cyklistiky pozeraj\u00fa na tieto roky s ur\u010ditou nostalgiou, preto\u017ee \u0160panielsko za\u010dalo by\u0165 zn\u00e1me v medzin\u00e1rodn\u00fdch s\u00fa\u0165a\u017eiach. Bolo to vzru\u0161uj\u00face obdobie pre tento \u0161port a po\u010das tohto desa\u0165ro\u010dia sa objavilo mnoho priaznivcov. Mnoh\u00ed z najzn\u00e1mej\u0161\u00edch cyklistov vtedy a v 90. rokoch dosiahli svoje triumfy. Teka bol dobr\u00fdm pr\u00edkladom t\u00fdchto zlat\u00fdch rokov.<\/span><\/p>\n<p>[\/et_pb_text][\/et_pb_column][\/et_pb_row][et_pb_row column_structure=&#8220;1_2,1_2&#8243; make_equal=&#8220;on&#8220; admin_label=&#8220;80&#8217;s decade&#8220; _builder_version=&#8220;4.22.1&#8243; background_size=&#8220;initial&#8220; background_position=&#8220;top_left&#8220; background_repeat=&#8220;repeat&#8220; collapsed=&#8220;on&#8220; global_colors_info=&#8220;{}&#8220; theme_builder_area=&#8220;post_content&#8220;][et_pb_column type=&#8220;1_2&#8243; _builder_version=&#8220;4.22.1&#8243; custom_padding=&#8220;|||&#8220; custom_css_main_element=&#8220;margin: auto; &#8220; global_colors_info=&#8220;{}&#8220; custom_padding__hover=&#8220;|||&#8220; theme_builder_area=&#8220;post_content&#8220;][et_pb_text _builder_version=&#8220;4.27.4&#8243; header_2_font=&#8220;|700|||||||&#8220; header_2_font_size=&#8220;18px&#8220; header_2_line_height=&#8220;1.3em&#8220; hover_enabled=&#8220;0&#8243; global_colors_info=&#8220;{}&#8220; theme_builder_area=&#8220;post_content&#8220; sticky_enabled=&#8220;0&#8243;]<\/p>\n<p><span style=\"font-weight: 400;\">V roku 1982 vyhral dnes u\u017e sl\u00e1vny Marino Lejarreta preteky Vuelta a Espa\u00f1a s logom Teka na svojom oble\u010den\u00ed. Jeho t\u00edmov\u00ed kolegovia v\u0161ak u\u017e z\u00edskali v\u00ed\u0165azstv\u00e1 v in\u00fdch pretekoch a nasledovali nov\u00e9 podpisy. Boli medzi nimi No\u00ebl Dejonckheere alebo Reimund Dietzen a n\u00e1sledne t\u00edm prv\u00fdkr\u00e1t v \u0161panielskej cyklistike priviedol sk\u00fasen\u00fdch jazdcov z Kolumbie, ako napr\u00edklad Edgara Corredora.<\/span><\/p>\n<p><span style=\"font-weight: 400;\">V polovici 80. rokov 20. storo\u010dia bol v\u00fdznam GDD Teka v cyklistike jasn\u00fd a mal jeden z najvy\u0161\u0161\u00edch n\u00e1rodn\u00fdch rozpo\u010dtov.<\/span><\/p>\n<p><span style=\"font-weight: 400;\">GD dosiahol nieko\u013eko v\u00ed\u0165azstiev v n\u00e1rodn\u00fdch s\u00fa\u0165a\u017eiach vr\u00e1tane Vuelta a Espa\u00f1a v roku 1984 ako t\u00edm. V roku 1986 bol GD Teka zvolen\u00fd za najlep\u0161\u00ed profesion\u00e1lny t\u00edm roka, pri\u010dom v tom \u010dase mal najv\u00e4\u010d\u0161\u00ed t\u00edm v hist\u00f3rii. Ich \u00fa\u010das\u0165 na Tour de France v nasleduj\u00facich rokoch priniesla aj v\u00ed\u0165azstv\u00e1 v r\u00f4znych etap\u00e1ch.<\/span><\/p>\n<p><span style=\"font-weight: 400;\">Pr\u00edchod 90. rokov priniesol nieko\u013eko udalost\u00ed, ktor\u00e9 viedli k ukon\u010deniu vz\u0165ahu medzi Tekou a t\u00edmom. GD Teka si po\u010das svojej hist\u00f3rie zabezpe\u010dil viac ako 500 v\u00ed\u0165azstiev a p\u00f4sobili v \u0148om niektor\u00e9 z\u00e1sadn\u00e9 men\u00e1 n\u00e1rodnej cyklistiky, ako napr\u00edklad Marino Lejarreta, Peio Ruiz Cabestany, Eduardo Chozas, Miguel Mar\u00eda Lasa a Marino Alonso.<\/span><\/p>\n<p>[\/et_pb_text][\/et_pb_column][et_pb_column type=&#8220;1_2&#8243; _builder_version=&#8220;4.22.1&#8243; custom_padding=&#8220;|||&#8220; custom_css_main_element=&#8220;margin: auto; &#8220; global_colors_info=&#8220;{}&#8220; custom_padding__hover=&#8220;|||&#8220; theme_builder_area=&#8220;post_content&#8220;][et_pb_image src=&#8220;https:\/\/www.teka.com\/wp-content\/uploads\/sites\/3\/2018\/10\/teka-ciclismo2.jpg&#8220; align_tablet=&#8220;center&#8220; align_phone=&#8220;center&#8220; align_last_edited=&#8220;on|desktop&#8220; admin_label=&#8220;Image Cycling&#8220; _builder_version=&#8220;4.16&#8243; global_colors_info=&#8220;{}&#8220; theme_builder_area=&#8220;post_content&#8220;][\/et_pb_image][\/et_pb_column][\/et_pb_row][\/et_pb_section][et_pb_section fb_built=&#8220;1&#8243; admin_label=&#8220;Handball&#8220; module_id=&#8220;sport-handball&#8220; module_class=&#8220;tab-content&#8220; _builder_version=&#8220;4.22.1&#8243; collapsed=&#8220;on&#8220; global_colors_info=&#8220;{}&#8220; locked=&#8220;off&#8220; theme_builder_area=&#8220;post_content&#8220;][et_pb_row make_equal=&#8220;on&#8220; admin_label=&#8220;Intro&#8220; _builder_version=&#8220;4.22.1&#8243; background_size=&#8220;initial&#8220; background_position=&#8220;top_left&#8220; background_repeat=&#8220;repeat&#8220; collapsed=&#8220;on&#8220; global_colors_info=&#8220;{}&#8220; theme_builder_area=&#8220;post_content&#8220;][et_pb_column type=&#8220;4_4&#8243; _builder_version=&#8220;4.22.1&#8243; custom_padding=&#8220;|||&#8220; custom_css_main_element=&#8220;margin: auto; &#8220; global_colors_info=&#8220;{}&#8220; custom_padding__hover=&#8220;|||&#8220; theme_builder_area=&#8220;post_content&#8220;][et_pb_text _builder_version=&#8220;4.27.4&#8243; header_2_font=&#8220;|700|||||||&#8220; header_2_font_size=&#8220;18px&#8220; header_2_line_height=&#8220;1.3em&#8220; hover_enabled=&#8220;0&#8243; global_colors_info=&#8220;{}&#8220; theme_builder_area=&#8220;post_content&#8220; sticky_enabled=&#8220;0&#8243;]<\/p>\n<p><span style=\"font-weight: 400;\">Anga\u017eovanos\u0165 spolo\u010dnosti Teka v \u0161porte siaha do viacer\u00fdch discipl\u00edn a je \u013eahk\u00e9 spomen\u00fa\u0165 si na logo spolo\u010dnosti ako s\u00fa\u010das\u0165 niektor\u00fdch z najsl\u00e1vnej\u0161\u00edch momentov \u0161panielskych t\u00edmov. H\u00e1dzan\u00e1 m\u00e1 v tejto hist\u00f3rii osobitn\u00e9 miesto, preto\u017ee spolo\u010dnos\u0165 Teka s \u0148ou za\u010dala svoju cestu k \u0161portov\u00e9mu sponzorstvu v Kant\u00e1brii na severe \u0160panielska v roku 1975. V tom roku sa s finan\u010dnou podporou spolo\u010dnosti zrodil h\u00e1dzan\u00e1rsky t\u00edm Club Balonmano Cantabria ako Grupo Deportivo Teka Santander. V tom \u010dase e\u0161te netu\u0161ili, \u017ee miestny druholigov\u00fd t\u00edm zanech\u00e1 stopu nielen v hist\u00f3rii h\u00e1dzanej, ale aj v hist\u00f3rii \u0161panielskeho \u0161portu.<\/span><\/p>\n<p>[\/et_pb_text][\/et_pb_column][\/et_pb_row][et_pb_row column_structure=&#8220;1_2,1_2&#8243; make_equal=&#8220;on&#8220; admin_label=&#8220;Grupo Deportivo Teka&#8220; _builder_version=&#8220;4.22.1&#8243; background_size=&#8220;initial&#8220; background_position=&#8220;top_left&#8220; background_repeat=&#8220;repeat&#8220; collapsed=&#8220;on&#8220; global_colors_info=&#8220;{}&#8220; theme_builder_area=&#8220;post_content&#8220;][et_pb_column type=&#8220;1_2&#8243; _builder_version=&#8220;4.22.1&#8243; custom_padding=&#8220;|||&#8220; custom_css_main_element=&#8220;margin: auto; &#8220; global_colors_info=&#8220;{}&#8220; custom_padding__hover=&#8220;|||&#8220; theme_builder_area=&#8220;post_content&#8220;][et_pb_text admin_label=&#8220;Title&#8220; _builder_version=&#8220;4.27.4&#8243; header_2_font=&#8220;|700|||||||&#8220; header_2_font_size=&#8220;18px&#8220; hover_enabled=&#8220;0&#8243; global_colors_info=&#8220;{}&#8220; theme_builder_area=&#8220;post_content&#8220; sticky_enabled=&#8220;0&#8243;]<\/p>\n<h2><strong>Grupo Deportivo Teka Santander: 1975-1995<\/strong><\/h2>\n<p>[\/et_pb_text][et_pb_text _builder_version=&#8220;4.27.4&#8243; header_2_font=&#8220;|700|||||||&#8220; header_2_font_size=&#8220;18px&#8220; header_2_line_height=&#8220;1.3em&#8220; hover_enabled=&#8220;0&#8243; global_colors_info=&#8220;{}&#8220; theme_builder_area=&#8220;post_content&#8220; sticky_enabled=&#8220;0&#8243;]<\/p>\n<p><span style=\"font-weight: 400;\">Santander, kde sa nach\u00e1dza prv\u00e1 tov\u00e1re\u0148 spolo\u010dnosti Teka v \u0160panielsku, hostil spolo\u010dnos\u0165 Grupo Deportivo. Sponzorovanie klubu ako zna\u010dky sa v krajine nikdy predt\u00fdm neuskuto\u010dnilo, tak\u017ee obe strany za\u010dali nov\u00fa spolo\u010dn\u00fa cestu, na ktorej zdie\u013eali svoju l\u00e1sku k \u0161portu a fandeniu. Spolo\u010dn\u00e9 \u00fasilie a oddanos\u0165, ktor\u00e9 by prekonali obvykl\u00e9 prek\u00e1\u017eky, ktor\u00e9 sa vyskytuj\u00fa pri za\u010d\u00ednan\u00ed od nuly, by sa otreli o \u0161pi\u010dkov\u00e9 t\u00edmy s vy\u0161\u0161ou reput\u00e1ciou a rozpo\u010dtom. Jos\u00e9 Antonio Revilla vytvoril klub a Jos\u00e9 G\u00f3mez Casuso, z\u00e1stupca spolo\u010dnosti Teka, zariadil sponzorstvo t\u00edmu.<\/span><\/p>\n<p><span style=\"font-weight: 400;\">Spolo\u010dnos\u0165 sa tak anga\u017eovala, \u017ee \u010doskoro sa t\u00edm zap\u00edsal do hist\u00f3rie ako \u201eEl Teka\u201c. Spolu s \u013eudsk\u00fdm faktorom, vynikaj\u00facimi hr\u00e1\u010dmi, neochvejn\u00fdmi fan\u00fa\u0161ikmi a \u00faspe\u0161n\u00fdm mana\u017ementom sa t\u00edm vydal na r\u00fdchlu kari\u00e9ru. Po nieko\u013ek\u00fdch pokusoch, ktor\u00e9 ich nechali bl\u00edzko k dosiahnutiu \u010destnej div\u00edzie v \u0161panielskej h\u00e1dzanej, sa im to v sez\u00f3ne 82\/83 kone\u010dne podarilo. V roku 1985 si \u201eEl Teka\u201c zahrala svoju prv\u00fa eur\u00f3psku s\u00fa\u0165a\u017e a v sez\u00f3ne 88\/89 vyhrala \u0161panielsky Copa del Rey. Koncom desa\u0165ro\u010dia sa u\u017e klub zmenil na jeden z najlep\u0161\u00edch h\u00e1dzan\u00e1rskych t\u00edmov.<\/span><\/p>\n<p>[\/et_pb_text][\/et_pb_column][et_pb_column type=&#8220;1_2&#8243; _builder_version=&#8220;4.22.1&#8243; custom_padding=&#8220;|||&#8220; custom_css_main_element=&#8220;margin: auto; &#8220; global_colors_info=&#8220;{}&#8220; custom_padding__hover=&#8220;|||&#8220; theme_builder_area=&#8220;post_content&#8220;][et_pb_image src=&#8220;https:\/\/www.teka.com\/global\/wp-content\/uploads\/sites\/3\/2024\/01\/grupo-deportivo-teka-balonmano.webp&#8220; title_text=&#8220;grupo-deportivo-teka-balonmano&#8220; align_tablet=&#8220;center&#8220; align_phone=&#8220;center&#8220; align_last_edited=&#8220;on|desktop&#8220; _builder_version=&#8220;4.22.1&#8243; global_colors_info=&#8220;{}&#8220; theme_builder_area=&#8220;post_content&#8220;][\/et_pb_image][\/et_pb_column][\/et_pb_row][et_pb_row column_structure=&#8220;2_5,3_5&#8243; make_equal=&#8220;on&#8220; admin_label=&#8220;Teka Cantabria&#8220; _builder_version=&#8220;4.22.1&#8243; background_size=&#8220;initial&#8220; background_position=&#8220;top_left&#8220; background_repeat=&#8220;repeat&#8220; collapsed=&#8220;on&#8220; global_colors_info=&#8220;{}&#8220; theme_builder_area=&#8220;post_content&#8220;][et_pb_column type=&#8220;2_5&#8243; _builder_version=&#8220;4.22.1&#8243; custom_padding=&#8220;|||&#8220; custom_css_main_element=&#8220;margin: auto; &#8220; global_colors_info=&#8220;{}&#8220; custom_padding__hover=&#8220;|||&#8220; theme_builder_area=&#8220;post_content&#8220;][et_pb_image src=&#8220;https:\/\/www.teka.com\/global\/wp-content\/uploads\/sites\/3\/2024\/01\/equipo-de-balonmano-de-teka-de-la-temporada-1988-89.webp&#8220; title_text=&#8220;equipo-de-balonmano-de-teka-de-la-temporada-1988-89&#8243; align_tablet=&#8220;center&#8220; align_phone=&#8220;center&#8220; align_last_edited=&#8220;on|desktop&#8220; _builder_version=&#8220;4.22.1&#8243; global_colors_info=&#8220;{}&#8220; theme_builder_area=&#8220;post_content&#8220;][\/et_pb_image][et_pb_image src=&#8220;https:\/\/www.teka.com\/global\/wp-content\/uploads\/sites\/3\/2024\/01\/tributo-a-teka-en-el-museo-deportivo-de-santander.webp&#8220; title_text=&#8220;tributo-a-teka-en-el-museo-deportivo-de-santander&#8220; align_tablet=&#8220;center&#8220; align_phone=&#8220;center&#8220; align_last_edited=&#8220;on|desktop&#8220; _builder_version=&#8220;4.22.1&#8243; global_colors_info=&#8220;{}&#8220; theme_builder_area=&#8220;post_content&#8220;][\/et_pb_image][\/et_pb_column][et_pb_column type=&#8220;3_5&#8243; _builder_version=&#8220;4.22.1&#8243; custom_padding=&#8220;|||&#8220; custom_css_main_element=&#8220;margin: auto; &#8220; global_colors_info=&#8220;{}&#8220; custom_padding__hover=&#8220;|||&#8220; theme_builder_area=&#8220;post_content&#8220;][et_pb_text admin_label=&#8220;Title&#8220; _builder_version=&#8220;4.27.4&#8243; header_2_font=&#8220;|700|||||||&#8220; header_2_font_size=&#8220;18px&#8220; hover_enabled=&#8220;0&#8243; global_colors_info=&#8220;{}&#8220; theme_builder_area=&#8220;post_content&#8220; sticky_enabled=&#8220;0&#8243;]<\/p>\n<h2><strong>Teka Cantabria 1993-94: ke\u010f sme boli najlep\u0161\u00ed t\u00edm<\/strong><\/h2>\n<p>[\/et_pb_text][et_pb_text _builder_version=&#8220;4.27.4&#8243; header_2_font=&#8220;|700|||||||&#8220; header_2_font_size=&#8220;18px&#8220; header_2_line_height=&#8220;1.3em&#8220; hover_enabled=&#8220;0&#8243; global_colors_info=&#8220;{}&#8220; theme_builder_area=&#8220;post_content&#8220; sticky_enabled=&#8220;0&#8243;]<\/p>\n<p><span style=\"font-weight: 400;\">V sez\u00f3ne 92\/93 pri\u0161lo nieko\u013eko nov\u00fdch pos\u00edl, ako napr\u00edklad Talant Dujshebaev, Mijail Jakimovic a Mateo Garralda, k\u013e\u00fa\u010dov\u00ed hr\u00e1\u010di pre bud\u00facnos\u0165 t\u00edmu, spolu s \u010fal\u0161\u00edmi hr\u00e1\u010dmi, ktor\u00ed u\u017e vytvorili v\u00ed\u0165azn\u00fd t\u00edm. Dosiahli tri po sebe id\u00face v\u00ed\u0165azstv\u00e1 v najvy\u0161\u0161ej s\u00fa\u0165a\u017ei, ke\u010f vyhrali Supercopa de Espa\u00f1a, \u0161panielsku ligu ASOBAL a Poh\u00e1r IHF (eur\u00f3pska h\u00e1dzan\u00e1rska s\u00fa\u0165a\u017e). Bolo to prv\u00fdkr\u00e1t, \u010do \u0161panielsky h\u00e1dzan\u00e1rsky t\u00edm z\u00edskal eur\u00f3psky titul. Men\u00e1 ako Mats Olsson, Alberto Urdiales, Jos\u00e9 Javier Hombrados, Juli\u00e1n Ruiz, Roddrigo Re\u00f1ones, Mu\u00f1oz Melo a Javier Cabanas sa stali s\u00fa\u010das\u0165ou hist\u00f3rie h\u00e1dzanej.<\/span><\/p>\n<p><span style=\"font-weight: 400;\">V sez\u00f3ne 93\/94 t\u00edm vyhral sez\u00f3nnu ligu ASOBAL a Eur\u00f3psky poh\u00e1r (Ligu majstrov), \u010do dokazuje nezastavite\u013en\u00fd pokrok od jeho za\u010diatkov. Dokument\u00e1rny film \u201eTeka Cantabria 93\/94. Ke\u010f sme boli najlep\u0161\u00ed t\u00edm\u201c (FID, 2022) obsahuje z\u00e1bery a rozhovory o tom, ako sa klub zap\u00edsal do hist\u00f3rie \u0161panielskeho \u0161portu. Film vzd\u00e1va hold ceste t\u00edmu za v\u00ed\u0165azstvami a oboma trofejami.\u00a0<\/span><\/p>\n<p><span style=\"font-weight: 400;\">V roku 1995 zna\u010dka a t\u00edm ukon\u010dili spolupr\u00e1cu, aby sa o nieko\u013eko rokov nesk\u00f4r, v roku 1999, vr\u00e1tili. Nakoniec sa klub v roku 2008 rozpadol a ukon\u010dil tak kari\u00e9ru, ktor\u00e1 vyniesla \u0161panielsku h\u00e1dzan\u00fa na najvy\u0161\u0161ie poz\u00edcie. Zoznam ich v\u00ed\u0165azstiev zah\u0155\u0148a Eur\u00f3psky poh\u00e1r, majstrovstv\u00e1 sveta klubov, dva Eur\u00f3pske poh\u00e1re v\u00ed\u0165azov poh\u00e1rov, nieko\u013eko titulov v lige ASOBAL, nieko\u013eko trofej\u00ed v Copa del Rey, dvakr\u00e1t \u0161panielsky h\u00e1dzan\u00e1rsky superpoh\u00e1r a \u0161tyri poh\u00e1re ASOBAL.<\/span><\/p>\n<p><span style=\"font-weight: 400;\">M\u00fazeum \u0161portu v Santanderi v mestskom Palacio de Deportes venovalo t\u00edmu jeden zo svojich modulov ako poctu v\u0161etk\u00fdm \u013eu\u010fom, ktor\u00ed prostredn\u00edctvom h\u00e1dzanej priviedli mesto na vrchol eur\u00f3pskych s\u00fa\u0165a\u017e\u00ed.<\/span><\/p>\n<p>[\/et_pb_text][\/et_pb_column][\/et_pb_row][\/et_pb_section][et_pb_section fb_built=&#8220;1&#8243; admin_label=&#8220;Hockey&#8220; module_id=&#8220;sport-hokey&#8220; module_class=&#8220;tab-content&#8220; _builder_version=&#8220;4.22.1&#8243; collapsed=&#8220;on&#8220; global_colors_info=&#8220;{}&#8220; locked=&#8220;off&#8220; theme_builder_area=&#8220;post_content&#8220;][et_pb_row column_structure=&#8220;1_2,1_2&#8243; _builder_version=&#8220;4.16&#8243; background_size=&#8220;initial&#8220; background_position=&#8220;top_left&#8220; background_repeat=&#8220;repeat&#8220; global_colors_info=&#8220;{}&#8220; theme_builder_area=&#8220;post_content&#8220; collapsed=&#8220;on&#8220;][et_pb_column type=&#8220;1_2&#8243; _builder_version=&#8220;4.16&#8243; custom_padding=&#8220;|||&#8220; global_colors_info=&#8220;{}&#8220; custom_padding__hover=&#8220;|||&#8220; theme_builder_area=&#8220;post_content&#8220;][et_pb_image src=&#8220;https:\/\/www.teka.com\/wp-content\/uploads\/sites\/3\/2018\/10\/Tatran-Teka.jpg&#8220; align_tablet=&#8220;center&#8220; align_phone=&#8220;center&#8220; align_last_edited=&#8220;on|desktop&#8220; admin_label=&#8220;Image Hockey&#8220; _builder_version=&#8220;4.16&#8243; global_colors_info=&#8220;{}&#8220; theme_builder_area=&#8220;post_content&#8220;][\/et_pb_image][\/et_pb_column][et_pb_column type=&#8220;1_2&#8243; _builder_version=&#8220;4.16&#8243; custom_padding=&#8220;|||&#8220; global_colors_info=&#8220;{}&#8220; custom_padding__hover=&#8220;|||&#8220; theme_builder_area=&#8220;post_content&#8220;][et_pb_text admin_label=&#8220;Hockey&#8220; _builder_version=&#8220;4.27.4&#8243; hover_enabled=&#8220;0&#8243; global_colors_info=&#8220;{}&#8220; theme_builder_area=&#8220;post_content&#8220; sticky_enabled=&#8220;0&#8243;]<\/p>\n<h3>Hokej na kolieskov\u00fdch kor\u010duliach<\/h3>\n<p>Spolo\u010dnos\u0165 Teka sa v \u010deskej n\u00e1rodnej superlige kolieskov\u00e9ho hokeja prezentuje ako hlavn\u00fd sponzor Tatrana Teka St\u0159e\u0161ovice.<br \/>\n[\/et_pb_text][\/et_pb_column][\/et_pb_row][\/et_pb_section][et_pb_section fb_built=&#8220;1&#8243; admin_label=&#8220;Motor&#8220; module_id=&#8220;sport-motor&#8220; module_class=&#8220;tab-content&#8220; _builder_version=&#8220;4.22.1&#8243; collapsed=&#8220;on&#8220; global_colors_info=&#8220;{}&#8220; locked=&#8220;off&#8220; theme_builder_area=&#8220;post_content&#8220;][et_pb_row make_equal=&#8220;on&#8220; admin_label=&#8220;Intro&#8220; _builder_version=&#8220;4.22.1&#8243; background_size=&#8220;initial&#8220; background_position=&#8220;top_left&#8220; background_repeat=&#8220;repeat&#8220; collapsed=&#8220;on&#8220; global_colors_info=&#8220;{}&#8220; theme_builder_area=&#8220;post_content&#8220;][et_pb_column type=&#8220;4_4&#8243; _builder_version=&#8220;4.22.1&#8243; custom_padding=&#8220;|||&#8220; custom_css_main_element=&#8220;margin: auto; &#8220; global_colors_info=&#8220;{}&#8220; custom_padding__hover=&#8220;|||&#8220; theme_builder_area=&#8220;post_content&#8220;][et_pb_text _builder_version=&#8220;4.27.4&#8243; header_2_font=&#8220;|700|||||||&#8220; header_2_font_size=&#8220;18px&#8220; header_2_line_height=&#8220;1.3em&#8220; hover_enabled=&#8220;0&#8243; global_colors_info=&#8220;{}&#8220; theme_builder_area=&#8220;post_content&#8220; sticky_enabled=&#8220;0&#8243;]<\/p>\n<p><span style=\"font-weight: 400;\">Anga\u017eovanos\u0165 spolo\u010dnosti Teka v \u0161porte siaha do viacer\u00fdch discipl\u00edn a je \u013eahk\u00e9 spomen\u00fa\u0165 si na logo spolo\u010dnosti ako s\u00fa\u010das\u0165 niektor\u00fdch z najsl\u00e1vnej\u0161\u00edch momentov \u0161panielskych t\u00edmov. H\u00e1dzan\u00e1 m\u00e1 v tejto hist\u00f3rii osobitn\u00e9 miesto, preto\u017ee spolo\u010dnos\u0165 Teka s \u0148ou za\u010dala svoju cestu k \u0161portov\u00e9mu sponzorstvu v Kant\u00e1brii na severe \u0160panielska v roku 1975. V tom roku sa s finan\u010dnou podporou spolo\u010dnosti zrodil h\u00e1dzan\u00e1rsky t\u00edm Club Balonmano Cantabria ako Grupo Deportivo Teka Santander. V tom \u010dase e\u0161te netu\u0161ili, \u017ee miestny druholigov\u00fd t\u00edm zanech\u00e1 stopu nielen v hist\u00f3rii h\u00e1dzanej, ale aj v hist\u00f3rii \u0161panielskeho \u0161portu.<\/span><\/p>\n<p>[\/et_pb_text][\/et_pb_column][\/et_pb_row][et_pb_row column_structure=&#8220;1_2,1_2&#8243; _builder_version=&#8220;4.16&#8243; background_size=&#8220;initial&#8220; background_position=&#8220;top_left&#8220; background_repeat=&#8220;repeat&#8220; global_colors_info=&#8220;{}&#8220; theme_builder_area=&#8220;post_content&#8220; collapsed=&#8220;on&#8220;][et_pb_column type=&#8220;1_2&#8243; _builder_version=&#8220;4.16&#8243; custom_padding=&#8220;|||&#8220; global_colors_info=&#8220;{}&#8220; custom_padding__hover=&#8220;|||&#8220; theme_builder_area=&#8220;post_content&#8220;][et_pb_image src=&#8220;https:\/\/www.teka.com\/wp-content\/uploads\/sites\/3\/2018\/10\/LarissaPapenmeierMX1MX2MotocrossWorldPyDv7aCj8A2l.jpg&#8220; align_tablet=&#8220;center&#8220; align_phone=&#8220;center&#8220; align_last_edited=&#8220;on|desktop&#8220; admin_label=&#8220;Image Motocross&#8220; _builder_version=&#8220;4.16&#8243; global_colors_info=&#8220;{}&#8220; theme_builder_area=&#8220;post_content&#8220;][\/et_pb_image][et_pb_text admin_label=&#8220;Title&#8220; _builder_version=&#8220;4.27.4&#8243; header_2_font=&#8220;|700|||||||&#8220; header_2_font_size=&#8220;18px&#8220; hover_enabled=&#8220;0&#8243; global_colors_info=&#8220;{}&#8220; theme_builder_area=&#8220;post_content&#8220; sticky_enabled=&#8220;0&#8243;]<\/p>\n<h2><strong>Majstrovstv\u00e1 sveta FIM v motokrose spolo\u010dnosti Teka<\/strong><\/h2>\n<p>[\/et_pb_text][et_pb_text _builder_version=&#8220;4.27.4&#8243; header_2_font=&#8220;|700|||||||&#8220; header_2_font_size=&#8220;18px&#8220; header_2_line_height=&#8220;1.3em&#8220; hover_enabled=&#8220;0&#8243; global_colors_info=&#8220;{}&#8220; theme_builder_area=&#8220;post_content&#8220; sticky_enabled=&#8220;0&#8243;]<\/p>\n<p><span style=\"font-weight: 400;\">Teka za\u010dal svoje dobrodru\u017estvo vo svete motocyklov v roku 2008 sponzorstvom motokrosov\u00e9ho t\u00edmu Suzuki. V tom roku sa stali jedn\u00fdm z najoce\u0148ovanej\u0161\u00edch t\u00edmov. Zna\u010dka sa tak rozhodla poskytn\u00fa\u0165 svoju podporu a roz\u0161\u00edri\u0165 svoju \u00fazku spolupr\u00e1cu so \u0161portom. Tento krok do motokrosu sa v\u0161ak uk\u00e1zal aj ako vynikaj\u00faci sp\u00f4sob, ako predstavi\u0165 zna\u010dku verejnosti v severoeur\u00f3pskych krajin\u00e1ch, ke\u010f\u017ee Teka u\u017e bola zn\u00e1ma v Nemecku, Portugalsku alebo \u0160panielsku. V t\u00edmoch Teka Suzuki WMX1 sa v tom \u010dase objavili men\u00e1 ako Steve Ramon a Ken de Dycker. Obaja v tom roku vyst\u00fapili na stupne v\u00ed\u0165azov ako druh\u00fd a tret\u00ed v r\u00e1mci majstrovstiev sveta v motokrose.<\/span><\/p>\n<p><span style=\"font-weight: 400;\">Kr\u00e1tko na to spolo\u010dnos\u0165 Teka za\u010dala \u010fal\u0161ie zo svojich rozhoduj\u00facich sponzorsk\u00fdch krokov. V rokoch 2009 a 2010 sa zna\u010dka stala jedn\u00fdm z hlavn\u00fdch sponzorov majstrovstiev sveta FIM v motokrose v kateg\u00f3ri\u00e1ch MX1 a MX2. T\u00e1to zn\u00e1ma medzin\u00e1rodn\u00e1 s\u00fa\u0165a\u017e mala zna\u010dn\u00fd po\u010det priaznivcov po celom svete, \u010do z nej robilo ide\u00e1lnu v\u00fdkladn\u00fa skri\u0148u pre \u0161portov\u00e9 a sponzorsk\u00e9 zna\u010dky, najm\u00e4 v strednej a severnej Eur\u00f3pe. S\u00fa\u0165a\u017e sa kon\u00e1 v r\u00f4znych krajin\u00e1ch a m\u00e1 \u0161irok\u00e9 telev\u00edzne pokrytie, v\u010faka \u010domu je motokros jedn\u00fdm z najzauj\u00edmavej\u0161\u00edch \u0161portov, ktor\u00e9 mo\u017eno sledova\u0165.<\/span><\/p>\n<p>[\/et_pb_text][\/et_pb_column][et_pb_column type=&#8220;1_2&#8243; _builder_version=&#8220;4.16&#8243; custom_padding=&#8220;|||&#8220; global_colors_info=&#8220;{}&#8220; custom_padding__hover=&#8220;|||&#8220; theme_builder_area=&#8220;post_content&#8220;][et_pb_image src=&#8220;https:\/\/www.teka.com\/wp-content\/uploads\/sites\/3\/2018\/10\/17355-Ricky-Cardus-GP-Qatar-2012-Moto2-2.jpg&#8220; align_tablet=&#8220;center&#8220; align_phone=&#8220;center&#8220; align_last_edited=&#8220;on|desktop&#8220; admin_label=&#8220;Image Moto2&#8243; _builder_version=&#8220;4.16&#8243; global_colors_info=&#8220;{}&#8220; theme_builder_area=&#8220;post_content&#8220;][\/et_pb_image][et_pb_text admin_label=&#8220;Title&#8220; _builder_version=&#8220;4.27.4&#8243; header_2_font=&#8220;|700|||||||&#8220; header_2_font_size=&#8220;18px&#8220; hover_enabled=&#8220;0&#8243; global_colors_info=&#8220;{}&#8220; theme_builder_area=&#8220;post_content&#8220; sticky_enabled=&#8220;0&#8243;]<\/p>\n<h2><strong>Teka vstupuje do Moto2 v roku 2012 prostredn\u00edctvom t\u00edmu AGR<\/strong><\/h2>\n<p>[\/et_pb_text][et_pb_text _builder_version=&#8220;4.27.4&#8243; header_2_font=&#8220;|700|||||||&#8220; header_2_font_size=&#8220;18px&#8220; header_2_line_height=&#8220;1.3em&#8220; hover_enabled=&#8220;0&#8243; global_colors_info=&#8220;{}&#8220; theme_builder_area=&#8220;post_content&#8220; sticky_enabled=&#8220;0&#8243;]<\/p>\n<p><span style=\"font-weight: 400;\">Spolo\u010dnos\u0165 Teka vst\u00fapila do premi\u00e9rovej s\u00fa\u0165a\u017ee Moto2 prostredn\u00edctvom sponzorstva t\u00edmu AGR (Argui\u00f1ano and Gin\u00e9s Racing Team), ktor\u00fd vlastn\u00ed Karlos Argui\u00f1ano. Gin\u00e9s Guirado, ktor\u00fd sa zrodil z v\u00e1\u0161ne pre motocykle a je u\u017e viac ako 20 rokov mechanikom pilotov ako Jorge Mart\u00ednez \u201eAspar\u201c alebo \u00c1ngel Nieto, spojil svoje sily s Karlosom Argui\u00f1anom, kuch\u00e1rom z Baskicka. Spolo\u010dne sa zamerali na h\u013eadanie mlad\u00fdch talentov pre t\u00edm so s\u013eubnou bud\u00facnos\u0165ou. V roku 2012 AGR \u00faspe\u0161ne nast\u00fapil na cestu do najlep\u0161\u00edch s\u00fa\u0165a\u017e\u00ed a so sponzorskou podporou spolo\u010dnosti Teka sa dostal do kateg\u00f3rie Moto2 majstrovstiev sveta motocyklov. Jazdec Ricky Card\u00fas sa s t\u00edmom AGR kvalifikoval na majstrovstv\u00e1 sveta.<\/span><\/p>\n<p><span style=\"font-weight: 400;\">Intenz\u00edvny a \u00fazky vz\u0165ah spolo\u010dnosti Teka so \u0161portom po\u010das t\u00fdchto rokov je d\u00f4kazom z\u00e1v\u00e4zku zna\u010dky. Spolo\u010dnos\u0165 Teka podporovala nov\u00e9 t\u00edmy a mlad\u00e9 talenty v r\u00f4znych \u0161portov\u00fdch discipl\u00ednach, aby spolo\u010dne smerovali k vrcholov\u00fdm s\u00fa\u0165a\u017eiam.<\/span><\/p>\n<p>[\/et_pb_text][\/et_pb_column][\/et_pb_row][\/et_pb_section][et_pb_section fb_built=&#8220;1&#8243; admin_label=&#8220;Others&#8220; module_id=&#8220;sport-polo&#8220; module_class=&#8220;tab-content&#8220; _builder_version=&#8220;4.22.1&#8243; locked=&#8220;off&#8220; collapsed=&#8220;on&#8220; global_colors_info=&#8220;{}&#8220; theme_builder_area=&#8220;post_content&#8220;][et_pb_row make_equal=&#8220;on&#8220; _builder_version=&#8220;4.22.1&#8243; background_size=&#8220;initial&#8220; background_position=&#8220;top_left&#8220; background_repeat=&#8220;repeat&#8220; global_colors_info=&#8220;{}&#8220; theme_builder_area=&#8220;post_content&#8220; collapsed=&#8220;on&#8220;][et_pb_column type=&#8220;4_4&#8243; _builder_version=&#8220;4.22.1&#8243; custom_padding=&#8220;|||&#8220; custom_css_main_element=&#8220;margin: auto;&#8220; global_colors_info=&#8220;{}&#8220; custom_padding__hover=&#8220;|||&#8220; theme_builder_area=&#8220;post_content&#8220;][et_pb_text _builder_version=&#8220;4.27.4&#8243; header_2_font=&#8220;|700|||||||&#8220; header_2_font_size=&#8220;18px&#8220; hover_enabled=&#8220;0&#8243; global_colors_info=&#8220;{}&#8220; theme_builder_area=&#8220;post_content&#8220; sticky_enabled=&#8220;0&#8243;]<\/p>\n<p>Zlep\u0161ovanie, neust\u00e1le h\u013eadanie dokonalosti a t\u00edmov\u00e1 pr\u00e1ca s\u00fa z\u00e1kladn\u00fdmi hodnotami v \u0161porte. A boli nimi aj pre spolo\u010dnos\u0165 Teka po\u010das jej 100-ro\u010dnej hist\u00f3rie. Z tohto d\u00f4vodu sa sponzorstvo zna\u010dky vz\u0165ahuje aj na in\u00e9 \u0161porty na medzin\u00e1rodnej \u00farovni. Sp\u00f4sob, ako podpori\u0165 to, \u010do n\u00e1s rob\u00ed lep\u0161\u00edmi vo v\u0161etk\u00fdch oblastiach \u017eivota.<\/p>\n<p>[\/et_pb_text][\/et_pb_column][\/et_pb_row][et_pb_row column_structure=&#8220;1_2,1_2&#8243; make_equal=&#8220;on&#8220; _builder_version=&#8220;4.22.1&#8243; background_size=&#8220;initial&#8220; background_position=&#8220;top_left&#8220; background_repeat=&#8220;repeat&#8220; global_colors_info=&#8220;{}&#8220; theme_builder_area=&#8220;post_content&#8220;][et_pb_column type=&#8220;1_2&#8243; _builder_version=&#8220;4.22.1&#8243; custom_padding=&#8220;|||&#8220; custom_css_main_element=&#8220;margin: auto;&#8220; global_colors_info=&#8220;{}&#8220; custom_padding__hover=&#8220;|||&#8220; theme_builder_area=&#8220;post_content&#8220;][et_pb_image src=&#8220;https:\/\/www.teka.com\/global\/wp-content\/uploads\/sites\/3\/2025\/01\/image001-scaled.jpg&#8220; title_text=&#8220;image001&#8243; _builder_version=&#8220;4.27.4&#8243; _module_preset=&#8220;default&#8220; global_colors_info=&#8220;{}&#8220; theme_builder_area=&#8220;post_content&#8220;][\/et_pb_image][\/et_pb_column][et_pb_column type=&#8220;1_2&#8243; _builder_version=&#8220;4.22.1&#8243; custom_padding=&#8220;|||&#8220; custom_css_main_element=&#8220;margin: auto;&#8220; global_colors_info=&#8220;{}&#8220; custom_padding__hover=&#8220;|||&#8220; theme_builder_area=&#8220;post_content&#8220;][et_pb_text admin_label=&#8220;Title&#8220; _builder_version=&#8220;4.27.4&#8243; header_2_font=&#8220;|700|||||||&#8220; header_2_font_size=&#8220;18px&#8220; hover_enabled=&#8220;0&#8243; global_colors_info=&#8220;{}&#8220; theme_builder_area=&#8220;post_content&#8220; sticky_enabled=&#8220;0&#8243;]<\/p>\n<h2><strong>Vodn\u00e9 \u0161porty<\/strong><\/h2>\n<p>[\/et_pb_text][et_pb_text _builder_version=&#8220;4.27.4&#8243; header_2_font=&#8220;|700|||||||&#8220; header_2_font_size=&#8220;18px&#8220; hover_enabled=&#8220;0&#8243; global_colors_info=&#8220;{}&#8220; theme_builder_area=&#8220;post_content&#8220; sticky_enabled=&#8220;0&#8243;]<\/p>\n<p><span style=\"font-weight: 400;\">V roku 2010 spolo\u010dnos\u0165 Teka podporila ako sponzor druh\u00fd ro\u010dn\u00edk regaty Barcelona World Race. Je jedin\u00fdm sponzorom sektora zast\u00fapen\u00e9ho v t\u00fdchto pretekoch, ktor\u00e9 putuj\u00fa po svete, pri\u010dom ich zvl\u00e1\u0161tnos\u0165ou je, \u017ee nemaj\u00fa zast\u00e1vky a na ka\u017edej lodi s\u00fa len dvaja \u010dlenovia pos\u00e1dky. Pr\u00e1ve jedna z lod\u00ed sponzorovan\u00fdch spolo\u010dnos\u0165ou Teka dosiahla druh\u00e9 miesto v klasifik\u00e1cii.<\/span><\/p>\n<p><span style=\"font-weight: 400;\">Zna\u010dka je tie\u017e sponzorom ma\u010farsk\u00e9ho dvojn\u00e1sobn\u00e9ho medailistu Imreho Pulaia, jedn\u00e9ho z najv\u00fdraznej\u0161\u00edch osobnost\u00ed kanoistiky posledn\u00fdch rokov.<\/span><\/p>\n<p>[\/et_pb_text][\/et_pb_column][\/et_pb_row][et_pb_row column_structure=&#8220;1_2,1_2&#8243; make_equal=&#8220;on&#8220; _builder_version=&#8220;4.22.1&#8243; background_size=&#8220;initial&#8220; background_position=&#8220;top_left&#8220; background_repeat=&#8220;repeat&#8220; global_colors_info=&#8220;{}&#8220; theme_builder_area=&#8220;post_content&#8220;][et_pb_column type=&#8220;1_2&#8243; _builder_version=&#8220;4.22.1&#8243; custom_padding=&#8220;|||&#8220; custom_css_main_element=&#8220;margin: auto;&#8220; global_colors_info=&#8220;{}&#8220; custom_padding__hover=&#8220;|||&#8220; theme_builder_area=&#8220;post_content&#8220;][et_pb_text admin_label=&#8220;Title&#8220; _builder_version=&#8220;4.27.4&#8243; header_2_font=&#8220;|700|||||||&#8220; header_2_font_size=&#8220;18px&#8220; hover_enabled=&#8220;0&#8243; global_colors_info=&#8220;{}&#8220; theme_builder_area=&#8220;post_content&#8220; sticky_enabled=&#8220;0&#8243;]<\/p>\n<h2><strong>Teka ako t\u00edm<\/strong><\/h2>\n<p>[\/et_pb_text][et_pb_text _builder_version=&#8220;4.27.4&#8243; header_2_font=&#8220;|700|||||||&#8220; header_2_font_size=&#8220;18px&#8220; hover_enabled=&#8220;0&#8243; global_colors_info=&#8220;{}&#8220; theme_builder_area=&#8220;post_content&#8220; sticky_enabled=&#8220;0&#8243;]<\/p>\n<p><span style=\"font-weight: 400;\">Logo Teka sa objavilo v mnoh\u00fdch \u010fal\u0161\u00edch \u0161portov\u00fdch kateg\u00f3ri\u00e1ch. Je sponzorom \u010desk\u00e9ho florbalov\u00e9ho (naz\u00fdvan\u00e9ho tie\u017e unihokej) t\u00edmu Tatran Teka St\u0159e\u0161ovice, ktor\u00fd dosiahol v\u00fdznamn\u00e9 \u00faspechy na miestnej i medzin\u00e1rodnej \u00farovni.\u00a0<\/span><\/p>\n<p><span style=\"font-weight: 400;\">Zna\u010dka je tie\u017e sponzorom ma\u010farsk\u00e9ho dvojn\u00e1sobn\u00e9ho medailistu Imreho Pulaia, jedn\u00e9ho z najv\u00fdraznej\u0161\u00edch mien v kanoistike posledn\u00fdch rokov.<\/span><\/p>\n<p>[\/et_pb_text][\/et_pb_column][et_pb_column type=&#8220;1_2&#8243; _builder_version=&#8220;4.22.1&#8243; custom_padding=&#8220;|||&#8220; custom_css_main_element=&#8220;margin: auto;&#8220; global_colors_info=&#8220;{}&#8220; custom_padding__hover=&#8220;|||&#8220; theme_builder_area=&#8220;post_content&#8220;][et_pb_image src=&#8220;https:\/\/www.teka.com\/wp-content\/uploads\/sites\/3\/2018\/10\/Tatran-Teka.jpg&#8220; align_tablet=&#8220;center&#8220; align_phone=&#8220;center&#8220; align_last_edited=&#8220;on|desktop&#8220; admin_label=&#8220;Image Hockey&#8220; _builder_version=&#8220;4.16&#8243; global_colors_info=&#8220;{}&#8220; theme_builder_area=&#8220;post_content&#8220;][\/et_pb_image][\/et_pb_column][\/et_pb_row][et_pb_row column_structure=&#8220;1_2,1_2&#8243; make_equal=&#8220;on&#8220; _builder_version=&#8220;4.22.1&#8243; background_size=&#8220;initial&#8220; background_position=&#8220;top_left&#8220; background_repeat=&#8220;repeat&#8220; global_colors_info=&#8220;{}&#8220; theme_builder_area=&#8220;post_content&#8220;][et_pb_column type=&#8220;1_2&#8243; _builder_version=&#8220;4.22.1&#8243; custom_padding=&#8220;|||&#8220; custom_css_main_element=&#8220;margin: auto;&#8220; global_colors_info=&#8220;{}&#8220; custom_padding__hover=&#8220;|||&#8220; theme_builder_area=&#8220;post_content&#8220;][et_pb_image src=&#8220;https:\/\/www.teka.com\/wp-content\/uploads\/sites\/3\/2018\/10\/23823257_837494583079457_4446895935825379328_n.jpg&#8220; align_tablet=&#8220;center&#8220; align_phone=&#8220;center&#8220; align_last_edited=&#8220;on|desktop&#8220; admin_label=&#8220;Image Polo&#8220; _builder_version=&#8220;4.16&#8243; global_colors_info=&#8220;{}&#8220; theme_builder_area=&#8220;post_content&#8220;][\/et_pb_image][\/et_pb_column][et_pb_column type=&#8220;1_2&#8243; _builder_version=&#8220;4.22.1&#8243; custom_padding=&#8220;|||&#8220; custom_css_main_element=&#8220;margin: auto;&#8220; global_colors_info=&#8220;{}&#8220; custom_padding__hover=&#8220;|||&#8220; theme_builder_area=&#8220;post_content&#8220;][et_pb_text _builder_version=&#8220;4.27.4&#8243; header_2_font=&#8220;|700|||||||&#8220; header_2_font_size=&#8220;18px&#8220; hover_enabled=&#8220;0&#8243; global_colors_info=&#8220;{}&#8220; theme_builder_area=&#8220;post_content&#8220; sticky_enabled=&#8220;0&#8243;]<\/p>\n<p><span style=\"font-weight: 400;\">Imid\u017e skupiny Teka sa odzrkadlil aj v \u0161porte, ak\u00fdm je p\u00f3lo v r\u00e1mci klubu San Crist\u00f3bal Polo Club v \u010cile s d\u00f4le\u017eit\u00fdmi v\u00ed\u0165azstvami.<\/span><\/p>\n<p><span style=\"font-weight: 400;\">V\u010faka sponzoringu na\u0161la Teka najlep\u0161\u00ed sp\u00f4sob, ako podpori\u0165 hodnoty zna\u010dky a by\u0165 pr\u00edtomn\u00e1 v t\u00edmov\u00fdch pretekoch o dosahovanie vy\u0161\u0161\u00edch a vy\u0161\u0161\u00edch cie\u013eov. Filozofia, ktor\u00e1 sprev\u00e1dza skupinu od jej vzniku a ktor\u00e1 nach\u00e1dza svoj prirodzen\u00fd odraz v \u0161porte.<\/span><\/p>\n<p>[\/et_pb_text][\/et_pb_column][\/et_pb_row][\/et_pb_section]<\/p>\n","protected":false},"excerpt":{"rendered":"<p>\u00a0 \u00a0 Skupina Teka, Nemeck\u00fd p\u00f4vod. \u00a0 \u00a0 \u00a0 \u00a0Teka a \u0161port Spolo\u010dnos\u0165 Teka je referenciou v hist\u00f3rii sponzorstva v \u0161porte. Po\u010das svojej 100-ro\u010dnej hist\u00f3rie sa spolo\u010dnos\u0165 podie\u013eala na nieko\u013ek\u00fdch najv\u00fdznamnej\u0161\u00edch momentoch \u0161portu. Po\u010das tohto obdobia sa v\u010faka podpore spolo\u010dnosti Teka v r\u00f4znych oblastiach vytvorili niektor\u00e9 z najpozoruhodnej\u0161\u00edch pr\u00edbehov modern\u00e9ho \u0161portu, ktor\u00e9 sa stali ved\u00facou [&hellip;]<\/p>\n","protected":false},"author":9,"featured_media":0,"parent":21989,"menu_order":6,"comment_status":"closed","ping_status":"closed","template":"","meta":{"_acf_changed":false,"_et_pb_use_builder":"on","_et_pb_old_content":"","_et_gb_content_width":"","footnotes":""},"class_list":["post-21994","page","type-page","status-publish","hentry"],"acf":[],"yoast_head":"<!-- This site is optimized with the Yoast SEO plugin v27.2 - https:\/\/yoast.com\/product\/yoast-seo-wordpress\/ -->\n<title>Teka a \u0161port sponsorships | About Teka Slovensk\u00e1 republika<\/title>\n<meta name=\"robots\" content=\"index, follow, max-snippet:-1, max-image-preview:large, max-video-preview:-1\" \/>\n<link rel=\"canonical\" href=\"https:\/\/www.teka.com\/sk-sk\/o-nas\/teka-a-sport\/\" \/>\n<meta property=\"og:locale\" content=\"sk_SK\" \/>\n<meta property=\"og:type\" content=\"article\" \/>\n<meta property=\"og:title\" content=\"Teka a \u0161port sponsorships | About Teka Slovensk\u00e1 republika\" \/>\n<meta property=\"og:description\" content=\"\u00a0 \u00a0 Skupina Teka, Nemeck\u00fd p\u00f4vod. \u00a0 \u00a0 \u00a0 \u00a0Teka a \u0161port Spolo\u010dnos\u0165 Teka je referenciou v hist\u00f3rii sponzorstva v \u0161porte. Po\u010das svojej 100-ro\u010dnej hist\u00f3rie sa spolo\u010dnos\u0165 podie\u013eala na nieko\u013ek\u00fdch najv\u00fdznamnej\u0161\u00edch momentoch \u0161portu. Po\u010das tohto obdobia sa v\u010faka podpore spolo\u010dnosti Teka v r\u00f4znych oblastiach vytvorili niektor\u00e9 z najpozoruhodnej\u0161\u00edch pr\u00edbehov modern\u00e9ho \u0161portu, ktor\u00e9 sa stali ved\u00facou [&hellip;]\" \/>\n<meta property=\"og:url\" content=\"https:\/\/www.teka.com\/sk-sk\/o-nas\/teka-a-sport\/\" \/>\n<meta property=\"og:site_name\" content=\"Teka Slovensk\u00e1 republika\" \/>\n<meta property=\"article:modified_time\" content=\"2025-02-12T11:06:36+00:00\" \/>\n<meta name=\"twitter:card\" content=\"summary_large_image\" \/>\n<meta name=\"twitter:label1\" content=\"Predpokladan\u00fd \u010das \u010d\u00edtania\" \/>\n\t<meta name=\"twitter:data1\" content=\"19 min\u00fat\" \/>\n<script type=\"application\/ld+json\" class=\"yoast-schema-graph\">{\"@context\":\"https:\/\/schema.org\",\"@graph\":[{\"@type\":\"WebPage\",\"@id\":\"https:\/\/www.teka.com\/sk-sk\/o-nas\/teka-a-sport\/\",\"url\":\"https:\/\/www.teka.com\/sk-sk\/o-nas\/teka-a-sport\/\",\"name\":\"Teka a \u0161port sponsorships | About Teka Slovensk\u00e1 republika\",\"isPartOf\":{\"@id\":\"https:\/\/www.teka.com\/sk-sk\/#website\"},\"datePublished\":\"2018-09-11T08:07:24+00:00\",\"dateModified\":\"2025-02-12T11:06:36+00:00\",\"breadcrumb\":{\"@id\":\"https:\/\/www.teka.com\/sk-sk\/o-nas\/teka-a-sport\/#breadcrumb\"},\"inLanguage\":\"sk-SK\",\"potentialAction\":[{\"@type\":\"ReadAction\",\"target\":[\"https:\/\/www.teka.com\/sk-sk\/o-nas\/teka-a-sport\/\"]}]},{\"@type\":\"BreadcrumbList\",\"@id\":\"https:\/\/www.teka.com\/sk-sk\/o-nas\/teka-a-sport\/#breadcrumb\",\"itemListElement\":[{\"@type\":\"ListItem\",\"position\":1,\"name\":\"About Teka\",\"item\":\"https:\/\/www.teka.com\/sk-sk\/o-nas\/\"},{\"@type\":\"ListItem\",\"position\":2,\"name\":\"Teka a \u0161port\"}]},{\"@type\":\"WebSite\",\"@id\":\"https:\/\/www.teka.com\/sk-sk\/#website\",\"url\":\"https:\/\/www.teka.com\/sk-sk\/\",\"name\":\"Teka Slovensk\u00e1 republika\",\"description\":\"\",\"potentialAction\":[{\"@type\":\"SearchAction\",\"target\":{\"@type\":\"EntryPoint\",\"urlTemplate\":\"https:\/\/www.teka.com\/sk-sk\/?s={search_term_string}\"},\"query-input\":{\"@type\":\"PropertyValueSpecification\",\"valueRequired\":true,\"valueName\":\"search_term_string\"}}],\"inLanguage\":\"sk-SK\"}]}<\/script>\n<!-- \/ Yoast SEO plugin. -->","yoast_head_json":{"title":"Teka a \u0161port sponsorships | About Teka Slovensk\u00e1 republika","robots":{"index":"index","follow":"follow","max-snippet":"max-snippet:-1","max-image-preview":"max-image-preview:large","max-video-preview":"max-video-preview:-1"},"canonical":"https:\/\/www.teka.com\/sk-sk\/o-nas\/teka-a-sport\/","og_locale":"sk_SK","og_type":"article","og_title":"Teka a \u0161port sponsorships | About Teka Slovensk\u00e1 republika","og_description":"\u00a0 \u00a0 Skupina Teka, Nemeck\u00fd p\u00f4vod. \u00a0 \u00a0 \u00a0 \u00a0Teka a \u0161port Spolo\u010dnos\u0165 Teka je referenciou v hist\u00f3rii sponzorstva v \u0161porte. Po\u010das svojej 100-ro\u010dnej hist\u00f3rie sa spolo\u010dnos\u0165 podie\u013eala na nieko\u013ek\u00fdch najv\u00fdznamnej\u0161\u00edch momentoch \u0161portu. Po\u010das tohto obdobia sa v\u010faka podpore spolo\u010dnosti Teka v r\u00f4znych oblastiach vytvorili niektor\u00e9 z najpozoruhodnej\u0161\u00edch pr\u00edbehov modern\u00e9ho \u0161portu, ktor\u00e9 sa stali ved\u00facou [&hellip;]","og_url":"https:\/\/www.teka.com\/sk-sk\/o-nas\/teka-a-sport\/","og_site_name":"Teka Slovensk\u00e1 republika","article_modified_time":"2025-02-12T11:06:36+00:00","twitter_card":"summary_large_image","twitter_misc":{"Predpokladan\u00fd \u010das \u010d\u00edtania":"19 min\u00fat"},"schema":{"@context":"https:\/\/schema.org","@graph":[{"@type":"WebPage","@id":"https:\/\/www.teka.com\/sk-sk\/o-nas\/teka-a-sport\/","url":"https:\/\/www.teka.com\/sk-sk\/o-nas\/teka-a-sport\/","name":"Teka a \u0161port sponsorships | About Teka Slovensk\u00e1 republika","isPartOf":{"@id":"https:\/\/www.teka.com\/sk-sk\/#website"},"datePublished":"2018-09-11T08:07:24+00:00","dateModified":"2025-02-12T11:06:36+00:00","breadcrumb":{"@id":"https:\/\/www.teka.com\/sk-sk\/o-nas\/teka-a-sport\/#breadcrumb"},"inLanguage":"sk-SK","potentialAction":[{"@type":"ReadAction","target":["https:\/\/www.teka.com\/sk-sk\/o-nas\/teka-a-sport\/"]}]},{"@type":"BreadcrumbList","@id":"https:\/\/www.teka.com\/sk-sk\/o-nas\/teka-a-sport\/#breadcrumb","itemListElement":[{"@type":"ListItem","position":1,"name":"About Teka","item":"https:\/\/www.teka.com\/sk-sk\/o-nas\/"},{"@type":"ListItem","position":2,"name":"Teka a \u0161port"}]},{"@type":"WebSite","@id":"https:\/\/www.teka.com\/sk-sk\/#website","url":"https:\/\/www.teka.com\/sk-sk\/","name":"Teka Slovensk\u00e1 republika","description":"","potentialAction":[{"@type":"SearchAction","target":{"@type":"EntryPoint","urlTemplate":"https:\/\/www.teka.com\/sk-sk\/?s={search_term_string}"},"query-input":{"@type":"PropertyValueSpecification","valueRequired":true,"valueName":"search_term_string"}}],"inLanguage":"sk-SK"}]}},"_links":{"self":[{"href":"https:\/\/www.teka.com\/sk-sk\/wp-json\/wp\/v2\/pages\/21994","targetHints":{"allow":["GET"]}}],"collection":[{"href":"https:\/\/www.teka.com\/sk-sk\/wp-json\/wp\/v2\/pages"}],"about":[{"href":"https:\/\/www.teka.com\/sk-sk\/wp-json\/wp\/v2\/types\/page"}],"author":[{"embeddable":true,"href":"https:\/\/www.teka.com\/sk-sk\/wp-json\/wp\/v2\/users\/9"}],"replies":[{"embeddable":true,"href":"https:\/\/www.teka.com\/sk-sk\/wp-json\/wp\/v2\/comments?post=21994"}],"version-history":[{"count":36,"href":"https:\/\/www.teka.com\/sk-sk\/wp-json\/wp\/v2\/pages\/21994\/revisions"}],"predecessor-version":[{"id":80511,"href":"https:\/\/www.teka.com\/sk-sk\/wp-json\/wp\/v2\/pages\/21994\/revisions\/80511"}],"up":[{"embeddable":true,"href":"https:\/\/www.teka.com\/sk-sk\/wp-json\/wp\/v2\/pages\/21989"}],"wp:attachment":[{"href":"https:\/\/www.teka.com\/sk-sk\/wp-json\/wp\/v2\/media?parent=21994"}],"curies":[{"name":"wp","href":"https:\/\/api.w.org\/{rel}","templated":true}]}}