{"id":21983,"date":"2018-09-11T07:37:22","date_gmt":"2018-09-11T07:37:22","guid":{"rendered":"http:\/\/teka.com\/?page_id=21983"},"modified":"2026-04-17T11:14:23","modified_gmt":"2026-04-17T11:14:23","slug":"news","status":"publish","type":"page","link":"https:\/\/www.teka.com\/tr-tr\/news\/","title":{"rendered":"News"},"content":{"rendered":"<p>[et_pb_section fb_built=&#8221;1&#8243; module_id=&#8221;noticias-top&#8221; _builder_version=&#8221;3.14&#8243; background_image=&#8221;https:\/\/www.teka.com\/wp-content\/uploads\/sites\/3\/2018\/09\/inspiracion.jpg&#8221; global_module=&#8221;23608&#8243; collapsed=&#8221;off&#8221; global_colors_info=&#8221;{}&#8221;][et_pb_row column_structure=&#8221;1_2,1_2&#8243; _builder_version=&#8221;4.16&#8243; background_size=&#8221;initial&#8221; background_position=&#8221;top_left&#8221; background_repeat=&#8221;repeat&#8221; collapsed=&#8221;off&#8221; global_colors_info=&#8221;{}&#8221;][et_pb_column type=&#8221;1_2&#8243; _builder_version=&#8221;4.16&#8243; custom_padding=&#8221;|||&#8221; global_colors_info=&#8221;{}&#8221; custom_padding__hover=&#8221;|||&#8221;][et_pb_text admin_label=&#8221;Title &#038; Subtitle&#8221; _builder_version=&#8221;4.16&#8243; background_layout=&#8221;dark&#8221; global_colors_info=&#8221;{}&#8221;]<\/p>\n<p>\u00a0<\/p>\n<h1>Haberler<\/h1>\n<p>Buradan Teka&#8217;n\u0131n t\u00fcm haberlerini takip edebilirsiniz: bas\u0131n b\u00fcltenleri, \u00fcr\u00fcn lansmanlar\u0131, reklam kampanyalar\u0131 ve \u00e7ok daha fazlas\u0131.<\/p>\n<p>\u00a0<\/p>\n<p>[\/et_pb_text][et_pb_code disabled_on=&#8221;on|on|on&#8221; admin_label=&#8221;Search bar code %91Not editable%93&#8243; _builder_version=&#8221;4.16&#8243; disabled=&#8221;on&#8221; global_colors_info=&#8221;{}&#8221;][\/et_pb_code][\/et_pb_column][et_pb_column type=&#8221;1_2&#8243; _builder_version=&#8221;4.16&#8243; custom_padding=&#8221;|||&#8221; global_colors_info=&#8221;{}&#8221; custom_padding__hover=&#8221;|||&#8221;][\/et_pb_column][\/et_pb_row][et_pb_row _builder_version=&#8221;4.16&#8243; background_size=&#8221;initial&#8221; background_position=&#8221;top_left&#8221; background_repeat=&#8221;repeat&#8221; collapsed=&#8221;off&#8221; global_colors_info=&#8221;{}&#8221;][et_pb_column type=&#8221;4_4&#8243; _builder_version=&#8221;4.16&#8243; custom_padding=&#8221;|||&#8221; global_colors_info=&#8221;{}&#8221; custom_padding__hover=&#8221;|||&#8221;][et_pb_sidebar area=&#8221;et_pb_widget_area_3&#8243; admin_label=&#8221;Sidebar&#8221; module_id=&#8221;inspiration-menu&#8221; _builder_version=&#8221;4.16&#8243; border_radii=&#8221;on|0px|0px|0px|0px&#8221; global_colors_info=&#8221;{}&#8221;][\/et_pb_sidebar][\/et_pb_column][\/et_pb_row][\/et_pb_section][et_pb_section fb_built=&#8221;1&#8243; _builder_version=&#8221;4.27.6&#8243; _module_preset=&#8221;default&#8221; collapsed=&#8221;off&#8221; global_colors_info=&#8221;{}&#8221;][et_pb_row _builder_version=&#8221;4.27.6&#8243; _module_preset=&#8221;default&#8221; global_colors_info=&#8221;{}&#8221;][et_pb_column type=&#8221;4_4&#8243; _builder_version=&#8221;4.27.6&#8243; _module_preset=&#8221;default&#8221; global_colors_info=&#8221;{}&#8221;][et_pb_image src=&#8221;https:\/\/www.teka.com\/tr-tr\/wp-content\/uploads\/sites\/16\/2026\/04\/Teka_antalya_klima_blog_yatay.png&#8221; title_text=&#8221;Teka_antalya_klima_blog_yatay&#8221; _builder_version=&#8221;4.27.6&#8243; _module_preset=&#8221;default&#8221; global_colors_info=&#8221;{}&#8221;][\/et_pb_image][et_pb_text _builder_version=&#8221;4.27.6&#8243; _module_preset=&#8221;default&#8221; hover_enabled=&#8221;0&#8243; global_colors_info=&#8221;{}&#8221; sticky_enabled=&#8221;0&#8243;]<\/p>\n<p><strong>TEKA klimalar Antalya\u2019da d\u00fczenlenen lansmanla tan\u0131t\u0131ld\u0131.<\/strong><\/p>\n<p>TEKA olarak, yeni nesil klima \u00e7\u00f6z\u00fcmlerimizi T\u00fcrkiye pazar\u0131yla bulu\u015fturdu\u011fumuz lansman\u0131m\u0131z\u0131 9 Nisan\u2019da Antalya\u2019da ger\u00e7ekle\u015ftirdik. Kombi Klima Shop i\u015f birli\u011fiyle d\u00fczenledi\u011fimiz bu \u00f6zel etkinlikte, klima sekt\u00f6r\u00fcnden 120\u2019yi a\u015fk\u0131n bayimizle bir araya geldik.<\/p>\n<p>Bu bulu\u015fma, yaln\u0131zca \u00fcr\u00fcnlerimizi tan\u0131tt\u0131\u011f\u0131m\u0131z bir lansman olman\u0131n \u00f6tesinde; sat\u0131\u015f ve servis ekiplerimizi ayn\u0131 \u00e7at\u0131 alt\u0131nda bulu\u015fturarak g\u00fc\u00e7l\u00fc bir ileti\u015fim zemini olu\u015fturdu. Kat\u0131l\u0131mc\u0131lar\u0131m\u0131z\u0131n yo\u011fun ilgisiyle ger\u00e7ekle\u015fen etkinlikte, yaz sezonu \u00f6ncesinde hep birlikte motivasyonumuzu tazeledik.<\/p>\n<p>Lansmanda, yeni nesil klima \u00e7\u00f6z\u00fcmlerimizin yan\u0131 s\u0131ra Master Pro modelimiz de numune olarak sergilendi. Kat\u0131l\u0131mc\u0131lar\u0131n yak\u0131ndan inceleme f\u0131rsat\u0131 buldu\u011fu \u00fcr\u00fcnlerimiz, y\u00fcksek teknoloji ve kullan\u0131c\u0131 odakl\u0131 yakla\u015f\u0131m\u0131yla b\u00fcy\u00fck ilgi g\u00f6rd\u00fc.<\/p>\n<p>Etkinlik kapsam\u0131nda ger\u00e7ekle\u015ftirdi\u011fimiz s\u00fcrpriz \u00e7ekili\u015fle Real Madrid \u2013 TEKA formas\u0131 hediye ettik. Kat\u0131l\u0131mc\u0131lar aras\u0131nda b\u00fcy\u00fck heyecan yaratan bu an, lansman\u0131n en keyifli anlar\u0131ndan biri oldu.<\/p>\n<p><strong>Ak\u0131ll\u0131 teknolojiyle gelen konfor<\/strong><\/p>\n<p>Yeni nesil TEKA klimalar, g\u00fcnl\u00fck hayat\u0131 kolayla\u015ft\u0131ran ak\u0131ll\u0131 \u00f6zelliklerle donat\u0131ld\u0131. Standart Wi-Fi \u00f6zelli\u011fi sayesinde uzaktan kontrol imkan\u0131 sunarken, yapay zeka destekli Eco+ modu ile enerji t\u00fcketimini optimize ederek maksimum verimlilik sa\u011flar.<\/p>\n<p>3D hava ak\u0131\u015f\u0131 teknolojisi ve \u00b10,5\u00b0C hassasiyetli s\u0131cakl\u0131k kontrol\u00fc ile ya\u015fam alanlar\u0131nda dengeli bir serinlik sunan TEKA klimalar, d\u00fc\u015f\u00fck ses seviyesiyle de konforu sessizce ya\u015fat\u0131r.<\/p>\n<p><strong>TEKA ile iklimlendirmede yeni bir d\u00f6nem<\/strong><\/p>\n<p>Hayat\u0131n i\u00e7inde olan bir marka olarak, bug\u00fcn geldi\u011fimiz noktada teknolojiyi konforla bulu\u015fturmaya devam ediyoruz. Antalya\u2019da ger\u00e7ekle\u015ftirdi\u011fimiz bu lansmanla birlikte, TEKA klimalar ile T\u00fcrkiye\u2019de iklimlendirme alan\u0131nda g\u00fc\u00e7l\u00fc bir ad\u0131m att\u0131k.<\/p>\n<p>[\/et_pb_text][\/et_pb_column][\/et_pb_row][\/et_pb_section][et_pb_section fb_built=&#8221;1&#8243; _builder_version=&#8221;4.27.6&#8243; _module_preset=&#8221;default&#8221; collapsed=&#8221;on&#8221; global_colors_info=&#8221;{}&#8221;][et_pb_row _builder_version=&#8221;4.27.6&#8243; _module_preset=&#8221;default&#8221; global_colors_info=&#8221;{}&#8221;][et_pb_column type=&#8221;4_4&#8243; _builder_version=&#8221;4.27.6&#8243; _module_preset=&#8221;default&#8221; global_colors_info=&#8221;{}&#8221;][et_pb_image src=&#8221;https:\/\/www.teka.com\/tr-tr\/wp-content\/uploads\/sites\/16\/2026\/04\/BVN07360-scaled.jpg&#8221; title_text=&#8221;BVN07360&#8243; _builder_version=&#8221;4.27.6&#8243; _module_preset=&#8221;default&#8221; global_colors_info=&#8221;{}&#8221;][\/et_pb_image][et_pb_text _builder_version=&#8221;4.27.6&#8243; _module_preset=&#8221;default&#8221; global_colors_info=&#8221;{}&#8221;]<\/p>\n<p><strong>TEKA ile hayata tat katan d\u00f6n\u00fc\u015f\u00fcm 5 ya\u015f\u0131nda!<\/strong><\/p>\n<p>TEKA T\u00fcrkiye, 5 y\u0131ld\u0131r \u201cSanata D\u00f6n\u00fc\u015f\u00fcm Projesi\u201d ile hayat\u0131 s\u00fcrd\u00fcr\u00fclebilir sanatla renklendiriyor.<\/p>\n<p>TEKA sadece bir mutfak de\u011fil, ya\u015fayan ve \u00fcreten bir ya\u015fam alan\u0131d\u0131r. Mutfak, t\u00fcm ger\u00e7ekli\u011fi ve s\u0131cakl\u0131\u011f\u0131yla hayat\u0131n merkezinde yer al\u0131r; ona y\u00fcklenen anlamlardan biri de sanatt\u0131r. TEKA T\u00fcrkiye\u2019nin aral\u0131ks\u0131z s\u00fcrd\u00fcrd\u00fc\u011f\u00fc \u201cSanata D\u00f6n\u00fc\u015f\u00fcm Projesi\u201d ile geri d\u00f6n\u00fc\u015f\u00fcme ayr\u0131lan at\u0131klar, gen\u00e7 sanat\u00e7\u0131lar\u0131n elinde birer tuvale d\u00f6n\u00fc\u015f\u00fcyor.<\/p>\n<p>Mutfa\u011f\u0131n \u00f6zg\u00fcn renkleri farkl\u0131 stillerle y\u0131llard\u0131r yeniden hayat buluyor. \u0130lk y\u0131l TEKA\u2019n\u0131n kullan\u0131lmayan cam f\u0131r\u0131n kapaklar\u0131 sanat\u00e7\u0131lar\u0131n tuvali olurken, sonraki y\u0131llarda ankastre f\u0131r\u0131nlar\u0131n karton ambalajlar\u0131 sanat eserlerine d\u00f6n\u00fc\u015ft\u00fc. Bu \u00f6zel projenin oda\u011f\u0131nda her zaman gen\u00e7 sanat\u00e7\u0131lar yer al\u0131yor.<\/p>\n<p>TEKA\u2019n\u0131n vazge\u00e7ilmez de\u011ferlerinden olan tasar\u0131m ve s\u00fcrd\u00fcr\u00fclebilirlik, \u201cSanata D\u00f6n\u00fc\u015f\u00fcm\u201d projesiyle her y\u0131l yeniden hayat buluyor. TEKA, s\u00fcrd\u00fcr\u00fclebilirli\u011fi yaln\u0131zca \u00e7evresel bir yakla\u015f\u0131m olarak de\u011fil, ayn\u0131 zamanda sosyal ve k\u00fclt\u00fcrel bir sorumluluk olarak ele al\u0131yor. Bu do\u011frultuda t\u00fcm operasyonlar\u0131nda \u00f6nemli yat\u0131r\u0131mlar ger\u00e7ekle\u015ftirirken, geri d\u00f6n\u00fc\u015f\u00fcm konusunda toplumsal fark\u0131ndal\u0131k yaratmay\u0131 da \u00f6ncelikleri aras\u0131nda g\u00f6r\u00fcyor.<\/p>\n<p>TEKA, tasar\u0131m ve s\u00fcrd\u00fcr\u00fclebilirli\u011fi hayat\u0131n merkezine ta\u015f\u0131rken, mutfa\u011f\u0131 sanatla bulu\u015fan bir deneyim olarak yeniden tan\u0131ml\u0131yor. Sanata ve sanat\u00e7\u0131ya verdi\u011fi destekle gelece\u011fe ilham vermeye devam ediyor.<\/p>\n<p>&nbsp;<\/p>\n<p>&nbsp;<\/p>\n<p>[\/et_pb_text][\/et_pb_column][\/et_pb_row][\/et_pb_section][et_pb_section fb_built=&#8221;1&#8243; _builder_version=&#8221;4.27.5&#8243; _module_preset=&#8221;default&#8221; collapsed=&#8221;on&#8221; global_colors_info=&#8221;{}&#8221;][et_pb_row _builder_version=&#8221;4.27.5&#8243; _module_preset=&#8221;default&#8221; global_colors_info=&#8221;{}&#8221;][et_pb_column type=&#8221;4_4&#8243; _builder_version=&#8221;4.27.5&#8243; _module_preset=&#8221;default&#8221; global_colors_info=&#8221;{}&#8221;][et_pb_image src=&#8221;https:\/\/www.teka.com\/tr-tr\/wp-content\/uploads\/sites\/16\/2026\/02\/yatay.png&#8221; title_text=&#8221;yatay&#8221; _builder_version=&#8221;4.27.5&#8243; _module_preset=&#8221;default&#8221; global_colors_info=&#8221;{}&#8221;][\/et_pb_image][et_pb_text _builder_version=&#8221;4.27.5&#8243; _module_preset=&#8221;default&#8221; global_colors_info=&#8221;{}&#8221;]<\/p>\n<p><strong>TEKA\u2019dan A.C.E. Awards\u2019ta 5\u2019te 5 <\/strong><strong>b<\/strong><strong>a\u015far\u0131!<\/strong><\/p>\n<p>Teka olarak, m\u00fc\u015fteri deneyimi alan\u0131ndaki kararl\u0131 yolculu\u011fumuzu bir kez daha Diamond \u00d6d\u00fcl ile ta\u00e7land\u0131rd\u0131k. \u015eikayetvar platformu taraf\u0131ndan bu y\u0131l 11.\u2019si d\u00fczenlenen A.C.E. Awards\u2019ta ankastre kategorisinde Diamond \u00d6d\u00fcl\u2019\u00fcn sahibi olduk. Bu sonu\u00e7la birlikte A.C.E. Awards\u2019ta \u00fcst \u00fcste 5 y\u0131ld\u0131r \u00f6d\u00fcle lay\u0131k g\u00f6r\u00fclmenin gururunu ya\u015f\u0131yoruz.<\/p>\n<p>Midea T\u00fcrkiye B\u00f6lgesi CEO\u2019su Ayd\u0131n Kuzalt\u0131 ba\u015far\u0131m\u0131zla ilgili \u201cM\u00fc\u015fteri deneyiminde fark yaratmay\u0131 \u2018al\u0131\u015f\u0131lmad\u0131k ilgi\u2019 yakla\u015f\u0131m\u0131m\u0131zla ele al\u0131yoruz. Sat\u0131\u015f sonras\u0131 hizmetlerimizi ve servis s\u00fcre\u00e7lerimizi s\u00fcrekli geli\u015ftiriyoruz. \u00dcst \u00fcste ald\u0131\u011f\u0131m\u0131z bu 5. \u00f6d\u00fcl, do\u011fru yolda oldu\u011fumuzun g\u00fc\u00e7l\u00fc bir g\u00f6stergesi.\u201d a\u00e7\u0131klamas\u0131nda bulundu.<\/p>\n<p>1,5 milyonu a\u015fk\u0131n ger\u00e7ek t\u00fcketici verisine dayanan M\u00fc\u015fteri Deneyimi Endeksi sonu\u00e7lar\u0131na g\u00f6re verilen Diamond \u00d6d\u00fcl; memnuniyet, sadakat ve \u015fikayet y\u00f6netimi performans\u0131na g\u00f6re belirleniyor. Bu \u00f6d\u00fcl, kullan\u0131c\u0131lar\u0131m\u0131zla kurdu\u011fumuz g\u00fc\u00e7l\u00fc ili\u015fkinin en somut yans\u0131mas\u0131.<\/p>\n<p>100 y\u0131l\u0131 a\u015fk\u0131n k\u00f6kl\u00fc ge\u00e7mi\u015fimiz ve Midea Grup\u2019un global g\u00fcc\u00fcyle, \u00fcr\u00fcnlerimizde ve hizmet anlay\u0131\u015f\u0131m\u0131zda m\u00fckemmeliyeti oda\u011f\u0131m\u0131za almaya devam ediyoruz. Bu ba\u015far\u0131y\u0131 m\u00fcmk\u00fcn k\u0131lan ise bize g\u00fcvenen m\u00fc\u015fterilerimiz. Onlar\u0131n katk\u0131s\u0131yla geli\u015fiyor, birlikte hayata tat katan anlar yaratmaya devam ediyoruz.<\/p>\n<p>[\/et_pb_text][\/et_pb_column][\/et_pb_row][\/et_pb_section][et_pb_section fb_built=&#8221;1&#8243; _builder_version=&#8221;4.27.5&#8243; _module_preset=&#8221;default&#8221; collapsed=&#8221;on&#8221; global_colors_info=&#8221;{}&#8221;][et_pb_row _builder_version=&#8221;4.27.5&#8243; _module_preset=&#8221;default&#8221; global_colors_info=&#8221;{}&#8221;][et_pb_column type=&#8221;4_4&#8243; _builder_version=&#8221;4.27.5&#8243; _module_preset=&#8221;default&#8221; global_colors_info=&#8221;{}&#8221;][et_pb_image src=&#8221;https:\/\/www.teka.com\/tr-tr\/wp-content\/uploads\/sites\/16\/2026\/02\/Teka_lineadecor_yatay.png&#8221; title_text=&#8221;Teka_lineadecor_yatay&#8221; _builder_version=&#8221;4.27.5&#8243; _module_preset=&#8221;default&#8221; global_colors_info=&#8221;{}&#8221;][\/et_pb_image][et_pb_text _builder_version=&#8221;4.27.5&#8243; _module_preset=&#8221;default&#8221; global_colors_info=&#8221;{}&#8221;]<\/p>\n<p><strong>Lineadecor ekibiyle hayata tat katt\u0131k!<\/strong><\/p>\n<p>Teka olarak i\u015fimizin kalbinde her zaman \u201cHayata tat katan anlar\u201d var. Mutfa\u011f\u0131n farkl\u0131 anlamlar\u0131n\u0131, hayat\u0131m\u0131z\u0131n i\u00e7indeki yerini, \u00f6zg\u00fcn renklerini ve hikayelerini ortaya \u00e7\u0131karan \u00fcr\u00fcnlerimizle sizleri bulu\u015fturmak i\u00e7in T\u00fcrkiye\u2019nin farkl\u0131 yerlerinde b\u00fcy\u00fcmeye devam ediyoruz. T\u00fcrkiye geneline yay\u0131lan ve say\u0131s\u0131 500\u2019\u00fc ge\u00e7en sat\u0131\u015f noktalar\u0131m\u0131zla hayat\u0131n tad\u0131n\u0131 art\u0131r\u0131yoruz. Teka Pi\u015firme Etkinli\u011finde Van Gogh Edition \u00fcr\u00fcn grubu ve marka sunumunu Lineadecor ekibinin kat\u0131l\u0131m\u0131yla Kalam\u0131\u015f Showroom\u2019da ger\u00e7ekle\u015ftirdik.<\/p>\n<p>Pi\u015firme etkinli\u011fimizin konusu kimsenin hay\u0131r diyemeyece\u011fi nefis bir \u0130talyan lezzeti; pizzayd\u0131. Pizza denilince Teka\u2019da \u00f6ne \u00e7\u0131kan \u00fcr\u00fcn\u00fcm\u00fcz tabii ki MaestroPizza f\u0131r\u0131nd\u0131. Evde, restoran kalitesinde pizza pi\u015firmemizi sa\u011flayan Teka MaestroPizza\u2019n\u0131n marifeti 340\u00baC\u2019ye kadar \u00e7\u0131kabilen g\u00fc\u00e7l\u00fc \u0131zgaras\u0131 ve \u00f6zel pizza ta\u015f\u0131nda sakl\u0131. Pi\u015firme etkinli\u011fimizde \u015fef Semen \u00d6ner ve asistanlar\u0131 mimarlara lezzetli pizza haz\u0131rlaman\u0131n p\u00fcf noktalar\u0131n\u0131 anlatarak deneyimlemelerine f\u0131rsat verdi. Y\u00fcksek s\u0131cakl\u0131\u011fa \u00e7\u0131kabilen f\u0131r\u0131n ve pizza ta\u015f\u0131 sayesinde, pizzalar ayn\u0131 m\u00fckemmellikte, sadece 3 dakikada pi\u015fti.\u00a0<\/p>\n<p>Showroom\u2019umuzda ger\u00e7ekle\u015ftirdi\u011fimiz Hayata Tat Katan Pi\u015firme Etkinli\u011fimizin ard\u0131ndan geriye unutulmaz anlar\u0131n nefis tad\u0131 kald\u0131. Teka i\u00e7in hayata tat katan anlar mutfakta pi\u015fer ve t\u00fcm eve yay\u0131l\u0131r. Muhabbetin, sevginin ve farkl\u0131 lezzet deneyimlerinin her zaman mutfa\u011f\u0131n\u0131zda olmas\u0131 dile\u011fiyle\u2026\u00a0<\/p>\n<p>&nbsp;<\/p>\n<p>[\/et_pb_text][\/et_pb_column][\/et_pb_row][\/et_pb_section][et_pb_section fb_built=&#8221;1&#8243; _builder_version=&#8221;4.27.4&#8243; _module_preset=&#8221;default&#8221; collapsed=&#8221;on&#8221; global_colors_info=&#8221;{}&#8221;][et_pb_row _builder_version=&#8221;4.27.4&#8243; _module_preset=&#8221;default&#8221; global_colors_info=&#8221;{}&#8221;][et_pb_column type=&#8221;4_4&#8243; _builder_version=&#8221;4.27.4&#8243; _module_preset=&#8221;default&#8221; global_colors_info=&#8221;{}&#8221;][et_pb_video src=&#8221;https:\/\/www.teka.com\/tr-tr\/wp-content\/uploads\/sites\/16\/2025\/10\/Video-Revize-Yatay1.mp4&#8243; _builder_version=&#8221;4.27.4&#8243; _module_preset=&#8221;default&#8221; global_colors_info=&#8221;{}&#8221;][\/et_pb_video][et_pb_text _builder_version=&#8221;4.27.4&#8243; _module_preset=&#8221;default&#8221; global_colors_info=&#8221;{}&#8221;]<\/p>\n<p><strong>Ankara Ma\u011fazam\u0131z ile T\u00fcrkiye\u2019de b\u00fcy\u00fcmeye devam ediyoruz!<\/strong><\/p>\n<p>Mutfak t\u00fcm ger\u00e7ekli\u011fi ve s\u0131cakl\u0131\u011f\u0131 ile TEKA i\u00e7in her zaman hayat\u0131n tam merkezinde yer al\u0131r. Hayat\u0131m\u0131zdaki bir\u00e7ok an ve an\u0131 mutfaktan ge\u00e7er ve hepimiz i\u00e7in farkl\u0131 anlamlara sahiptir. Kimimiz i\u00e7in ge\u00e7mi\u015fin kokusunu ta\u015f\u0131r kimimiz i\u00e7in yeniliklere a\u00e7\u0131lan kap\u0131d\u0131r. Muhabbetin, sevginin, misafirin hi\u00e7 eksik olmad\u0131\u011f\u0131 yerdir. Hayata tat katan anlar mutfakta pi\u015fer ve t\u00fcm eve yay\u0131l\u0131r.<\/p>\n<p>Mutfa\u011f\u0131n farkl\u0131 anlamlar\u0131n\u0131, hayat\u0131m\u0131zdaki yerini, \u00f6zg\u00fcn renklerini ve hikayelerini ortaya \u00e7\u0131karan \u00fcr\u00fcnlerimizle sizleri bulu\u015fturmak i\u00e7in Acarlar g\u00fcvencesiyle yeni ma\u011fazam\u0131z Ankara\u2019da da hayata tat katan anlar yaratmaya devam ediyoruz. Yakla\u015f\u0131k 300 ki\u015finin kat\u0131l\u0131m\u0131yla ger\u00e7ekle\u015fen Ankara\u2019daki ilk TEKA Konsept ma\u011fazam\u0131z\u0131n a\u00e7\u0131l\u0131\u015f\u0131na TEKA Avrasya CEO\u2019su\u00a0Ayd\u0131n Kuzalt\u0131, TEKA Avrasya CCO\u2019su\u00a0Bar\u0131\u015f Orbay, TEKA T\u00fcrkiye Sat\u0131\u015f M\u00fcd\u00fcr\u00fc Zekeriya As, Etimesgut Eski Belediye Ba\u015fkan\u0131 Enver Demirel, ATO Meclis Ba\u015fkan\u0131 Mustafa Deryal, ATO Ba\u015fkan\u0131 G\u00fcrsel Baran, M\u00dcS\u0130AD Ankara Ba\u015fkan\u0131 Fatih Bilal Y\u00fclek, M\u00dcS\u0130AD Ankara Kurucu Ba\u015fkan\u0131 H\u00fcdaverdi \u00c7ak\u0131r ve \u00e7ok say\u0131da de\u011ferli konu\u011fumuz kat\u0131ld\u0131.<\/p>\n<p>TEKA olarak T\u00fcrkiye geneline yay\u0131lan ve say\u0131s\u0131 500\u2019\u00fc ge\u00e7en sat\u0131\u015f noktam\u0131zla t\u00fcketicilerimize yak\u0131n olmay\u0131 hedefliyoruz. Bu b\u00fcy\u00fcmenin kalbinde her zaman cihaz satmaktan \u00f6te, s\u00fcreklili\u011fi olan bir m\u00fc\u015fteri deneyimi sunmak, sat\u0131\u015f sonras\u0131 hizmetlerimizle fark yaratmak yat\u0131yor. Sekt\u00f6rde bizi \u00f6ne \u00e7\u0131karan, en son teknoloji ile \u00fcretilen ve sizlere e\u015fsiz bir pi\u015firme deneyimi sunan \u00fcr\u00fcnlerimizle bunu ba\u015far\u0131yoruz.<\/p>\n<p>Ankara ma\u011faza etkinli\u011fimizde mutfak t\u00fcm ger\u00e7ekli\u011fi ve s\u0131cakl\u0131\u011f\u0131 ile yine hayat\u0131n tam merkezinde yerini ald\u0131. Yeni ma\u011fazam\u0131zda, hayat\u0131n tad\u0131n\u0131 art\u0131ran mutfaklar i\u00e7in en pratik ve yenilik\u00e7i \u00e7\u00f6z\u00fcmleri sizlerle bulu\u015fturmaya devam edece\u011fiz.\u00a0<\/p>\n<p>[\/et_pb_text][\/et_pb_column][\/et_pb_row][\/et_pb_section][et_pb_section fb_built=&#8221;1&#8243; _builder_version=&#8221;4.27.4&#8243; _module_preset=&#8221;default&#8221; collapsed=&#8221;on&#8221; global_colors_info=&#8221;{}&#8221;][et_pb_row _builder_version=&#8221;4.27.4&#8243; _module_preset=&#8221;default&#8221; global_colors_info=&#8221;{}&#8221;][et_pb_column type=&#8221;4_4&#8243; _builder_version=&#8221;4.27.4&#8243; _module_preset=&#8221;default&#8221; global_colors_info=&#8221;{}&#8221;][et_pb_video src=&#8221;https:\/\/www.teka.com\/tr-tr\/wp-content\/uploads\/sites\/16\/2025\/09\/VIDEO-2025-09-06-10-01-06.mp4&#8243; _builder_version=&#8221;4.27.4&#8243; _module_preset=&#8221;default&#8221; global_colors_info=&#8221;{}&#8221;][\/et_pb_video][et_pb_text _builder_version=&#8221;4.27.4&#8243; _module_preset=&#8221;default&#8221; global_colors_info=&#8221;{}&#8221;]<\/p>\n<p><strong>Teka, IFA 2025\u2019te gelece\u011fin mutfa\u011f\u0131n\u0131 tan\u0131tt\u0131<\/strong><\/p>\n<p>Berlin\u2019de d\u00fczenlenen, Avrupa\u2019n\u0131n en etkili teknoloji fuar\u0131\u00a0IFA 2025\u2019te Teka olarak 100 y\u0131ll\u0131k tarihimiz ve inovasyon g\u00fcc\u00fcm\u00fcz\u00fc kutlad\u0131k. 5\u20139 Eyl\u00fcl tarihleri aras\u0131nda ger\u00e7ekle\u015fen fuarda, tasar\u0131m ve teknolojinin bulu\u015ftu\u011fu stand\u0131m\u0131zda ziyaret\u00e7ilerimize gelece\u011fin mutfa\u011f\u0131n\u0131 deneyimleme f\u0131rsat\u0131 sunduk.<\/p>\n<p>En b\u00fcy\u00fck ilgi alanlar\u0131m\u0131zdan biri,\u00a0yeni G1 Edition\u00a0oldu. \u201cBack to the Future\u201d filminin efsanevi otomobili DeLorean ile birlikte sergilenen bu \u00f6zel seri, miras\u0131m\u0131z ile ilham veren gelece\u011fimiz aras\u0131ndaki ba\u011f\u0131 simgeledi. Hem DeLorean hem de Infinity G1 serisi, d\u00fcnyaca \u00fcnl\u00fc\u00a0Italdesign Giugiaro\u00a0st\u00fcdyosu taraf\u0131ndan tasarland\u0131 ve stand\u0131m\u0131zda binlerce ziyaret\u00e7inin foto\u011fraf \u00e7ekti\u011fi ikonik bir k\u00f6\u015feye d\u00f6n\u00fc\u015ft\u00fc.<\/p>\n<p>IFA\u2019da ayr\u0131ca\u00a0Van Gogh Museum Edition\u00a0serimizin lansman\u0131n\u0131 ger\u00e7ekle\u015ftirdik. Amsterdam\u2019daki Van Gogh M\u00fczesi i\u015f birli\u011fiyle haz\u0131rlad\u0131\u011f\u0131m\u0131z ve \u00fcnl\u00fc \u201cAy\u00e7i\u00e7ekleri\u201d tablosundan esinlenen bu koleksiyon, sanat\u0131 mutfakla bulu\u015fturdu. Sergiye e\u015flik eden sanat\u00e7\u0131m\u0131z\u0131n \u201cVan Gogh tarz\u0131nda\u201d yapt\u0131\u011f\u0131 canl\u0131 resimler, ziyaret\u00e7ilerden b\u00fcy\u00fck ilgi g\u00f6rd\u00fc.<\/p>\n<p>Ziyaret\u00e7iler, mutfa\u011f\u0131n kalbinde i\u015flevsellik ve tasar\u0131m\u0131 yeniden tan\u0131mlayan\u00a0Neo Edition f\u0131r\u0131n serisini\u00a0ve yenilenen\u00a0ankastre \u00fcr\u00fcn portf\u00f6y\u00fcm\u00fcz\u00fc\u00a0de yak\u0131ndan inceleme f\u0131rsat\u0131 buldu. Ayr\u0131ca Midea Group\u2019un inovasyon g\u00fcc\u00fcyle yenilenen solo \u00fcr\u00fcn kategorimizde; yeni slot-in buzdolaplar\u0131, bula\u015f\u0131k makineleri, tam otomatik kahve makineleri, pizza f\u0131r\u0131nlar\u0131 ve enerji verimlili\u011fiyle \u00f6ne \u00e7\u0131kan Hybrid Pro su \u0131s\u0131t\u0131c\u0131lar\u0131m\u0131z \u00f6ne \u00e7\u0131kt\u0131.<\/p>\n<p>Be\u015f g\u00fcn boyunca stand\u0131m\u0131z\u0131 100\u2019den fazla \u00fclkeden ziyaret\u00e7iler gezdi. Tasar\u0131m, inovasyon ve kullan\u0131c\u0131 deneyimi odakl\u0131 \u00fcr\u00fcnlerimizle mutfa\u011f\u0131n ger\u00e7ekten evrensel bir dil oldu\u011funu bir kez daha g\u00f6sterdik.<\/p>\n<p>Teka olarak ya\u015fam tarz\u0131 inovasyonuna, \u00f6zg\u00fcn tasar\u0131ma ve insan odakl\u0131, daha ba\u011fl\u0131 evlerin yarat\u0131lmas\u0131na olan ba\u011fl\u0131l\u0131\u011f\u0131m\u0131z\u0131\u00a0hayata tat katan anlarla\u00a0bulu\u015fturmaya devam ediyoruz.<\/p>\n<p>[\/et_pb_text][\/et_pb_column][\/et_pb_row][\/et_pb_section][et_pb_section fb_built=&#8221;1&#8243; _builder_version=&#8221;4.27.4&#8243; _module_preset=&#8221;default&#8221; collapsed=&#8221;off&#8221; global_colors_info=&#8221;{}&#8221;][et_pb_row column_structure=&#8221;1_2,1_2&#8243; _builder_version=&#8221;4.27.4&#8243; _module_preset=&#8221;default&#8221; global_colors_info=&#8221;{}&#8221;][et_pb_column type=&#8221;1_2&#8243; _builder_version=&#8221;4.27.4&#8243; _module_preset=&#8221;default&#8221; global_colors_info=&#8221;{}&#8221;][et_pb_video src=&#8221;https:\/\/www.teka.com\/tr-tr\/wp-content\/uploads\/sites\/16\/2025\/07\/Img-4678-Edit-Low.m4v&#8221; _builder_version=&#8221;4.27.4&#8243; _module_preset=&#8221;default&#8221; global_colors_info=&#8221;{}&#8221;][\/et_pb_video][\/et_pb_column][et_pb_column type=&#8221;1_2&#8243; _builder_version=&#8221;4.27.4&#8243; _module_preset=&#8221;default&#8221; global_colors_info=&#8221;{}&#8221;][et_pb_text _builder_version=&#8221;4.27.4&#8243; _module_preset=&#8221;default&#8221; global_colors_info=&#8221;{}&#8221;]<\/p>\n<p>&nbsp;<\/p>\n<p><strong>Ba\u011fdat\u2019taki yeni m\u00fcnhas\u0131r ma\u011fazam\u0131zla hayata tat katan anlar \u00e7o\u011fal\u0131yor!<\/strong><\/p>\n<p>&nbsp;<\/p>\n<p>Yurt d\u0131\u015f\u0131ndaki ma\u011faza ve bayii a\u011f\u0131m\u0131z, T\u00fcrkiye\u2019de oldu\u011fu gibi h\u0131zla b\u00fcy\u00fcmeye devam ediyor. Bu b\u00fcy\u00fcmenin son ad\u0131m\u0131, 25 Haziran 2025 tarihinde Ba\u011fdat\u2019\u0131n Al-Mansour B\u00f6lgesi\u2019nde, 14 Ramazan Caddesi \u00fczerinde a\u00e7\u0131l\u0131\u015f\u0131 yap\u0131lan yeni m\u00fcnhas\u0131r Teka ma\u011fazam\u0131z oldu.<\/p>\n<p>&nbsp;<\/p>\n<p>Toplam 945 m\u00b2 alana sahip \u00fc\u00e7 katl\u0131 ma\u011fazam\u0131zda; yakla\u015f\u0131k 400 m\u00b2\u2019lik \u00fcr\u00fcn sergileme alan\u0131n\u0131n yan\u0131 s\u0131ra, e\u011fitim ve etkinlik salonlar\u0131 ile ofis ve destek birimleri de yer al\u0131yor. Ba\u011fdat Ma\u011fazam\u0131z ayn\u0131 zamanda Teka\u2019n\u0131n b\u00f6lgede uzun vadeli yat\u0131r\u0131m vizyonunun da \u00f6nemli bir g\u00f6stergesi. Yakla\u015f\u0131k 100 davetlinin kat\u0131l\u0131m\u0131yla ger\u00e7ekle\u015fen a\u00e7\u0131l\u0131\u015f t\u00f6reninde, Irak\u2019\u0131n \u00f6nde gelen sosyal medya influencer\u2019lar\u0131, ulusal bas\u0131n mensuplar\u0131, mimarlar, i\u00e7 mimarlar ve farkl\u0131 \u015fehirlerden gelen mutfak mobilyas\u0131 \u00fcreticileri ile beyaz e\u015fya distrib\u00fct\u00f6rleri bu \u00f6zel g\u00fcnde bizimleydi.<\/p>\n<p>&nbsp;<\/p>\n<p>Irak\u2019ta ger\u00e7ekle\u015ftirdi\u011fimiz yeni ma\u011faza a\u00e7\u0131l\u0131\u015f\u0131nda mutfak t\u00fcm ger\u00e7ekli\u011fi ve s\u0131cakl\u0131\u011f\u0131 ile yine hayat\u0131n tam merkezinde yer ald\u0131. Yeni ma\u011fazam\u0131zda, 100 y\u0131ll\u0131k Alman markas\u0131 Teka\u2019n\u0131n \u00fcst\u00fcn tasar\u0131m ve teknolojiye sahip \u00fcr\u00fcnlerini, hayat\u0131n tad\u0131n\u0131 art\u0131ran mutfaklar i\u00e7in en pratik ve yenilik\u00e7i \u00e7\u00f6z\u00fcmleri Irakl\u0131 t\u00fcketiciler ile bulu\u015fturmaya devam edece\u011fiz.<\/p>\n<p>[\/et_pb_text][\/et_pb_column][\/et_pb_row][\/et_pb_section][et_pb_section fb_built=&#8221;1&#8243; _builder_version=&#8221;4.27.4&#8243; _module_preset=&#8221;default&#8221; collapsed=&#8221;on&#8221; global_colors_info=&#8221;{}&#8221;][et_pb_row _builder_version=&#8221;4.27.4&#8243; _module_preset=&#8221;default&#8221; global_colors_info=&#8221;{}&#8221;][et_pb_column type=&#8221;4_4&#8243; _builder_version=&#8221;4.27.4&#8243; _module_preset=&#8221;default&#8221; global_colors_info=&#8221;{}&#8221;][et_pb_video src=&#8221;https:\/\/www.teka.com\/tr-tr\/wp-content\/uploads\/sites\/16\/2025\/06\/Sergi-Tanitim_lowres.m4v&#8221; _builder_version=&#8221;4.27.4&#8243; _module_preset=&#8221;default&#8221; global_colors_info=&#8221;{}&#8221;][\/et_pb_video][et_pb_text _builder_version=&#8221;4.27.4&#8243; _module_preset=&#8221;default&#8221; global_colors_info=&#8221;{}&#8221;]<\/p>\n<p><strong>Hayat\u0131n mutfa\u011f\u0131nda yine gen\u00e7 sanat\u00e7\u0131lar var!<\/strong><\/p>\n<p>Teka sadece bir mutfak de\u011fil, ya\u015fayan ve \u00fcreten bir mutfakt\u0131r. \u00c7\u00fcnk\u00fc bizim i\u00e7in mutfak \u015f\u0131k bir resimden ibaret de\u011fil, evin en canl\u0131, en ya\u015fam dolu yeridir. Hayat\u0131m\u0131zda bir\u00e7ok an ve an\u0131 mutfaktan ge\u00e7er. Mutfak t\u00fcm ger\u00e7ekli\u011fi ve s\u0131cakl\u0131\u011f\u0131yla hayat\u0131n tam merkezinde yer al\u0131r. Ona y\u00fcklenen o \u00e7e\u015fitli anlamlardan biri de sanatt\u0131r. TEKA olarak; mutfa\u011f\u0131n bu farkl\u0131 anlamlar\u0131n\u0131, hayat\u0131m\u0131z\u0131n i\u00e7indeki yerini, \u00f6zg\u00fcn renklerini ve hikayelerini, en yarat\u0131c\u0131 \u015fekliyle g\u00f6zler \u00f6n\u00fcne seriyoruz.<\/p>\n<p>TEKA T\u00fcrkiye\u2019nin 3 y\u0131ld\u0131r aral\u0131ks\u0131z ger\u00e7ekle\u015ftirdi\u011fi ve at\u0131k malzemelerin gen\u00e7 sanat\u00e7\u0131lar\u0131n ellerinde birer sanat eserine d\u00f6n\u00fc\u015fmesine odaklanan \u201cSanata D\u00f6n\u00fc\u015f\u00fcm Projesi\u201d eserleri \u0130stanbul\u2019dan sonra \u0130zmir Galeri A\u2019da d\u00fczenlenen bir etkinlikle sanatseverlerle bulu\u015ftu. TEKA\u2019n\u0131n T\u00fcrkiye\u2019deki 30. y\u0131ld\u00f6n\u00fcm\u00fc olan 2022 y\u0131l\u0131nda ilk olarak 3 gen\u00e7 y\u00f6netmenin desteklenmesiyle ba\u015flayan proje, son 3 y\u0131ld\u0131r ayr\u0131ca gen\u00e7 ressamlar\u0131 da desteklemeye devam ediyor.<\/p>\n<p>\u0130lk olarak \u0130stanbul\u2019da GaleriFe\u2019de d\u00fczenlenen bir etkinlikle tan\u0131t\u0131lan ve Hakan K\u00fcrkl\u00fc\u2019n\u00fcn k\u00fcrat\u00f6rl\u00fc\u011f\u00fcn\u00fc yapt\u0131\u011f\u0131 projenin bu y\u0131lki se\u00e7kisinde Selin Sezgin, Batuhan Da\u015fdemir, Deniz Sevin\u00e7li, Ece Haskan, Emre Acar, Emir Tekkalmaz, Erman G\u00fcrc\u00fcm, Merve \u015eenel, \u00d6zge Akdeniz ve \u015e\u00fckran Dokumac\u0131\u2019n\u0131n aralar\u0131nda bulundu\u011fu 10 gen\u00e7 sanat\u00e7\u0131n\u0131n haz\u0131rlad\u0131\u011f\u0131 33 eser yer ald\u0131. Koleksiyonun tamam\u0131 ise ilk kez \u0130zmir\u2019de Galeri A\u2019da sanatseverlerle bulu\u015ftu. Sergi 4 Haziran\u2019a kadar \u00fccretsiz olarak ziyaret edilebilir.<\/p>\n<p><strong>Desteklenen gen\u00e7 sanat\u00e7\u0131 say\u0131s\u0131 30\u2019a ula\u015ft\u0131<\/strong><\/p>\n<p>Etkinlikte tasar\u0131m ve s\u00fcrd\u00fcr\u00fclebilirli\u011fin Teka i\u00e7in vazge\u00e7ilmez iki de\u011fer oldu\u011funun alt\u0131n\u0131 \u00e7izen Teka Euroasia CEO\u2019su Ayd\u0131n Kuzalt\u0131 \u201cT\u00fcrkiye\u2019deki 33. y\u0131l\u0131m\u0131zda \u201cSanata D\u00f6n\u00fc\u015f\u00fcm\u201d projemizin 3.s\u00fcn\u00fc ger\u00e7ekle\u015ftirmenin mutlulu\u011funu ya\u015f\u0131yoruz. 100 y\u0131l\u0131 geride b\u0131rakan Teka Grubu olarak, s\u00fcrd\u00fcr\u00fclebilirli\u011fi yaln\u0131zca bir \u00e7evre yakla\u015f\u0131m\u0131 de\u011fil, ayn\u0131 zamanda sosyal ve k\u00fclt\u00fcrel bir sorumluluk olarak g\u00f6r\u00fcyoruz. T\u00fcm i\u015fletmelerimizde, fabrikalar\u0131m\u0131zda enerji ve at\u0131k konular\u0131nda s\u00fcrd\u00fcr\u00fclebilirlik hedeflerimiz do\u011frultusunda b\u00fcy\u00fck yat\u0131r\u0131mlar yap\u0131yoruz. Bunun yan\u0131 s\u0131ra, geri d\u00f6n\u00fc\u015f\u00fcm ve s\u00fcrd\u00fcr\u00fclebilirlik konular\u0131na kar\u015f\u0131 fark\u0131ndal\u0131k yaratman\u0131n da \u00f6nemine inan\u0131yoruz. Bu ama\u00e7la TekaT\u00fcrkiye olarak ba\u015flatt\u0131\u011f\u0131m\u0131z ve gen\u00e7 sanat\u00e7\u0131lar\u0131m\u0131z\u0131 desteklemeye odaklanan \u201cSanata D\u00f6n\u00fc\u015f\u00fcm\u201d projemizde destekledi\u011fimiz sanat\u00e7\u0131 say\u0131s\u0131n\u0131 bu y\u0131l 30\u2019a \u00e7\u0131kard\u0131k. Bu say\u0131y\u0131 ileride daha da art\u0131rmak i\u00e7in kararl\u0131y\u0131z\u201d dedi.<\/p>\n<p>Yolculu\u011fumuz, sanat\u0131n her bi\u00e7imiyle paralel olarak, \u015firketimizin her ad\u0131m\u0131nda geli\u015ferek devam ediyor. T\u00fcrkiye\u2019deki 30. y\u0131l\u0131m\u0131z\u0131 kutlarken hayat\u0131n mutfa\u011f\u0131na gen\u00e7 y\u00f6netmenlerimizi dahil ettik, daha sonra \u00f6ncelikli ilkelerimizden biri olan s\u00fcrd\u00fcr\u00fclebilirli\u011fi sanat yoluyla hayata ge\u00e7irdik. Hayat\u0131n mutfa\u011f\u0131n\u0131 s\u00fcrd\u00fcr\u00fclebilir sanatla renklendirmeye devam edece\u011fiz.<\/p>\n<p>[\/et_pb_text][\/et_pb_column][\/et_pb_row][\/et_pb_section][et_pb_section fb_built=&#8221;1&#8243; _builder_version=&#8221;4.27.4&#8243; _module_preset=&#8221;default&#8221; global_colors_info=&#8221;{}&#8221;][et_pb_row _builder_version=&#8221;4.27.4&#8243; _module_preset=&#8221;default&#8221; global_colors_info=&#8221;{}&#8221;][et_pb_column type=&#8221;4_4&#8243; _builder_version=&#8221;4.27.4&#8243; _module_preset=&#8221;default&#8221; global_colors_info=&#8221;{}&#8221;][et_pb_image src=&#8221;https:\/\/www.teka.com\/tr-tr\/wp-content\/uploads\/sites\/16\/2025\/05\/Teka_sanatadonusum_blog_yatay.jpg&#8221; title_text=&#8221;Teka_sanatadonusum_blog_yatay&#8221; _builder_version=&#8221;4.27.4&#8243; _module_preset=&#8221;default&#8221; global_colors_info=&#8221;{}&#8221;][\/et_pb_image][et_pb_text _builder_version=&#8221;4.27.4&#8243; _module_preset=&#8221;default&#8221; global_colors_info=&#8221;{}&#8221;]<\/p>\n<p><strong>Hayat\u0131n mutfa\u011f\u0131 s\u00fcrd\u00fcr\u00fclebilir sanatla renkleniyor!<\/strong><\/p>\n<p>100. y\u0131l\u0131m\u0131z\u0131 geride b\u0131rak\u0131rken, T\u00fcrkiye\u2019deki 33. y\u0131l\u0131m\u0131zda yine bir sanat projesini hayata ge\u00e7irmenin gururunu ya\u015f\u0131yoruz. Sanata D\u00f6n\u00fc\u015f\u00fcm projemiz kapsam\u0131nda ge\u00e7en sene oldu\u011fu gibi bu sene de geri d\u00f6n\u00fc\u015f\u00fcme ay\u0131rd\u0131\u011f\u0131m\u0131z at\u0131k karton ambalajlar sanat\u00e7\u0131lar\u0131n tuvali oluyor, gelece\u011fe ilham veren birer sanat eserine d\u00f6n\u00fc\u015f\u00fcyor. 10 sanat\u00e7\u0131m\u0131z\u0131n toplam 33 eseri Galeri FE\u2019de sanat severlerle bulu\u015fuyor.<\/p>\n<p>Teka olarak t\u00fcm i\u015fletmelerimizde, fabrikalar\u0131m\u0131zda enerji ve at\u0131k anlam\u0131nda geri d\u00f6n\u00fc\u015f\u00fcme \u00e7ok \u00f6nem veriyoruz. Do\u011fal kaynaklar\u0131m\u0131za daha az zarar verecek \u015fekilde planlama yapmaya \u00a0devam ediyoruz. Bu projemizde de fabrikalar\u0131m\u0131zda at\u0131k olarak olu\u015fan \u00a0malzemeler ile sanat\u00e7\u0131lar\u0131m\u0131z\u0131n fikirlerini bir araya getirerek at\u0131k malzemelerin birer sanat eserine d\u00f6n\u00fc\u015fmesine olanak sa\u011flad\u0131k. \u00a0<\/p>\n<p>Bu sene 4.\u2019s\u00fcn\u00fc ger\u00e7ekle\u015ftirdi\u011fimiz sanat projemizi \u00f6n\u00fcm\u00fczdeki y\u0131llarda da devam ettirmeyi ama\u00e7l\u0131yoruz. S\u00fcrd\u00fcr\u00fclebilirli\u011fin sadece kaynaklar anlam\u0131nda de\u011fil, projeler anlam\u0131nda da devaml\u0131l\u0131\u011f\u0131n\u0131 sa\u011flayarak toplumda yaratt\u0131\u011f\u0131m\u0131z katk\u0131n\u0131n daha da b\u00fcy\u00fcyece\u011fine inan\u0131yoruz.<\/p>\n<p>Teka olarak bu fark\u0131ndal\u0131\u011f\u0131 art\u0131rmak ve g\u00fcndemdeki yerinin \u00f6nemini sanatla vurgulamak amac\u0131yla, \u00fcretti\u011fimiz ankastre f\u0131r\u0131nlar\u0131n karton ambalajlar\u0131 sanat\u00e7\u0131lar taraf\u0131ndan tuval olarak kullan\u0131larak birer sanat eserine d\u00f6n\u00fc\u015ft\u00fc ve\u00a0s\u00fcrd\u00fcr\u00fclebilirlik sanat\u0131n renkleriyle fark\u0131ndal\u0131k kazand\u0131. 10 sanat\u00e7\u0131m\u0131z\u0131n eserleri ile s\u00fcrd\u00fcr\u00fclebilirli\u011fi destekledi\u011fimiz sergiye kat\u0131lan t\u00fcm sanat\u00e7\u0131lar\u0131m\u0131za ve davetlilerimize te\u015fekk\u00fcr ediyoruz.<\/p>\n<p>&nbsp;<\/p>\n<p>&nbsp;<\/p>\n<p>&nbsp;<\/p>\n<p>&nbsp;<\/p>\n<p>[\/et_pb_text][\/et_pb_column][\/et_pb_row][\/et_pb_section][et_pb_section fb_built=&#8221;1&#8243; _builder_version=&#8221;4.27.4&#8243; _module_preset=&#8221;default&#8221; collapsed=&#8221;off&#8221; global_colors_info=&#8221;{}&#8221;][et_pb_row _builder_version=&#8221;4.27.4&#8243; _module_preset=&#8221;default&#8221; global_colors_info=&#8221;{}&#8221;][et_pb_column type=&#8221;4_4&#8243; _builder_version=&#8221;4.27.4&#8243; _module_preset=&#8221;default&#8221; global_colors_info=&#8221;{}&#8221;][et_pb_image src=&#8221;https:\/\/www.teka.com\/tr-tr\/wp-content\/uploads\/sites\/16\/2025\/04\/FIRMA_MIDEA_TEKA_250429_115035_DSC07033-scaled.jpg&#8221; title_text=&#8221;FIRMA_MIDEA_TEKA_250429_115035_DSC07033&#8243; _builder_version=&#8221;4.27.4&#8243; _module_preset=&#8221;default&#8221; global_colors_info=&#8221;{}&#8221;][\/et_pb_image][et_pb_text _builder_version=&#8221;4.27.4&#8243; _module_preset=&#8221;default&#8221; global_colors_info=&#8221;{}&#8221;]<\/p>\n<p class=\"p2\"><b>Midea\u2019n\u0131n G\u00fcc\u00fcyle Teka <\/b><b><\/b><b>Yeni Bir Y\u00fczy\u0131la Ba\u015fl\u0131yor <\/b><b><\/b><\/p>\n<ul>\n<li class=\"p3\"><b>D\u00fcnyan\u0131n lider ankastre mutfak \u00fcr\u00fcnleri \u00fcreticisi Teka\u2019n\u0131n Midea Grubu\u2019na entegrasyonuyla, \u015firketin b\u00fcy\u00fcmesi ve markalar\u0131n\u0131n pazar penetrasyonu katlanarak artt\u0131r\u0131lacak. <\/b><b><\/b><\/li>\n<li class=\"p3\"><b>Bu sat\u0131n almayla Midea&#8217;n\u0131n inovasyon, teknoloji ve \u00fcretim potansiyeli <\/b>Teka<b>\u2019n\u0131n 100 y\u0131ll\u0131k marka deneyimi ve \u00fcr\u00fcn portf\u00f6y\u00fcyle bir araya gelecek. <\/b><b><\/b><\/li>\n<\/ul>\n<p class=\"p3\">K\u00fcresel teknoloji liderlerinden Midea, Teka Grubu\u2019nun sat\u0131n al\u0131m\u0131n\u0131 tamamlad\u0131. Bu stratejik ad\u0131mla, Teka Grubu\u2019nun k\u00fcresel rekabet g\u00fcc\u00fcn\u00fcn daha da artt\u0131r\u0131lmas\u0131 ve Grubun yeni \u00fcr\u00fcn kategorilerinde, yeni pazarlarda h\u0131zl\u0131 bir geni\u015fleme f\u0131rsat\u0131 yakalamas\u0131 hedefleniyor. Sat\u0131n almayla ayr\u0131ca, Midea&#8217;n\u0131n teknoloji alan\u0131ndaki k\u00fcresel liderli\u011fi ve \u00fcretim \u00f6l\u00e7e\u011fiyle, Teka Grubu&#8217;nun y\u00fczy\u0131ll\u0131k marka miras\u0131 ve Avrupa, Asya ve Latin Amerika&#8217;daki g\u00fc\u00e7l\u00fc varl\u0131\u011f\u0131n\u0131n birle\u015ftirilerek bir sinerji yarat\u0131lmas\u0131 ama\u00e7lan\u0131yor. \u0130ki marka birlikte, d\u00fcnya \u00e7ap\u0131ndaki t\u00fcketicilere daha kapsaml\u0131 ve yenilik\u00e7i ev \u00e7\u00f6z\u00fcmleri sunmaya haz\u0131rlan\u0131yor.<\/p>\n<p class=\"p3\">Teka Grubu, Midea&#8217;n\u0131n deste\u011fiyle operasyonlar\u0131n\u0131 geli\u015ftirirken, \u00fcr\u00fcn yelpazesini de geni\u015fletecek ve yeni kategorilere girecek. Sat\u0131n almayla birlikte, Midea&#8217;n\u0131n k\u00fcresel operasyonlar\u0131ndan ve Ar-Ge yeteneklerinden gelecek ivmeyle Teka Grubu&#8217;nun organizasyonel yap\u0131s\u0131 ve Teka, K\u00fcppersbusch ve Intra\u2019dan olu\u015fan \u00fc\u00e7 farkl\u0131 ticari markas\u0131n\u0131n daha da g\u00fc\u00e7lendirilmesi hedefleniyor.<\/p>\n<p class=\"p3\">Sat\u0131n almayla ilgili Midea Grubu\u2019nun Uluslararas\u0131 \u0130\u015f Birimi Ba\u015fkan\u0131 Jian Fu, \u201cMidea ailesinin bir \u00fcyesi olarak Teka Grup&#8217;a s\u0131cak bir kar\u015f\u0131lama yapmaktan ve d\u00fcnyan\u0131n iki b\u00fcy\u00fck markas\u0131n\u0131 birle\u015ftirmekten mutluluk duyuyoruz. Midea&#8217;n\u0131n teknolojik ve \u00fcretim m\u00fckemmelli\u011fi ile Teka&#8217;n\u0131n g\u00fc\u00e7l\u00fc marka miras\u0131 ve t\u00fcketici i\u00e7 g\u00f6r\u00fcs\u00fc, t\u00fcm d\u00fcnyaya yenilik\u00e7i \u00e7\u00f6z\u00fcmler ve yeni \u00fcr\u00fcnler sunacak\u201d diye konu\u015ftu.<\/p>\n<p class=\"p3\">Teka Grup CEO&#8217;su Mauro Correia ise, &#8220;Midea Grubu ile birle\u015fme Teka i\u00e7in heyecan verici yeni bir d\u00f6nemi temsil ediyor. Bu entegrasyon ticari geli\u015fimimizi h\u0131zland\u0131racak, end\u00fcstriyel ve Ar-Ge yeteneklerimizi geli\u015ftirecek, yeni pazarlara ve kategorilere eri\u015fimimizi geni\u015fletmemize ve m\u00fc\u015fterilerimize, i\u015f ortaklar\u0131m\u0131za daha da yenilik\u00e7i \u00e7\u00f6z\u00fcmleri ve tasar\u0131mlar\u0131 sunmam\u0131za olanak tan\u0131yacak&#8221; dedi.<\/p>\n<p class=\"p3\">1968&#8217;de kurulan Midea Group, 2024 Fortune Global 500 listesinde 277. s\u0131rada yer alan lider bir k\u00fcresel teknoloji lideri ve D\u00fcnya\u2019n\u0131n en b\u00fcy\u00fck ak\u0131ll\u0131 ev cihazlar\u0131 \u00fcreticilerinden biri. G\u00fcn\u00fcm\u00fczde Midea, ak\u0131ll\u0131 evler, end\u00fcstriyel teknolojiler, bina teknolojileri, robotik ve otomasyon, medikal ve lojistik dahil olmak \u00fczere alt\u0131 ana i\u015f kolunda faaliyet g\u00f6steriyor. Sat\u0131n alma s\u00fcreci, Midea&#8217;n\u0131n inovasyon ve teknoloji alan\u0131ndaki yat\u0131r\u0131mlar\u0131 d\u00fc\u015f\u00fcn\u00fcld\u00fc\u011f\u00fcnde, Teka Grup&#8217;un finansal istikrar\u0131n\u0131, operasyonel verimlili\u011fini ve pazar liderli\u011fini daha da<\/p>\n<p class=\"p3\">sa\u011flamla\u015ft\u0131r\u0131rken, Grubun m\u00fc\u015fterileri, i\u015f ortaklar\u0131 ve \u00e7al\u0131\u015fanlar\u0131 i\u00e7in s\u00fcreklilik ve yeni b\u00fcy\u00fcme f\u0131rsatlar\u0131n\u0131 beraberinde getirecek.<\/p>\n<p class=\"p3\">Merkezi \u00c7in&#8217;in Guangdong Eyaleti, Foshan&#8217;da bulunan Midea Group, 53,08 milyar Avro br\u00fct gelire sahip ve d\u00fcnya \u00e7ap\u0131nda 190.000&#8217;den fazla ki\u015fiyi istihdam ediyor. \u201cB\u00fcy\u00fck yenilikleri hayata ge\u00e7irme\u201d mottosuyla bug\u00fcne kadar 90.000&#8217;den fazla patente sahip olan \u015firket, 44 \u00fcretim \u00fcss\u00fc ve 38 inovasyon merkezi i\u015fletiyor.<\/p>\n<p class=\"p3\">Teka Grup ise \u015fu anda be\u015f k\u0131tada 120&#8217;den fazla \u00fclkede faaliyet g\u00f6steriyor. Teka; \u0130spanya, Portekiz, Meksika, \u015eili, Tayland, T\u00fcrkiye, Almanya, Birle\u015fik Arap Emirlikleri ve \u0130skandinavya\u2019da \u00f6nemli pazar paylar\u0131na sahip. Y\u0131lda milyonlarca \u00fcr\u00fcn \u00fcreten \u015firket, Avrupa, Asya ve Amerika&#8217;da 10 fabrika i\u015fletirken, yakla\u015f\u0131k 3.000 ki\u015filik bir organizasyona sahip.<\/p>\n<p class=\"p3\"><b>Midea Grup Hakk\u0131nda: <\/b><b><\/b><\/p>\n<p class=\"p5\"><i>Midea Grup, \u201cb\u00fcy\u00fck yenilikleri hayata ge\u00e7irme\u201d vizyonuyla, kurulu\u015fundan bu yana teknoloji arac\u0131l\u0131\u011f\u0131yla daha iyi bir ya\u015fam yaratma felsefesini s\u00fcrd\u00fcr\u00fcyor. \u015eu anda Midea&#8217;n\u0131n \u00fcr\u00fcn ve hizmetleri 200&#8217;den fazla \u00fclke ve b\u00f6lgede 500 milyondan fazla ki\u015fiye ula\u015f\u0131yor. Midea markalar\u0131 aras\u0131nda Little Swan, Toshiba, WAHIN, COLMO, Clivet, Eureka, KUKA, GMCC, Welling, LINVOL ve Wandong bulunuyor. <\/i><i><\/i><\/p>\n<p class=\"p3\"><b>Teka Grup Hakk\u0131nda: <\/b><b><\/b><\/p>\n<p class=\"p5\"><i>Teka Grup, 1924 y\u0131l\u0131nda Almanya&#8217;da kurulan ve \u015fu anda 100&#8217;den fazla \u00fclkede faaliyet g\u00f6steren, ankastre \u00fcr\u00fcnler, paslanmaz \u00e7elik evye ve batarya tasar\u0131m\u0131 ve \u00fcretiminde uzmanla\u015fm\u0131\u015f \u00e7ok uluslu bir gruptur. Mutfak \u00fcr\u00fcnleri aras\u0131nda f\u0131r\u0131nlar, ocaklar, davlumbazlar, evyeler ve bataryalar bulunmaktad\u0131r. Grup, son iki y\u0131lda aral\u0131ks\u0131z yat\u0131r\u0131m yapt\u0131\u011f\u0131 tasar\u0131m ve inovasyon alanlar\u0131nda 34 uluslararas\u0131 \u00f6d\u00fcl kazanm\u0131\u015ft\u0131r. Ana markalar\u0131 Teka, K\u00fcppersbusch ve Intra&#8217;d\u0131r. <\/i><\/p>\n<p>[\/et_pb_text][\/et_pb_column][\/et_pb_row][\/et_pb_section][et_pb_section fb_built=&#8221;1&#8243; _builder_version=&#8221;4.27.4&#8243; _module_preset=&#8221;default&#8221; collapsed=&#8221;on&#8221; global_colors_info=&#8221;{}&#8221;][et_pb_row _builder_version=&#8221;4.27.4&#8243; _module_preset=&#8221;default&#8221; global_colors_info=&#8221;{}&#8221;][et_pb_column type=&#8221;4_4&#8243; _builder_version=&#8221;4.27.4&#8243; _module_preset=&#8221;default&#8221; global_colors_info=&#8221;{}&#8221;][et_pb_image src=&#8221;https:\/\/www.teka.com\/tr-tr\/wp-content\/uploads\/sites\/16\/2025\/02\/Teka_antalya_blog_yatay.png&#8221; title_text=&#8221;Teka_antalya_blog_yatay&#8221; admin_label=&#8221;Image&#8221; _builder_version=&#8221;4.27.4&#8243; _module_preset=&#8221;default&#8221; global_colors_info=&#8221;{}&#8221;][\/et_pb_image][et_pb_text _builder_version=&#8221;4.27.4&#8243; _module_preset=&#8221;default&#8221; global_colors_info=&#8221;{}&#8221;]<\/p>\n<p>TEKA Yetkili Servisler Toplant\u0131s\u0131 entegrasyon s\u00fcrecimizin \u00f6nemli bir par\u00e7as\u0131!<\/p>\n<p>D\u00fczenli olarak ger\u00e7ekle\u015ftirdi\u011fimiz TEKA Yetkili Servis Toplant\u0131m\u0131z, Antalya Lara Barut Otel\u2019de ger\u00e7ekle\u015fti. D\u00fcnyan\u0131n \u00f6nde gelen beyaz e\u015fya \u00fcreticilerinden Midea ile ba\u015flayan entegrasyon s\u00fcreci ile \u015firketimiz b\u00fcy\u00fck bir d\u00f6n\u00fc\u015f\u00fcm\u00fcn e\u015fi\u011finde. TEKA markas\u0131 olarak ankastredeki uzman kimli\u011fimizi beyaz e\u015fyaya da ta\u015f\u0131yoruz. Bizim i\u00e7in b\u00fcy\u00fck \u00f6nemi olan yeni \u00fcr\u00fcn ve hizmetlere yat\u0131r\u0131m yapmaya ve m\u00fc\u015fteri memnuniyetini art\u0131rmak i\u00e7in \u00e7al\u0131\u015fmaya devam ediyoruz.<\/p>\n<p>Yetkili servis toplant\u0131m\u0131z\u0131 bu d\u00f6n\u00fc\u015f\u00fcm\u00fcn \u00f6nemli noktalar\u0131ndan biri olarak g\u00f6r\u00fcyoruz. Sahada m\u00fc\u015fterilerimize ula\u015fmada en b\u00fcy\u00fck g\u00fcc\u00fcm\u00fcz olan yetkili servislerimiz ile TEKA markam\u0131z\u0131 daha da ileriye ta\u015f\u0131yaca\u011f\u0131m\u0131za inan\u0131yoruz.<\/p>\n<p>TEKA ailesi olarak m\u00fc\u015fteri memnuniyetini en \u00fcst seviyeye \u00e7\u0131karmak ve yenilik\u00e7i \u00e7\u00f6z\u00fcmler ile sekt\u00f6rde al\u0131\u015f\u0131lm\u0131\u015f\u0131n d\u0131\u015f\u0131nda hizmet sunmay\u0131 misyon edindik. Bu misyon yolculu\u011funda de\u011ferli yetkili servislerimizin katk\u0131s\u0131 \u00e7ok b\u00fcy\u00fck. M\u00fc\u015fterilerimizle ileti\u015fimi g\u00fc\u00e7l\u00fc tutarak ba\u015far\u0131lar\u0131m\u0131z\u0131 devam ettirmek istiyoruz.<\/p>\n<p>Toplant\u0131da Euroasia CEO\u2019muz Ayd\u0131n Kuzalt\u0131, ikincisini d\u00fczenledi\u011fimiz Yetkili Servis Toplant\u0131s\u0131n\u0131n a\u00e7\u0131l\u0131\u015f konu\u015fmas\u0131n\u0131 yapt\u0131. Kuzalt\u0131, \u201cB\u00fct\u00fcn illeri, b\u00fct\u00fcn b\u00f6lgeleri kapsamaya \u00e7al\u0131\u015f\u0131yoruz. \u0130\u015f ortaklar\u0131m\u0131zla yeni \u00fcr\u00fcn ve yeni gelece\u011fimizle ilgili bilgiler aktarmaya \u00e7al\u0131\u015faca\u011f\u0131z\u201d s\u00f6zleriyle konu\u015fmas\u0131na ba\u015flad\u0131.<\/p>\n<p>\u201cTeka olarak servis hizmetlerimizi her zaman bir ad\u0131m daha ileri ta\u015f\u0131may\u0131 ilke edindik. S\u00fcrekli iyile\u015ftirme ve s\u00fcrekli geli\u015fme kurumumuzun vazge\u00e7ilmez kavram\u0131. Bunu da servis hizmetleri s\u00fcre\u00e7lerimize yans\u0131tmaya azami dikkat g\u00f6sterdik.<\/p>\n<p>Sizler, m\u00fc\u015fteriye dokundu\u011fumuz noktas\u0131n\u0131z. Bundan dolay\u0131 da standart hizmetler sunmaktansa hep butik hizmet kavram\u0131n\u0131 \u00f6n plana \u00e7\u0131karmaya, m\u00fc\u015fteriye bizi daha \u00f6zel k\u0131lacak \u00e7\u00f6z\u00fcmler sunmaya gayret ettik.<\/p>\n<p>M\u00fc\u015fterilerimiz, \u00fcr\u00fcnlerimizi kullanan ve kullan\u0131rken ya\u015fad\u0131klar\u0131 deneyimlerle \u00fcr\u00fcnlerimizi geli\u015ftirmemize yard\u0131mc\u0131 olan nokta. M\u00fc\u015fterilerimizle olan ileti\u015fimimizde el\u00e7i g\u00f6revini sizler yerine getiriyorsunuz. Titiz yakla\u015f\u0131mlar\u0131m\u0131z\u0131n sonucunda sat\u0131\u015f sonras\u0131 hizmetler alan\u0131nda \u00e7ok yol kat ettik. Son \u00fc\u00e7 y\u0131lda, ankastre kategorisinde halka yans\u0131yan bir de\u011ferlendirme platformu olan sikayetvar.com\u2019un verdi\u011fi alt\u0131n ve g\u00fcm\u00fc\u015f \u00f6d\u00fcller de do\u011fru yolda oldu\u011fumuzun bir g\u00f6stergesi. \u00d6n\u00fcm\u00fczdeki d\u00f6nemde de daha iyisini ba\u015farmak ve daha g\u00fc\u00e7l\u00fc bir gelece\u011fi birlikte in\u015fa etmeye devam etmek istiyoruz.<\/p>\n<p>Almanya\u2019da do\u011fan, 100 y\u0131ll\u0131k bir miras\u0131n verdi\u011fi g\u00fc\u00e7le hareket ediyoruz. \u00d6n\u00fcm\u00fczdeki d\u00f6nemde bu miras\u0131m\u0131z\u0131 \u00e7ok g\u00fc\u00e7l\u00fc Midea kurumunun b\u00fcnyesinde devam ettirmeye \u00e7al\u0131\u015faca\u011f\u0131z.\u201d s\u00f6zleriyle konu\u015fmas\u0131na devam etti.<\/p>\n<p>[\/et_pb_text][\/et_pb_column][\/et_pb_row][\/et_pb_section][et_pb_section fb_built=&#8221;1&#8243; _builder_version=&#8221;4.27.4&#8243; _module_preset=&#8221;default&#8221; collapsed=&#8221;off&#8221; global_colors_info=&#8221;{}&#8221;][et_pb_row _builder_version=&#8221;4.27.4&#8243; _module_preset=&#8221;default&#8221; global_colors_info=&#8221;{}&#8221;][et_pb_column type=&#8221;4_4&#8243; _builder_version=&#8221;4.27.4&#8243; _module_preset=&#8221;default&#8221; global_colors_info=&#8221;{}&#8221;][et_pb_image src=&#8221;https:\/\/www.teka.com\/tr-tr\/wp-content\/uploads\/sites\/16\/2025\/02\/Teka_sergi_blog_yatay-1.png&#8221; title_text=&#8221;Teka_sergi_blog_yatay&#8221; _builder_version=&#8221;4.27.4&#8243; _module_preset=&#8221;default&#8221; global_colors_info=&#8221;{}&#8221;][\/et_pb_image][et_pb_text _builder_version=&#8221;4.27.4&#8243; _module_preset=&#8221;default&#8221; global_colors_info=&#8221;{}&#8221;]<\/p>\n<p>TEKA T\u00fcrkiye olarak s\u00fcrd\u00fcr\u00fclebilirlik perspektifimizde her zaman gen\u00e7 sanat\u00e7\u0131lar yer al\u0131yor. TEKA T\u00fcrkiye\u2019nin 30. y\u0131l\u0131nda mutfaklar\u0131n, hayata damga vuran bir\u00e7ok olay\u0131n sahnesi oldu\u011funu gen\u00e7 y\u00f6netmelerinin g\u00f6z\u00fcnden izledik. Daha sonra hayat\u0131n mutfa\u011f\u0131n\u0131 s\u00fcrd\u00fcr\u00fclebilir sanatla renklendiren bir projeyi hayata ge\u00e7irdik. TEKA\u2019n\u0131n cam f\u0131r\u0131n kapaklar\u0131 sanat\u00e7\u0131lar\u0131n yeni tuvalleri oldu ve s\u00fcrd\u00fcr\u00fclebilirlik sanat\u00e7\u0131lar\u0131n eserleriyle fark\u0131ndal\u0131k kazand\u0131. TEKA olarak; mutfa\u011f\u0131n bu farkl\u0131 anlamlar\u0131n\u0131, hayat\u0131m\u0131z\u0131n i\u00e7indeki yerini, \u00f6zg\u00fcn renklerini ve hikayelerini, en yarat\u0131c\u0131, s\u00fcrd\u00fcr\u00fclebilir ve geri d\u00f6n\u00fc\u015ft\u00fcr\u00fclebilir \u015fekliyle g\u00f6zler \u00f6n\u00fcne sermeye devam ediyoruz.<\/p>\n<p>S\u00fcrd\u00fcr\u00fclebilirli\u011fi \u00f6n plana \u00e7\u0131kard\u0131\u011f\u0131m\u0131z yeni bir sanat projesini hayata ge\u00e7irmenin gururunu ya\u015f\u0131yoruz. \u0130zmir Arkas Bilim Sanat Merkezi \u00f6\u011frencileri TEKA\u2019n\u0131n at\u0131l cam ve kartonlar\u0131n\u0131 kullanarak yarat\u0131c\u0131l\u0131klar\u0131n\u0131 \u00f6n plana \u00e7\u0131karan bir sanat projesine imzalar\u0131n\u0131 att\u0131lar. TEKA\u2019n\u0131n at\u0131l cam ve karton kutular\u0131 gen\u00e7 sanat\u00e7\u0131lar\u0131n tuvalleri oldu ve s\u00fcrd\u00fcr\u00fclebilirlik sanat\u00e7\u0131lar\u0131n eserleriyle fark\u0131ndal\u0131k kazand\u0131. Bu y\u00f6n\u00fc ile yenilik\u00e7i bir anlat\u0131ma da sahip olan eserler olduk\u00e7a dikkat \u00e7ekiciydi. Ba\u015fta sergiyi koordine eden Bilim Sanat Merkezi Genel M\u00fcd\u00fcr\u00fc M\u00fckerrem \u00c7etin, matematik \u00f6\u011fretmeni Semra Bayturan, sergiye kat\u0131lan t\u00fcm \u00f6\u011frenciler ve katk\u0131da bulunan \u00f6\u011fretmenlere te\u015fekk\u00fcrlerimizi sunuyoruz.\u00a0<\/p>\n<p>[\/et_pb_text][\/et_pb_column][\/et_pb_row][\/et_pb_section][et_pb_section fb_built=&#8221;1&#8243; _builder_version=&#8221;4.27.4&#8243; _module_preset=&#8221;default&#8221; collapsed=&#8221;off&#8221; global_colors_info=&#8221;{}&#8221;][et_pb_row _builder_version=&#8221;4.27.4&#8243; _module_preset=&#8221;default&#8221; global_colors_info=&#8221;{}&#8221;][et_pb_column type=&#8221;4_4&#8243; _builder_version=&#8221;4.27.4&#8243; _module_preset=&#8221;default&#8221; global_colors_info=&#8221;{}&#8221;][et_pb_image src=&#8221;https:\/\/www.teka.com\/tr-tr\/wp-content\/uploads\/sites\/16\/2025\/01\/Teka-Teknik-Mutfak-E-Atiklar-Ile-TEK-Amac-Sertifika-2024-scaled.jpg&#8221; title_text=&#8221;Teka Teknik Mutfak E-At\u0131klar I\u0307le TEK Amac\u0327 Sertifika 2024&#8243; _builder_version=&#8221;4.27.4&#8243; _module_preset=&#8221;default&#8221; global_colors_info=&#8221;{}&#8221;][\/et_pb_image][et_pb_text _builder_version=&#8221;4.27.4&#8243; _module_preset=&#8221;default&#8221; global_colors_info=&#8221;{}&#8221;]<\/p>\n<p>TEKA ile ankastrede 30 y\u0131l\u0131 a\u015fan tecr\u00fcbe ve yenilik\u00e7i g\u00fc\u00e7!<\/p>\n<p><strong>TEKA olarak T\u00fcrkiye\u2019de ankastre \u00fcr\u00fcnler denildi\u011finde akla gelen ilk markalardan biriyiz.<\/strong> 30 y\u0131l\u0131 a\u015fan sekt\u00f6r deneyimimizle, ankastre mutfak aletlerindeki uzmanl\u0131\u011f\u0131m\u0131z\u0131 g\u00fc\u00e7l\u00fc sat\u0131\u015f ve \u00fcretim imkanlar\u0131m\u0131zla harmanlayarak bu alanda \u00f6nemli bir de\u011fer yaratt\u0131k. T\u00fcrkiye\u2019de \u0130stanbul ve \u0130zmir\u2019de \u00fcretim yap\u0131yor, bu merkezlerden i\u00e7 pazara ve t\u00fcm d\u00fcnya \u00fclkelerine \u00fcr\u00fcnlerimizi sunuyoruz.<\/p>\n<p>Ar-Ge yat\u0131r\u0131mlar\u0131 sayesinde TEKA olarak, m\u00fc\u015fteri beklentilerini a\u015fan 200&#8217;den fazla yenilik\u00e7i \u00fcr\u00fcn\u00fc sizlerle bulu\u015fturuyoruz. Tasar\u0131m, i\u015flevsellik ve kullan\u0131c\u0131 deneyimini yeniden tan\u0131mlayan bu geni\u015f \u00fcr\u00fcn yelpazesi, Avrupa&#8217;da geli\u015ftirilen en ileri teknolojilerle \u00fcretiliyor. \u00dcretim tesislerimizde enerji verimlili\u011fini art\u0131rmaya odaklanarak daha az enerjiyle daha fazla \u00e7\u0131kt\u0131 elde etmeye \u00e7al\u0131\u015f\u0131yoruz. Solar enerji kullan\u0131m\u0131 ve enerji izleme sistemleri sayesinde \u00e7evreye duyarl\u0131 bir \u00fcretim sa\u011fl\u0131yoruz. Bu sayede elektrik, su ve do\u011falgaz gibi kaynaklar\u0131n t\u00fcketiminde \u00f6nemli iyile\u015ftirmeler ger\u00e7ekle\u015ftirdik; bu \u00e7al\u0131\u015fmalara \u00f6n\u00fcm\u00fczdeki y\u0131llarda da h\u0131z kesmeden devam edece\u011fiz.<\/p>\n<p>M\u00fc\u015fterilerimize y\u00f6nelik \u00fczerinde \u00e7al\u0131\u015ft\u0131\u011f\u0131m\u0131z bir di\u011fer alan ise sat\u0131\u015f sonras\u0131 hizmetler. T\u00fcketicilerimiz ile do\u011frudan temasta oldu\u011fumuz bu alan\u0131 hem daha iyi hizmet verebilmek hem de kullan\u0131m al\u0131\u015fkanl\u0131klar\u0131n\u0131 daha iyi anlayabilmek i\u00e7in etkin bir \u015fekilde kullanaca\u011f\u0131z. Bu alandaki y\u00fcksek amac\u0131m\u0131z olan <strong>Al\u0131\u015f\u0131lmad\u0131k \u0130lgi (Unconventional Care)<\/strong> do\u011frultusunda yetkili servislerimizi i\u015fin i\u00e7ine katarak hayata ge\u00e7irdi\u011fimiz \u00e7al\u0131\u015fmalar ve destekleyici yaz\u0131l\u0131m iyile\u015ftirmeleri bize gelecek i\u00e7in umut veriyor.<\/p>\n<p>2024 y\u0131l\u0131nda TEKA olarak bu birikimlerimizi proje sat\u0131\u015flar\u0131na da yans\u0131tt\u0131k. Zaman\u0131nda teslimat, m\u00fc\u015fteri memnuniyetini esas alan \u00e7al\u0131\u015fma prensiplerimiz ve yenilik\u00e7i \u00fcr\u00fcnlerimiz sayesinde T\u00fcrkiye genelinde bir\u00e7ok projede m\u00fc\u015fterilerimizi en yeni TEKA \u00fcr\u00fcnleri ile tan\u0131\u015ft\u0131rd\u0131k. T\u00fcrkiye genelindeki prestijli projelerde yer alan 30.000\u2019e yak\u0131n yeni evde TEKA markal\u0131 \u00fcr\u00fcnlerin tercih edilmesi bizler i\u00e7in b\u00fcy\u00fck bir mutluluk ve gurur kayna\u011f\u0131 oldu. 2025 y\u0131l\u0131nda da bu konudaki \u00e7al\u0131\u015fmalar\u0131m\u0131z\u0131 art\u0131rarak s\u00fcrd\u00fcrece\u011fiz.<\/p>\n<p>&nbsp;<\/p>\n<p>[\/et_pb_text][\/et_pb_column][\/et_pb_row][\/et_pb_section][et_pb_section fb_built=&#8221;1&#8243; _builder_version=&#8221;4.27.4&#8243; _module_preset=&#8221;default&#8221; collapsed=&#8221;off&#8221; global_colors_info=&#8221;{}&#8221;][et_pb_row _builder_version=&#8221;4.27.4&#8243; _module_preset=&#8221;default&#8221; global_colors_info=&#8221;{}&#8221;][et_pb_column type=&#8221;4_4&#8243; _builder_version=&#8221;4.27.4&#8243; _module_preset=&#8221;default&#8221; global_colors_info=&#8221;{}&#8221;][et_pb_video src=&#8221;https:\/\/www.teka.com\/tr-tr\/wp-content\/uploads\/sites\/16\/2024\/12\/Tekathon_low.m4v&#8221; _builder_version=&#8221;4.27.4&#8243; _module_preset=&#8221;default&#8221; global_colors_info=&#8221;{}&#8221;][\/et_pb_video][et_pb_text _builder_version=&#8221;4.27.4&#8243; _module_preset=&#8221;default&#8221; global_colors_info=&#8221;{}&#8221;]<\/p>\n<div class=\"\">\n<div class=\"\">\n<div class=\"\">\n<div class=\"\">\n<div class=\"\">\n<div class=\"\"><b class=\"\">TEKATHON\u2019dan Gelece\u011fe \u0130lham Veren Fikirler!<\/b><\/div>\n<div>\u00a0<\/div>\n<div class=\"\">Ge\u00e7ti\u011fimiz g\u00fcnlerde \u0130zmir Y\u00fcksek Teknoloji Enstit\u00fcs\u00fc b\u00fcnyesinde Teknopark \u0130zmir i\u015fbirli\u011finde d\u00fczenledi\u011fimiz <b class=\"\">Teka Fikir Maratonu (TEKATHON)<\/b>, enerji dolu bir atmosferde tamamland\u0131. \u0130ki g\u00fcn boyunca ekipler, yenilik\u00e7i projeleriyle gelecek mutfak teknolojilerine y\u00f6n verecek fikirler geli\u015ftirdiler.<\/div>\n<div>\u00a0<\/div>\n<div class=\"\">Etkinlikte, enerji tasarrufu, yenilik\u00e7i bile\u015fen ve \u00fcr\u00fcn tasar\u0131mlar\u0131, ileri malzeme teknolojilerinin entegreleri, gelece\u011fin pi\u015firme teknolojileri, besin de\u011ferini koruyan pi\u015firme\u00a0teknolojileri, ve yapay zeka destekli ocak tasar\u0131mlar\u0131 gibi ilham verici konseptler ortaya \u00e7\u0131kt\u0131. Kat\u0131l\u0131mc\u0131lar\u0131m\u0131z\u0131n yarat\u0131c\u0131l\u0131\u011f\u0131 ve \u00e7\u00f6z\u00fcme odakl\u0131 yakla\u015f\u0131mlar\u0131, sekt\u00f6rde gelece\u011fin mutfaklar\u0131na \u0131\u015f\u0131k tutacak \u00f6nemli ad\u0131mlar\u0131n habercisi oldu.<\/div>\n<div class=\"\">Bu fikirlerin hem hayal g\u00fcc\u00fcn\u00fc y\u00fckselten hem de uygulanabilirli\u011fini sa\u011flayan de\u011ferli ment\u00f6rl\u00fckleri; \u00fcniversite profes\u00f6rleri, akademisyenler ve TEKA \u0130zmir Ar-Ge m\u00fchendisleri \u00fcstlendi. Bu etkinlik, tam anlam\u0131yla \u00fcniversite-sanayi i\u015f birli\u011finin \u00f6rnek g\u00f6sterilebilecek bir bulu\u015fmas\u0131 oldu.<\/div>\n<div class=\"\">T\u00fcm kat\u0131l\u0131mc\u0131lara ve destek veren ment\u00f6rlerimize te\u015fekk\u00fcr ederiz. \u0130YTE ile i\u015fbirli\u011fimiz sayesinde, Teknopark \u0130zmir \u00e7at\u0131s\u0131 alt\u0131nda, inovasyon yolculu\u011fumuz devam ediyor!<\/div>\n<\/div>\n<\/div>\n<\/div>\n<\/div>\n<\/div>\n<p>[\/et_pb_text][\/et_pb_column][\/et_pb_row][\/et_pb_section][et_pb_section fb_built=&#8221;1&#8243; _builder_version=&#8221;4.27.4&#8243; _module_preset=&#8221;default&#8221; collapsed=&#8221;off&#8221; global_colors_info=&#8221;{}&#8221;][et_pb_row _builder_version=&#8221;4.27.4&#8243; _module_preset=&#8221;default&#8221; global_colors_info=&#8221;{}&#8221;][et_pb_column type=&#8221;4_4&#8243; _builder_version=&#8221;4.27.4&#8243; _module_preset=&#8221;default&#8221; global_colors_info=&#8221;{}&#8221;][et_pb_image src=&#8221;https:\/\/www.teka.com\/tr-tr\/wp-content\/uploads\/sites\/16\/2024\/12\/Teka_beysad_yatay-kopyasi.png&#8221; title_text=&#8221;Teka_beysad_yatay kopyas\u0131&#8221; _builder_version=&#8221;4.27.4&#8243; _module_preset=&#8221;default&#8221; global_colors_info=&#8221;{}&#8221;][\/et_pb_image][et_pb_image src=&#8221;https:\/\/www.teka.com\/tr-tr\/wp-content\/uploads\/sites\/16\/2024\/12\/Ekran-Resmi-2024-12-20-17.24.59.png&#8221; title_text=&#8221;Ekran Resmi 2024-12-20 17.24.59&#8243; _builder_version=&#8221;4.27.4&#8243; _module_preset=&#8221;default&#8221; global_colors_info=&#8221;{}&#8221;][\/et_pb_image][et_pb_image src=&#8221;https:\/\/www.teka.com\/tr-tr\/wp-content\/uploads\/sites\/16\/2024\/12\/teka_sayfa2.png&#8221; title_text=&#8221;teka_sayfa2&#8243; _builder_version=&#8221;4.27.4&#8243; _module_preset=&#8221;default&#8221; global_colors_info=&#8221;{}&#8221;][\/et_pb_image][\/et_pb_column][\/et_pb_row][\/et_pb_section][et_pb_section fb_built=&#8221;1&#8243; _builder_version=&#8221;4.27.4&#8243; _module_preset=&#8221;default&#8221; collapsed=&#8221;off&#8221; global_colors_info=&#8221;{}&#8221;][et_pb_row _builder_version=&#8221;4.27.4&#8243; _module_preset=&#8221;default&#8221; collapsed=&#8221;off&#8221; global_colors_info=&#8221;{}&#8221;][et_pb_column type=&#8221;4_4&#8243; _builder_version=&#8221;4.27.4&#8243; _module_preset=&#8221;default&#8221; global_colors_info=&#8221;{}&#8221;][et_pb_image src=&#8221;https:\/\/www.teka.com\/tr-tr\/wp-content\/uploads\/sites\/16\/2024\/12\/IMG-20241126-WA0005.jpg&#8221; title_text=&#8221;IMG-20241126-WA0005&#8243; _builder_version=&#8221;4.27.4&#8243; _module_preset=&#8221;default&#8221; global_colors_info=&#8221;{}&#8221;][\/et_pb_image][et_pb_image src=&#8221;https:\/\/www.teka.com\/tr-tr\/wp-content\/uploads\/sites\/16\/2024\/12\/IMG-20241126-WA0001-1.jpg&#8221; title_text=&#8221;IMG-20241126-WA0001&#8243; _builder_version=&#8221;4.27.4&#8243; _module_preset=&#8221;default&#8221; global_colors_info=&#8221;{}&#8221;][\/et_pb_image][et_pb_text _builder_version=&#8221;4.27.4&#8243; _module_preset=&#8221;default&#8221; global_colors_info=&#8221;{}&#8221;]<\/p>\n<p><b>TEKA ve \u0130zmir Y\u00fcksek Teknoloji Enstit\u00fcs\u00fc Aras\u0131nda \u00dcniversite-Sanayi \u0130\u015f Birli\u011fi Anla\u015fmas\u0131<\/b><\/p>\n<div>TEKA, \u00fcniversite-sanayi i\u015f birli\u011fini g\u00fc\u00e7lendirme vizyonuyla \u0130zmir Y\u00fcksek Teknoloji Enstit\u00fcs\u00fc (\u0130YTE) ile \u00f6nemli bir protokol imzalad\u0131. Bu anla\u015fma, gelece\u011fin teknolojilerini \u015fekillendirmek, akademik bilgi birikimini end\u00fcstri ihtiya\u00e7lar\u0131yla bulu\u015fturmak ve yenilik\u00e7i projeleri hayata ge\u00e7irmek amac\u0131yla ortak bir \u00e7er\u00e7eve olu\u015fturmay\u0131 hedefliyor.<\/div>\n<div>\u00a0<\/div>\n<div><b>\u0130\u015f Birli\u011finin Temel Motivasyonu: Ortakla\u015fma ve B\u00fct\u00fcnle\u015fme<\/b><br \/>TEKA ve \u0130YTE aras\u0131ndaki bu i\u015f birli\u011finin ana hedefi, akademi ve end\u00fcstri aras\u0131nda kar\u015f\u0131l\u0131kl\u0131 fayda sa\u011flayan bir k\u00f6pr\u00fc kurarak uzun vadeli bir ortakl\u0131k geli\u015ftirmektir. Bu protokol, her iki taraf\u0131n da g\u00fc\u00e7lerini birle\u015ftirerek bilimsel ve teknolojik \u00e7al\u0131\u015fmalara katk\u0131da bulunmas\u0131n\u0131 sa\u011flayacak bir platform sunmaktad\u0131r.<\/div>\n<div>\u00a0<\/div>\n<div><b>Protokol\u00fcn Kapsad\u0131\u011f\u0131 \u00c7al\u0131\u015fma Alanlar\u0131<\/b><\/div>\n<div>TEKA ve \u0130YTE aras\u0131ndaki i\u015f birli\u011fi; e\u011fitim ve uygulamal\u0131 e\u011fitim programlar\u0131, staj imkanlar\u0131, akademik dan\u0131\u015fmanl\u0131k, seminer ve etkinlikler, ulusal ve uluslararas\u0131 ara\u015ft\u0131rma projeleri, ortak makale ve bildiri \u00e7al\u0131\u015fmalar\u0131, e\u011fitim ve sertifika programlar\u0131 ile mezun istihdam\u0131na y\u00f6nelik \u00e7al\u0131\u015fmalar gibi bir\u00e7ok alanda i\u015f birli\u011fini kapsamaktad\u0131r.<\/div>\n<div>Bu protokol hem akademik d\u00fcnyan\u0131n hem de end\u00fcstrinin bilgi ve deneyimlerini bir araya getirerek yenilik\u00e7i \u00e7\u00f6z\u00fcmler \u00fcretmeyi ama\u00e7l\u0131yor. \u00d6\u011frencilerin kariyer yollar\u0131n\u0131 destekleyen, akademik ara\u015ft\u0131rmalara y\u00f6n veren ve end\u00fcstriyel s\u00fcre\u00e7leri iyile\u015ftiren bu i\u015f birli\u011fi, TEKA\u2019n\u0131n inovasyon odakl\u0131 vizyonunun bir yans\u0131mas\u0131d\u0131r.<\/div>\n<div>\u00a0<\/div>\n<div><b>TEKA ve \u0130YTE ile Daha G\u00fc\u00e7l\u00fc Bir Gelecek<\/b><\/div>\n<div>TEKA olarak, \u00fcniversite-sanayi i\u015f birli\u011finin \u00fclkemizin teknolojik geli\u015fimi i\u00e7in ne kadar kritik oldu\u011funu biliyoruz. \u0130YTE ile yap\u0131lan bu anla\u015fma, gelece\u011fin teknolojilerini birlikte in\u015fa etmek i\u00e7in at\u0131lm\u0131\u015f \u00f6nemli bir ad\u0131md\u0131r.<\/div>\n<div>Birlikte \u00e7al\u0131\u015farak daha g\u00fc\u00e7l\u00fc ve yenilik\u00e7i bir gelece\u011fe do\u011fru ilerliyoruz!<\/div>\n<p>[\/et_pb_text][\/et_pb_column][\/et_pb_row][\/et_pb_section][et_pb_section fb_built=&#8221;1&#8243; _builder_version=&#8221;4.22.1&#8243; _module_preset=&#8221;default&#8221; collapsed=&#8221;off&#8221; global_colors_info=&#8221;{}&#8221;][et_pb_row _builder_version=&#8221;4.22.1&#8243; _module_preset=&#8221;default&#8221; collapsed=&#8221;off&#8221; global_colors_info=&#8221;{}&#8221;][et_pb_column type=&#8221;4_4&#8243; _builder_version=&#8221;4.22.1&#8243; _module_preset=&#8221;default&#8221; global_colors_info=&#8221;{}&#8221;][et_pb_video src=&#8221;https:\/\/www.teka.com\/tr-tr\/wp-content\/uploads\/sites\/16\/2024\/11\/QIT_Teka_Event_V2-kopyasi.mp4&#8243; _builder_version=&#8221;4.22.1&#8243; _module_preset=&#8221;default&#8221; global_colors_info=&#8221;{}&#8221;][\/et_pb_video][et_pb_image src=&#8221;https:\/\/www.teka.com\/tr-tr\/wp-content\/uploads\/sites\/16\/2024\/11\/Teka_katar_yatay.png&#8221; title_text=&#8221;Teka_katar_yatay&#8221; _builder_version=&#8221;4.22.1&#8243; _module_preset=&#8221;default&#8221; global_colors_info=&#8221;{}&#8221;][\/et_pb_image][et_pb_text _builder_version=&#8221;4.22.1&#8243; _module_preset=&#8221;default&#8221; global_colors_info=&#8221;{}&#8221;]<\/p>\n<p>8 Kas\u0131m 2024\u2019te Katar distrib\u00fct\u00f6r\u00fcm\u00fcz Al Tayeb Trading Est. i\u015f birli\u011fiyle d\u00fczenledi\u011fimiz \u201cDesert Safari 2024\u201d etkinli\u011finde, Teka T\u00fcrkiye \u0130hracat ekibi, Al Tayeb \u00e7al\u0131\u015fanlar\u0131, alt bayilerimiz ve ailelerinden olu\u015fan yakla\u015f\u0131k 650 ki\u015filik bir kat\u0131l\u0131mla unutulmaz bir g\u00fcn ya\u015fad\u0131k.<\/p>\n<p>45 arazi arac\u0131yla ger\u00e7ekle\u015fen \u00e7\u00f6l safarisi sonras\u0131 kamp alan\u0131nda a\u00e7\u0131k b\u00fcfe ikramlar, voleybol turnuvas\u0131, \u00e7uval yar\u0131\u015f\u0131, y\u00f6resel danslar, \u0131\u015f\u0131kl\u0131 sahne g\u00f6sterileri, \u00e7ocuklar i\u00e7in \u00f6zel etkinlikler ve hediye \u00e7ekili\u015fleriyle dolu bir g\u00fcn ge\u00e7irdik. Yar\u0131\u015fmalar\u0131n kazananlar\u0131 ve \u00e7ekili\u015f talihlileri \u00e7e\u015fitli Teka \u00fcr\u00fcnleriyle \u00f6d\u00fcllendirildi.<\/p>\n<p>Teka olarak i\u015f ortaklar\u0131m\u0131z\u0131 bir aile olarak g\u00f6r\u00fcyor, birlikte ge\u00e7irdi\u011fimiz ve hayat\u0131m\u0131za tat katan bu de\u011ferli anlara \u00f6nem veriyoruz. Hem i\u015f hem de dostlukla dolu bir hafta sonu i\u00e7in t\u00fcm kat\u0131l\u0131mc\u0131lar\u0131m\u0131za te\u015fekk\u00fcr ederiz!\u00a0<\/p>\n<p>&nbsp;<\/p>\n<p>[\/et_pb_text][\/et_pb_column][\/et_pb_row][\/et_pb_section][et_pb_section fb_built=&#8221;1&#8243; _builder_version=&#8221;4.22.1&#8243; _module_preset=&#8221;default&#8221; collapsed=&#8221;on&#8221; global_colors_info=&#8221;{}&#8221;][et_pb_row _builder_version=&#8221;4.22.1&#8243; _module_preset=&#8221;default&#8221; global_colors_info=&#8221;{}&#8221;][et_pb_column type=&#8221;4_4&#8243; _builder_version=&#8221;4.22.1&#8243; _module_preset=&#8221;default&#8221; global_colors_info=&#8221;{}&#8221;][et_pb_image src=&#8221;https:\/\/www.teka.com\/tr-tr\/wp-content\/uploads\/sites\/16\/2024\/06\/Teka_yenibayi_yatay.png&#8221; title_text=&#8221;Teka_yenibayi_yatay&#8221; _builder_version=&#8221;4.22.1&#8243; _module_preset=&#8221;default&#8221; global_colors_info=&#8221;{}&#8221;][\/et_pb_image][et_pb_text _builder_version=&#8221;4.22.1&#8243; _module_preset=&#8221;default&#8221; global_colors_info=&#8221;{}&#8221;]<\/p>\n<p style=\"font-weight: 400;\">Yeni i\u015f ortaklar\u0131m\u0131zla T\u00fcrkiye\u2019de b\u00fcy\u00fcmeye devam ediyoruz!<\/p>\n<p style=\"font-weight: 400;\">Mutfak t\u00fcm ger\u00e7ekli\u011fi ve s\u0131cakl\u0131\u011f\u0131 ile TEKA i\u00e7in her zaman hayat\u0131n tam merkezinde yer al\u0131r. Bizim i\u00e7in mutfak sadece \u015f\u0131k bir resim de\u011fil, evin en canl\u0131, en ya\u015fam dolu yeridir. \u00dcstelik hepimiz i\u00e7in farkl\u0131 bir hikaye, farkl\u0131 bir anlam ta\u015f\u0131r. Hayat\u0131m\u0131zdaki bir\u00e7ok an ve an\u0131 mutfaktan ge\u00e7er ve hayat mutfa\u011fa u\u011framadan akmaz. \u00c7\u00fcnk\u00fc mutfa\u011fa y\u00fcklenen \u00e7ok \u00e7e\u015fitli anlamlar vard\u0131r. Kimimiz i\u00e7in ge\u00e7mi\u015fin kokusunu ta\u015f\u0131r kimimiz i\u00e7in yeniliklere a\u00e7\u0131lan kap\u0131d\u0131r. Muhabbetin, sevginin, misafirin hi\u00e7 eksik olmad\u0131\u011f\u0131 yerdir. Hayata tat katan anlar mutfakta pi\u015fer ve t\u00fcm eve yay\u0131l\u0131r.<\/p>\n<p style=\"font-weight: 400;\">TEKA olarak; mutfa\u011f\u0131n farkl\u0131 anlamlar\u0131n\u0131, hayat\u0131m\u0131z\u0131n i\u00e7indeki yerini, \u00f6zg\u00fcn renklerini ve hikayelerini ortaya \u00e7\u0131karan \u00fcr\u00fcnlerimizi sizlerle bulu\u015fturmak i\u00e7in T\u00fcrkiye\u2019de b\u00fcy\u00fcmeyi s\u00fcrd\u00fcr\u00fcyoruz. Bu b\u00fcy\u00fcmenin kalbinde her zaman cihaz satmaktan \u00f6te, s\u00fcreklili\u011fi olan bir m\u00fc\u015fteri deneyimi yaratmak, sat\u0131\u015f sonras\u0131 hizmetlerimizle fark yaratmak yat\u0131yor. Tabii ki sekt\u00f6rde bizi \u00f6ne \u00e7\u0131karan, en son teknoloji ile \u00fcretilen ve sizlere e\u015fsiz bir pi\u015firme deneyimi sunan \u00fcr\u00fcnlerimizle bunu ba\u015far\u0131yoruz. \u0130novasyon \u00f6d\u00fcll\u00fc SteakMaster f\u0131r\u0131n\u0131m\u0131z, s\u00fcrd\u00fcr\u00fclebilirlik \u00f6d\u00fcll\u00fc AirFry f\u0131r\u0131n\u0131m\u0131z m\u00fc\u015fteriye de\u011fer yaratan AR-GE \u00e7al\u0131\u015fmalar\u0131m\u0131z\u0131n en somut \u00f6rnekleri aras\u0131ndad\u0131r.<\/p>\n<p style=\"font-weight: 400;\">TEKA olarak T\u00fcrkiye geneline yay\u0131lan ve say\u0131s\u0131 500\u2019\u00fc ge\u00e7en sat\u0131\u015f noktalar\u0131m\u0131zda t\u00fcketicilerimize yak\u0131n olmay\u0131 hedefliyoruz. Bu ama\u00e7la k\u0131ymetli i\u015f ortaklar\u0131m\u0131z ile birlikte yeni ma\u011faza yat\u0131r\u0131mlar\u0131m\u0131za h\u0131z kesmeden devam ediyoruz. Aram\u0131za kat\u0131lan yeni sat\u0131\u015f noktam\u0131z; Kayseri Fiesta Ankastre ile sizlere daha da yak\u0131n olaca\u011f\u0131z. Yeni i\u015f ortaklar\u0131m\u0131z ile hayata tat katan anlar\u0131 \u00e7o\u011faltmaya devam ediyoruz.\u00a0<\/p>\n<p>[\/et_pb_text][\/et_pb_column][\/et_pb_row][\/et_pb_section][et_pb_section fb_built=&#8221;1&#8243; _builder_version=&#8221;4.22.1&#8243; _module_preset=&#8221;default&#8221; collapsed=&#8221;on&#8221; global_colors_info=&#8221;{}&#8221;][et_pb_row _builder_version=&#8221;4.22.1&#8243; _module_preset=&#8221;default&#8221; global_colors_info=&#8221;{}&#8221;][et_pb_column type=&#8221;4_4&#8243; _builder_version=&#8221;4.22.1&#8243; _module_preset=&#8221;default&#8221; global_colors_info=&#8221;{}&#8221;][et_pb_image src=&#8221;https:\/\/www.teka.com\/tr-tr\/wp-content\/uploads\/sites\/16\/2024\/06\/1717757633480.jpeg&#8221; title_text=&#8221;1717757633480&#8243; _builder_version=&#8221;4.22.1&#8243; _module_preset=&#8221;default&#8221; global_colors_info=&#8221;{}&#8221;][\/et_pb_image][et_pb_text _builder_version=&#8221;4.22.1&#8243; _module_preset=&#8221;default&#8221; global_colors_info=&#8221;{}&#8221;]<\/p>\n<p style=\"font-weight: 400;\"><strong>HERITAGE B, Teka Group&#8217;un Midea&#8217;ya ba\u015far\u0131l\u0131 bir \u015fekilde devredildi\u011fini duyurdu.\u00a0<\/strong><\/p>\n<p style=\"font-weight: 400;\">Madrid, 7 Haziran 2024. Rekabet\u00e7i bir sat\u0131\u015f s\u00fcrecinin tamamlanmas\u0131n\u0131n ard\u0131ndan HERITAGE B, Teka Group&#8217;u Midea Group&#8217;a devretmek \u00fczere anla\u015fmaya varm\u0131\u015ft\u0131r. Bu i\u015flem, Teka&#8217;n\u0131n rekabet\u00e7i konumunu g\u00fc\u00e7lendirmesini sa\u011flarken, 100 y\u0131l\u0131 a\u015fk\u0131n ge\u00e7mi\u015fe sahip bir markan\u0131n miras\u0131n\u0131 da koruyacak. Anla\u015fma, ilgili d\u00fczenleyici kurumlar\u0131n gerekli onaylar\u0131na tabidir. \u0130\u015flemin \u00f6n\u00fcm\u00fczdeki aylarda tamamlanmas\u0131 beklenmektedir.<\/p>\n<p style=\"font-weight: 400;\">Teka Group, ev aletleri ve evye tasar\u0131m\u0131 ve \u00fcretiminde uzmanla\u015fm\u0131\u015ft\u0131r. 120&#8217;den fazla \u00fclkedeki varl\u0131\u011f\u0131, yakla\u015f\u0131k 3.000 profesyonelden olu\u015fan ekibi ve Avrupa, Asya ve Amerika&#8217;daki 10 fabrikas\u0131yla Teka, her y\u0131l 3 milyondan fazla \u00fcr\u00fcn \u00fcretmektedir.<\/p>\n<p style=\"font-weight: 400;\">Teka&#8217;n\u0131n k\u00fcresel \u00e7apta rekabet edebilmek i\u00e7in b\u00fcy\u00fcmesini ve konsolidasyonunu s\u00fcrd\u00fcrmesini sa\u011flayacak olan bu i\u015flem, beyaz e\u015fya ve evye ile ilgili t\u00fcm operasyonlar\u0131 ve grubun \u00fc\u00e7 markas\u0131n\u0131 i\u00e7eriyor: Kapsaml\u0131 mutfak \u00e7\u00f6z\u00fcmlerinde lider marka olan ve 2024 y\u0131l\u0131nda 100\u2019\u00fcnc\u00fc y\u0131l\u0131n\u0131 kutlayacak olan Teka; 1875 y\u0131l\u0131nda Ruhr b\u00f6lgesinde (Almanya) kurulan \u00fcst d\u00fczey ev aletleri markas\u0131 K\u00fcppersbusch ve ev \u00e7\u00f6z\u00fcmlerinde uzmanla\u015fm\u0131\u015f olan zaman\u0131n \u00f6tesindeki \u0130skandinav k\u00f6kenli tasar\u0131m markas\u0131 Intra.<\/p>\n<p style=\"font-weight: 400;\">1968 y\u0131l\u0131nda kurulan Midea, d\u00fcnya \u00e7ap\u0131nda 190.000&#8217;den fazla \u00e7al\u0131\u015fan\u0131 olan borsaya kay\u0131tl\u0131 bir teknoloji grubudur. Merkezi Foshan, Guangdong eyaletinde (\u00c7in) bulunan Asyal\u0131 grup, 2023 y\u0131l\u0131n\u0131 48 milyar avro ciro ile kapatt\u0131. Midea&#8217;n\u0131n ticari faaliyetleri aras\u0131nda ev aletleri, iklimlendirme \u00fcr\u00fcnleri, sanayi i\u00e7in hizmetler ve bile\u015fenler, robotik ve otomasyon yer almaktad\u0131r.<\/p>\n<p style=\"font-weight: 400;\">Midea Group, Teka Group&#8217;un farkl\u0131 stratejik ve operasyonel alanlardaki kabiliyetlerini art\u0131rarak, \u015firketin giderek daha kompleks ve dinamik hale gelen bir pazarda rekabet g\u00fcc\u00fcn\u00fc art\u0131racak. &#8220;Var\u0131lan anla\u015fmadan son derece memnunuz. Midea Group&#8217;un bir par\u00e7as\u0131 olma f\u0131rsat\u0131na sahip olmak, \u015firket ve markalar\u0131 i\u00e7in umut verici bir gelecek sa\u011flayacakt\u0131r. Grubun inovasyon, \u00fcretim ve sinerjik uluslararas\u0131 geni\u015fleme kapasitesini geli\u015ftirmesine olanak sa\u011flayacakt\u0131r. Hepsinden \u00f6nemlisi, Midea Group&#8217;un ana stratejik de\u011ferdeki katk\u0131s\u0131 olan &#8220;Teknolojiyi \u0130nsanile\u015ftirmek&#8221;, Teka&#8217;n\u0131n m\u00fc\u015fteri ve \u00e7evre ihtiya\u00e7lar\u0131na y\u00f6nelik teknoloji geli\u015ftirmeye ili\u015fkin inanc\u0131yla uyumludur.&#8221; diye a\u00e7\u0131kl\u0131yor Teka Group CEO\u2019su Mauro Correia.<\/p>\n<p style=\"font-weight: 400;\">Teka Group, 2023 y\u0131l\u0131n\u0131 yakla\u015f\u0131k 600 milyon \u20ac br\u00fct sat\u0131\u015f ve %7&#8217;lik d\u00fczeltilmi\u015f FAV\u00d6K marj\u0131 ile kapatarak Covid sonras\u0131 piyasa ayarlamalar\u0131na ve tedarik zinciri sorunlar\u0131na ra\u011fmen \u00f6zellikle olumlu ve diren\u00e7li bir k\u00e2r performans\u0131 sergilemi\u015ftir. Bu rakam, \u015firketin g\u00fcc\u00fcn\u00fc ve d\u00fcnya \u00e7ap\u0131nda m\u00fc\u015fteriler, distrib\u00fct\u00f6rler, tedarik\u00e7iler ve finans ortaklar\u0131ndan olu\u015fan t\u00fcm payda\u015flarla olan sa\u011flam ili\u015fkisini g\u00f6stermektedir.<\/p>\n<p style=\"font-weight: 400;\">HSBC, Heritage B&#8217;nin m\u00fcnhas\u0131r finansal dan\u0131\u015fman\u0131, Ashurst ise hukuk dan\u0131\u015fman\u0131 olarak g\u00f6rev yapmaktad\u0131r.<\/p>\n<p style=\"font-weight: 400;\"><strong>Teka Group Hakk\u0131nda<\/strong><\/p>\n<p style=\"font-weight: 400;\">Teka Group, 1924 y\u0131l\u0131nda Almanya&#8217;da kurulmu\u015f, \u015fu anda 100&#8217;den fazla \u00fclkede faaliyet g\u00f6steren, ev aletleri ve paslanmaz \u00e7elik evye tasar\u0131m\u0131 ve \u00fcretiminde uzmanla\u015fm\u0131\u015f \u00e7ok uluslu bir gruptur. Mutfak \u00fcr\u00fcnleri aras\u0131nda f\u0131r\u0131nlar, ocaklar, davlumbazlar ve evyeler bulunmaktad\u0131r. Grup, son iki y\u0131lda bu alanda 34 \u00f6d\u00fcl almas\u0131n\u0131 sa\u011flayan tasar\u0131m ve s\u00fcrekli yenilik\u00e7ili\u011fe olan g\u00fc\u00e7l\u00fc ba\u011fl\u0131l\u0131\u011f\u0131n\u0131 s\u00fcrd\u00fcrmektedir. Ba\u015fl\u0131ca markalar\u0131 Teka, K\u00fcppersbusch ve Intra&#8217;d\u0131r.<\/p>\n<p style=\"font-weight: 400;\"><strong>Midea Group Hakk\u0131nda<\/strong><\/p>\n<p style=\"font-weight: 400;\">1968 y\u0131l\u0131nda kurulan Midea Group, merkezi Foshan&#8217;da (\u00c7in) bulunan ve d\u00fcnya \u00e7ap\u0131nda 190.000&#8217;den fazla \u00e7al\u0131\u015fan\u0131 olan borsaya kay\u0131tl\u0131 bir teknoloji grubudur. 2023&#8217;te 48 milyar avro ciroya ula\u015fan grubun ticari faaliyetleri aras\u0131nda ev aletleri, iklimlendirme \u00fcr\u00fcnleri, sanayi i\u00e7in hizmetler ve bile\u015fenler, robotik ve otomasyon yer al\u0131yor.<\/p>\n<p>[\/et_pb_text][\/et_pb_column][\/et_pb_row][\/et_pb_section][et_pb_section fb_built=&#8221;1&#8243; _builder_version=&#8221;4.22.1&#8243; _module_preset=&#8221;default&#8221; collapsed=&#8221;on&#8221; global_colors_info=&#8221;{}&#8221;][et_pb_row _builder_version=&#8221;4.22.1&#8243; _module_preset=&#8221;default&#8221; global_colors_info=&#8221;{}&#8221;][et_pb_column type=&#8221;4_4&#8243; _builder_version=&#8221;4.22.1&#8243; _module_preset=&#8221;default&#8221; global_colors_info=&#8221;{}&#8221;][et_pb_image src=&#8221;https:\/\/www.teka.com\/tr-tr\/wp-content\/uploads\/sites\/16\/2024\/05\/Ekran-Resmi-2024-05-28-12.26.02.png&#8221; title_text=&#8221;Ekran Resmi 2024-05-28 12.26.02&#8243; _builder_version=&#8221;4.22.1&#8243; _module_preset=&#8221;default&#8221; global_colors_info=&#8221;{}&#8221;][\/et_pb_image][et_pb_text _builder_version=&#8221;4.22.1&#8243; _module_preset=&#8221;default&#8221; global_colors_info=&#8221;{}&#8221;]<\/p>\n<p><strong>Hayat\u0131n Mutfa\u011f\u0131nda S\u00fcrd\u00fcr\u00fclebilir Sanat Var<\/strong><\/p>\n<p>100. y\u0131l\u0131m\u0131zda, s\u00fcrd\u00fcr\u00fclebilir bir d\u00fcnya i\u00e7in iyimserlik konseptiyle haz\u0131rlad\u0131\u011f\u0131m\u0131z \u201cS\u00fcrd\u00fcr\u00fclebilir Sanatla Hayata Renk Kat\u0131yoruz\u201d projemizin sergi a\u00e7\u0131l\u0131\u015f\u0131, 25 May\u0131s Cumartesi g\u00fcn\u00fc Galeri FE&#8217;de ger\u00e7ekle\u015fti.<\/p>\n<p>A\u00e7\u0131l\u0131\u015f; sanat\u00e7\u0131lardan Serra Ku\u015fkaya, Burak Kutlay, Nurdan Likos, Filiz Kallenci, Joel Menem\u015fe, Emel Ezal, Cansu Kahraman, Zeynep Abac\u0131 ve Sinan Da\u011f, moderat\u00f6r Y\u0131lmaz Bulut, sergi k\u00fcrat\u00f6r\u00fc Hakan K\u00fcrkl\u00fc, Regional CEO&#8217;muz Ayd\u0131n Kuzalt\u0131, CCO&#8217;muz Bar\u0131\u015f Orbay, CFO\u2019muz Serpil Ayhan ve TEKA T\u00fcrkiye ekibinin kat\u0131l\u0131m\u0131yla ger\u00e7ekle\u015fti.<\/p>\n<p><img loading=\"lazy\" decoding=\"async\" class=\"wp-image-58712 alignnone size-medium\" src=\"https:\/\/www.teka.com\/tr-tr\/wp-content\/uploads\/sites\/16\/2024\/05\/WhatsApp-Image-2024-05-27-at-09.59.18-300x225.jpeg\" alt=\"\" width=\"300\" height=\"225\" \/><\/p>\n<p>Ayd\u0131n Kuzalt\u0131 a\u00e7\u0131l\u0131\u015f konu\u015fmas\u0131nda t\u00fcketimin ve iklim de\u011fi\u015fikli\u011fi krizinin insan eliyle,<\/p>\n<p>bug\u00fcn geldi\u011fi noktada yaratt\u0131\u011f\u0131 sorunlar\u0131n fark\u0131ndal\u0131\u011f\u0131n\u0131n \u00f6nemine de\u011finerek, d\u00fcnya kaynaklar\u0131n\u0131n kullan\u0131m\u0131n\u0131n \u00f6nemine vurgu yapt\u0131.<\/p>\n<p>Ayd\u0131n Kuzalt\u0131 konu\u015fmas\u0131nda \u201cTeka olarak \u00fcr\u00fcnlerimizin enerji ve ham madde t\u00fcketimindeki verimlilikle, geri d\u00f6n\u00fc\u015ft\u00fcr\u00fclebilir malzeme kullanarak \u00fczerimize d\u00fc\u015feni yapmaya \u00e7al\u0131\u015f\u0131yoruz. Kullan\u0131mdan \u00e7\u0131kan malzemelerin tekrar kullan\u0131ma d\u00f6nmesi i\u00e7in projemizle fark\u0131ndal\u0131k yaratmay\u0131 ama\u00e7l\u0131yoruz. Sanat\u0131 ve gen\u00e7 sanat\u00e7\u0131lar\u0131m\u0131z\u0131 destekleyen projelerimizi de art\u0131rmay\u0131 hedefliyoruz. 30. y\u0131l\u0131m\u0131zda gen\u00e7 y\u00f6netmenlerle \u00e7ekti\u011fimiz filmlerin ard\u0131ndan ge\u00e7ti\u011fimiz y\u0131l at\u0131k cam f\u0131r\u0131n kapaklar\u0131n\u0131n tuval olarak kullan\u0131lmas\u0131 ve birer sanat eserine d\u00f6n\u00fc\u015fmesiyle devam eden projemize bu y\u0131l, 100. y\u0131l\u0131m\u0131zda at\u0131k karton ambalajlar\u0131n sanat eserlerine d\u00f6n\u00fc\u015ft\u00fc\u011f\u00fc projemizle devam ediyoruz. S\u00fcrd\u00fcr\u00fclebilirlik temelinde bulu\u015farak yeni projelerimizle fark\u0131ndal\u0131k yaratmaya devam etmeyi ama\u00e7l\u0131yoruz.\u201d dedi.<\/p>\n<p>Teka olarak bu fark\u0131ndal\u0131\u011f\u0131 art\u0131rmak ve g\u00fcndemdeki yerinin \u00f6nemini sanatla vurgulamak amac\u0131yla 100. y\u0131l\u0131m\u0131zda yeni bir sanat projesine daha imza at\u0131yoruz. \u201cS\u00fcrd\u00fcr\u00fclebilir Bir D\u00fcnya\u201d temas\u0131 kapsam\u0131nda, \u00fcretti\u011fimiz ankastre f\u0131r\u0131nlar\u0131n at\u0131k karton ambalajlar\u0131 sanat\u00e7\u0131lar taraf\u0131ndan tuval olarak kullan\u0131larak birer sanat eserine d\u00f6n\u00fc\u015ft\u00fc ve\u00a0s\u00fcrd\u00fcr\u00fclebilirlik sanat\u0131n renkleriyle fark\u0131ndal\u0131k kazand\u0131. Eserler Cuma g\u00fcn\u00fcne kadar Galeri FE&#8217;de sergilenecek.<\/p>\n<p><img loading=\"lazy\" decoding=\"async\" class=\"wp-image-58713 alignnone size-medium\" src=\"https:\/\/www.teka.com\/tr-tr\/wp-content\/uploads\/sites\/16\/2024\/05\/WhatsApp-Image-2024-05-27-at-10.31.03-1-300x300.jpeg\" alt=\"\" width=\"300\" height=\"300\" \/><\/p>\n<p><strong>Adres:<\/strong> Galeri FE. Cemil Topuzlu Cad. Kutmen Apt. No: 60\/2 D: 4<\/p>\n<p>\u00c7iftehavuzlar, Kad\u0131k\u00f6y &#8211; \u0130stanbul<\/p>\n<p>[\/et_pb_text][\/et_pb_column][\/et_pb_row][\/et_pb_section][et_pb_section fb_built=&#8221;1&#8243; admin_label=&#8221;Section&#8221; _builder_version=&#8221;4.22.1&#8243; _module_preset=&#8221;default&#8221; collapsed=&#8221;on&#8221; global_colors_info=&#8221;{}&#8221;][et_pb_row _builder_version=&#8221;4.22.1&#8243; _module_preset=&#8221;default&#8221; global_colors_info=&#8221;{}&#8221;][et_pb_column type=&#8221;4_4&#8243; _builder_version=&#8221;4.22.1&#8243; _module_preset=&#8221;default&#8221; global_colors_info=&#8221;{}&#8221;][et_pb_image src=&#8221;https:\/\/www.teka.com\/tr-tr\/wp-content\/uploads\/sites\/16\/2024\/05\/5Z1A1500-scaled.jpg&#8221; title_text=&#8221;5Z1A1500&#8243; _builder_version=&#8221;4.22.1&#8243; _module_preset=&#8221;default&#8221; global_colors_info=&#8221;{}&#8221;][\/et_pb_image][et_pb_text _builder_version=&#8221;4.22.1&#8243; _module_preset=&#8221;default&#8221; global_colors_info=&#8221;{}&#8221;]<\/p>\n<p>Euroasia CEO\u2019muz Ayd\u0131n Kuzalt\u0131, 4. M\u00fckemmellik Zirvesi\u2019nde Teka T\u00fcrkiye\u2019yi temsil etti.<\/p>\n<p>Ege Serbest B\u00f6lge Kurucu ve \u0130\u015fleticisi A.\u015e. (ESBA\u015e),\u00a0 4. M\u00fckemmellik Zirvesi\u2019ni d\u00fczenledi. \u0130\u015f d\u00fcnyas\u0131n\u0131n liderleri, akademisyenler ve uzmanlar\u0131n kat\u0131ld\u0131\u011f\u0131 zirvede kalite ve m\u00fckemmelli\u011fin \u00f6nemine odaklanan konu\u015fmac\u0131lar, sekt\u00f6rde m\u00fckemmelliyet\u00e7i yakla\u015f\u0131mlar\u0131 ve en iyi uygulamalar\u0131 payla\u015ft\u0131lar. ESBA\u015e, zirvenin t\u00fcm gelirlerini deprem b\u00f6lgesindeki ba\u015far\u0131l\u0131 \u00f6\u011frencilerin e\u011fitiminde de\u011ferlendirilmesi i\u00e7in T\u00fcrk E\u011fitim Vakf\u0131\u2019na ba\u011f\u0131\u015flanacak.<\/p>\n<p>Say\u0131n Ayd\u0131n Kuzalt\u0131 zirvedeki konu\u015fmas\u0131nda S\u00fcrd\u00fcr\u00fclebilirli\u011fi; Eri\u015filebilir ve Temiz Enerji, Sorumlu T\u00fcketim ve \u00dcretim ile \u0130klim Eylemi ba\u015fl\u0131klar\u0131 alt\u0131nda; Teka\u2019n\u0131n perspektifinden anlatt\u0131.<\/p>\n<p>&nbsp;<\/p>\n<p>&nbsp;<\/p>\n<p>&nbsp;<\/p>\n<p>&nbsp;<\/p>\n<p>&nbsp;<\/p>\n<p>&nbsp;<\/p>\n<p>[\/et_pb_text][et_pb_image src=&#8221;https:\/\/www.teka.com\/tr-tr\/wp-content\/uploads\/sites\/16\/2024\/05\/5Z1A1442-scaled.jpg&#8221; title_text=&#8221;5Z1A1442&#8243; _builder_version=&#8221;4.22.1&#8243; _module_preset=&#8221;default&#8221; global_colors_info=&#8221;{}&#8221;][\/et_pb_image][\/et_pb_column][\/et_pb_row][\/et_pb_section][et_pb_section fb_built=&#8221;1&#8243; _builder_version=&#8221;4.22.1&#8243; _module_preset=&#8221;default&#8221; collapsed=&#8221;on&#8221; global_colors_info=&#8221;{}&#8221;][et_pb_row _builder_version=&#8221;4.22.1&#8243; _module_preset=&#8221;default&#8221; global_colors_info=&#8221;{}&#8221;][et_pb_column type=&#8221;4_4&#8243; _builder_version=&#8221;4.22.1&#8243; _module_preset=&#8221;default&#8221; global_colors_info=&#8221;{}&#8221;][et_pb_image src=&#8221;https:\/\/www.teka.com\/tr-tr\/wp-content\/uploads\/sites\/16\/2024\/05\/Teka-blog-gorsel2-linkedin.jpg&#8221; title_text=&#8221;Teka-blog-gorsel2-linkedin&#8221; _builder_version=&#8221;4.22.1&#8243; _module_preset=&#8221;default&#8221; global_colors_info=&#8221;{}&#8221;][\/et_pb_image][et_pb_text _builder_version=&#8221;4.22.1&#8243; _module_preset=&#8221;default&#8221; global_colors_info=&#8221;{}&#8221;]<\/p>\n<p><strong>Hayat\u0131n mutfa\u011f\u0131nda s\u00fcrd\u00fcr\u00fclebilir sanat var!<\/strong><\/p>\n<p>29 Nisan &#8211; 3 May\u0131s 2024 tarihlerinde, \u00d6zel \u0130zmir Sev \u0130lkokulu\u2019nda bir hafta s\u00fcren sergi ile hayat\u0131n mutfa\u011f\u0131 10 farkl\u0131 sanat\u00e7\u0131m\u0131z\u0131n eserleriyle renklendi. TEKA\u2019n\u0131n cam f\u0131r\u0131n kapaklar\u0131 sanat\u00e7\u0131lar\u0131n yeni tuvalleri olurken hayat\u0131n mutfa\u011f\u0131 s\u00fcrd\u00fcr\u00fclebilir sanatla fark\u0131ndal\u0131k kazand\u0131.<\/p>\n<p>\u00d6zel \u0130zmir Sev \u0130lkokulu M\u00fcd\u00fcr\u00fc Dr. \u00d6zlem Altay Y\u00fccesoy, \u00d6zel \u0130zmir Sev \u0130lkokulu Akademik Koordinat\u00f6r\u00fc Demet Ekinci,\u00a0\u00d6zel \u0130zmir Sev \u0130lkokulu G\u00f6rsel Sanatlar \u00d6\u011fretmeni Nilay Ay\u00f6zen, \u00d6zel \u0130zmir Sev \u0130lkokulu 3. s\u0131n\u0131f \u00f6\u011frencileri ve Teka Fabrika M\u00fcd\u00fcr\u00fcm\u00fcz Deniz Oranl\u0131 Kara, Tedarik Zinciri M\u00fcd\u00fcr\u00fcm\u00fcz Ersin Akhan,<\/p>\n<p>\u0130nsan Kaynaklar\u0131 M\u00fcd\u00fcr\u00fcm\u00fcz \u00d6zge \u00c7ekirge ve Vergi &amp; Muhasebe ve Controlling M\u00fcd\u00fcr\u00fcm\u00fcz Esra \u00c7elik\u2019in kat\u0131ld\u0131\u011f\u0131 sergi a\u00e7\u0131l\u0131\u015f\u0131nda bir\u00e7ok sanatsever bir araya geldi.<\/p>\n<p>\u00dclk\u00fc Y\u0131lmaz, Esra \u015eat\u0131ro\u011flu, Cins, Elif Tutka, Sevtap Y\u0131lmaz, Ataman O\u011fuz, Elifko, Mahir G\u00fcven, Sinem Kaya ve Ya\u011fmur Y\u0131lan\u2019\u0131n da aralar\u0131nda bulundu\u011fu 10 sanat\u00e7\u0131m\u0131z\u0131n farkl\u0131 bak\u0131\u015f a\u00e7\u0131lar\u0131yla haz\u0131rlanan eserleri TEKA\u2019n\u0131n cam f\u0131r\u0131n kapaklar\u0131 \u00fczerinde sergilendi. Bu y\u00f6n\u00fc ile yenilik\u00e7i bir anlat\u0131ma da sahip olan eserler olduk\u00e7a dikkat \u00e7ekiciydi.<\/p>\n<p>&nbsp;<\/p>\n<p>&nbsp;<\/p>\n<p>[\/et_pb_text][\/et_pb_column][\/et_pb_row][\/et_pb_section][et_pb_section fb_built=&#8221;1&#8243; _builder_version=&#8221;4.22.1&#8243; _module_preset=&#8221;default&#8221; collapsed=&#8221;on&#8221; global_colors_info=&#8221;{}&#8221;][et_pb_row _builder_version=&#8221;4.22.1&#8243; _module_preset=&#8221;default&#8221; global_colors_info=&#8221;{}&#8221;][et_pb_column type=&#8221;4_4&#8243; _builder_version=&#8221;4.22.1&#8243; _module_preset=&#8221;default&#8221; global_colors_info=&#8221;{}&#8221;][et_pb_image src=&#8221;https:\/\/www.teka.com\/tr-tr\/wp-content\/uploads\/sites\/16\/2024\/04\/Teka-Ek-Garanti-linkedin.jpg&#8221; title_text=&#8221;Teka-Ek-Garanti-linkedin&#8221; _builder_version=&#8221;4.22.1&#8243; _module_preset=&#8221;default&#8221; global_colors_info=&#8221;{}&#8221;][\/et_pb_image][et_pb_text _builder_version=&#8221;4.22.1&#8243; _module_preset=&#8221;default&#8221; global_colors_info=&#8221;{}&#8221;]<\/p>\n<p><strong>Hayata tat katan anlar\u0131n ard\u0131nda m\u00fc\u015fteri memnuniyetine verdi\u011fimiz \u00f6nem var!<\/strong><\/p>\n<p>2023 y\u0131l\u0131ndan itibaren \u015eikayetvar web sayfas\u0131ndaki m\u00fc\u015fteri memnuniyet skoru alan\u0131nda 1 numara olmaya devam ediyoruz. Bu ba\u015far\u0131ya ula\u015fmak i\u00e7in m\u00fc\u015fteri memnuniyetine verdi\u011fimiz \u00f6nem kapsam\u0131nda yat\u0131r\u0131mlar\u0131m\u0131z\u0131 s\u00fcrd\u00fcr\u00fcyoruz. Yat\u0131r\u0131mlar dahilinde ankastre ocak, f\u0131r\u0131n ve davlumbaz \u00fcr\u00fcnlerimiz i\u00e7in ek garanti imkan\u0131 sunmaya ba\u015flad\u0131k.<\/p>\n<p>Ge\u00e7ti\u011fimiz \u015eubat ay\u0131nda kusursuz m\u00fc\u015fteri deneyimini ya\u015fatan markalar\u0131n \u00f6d\u00fcllendirildi\u011fi gecede, \u015eikayetvar\u2019dan Diamond \u00f6d\u00fcl kazand\u0131k. Son bir y\u0131ld\u0131r 84.7\u2019lik m\u00fc\u015fteri deneyim puan\u0131m\u0131zla 1 numara olmaya devam ediyoruz. \u00a0<\/p>\n<p>Her sene y\u00fckselen m\u00fc\u015fteri memnuniyet d\u00fczeyi endeksimiz ile m\u00fc\u015fterilerimizin memnuniyetini daha \u00fcst bir seviyeye \u00e7\u0131karmak i\u00e7in \u00e7al\u0131\u015fmalar\u0131m\u0131za devam edece\u011fiz.\u00a0<\/p>\n<p>&nbsp;<\/p>\n<p>&nbsp;<\/p>\n<p>[\/et_pb_text][\/et_pb_column][\/et_pb_row][\/et_pb_section][et_pb_section fb_built=&#8221;1&#8243; _builder_version=&#8221;4.22.1&#8243; _module_preset=&#8221;default&#8221; collapsed=&#8221;on&#8221; global_colors_info=&#8221;{}&#8221;][et_pb_row _builder_version=&#8221;4.22.1&#8243; _module_preset=&#8221;default&#8221; global_colors_info=&#8221;{}&#8221;][et_pb_column type=&#8221;4_4&#8243; _builder_version=&#8221;4.22.1&#8243; _module_preset=&#8221;default&#8221; global_colors_info=&#8221;{}&#8221;][et_pb_image src=&#8221;https:\/\/www.teka.com\/tr-tr\/wp-content\/uploads\/sites\/16\/2024\/04\/Teka_sikayetvar_linkedin-1.png&#8221; title_text=&#8221;Teka_sikayetvar_linkedin&#8221; _builder_version=&#8221;4.22.1&#8243; _module_preset=&#8221;default&#8221; global_colors_info=&#8221;{}&#8221;][\/et_pb_image][et_pb_text _builder_version=&#8221;4.22.1&#8243; _module_preset=&#8221;default&#8221; global_colors_info=&#8221;{}&#8221;]<\/p>\n<p><strong>Son 1 y\u0131ld\u0131r m\u00fc\u015fteri memnuniyetinde 1 numaray\u0131z!<\/strong><\/p>\n<p>2023 y\u0131l\u0131ndan bug\u00fcne, \u015eikayetvar web sayfas\u0131ndaki m\u00fc\u015fteri memnuniyet skoru alan\u0131nda 1 numara olmaya devam ediyoruz. Bu ba\u015far\u0131ya ula\u015fmak ve Teka olarak en iyi servis hizmetimizi m\u00fc\u015fterilerimize sunabilmek i\u00e7in \u00e7al\u0131\u015fmalar\u0131m\u0131z\u0131 s\u00fcrd\u00fcr\u00fcyoruz.<\/p>\n<p>&nbsp;<\/p>\n<p><strong>Hayata tat katan anlar\u0131 s\u00fcrekli k\u0131lmak i\u00e7in servis alan\u0131nda neler ba\u015fard\u0131k?<\/strong><\/p>\n<p>-\u00d6zellikle yo\u011fun \u00e7al\u0131\u015ft\u0131\u011f\u0131m\u0131z b\u00f6lgelerde servis say\u0131m\u0131z\u0131 azaltarak, servislerin kazan\u00e7lar\u0131n\u0131n artmas\u0131n\u0131 sa\u011flad\u0131k.<\/p>\n<p>-\u00c7a\u011fr\u0131 merkezimizi s\u00fcrekli aktif tutarak \u00e7\u00f6z\u00fcm s\u00fcre\u00e7lerinin sonu\u00e7lanmas\u0131na kadar takip edilmesini sa\u011flad\u0131k.<\/p>\n<p>-Servislerimizin kurumsal kimli\u011fini \u00f6n plana \u00e7\u0131kartacak tabela, ara\u00e7 giydirme, kurumsal k\u0131yafet ve Teka\u2019ya \u00f6zel telefon numaras\u0131 gibi \u00e7al\u0131\u015fmalar yapt\u0131k. Bu konularda g\u00fcncellemeleri s\u00fcrekli takip ederek kontrollerle \u00e7al\u0131\u015fmalara devam ediyoruz.<\/p>\n<p>-T\u00fcm T\u00fcrkiye\u2019de \u015fikayetlerin tek merkezde toplanmas\u0131 i\u00e7in ileti\u015fim kanal\u0131 olu\u015fturduk ve \u00e7a\u011fr\u0131 merkezi numaralar\u0131m\u0131z\u0131 her platformda \u00f6n plana \u00e7\u0131kard\u0131k. Bu sayede t\u00fcm talepleri kay\u0131t alt\u0131na alarak s\u00fcre\u00e7 sonuna kadar takip edebiliyoruz.<\/p>\n<p>-\u00dccretsiz temizlik malzemesi, bayram g\u00fcnlerinde n\u00f6bet\u00e7i servis hizmeti, acil durumlarda olabildi\u011fince h\u0131zl\u0131 m\u00fcdahale etme gibi al\u0131\u015f\u0131lm\u0131\u015f\u0131n d\u0131\u015f\u0131nda \u00f6zel hizmetler sa\u011flad\u0131k.<\/p>\n<p>-D\u00fczenli \u00f6l\u00e7\u00fcm \u00e7al\u0131\u015fmalar\u0131yla m\u00fc\u015fterilerimizin hizmetlerimiz hakk\u0131nda de\u011ferlendirdik.<\/p>\n<p>-\u00dcr\u00fcn tedarik\u00e7ilerimiz ve fabrikalar\u0131m\u0131zla \u00e7\u00f6z\u00fcm odakl\u0131 ili\u015fkiler geli\u015ftirdik. Anl\u0131k veri ak\u0131\u015flar\u0131yla h\u0131zl\u0131 \u00e7\u00f6z\u00fcmler \u00fcrettik.<\/p>\n<p>-Saha verilerimizi i\u015fimize entegre ederek d\u00fczenli raporlara d\u00f6n\u00fc\u015ft\u00fcrd\u00fck ve t\u00fcm \u015feffafl\u0131\u011f\u0131yla ilgili birimlerle payla\u015ft\u0131k.<\/p>\n<p>-\u015eantiyelere supervisor hizmetlerini ba\u015flatt\u0131k. \u015eantiye ihtiya\u00e7lar\u0131na g\u00f6re h\u0131zl\u0131ca teknik destek hizmetleri sa\u011flad\u0131k. \u00d6zel olarak ilgilenilmesi gereken \u015fantiyeleri bizzat ziyaret ettik.<\/p>\n<p>-Videolu anlat\u0131mlar, teknik b\u00fcltenler, toplu veya lokal e\u011fitimlerle hem teknik hem de m\u00fc\u015fteri ili\u015fkileri alanlar\u0131nda servis kalitemizin s\u00fcrekli iyile\u015fmesini sa\u011flad\u0131k.<\/p>\n<p>-\u00dcretim birimlerimizle servislerimizin anl\u0131k ileti\u015fime ge\u00e7mesini sa\u011flayarak proaktif bir yap\u0131 olu\u015fturduk.<\/p>\n<p>-Yedek par\u00e7a hizmetimizde m\u00fc\u015fterilerimize avantaj sa\u011flayacak fiyatlama \u00e7al\u0131\u015fmalar\u0131m\u0131z\u0131 geli\u015ftirdik.<\/p>\n<p>-G\u00fcncel ekonomik geli\u015fmelere g\u00f6re servislerimizin hizmet ko\u015ful ve \u00fccretlerini piyasa \u015fartlar\u0131na g\u00f6re g\u00fcncelledik.<\/p>\n<p>&nbsp;<\/p>\n<p>T\u00fcm bu \u00e7al\u0131\u015fmalar\u0131m\u0131zla m\u00fc\u015fterilerimize en iyi hizmeti sa\u011flayarak, hayata tat katan anlar\u0131n b\u00fcy\u00fcmesine destek oluyoruz.<\/p>\n<p>&nbsp;<\/p>\n<p>&nbsp;<\/p>\n<p>&nbsp;<\/p>\n<p>&nbsp;<\/p>\n<p>[\/et_pb_text][\/et_pb_column][\/et_pb_row][\/et_pb_section][et_pb_section fb_built=&#8221;1&#8243; _builder_version=&#8221;4.22.1&#8243; _module_preset=&#8221;default&#8221; collapsed=&#8221;on&#8221; global_colors_info=&#8221;{}&#8221;][et_pb_row _builder_version=&#8221;4.22.1&#8243; _module_preset=&#8221;default&#8221; global_colors_info=&#8221;{}&#8221;][et_pb_column type=&#8221;4_4&#8243; _builder_version=&#8221;4.22.1&#8243; _module_preset=&#8221;default&#8221; global_colors_info=&#8221;{}&#8221;][et_pb_text _builder_version=&#8221;4.22.1&#8243; _module_preset=&#8221;default&#8221; global_colors_info=&#8221;{}&#8221;]<\/p>\n<p>Genel kurul toplant\u0131s\u0131na davet;\u00a0<\/p>\n<p>[\/et_pb_text][et_pb_image src=&#8221;https:\/\/www.teka.com\/tr-tr\/wp-content\/uploads\/sites\/16\/2024\/03\/doc01843220240328083125.jpg&#8221; title_text=&#8221;doc01843220240328083125&#8243; _builder_version=&#8221;4.22.1&#8243; _module_preset=&#8221;default&#8221; global_colors_info=&#8221;{}&#8221;][\/et_pb_image][et_pb_image src=&#8221;https:\/\/www.teka.com\/tr-tr\/wp-content\/uploads\/sites\/16\/2024\/03\/doc01843120240328083114.jpg&#8221; title_text=&#8221;doc01843120240328083114&#8243; _builder_version=&#8221;4.22.1&#8243; _module_preset=&#8221;default&#8221; global_colors_info=&#8221;{}&#8221;][\/et_pb_image][\/et_pb_column][\/et_pb_row][\/et_pb_section][et_pb_section fb_built=&#8221;1&#8243; _builder_version=&#8221;4.22.1&#8243; _module_preset=&#8221;default&#8221; collapsed=&#8221;on&#8221; global_colors_info=&#8221;{}&#8221;][et_pb_row _builder_version=&#8221;4.22.1&#8243; _module_preset=&#8221;default&#8221; collapsed=&#8221;off&#8221; global_colors_info=&#8221;{}&#8221;][et_pb_column type=&#8221;4_4&#8243; _builder_version=&#8221;4.22.1&#8243; _module_preset=&#8221;default&#8221; global_colors_info=&#8221;{}&#8221;][et_pb_image src=&#8221;https:\/\/www.teka.com\/tr-tr\/wp-content\/uploads\/sites\/16\/2024\/03\/futbol.jpg&#8221; title_text=&#8221;futbol&#8221; _builder_version=&#8221;4.22.1&#8243; _module_preset=&#8221;default&#8221; global_colors_info=&#8221;{}&#8221;][\/et_pb_image][et_pb_text admin_label=&#8221;Text&#8221; _builder_version=&#8221;4.22.1&#8243; _module_preset=&#8221;default&#8221; global_colors_info=&#8221;{}&#8221;]<\/p>\n<p><strong>Teka ve spor <\/strong><\/p>\n<p><strong>Sponsorluklar\u0131m\u0131z\u0131n tarih\u00e7esi <\/strong><\/p>\n<p>&nbsp;<\/p>\n<p><strong>Hentbol<\/strong><\/p>\n<p>Teka&#8217;n\u0131n spora olan ba\u011fl\u0131l\u0131\u011f\u0131 \u00e7e\u015fitli disiplinlere uzanmaktad\u0131r. Y\u0131llar i\u00e7erisinde Teka logosu \u0130spanyol tak\u0131mlar\u0131n\u0131n en g\u00f6rkemli anlar\u0131ndan baz\u0131lar\u0131n\u0131n par\u00e7as\u0131 olmu\u015ftur. Hentbol burada \u00f6zel bir yere sahiptir. \u00c7\u00fcnk\u00fc Teka\u2019n\u0131n spor yolculu\u011fu 1975 y\u0131l\u0131nda \u0130spanya&#8217;n\u0131n kuzeyindeki Cantabria&#8217;da ba\u015flad\u0131. Hentbol tak\u0131m\u0131 Club Balonmano Cantabria o y\u0131l Grupo Deportivo Teka Santander olarak \u015firketin finansal deste\u011fiyle do\u011fdu. O zamanlar yerel bir ikinci lig tak\u0131m\u0131n\u0131n sadece hentbol tarihinde de\u011fil, \u0130spanyol spor tarihinde de iz b\u0131rakaca\u011f\u0131 bilinmiyordu.<\/p>\n<p>&nbsp;<\/p>\n<p><strong>Grupo Deportivo Teka Santander: 1975-1995 <\/strong><\/p>\n<p><strong> <img loading=\"lazy\" decoding=\"async\" class=\"wp-image-58611 alignnone size-medium\" src=\"https:\/\/www.teka.com\/tr-tr\/wp-content\/uploads\/sites\/16\/2024\/03\/grupo-deportivo-teka-balonmano-300x187.jpg\" alt=\"\" width=\"300\" height=\"187\" \/><\/strong><\/p>\n<p>Teka&#8217;n\u0131n \u0130spanya&#8217;daki ilk fabrikas\u0131na ev sahipli\u011fi yapan Santander, Grupo Deportivo&#8217;ya da ev sahipli\u011fi yapt\u0131. Bir kul\u00fcb\u00fc marka olarak desteklemek \u00fclkede daha \u00f6nce hi\u00e7 yap\u0131lmam\u0131\u015f bir \u015feydi, bu nedenle her iki taraf da spora ve taraftarl\u0131\u011fa duyduklar\u0131 sevgiyi payla\u015farak yeni bir ortak yol ba\u015flatt\u0131.<\/p>\n<p>S\u0131f\u0131rdan ba\u015flarken kar\u015f\u0131la\u015f\u0131lan engeller ortak bir \u00e7aba ve \u00f6zveri ile a\u015f\u0131ld\u0131, daha y\u00fcksek tan\u0131n\u0131rl\u0131\u011fa ve b\u00fct\u00e7eye sahip en iyi tak\u0131mlarla k\u0131ran k\u0131rana ge\u00e7en bir m\u00fccadeleye sahne oldu. Kul\u00fcb\u00fc Jos\u00e9 Antonio Revilla kurdu ve Teka&#8217;n\u0131n temsilcisi Jos\u00e9 G\u00f3mez Casuso tak\u0131m\u0131n sponsorlu\u011funu \u00fcstlendi. \u015eirket ve tak\u0131m o kadar \u00f6zde\u015fle\u015fti ki tak\u0131m k\u0131sa s\u00fcre i\u00e7inde tarihe &#8220;El Teka&#8221; olarak ge\u00e7ti. \u0130nsan fakt\u00f6r\u00fc, m\u00fckemmel oyuncular, tutkulu taraftarlar ve ba\u015far\u0131l\u0131 y\u00f6netimle birlikte ekip h\u0131zla y\u00fckselen bir kariyere imza att\u0131.<\/p>\n<p>\u0130spanyol hentbolunda Onur Ligi&#8217;ne ula\u015fmaya \u00e7ok yakla\u015ft\u0131klar\u0131 birka\u00e7 denemeden sonra nihayet 82\/83 sezonunda bunu ba\u015fard\u0131lar. 1985 y\u0131l\u0131nda &#8220;El Teka&#8221; ilk Avrupa m\u00fcsabakas\u0131n\u0131 oynad\u0131 ve 88\/89 sezonunda \u0130spanya Copa del Rey&#8217;i kazand\u0131. On y\u0131l\u0131n sonunda kul\u00fcp en iyi hentbol tak\u0131mlar\u0131ndan birine d\u00f6n\u00fc\u015ft\u00fc.<\/p>\n<p>&nbsp;<\/p>\n<p><strong>Teka Cantabria 1993\/94: <\/strong><\/p>\n<p><strong>En iyi tak\u0131m oldu\u011fumuzda\u2026 <\/strong><\/p>\n<p>En iyi tak\u0131m oldu\u011fumuz 92\/93 sezonunda Talant Dujshebaev, Mijail Jakimovic ve Mateo Garralda gibi tak\u0131m\u0131n gelece\u011fi i\u00e7in kilit oyuncularla yeni imzalar at\u0131ld\u0131.<\/p>\n<p>Supercopa de Espa\u00f1a, ASOBAL \u0130spanya Ligi ve IHF Kupas\u0131 (Avrupa Hentbol M\u00fcsabakas\u0131) ile \u00fcst \u00fcste \u00fcst d\u00fczey 3 m\u00fcsabaka zaferi elde edildi. \u0130lk kez bir \u0130spanyol hentbol tak\u0131m\u0131 bir Avrupa \u015eampiyonlu\u011fu kazand\u0131. Mats Olsson, Alberto Urdiales, Jos\u00e9 Javier Hombrados, Juli\u00e1n Ruiz, Roddrigo Re\u00f1ones, Mu\u00f1oz Melo ve Javier Cabanas hentbol tarihinin bir par\u00e7as\u0131 oldular.<\/p>\n<p>&#8220;Teka Cantabria 93\/94, En \u0130yi Tak\u0131m Oldu\u011fumuz Zamanlar&#8221; (FID, 2022) adl\u0131 belgeselde kul\u00fcb\u00fcn \u0130spanyol spor tarihinde nas\u0131l tarih yazd\u0131\u011f\u0131na dair g\u00f6r\u00fcnt\u00fcler ve r\u00f6portajlar yer al\u0131yor. Film, tak\u0131m\u0131n her iki kupay\u0131 da kazanma yolculu\u011funa sayg\u0131 duru\u015funda bulunuyor.<\/p>\n<p>1995 y\u0131l\u0131nda marka, tak\u0131m ile ili\u015fkilerini sonland\u0131rd\u0131, ancak birka\u00e7 y\u0131l sonra 1999&#8217;da tekrar geri d\u00f6nd\u00fc. Sonunda kul\u00fcp 2008&#8217;de da\u011f\u0131ld\u0131 ve \u0130spanyol hentbolunu en \u00fcst s\u0131ralara \u00e7\u0131karan bir kariyer yapt\u0131.<\/p>\n<p>Zaferler listesinde; Avrupa Kupas\u0131, Kul\u00fcpler D\u00fcnya \u015eampiyonas\u0131, iki Avrupa Kupa Galipleri Kupas\u0131, birka\u00e7 ASOBAL Lig \u015fampiyonlu\u011fu, birka\u00e7 Copa del Rey Kupas\u0131, iki kez \u0130spanyol Hentbol S\u00fcper Kupas\u0131 ve d\u00f6rt ASOBAL kupas\u0131 yer al\u0131r.<\/p>\n<p>Santander&#8217;in Palacio de Deportes&#8217;te bulunan Spor M\u00fczesi bu spor dal\u0131na adanm\u0131\u015ft\u0131r.<\/p>\n<p>&nbsp;<\/p>\n<p><strong>Bisiklet<\/strong><\/p>\n<p><img loading=\"lazy\" decoding=\"async\" class=\"wp-image-58612 alignnone size-medium\" src=\"https:\/\/www.teka.com\/tr-tr\/wp-content\/uploads\/sites\/16\/2024\/03\/LASA_Miguel_Maria_1978-300x278.jpg\" alt=\"\" width=\"300\" height=\"278\" srcset=\"https:\/\/www.teka.com\/tr-tr\/wp-content\/uploads\/sites\/16\/2024\/03\/LASA_Miguel_Maria_1978-300x278.jpg 300w, https:\/\/www.teka.com\/tr-tr\/wp-content\/uploads\/sites\/16\/2024\/03\/LASA_Miguel_Maria_1978.jpg 400w\" sizes=\"(max-width: 300px) 100vw, 300px\" \/><img loading=\"lazy\" decoding=\"async\" class=\"wp-image-58613 alignnone size-medium\" src=\"https:\/\/www.teka.com\/tr-tr\/wp-content\/uploads\/sites\/16\/2024\/03\/alberto-fernandez-201x300.jpg\" alt=\"\" width=\"201\" height=\"300\" srcset=\"https:\/\/www.teka.com\/tr-tr\/wp-content\/uploads\/sites\/16\/2024\/03\/alberto-fernandez-201x300.jpg 201w, https:\/\/www.teka.com\/tr-tr\/wp-content\/uploads\/sites\/16\/2024\/03\/alberto-fernandez.jpg 428w\" sizes=\"(max-width: 201px) 100vw, 201px\" \/><\/p>\n<p>&nbsp;<\/p>\n<p><strong>Grup Deportivo Teka<\/strong><\/p>\n<p><strong>\u0130lk y\u0131llar <\/strong><\/p>\n<p>Tak\u0131m, \u0130spanyol bisiklet yar\u0131\u015flar\u0131na kat\u0131larak tan\u0131nmaya ba\u015flad\u0131. 1977 y\u0131l\u0131nda tak\u0131m kategorisinde Vuelta a Espa\u00f1a&#8217;n\u0131n yan\u0131 s\u0131ra Vuelta a Cantabria, L\u00e9rida ve Levante gibi di\u011fer yar\u0131\u015flar\u0131 da kazand\u0131. Bisiklet liginde d\u00fczenli bir varl\u0131k g\u00f6stermeye ba\u015flad\u0131lar, ulusal ve yerel bisiklet\u00e7ilerin yan\u0131 s\u0131ra uluslararas\u0131 bisiklet\u00e7ilerle de s\u00f6zle\u015fme imzalamaya ba\u015flad\u0131lar. \u0130spanyol Juli\u00e1n Anddiano ve Portekizli Joaquim Agostinho gibi isimler Teka tak\u0131m\u0131nda kendilerine yer buldu ve zaferler kazand\u0131.<\/p>\n<p><strong>1980&#8217;ler <\/strong><\/p>\n<p>1980&#8217;lerin ba\u015f\u0131 GDD Teka&#8217;n\u0131n y\u00fckseli\u015fine tan\u0131kl\u0131k etti. Asl\u0131nda bisiklet takip\u00e7ileri bu y\u0131llara belli bir nostaljiyle bak\u0131yorlar \u00e7\u00fcnk\u00fc \u0130spanya uluslararas\u0131 yar\u0131\u015fmalarda tan\u0131nmaya ba\u015flad\u0131.<\/p>\n<p>Spor i\u00e7in heyecan verici bir d\u00f6nemdi ve bu on y\u0131lda bir\u00e7ok taraftar ortaya \u00e7\u0131kt\u0131. En \u00fcnl\u00fc bisiklet\u00e7ilerin bir\u00e7o\u011fu zaferlerini o y\u0131llarda ve 1990&#8217;larda elde etti. Teka bu alt\u0131n y\u0131llar\u0131n iyi bir \u00f6rne\u011fiydi. \u015eu anda \u00fcnl\u00fc olan Marino Lejarreta 1982 y\u0131l\u0131nda Vuelta a Espa\u00f1a&#8217;y\u0131 k\u0131yafetindeki Teka logosuyla kazand\u0131. Ancak tak\u0131m arkada\u015flar\u0131 di\u011fer yar\u0131\u015flarda \u00e7oktan zaferler elde etmi\u015fti ve bunu yeni imzalar takip etti.<\/p>\n<p>No\u00ebl Dejonckheere ve Reimund Dietzen bunlardan baz\u0131lar\u0131yd\u0131. Daha sonra tak\u0131m, \u0130spanyol bisikletine ilk kez Kolombiya&#8217;dan Edgar Corredor gibi deneyimli sporcular\u0131 transfer etti.<\/p>\n<p>1980&#8217;lerin ortalar\u0131na gelindi\u011finde, GDD Teka&#8217;n\u0131n bisiklet\u00e7ilikteki \u00f6nemi \u00e7ok a\u00e7\u0131kt\u0131 ve en y\u00fcksek ulusal b\u00fct\u00e7elerden birine sahipti. GD, 1984&#8217;te tak\u0131m olarak Vuelta a Espa\u00f1a da dahil olmak \u00fczere ulusal yar\u0131\u015fmalarda bir\u00e7ok zafer kazand\u0131. 1986&#8217;da GD Teka Y\u0131l\u0131n En iyi<\/p>\n<p>Profesyonel Tak\u0131m\u0131 se\u00e7ildi ve o zamana kadar tak\u0131m tarihindeki en b\u00fcy\u00fck ba\u015far\u0131ya sahip oldu. Sonraki y\u0131llarda Tour de France&#8217;a kat\u0131l\u0131mlar\u0131 da farkl\u0131 etaplarda zaferlerle sonu\u00e7land\u0131.<\/p>\n<p>90&#8217;l\u0131 y\u0131llara gelindi\u011finde, Teka ile tak\u0131m aras\u0131ndaki ili\u015fkinin sona ermesine yol a\u00e7an birka\u00e7 olay ya\u015fand\u0131. GD Teka, tarihi boyunca 500&#8217;den fazla zafer kazand\u0131 ve Marino Lejarreta, Peio Ruiz Cabestany, Eduardo Chozas, Miguel Mar\u00eda Lasa ve Marino Alonso gibi bisiklet sporunun \u00f6nemli isimlerini b\u00fcnyesinde bar\u0131nd\u0131rd\u0131.<\/p>\n<p>&nbsp;<\/p>\n<p><strong>Futbol <\/strong><\/p>\n<p>Her \u015fey 1981 y\u0131l\u0131nda Teka&#8217;n\u0131n \u0130spanya&#8217;da bir futbol tak\u0131m\u0131na sponsor olan ilk marka olmas\u0131yla ba\u015flad\u0131. Bu ayn\u0131 zamanda Avrupa&#8217;daki ilk futbol tak\u0131m\u0131 sponsorluklar\u0131ndan biriydi.<\/p>\n<p><strong>\u0130spanyol futbolunda ilk sponsorluk <\/strong><\/p>\n<p>27 Aral\u0131k&#8217;ta Santiago Bernabeu Stadyumu&#8217;nda Real Madrid C.F. ile oynanan \u0130spanya Ligi ma\u00e7\u0131nda Racing de Santander futbol tak\u0131m\u0131 formas\u0131n\u0131n \u00fczerinde Teka logosu vard\u0131. \u0130spanya Ligi&#8217;nin 17. ma\u00e7\u0131 olan bu kar\u015f\u0131la\u015fma, Real Madrid&#8217;in 4-0&#8217;l\u0131k galibiyetiyle sona erdi. Racing de Santander o sezonu \u015fampiyonada 12. s\u0131rada tamamlad\u0131.<\/p>\n<p>Profesyonel bir futbol ligi formas\u0131 \u00fczerinde reklam g\u00f6sterme eyleminin o ana kadar bir \u00f6rne\u011fi yoktu. Racing de Santander, formalar\u0131na Alman markas\u0131n\u0131 basmak i\u00e7in \u0130spanya Futbol Federasyonu&#8217;ndan izin almak zorunda kald\u0131.<\/p>\n<p>Bu jest \u0130spanyol futbolunun tarihini sonsuza dek de\u011fi\u015ftirdi. K\u0131sa bir s\u00fcre sonra, di\u011fer bir\u00e7ok marka futbol tak\u0131mlar\u0131na sponsor olmaya ba\u015flad\u0131. O d\u00f6nemde Teka, t\u00fcm sezonun sponsorlu\u011fu i\u00e7in yakla\u015f\u0131k 60.000 avro \u00f6dedi.<\/p>\n<p><strong>Racing de Santander FC sponsorlu\u011fu<\/strong><\/p>\n<p><strong> <img loading=\"lazy\" decoding=\"async\" class=\"wp-image-58614 alignnone size-medium\" src=\"https:\/\/www.teka.com\/tr-tr\/wp-content\/uploads\/sites\/16\/2024\/03\/Racing-Santander-300x193.jpg\" alt=\"\" width=\"300\" height=\"193\" \/><\/strong><\/p>\n<p>Sonraki y\u0131llarda 1989&#8217;a kadar Teka, Racing de Santander&#8217;in sponsoru oldu ve \u015firketin logosu formada yer ald\u0131. Neredeyse on y\u0131l boyunca Alman markas\u0131n\u0131n logo tasar\u0131m\u0131, sadece \u0130spanya&#8217;n\u0131n Kuzey B\u00f6lgesi Cantabria&#8217;dan gelen tak\u0131m oyuncular\u0131yla \u0130spanyol futbolunun en \u00fcst liginde kalmay\u0131 ba\u015fard\u0131.<\/p>\n<p><img loading=\"lazy\" decoding=\"async\" class=\"wp-image-58615 alignnone size-medium\" src=\"https:\/\/www.teka.com\/tr-tr\/wp-content\/uploads\/sites\/16\/2024\/03\/Racing-Santander-camiseta-222x300.jpg\" alt=\"\" width=\"222\" height=\"300\" \/><\/p>\n<p><strong>Real Madrid Futbol Kul\u00fcb\u00fc <\/strong><\/p>\n<p>1992&#8217;de bir ba\u015fka \u00f6nemli spor sponsorlu\u011fu ger\u00e7ekle\u015fti. Teka, Real Madrid C.F.&#8217;nin resmi sponsoru oldu.<\/p>\n<p>O d\u00f6nemde Real Madrid tak\u0131m\u0131, Emilio Butrague\u00f1o&#8217;nun M\u00edchel, Sanch\u00eds, Mart\u00edn- V\u00e1zquez ve Pardeza ile unutulmaz bir oyuncu nesline liderlik etti\u011fi \u00fcnl\u00fc Quinta del Buitre&#8217;nin son y\u0131llar\u0131n\u0131 ya\u015f\u0131yordu.<\/p>\n<p>Ayn\u0131 sezon tak\u0131m\u0131n bir di\u011fer kilit oyuncusu, \u015eili&#8217;de yeni bir y\u0131ld\u0131z olan Iv\u00e1n Zamorano geldi. Ayn\u0131 zamanda, kul\u00fcb\u00fcn son y\u0131llardaki en \u00f6nemli transferlerinden biri olan Robert Prosinecki de sakatl\u0131\u011f\u0131n\u0131n ard\u0131ndan sahalara d\u00f6nd\u00fc.<\/p>\n<p>Tenerife&#8217;de son dakikada kaybedilen iki \u0130spanya ligi o y\u0131llara damgas\u0131n\u0131 vurdu, iki ma\u00e7 da tart\u0131\u015fmalar ve hatalarla dolu olmas\u0131na ra\u011fmen sonuna kadar heyecan doluydu.<\/p>\n<p>Jorge Valdano o zamanlar Tenerife tak\u0131m\u0131n\u0131n antren\u00f6r\u00fcyd\u00fc. K\u0131sa bir s\u00fcre sonra, 1994&#8217;te Real Madrid&#8217;e kat\u0131ld\u0131. Real Madrid, 1992 y\u0131l\u0131nda tarihin en iyi kadrolar\u0131ndan birini ola\u011fan\u00fcst\u00fc bir stille olu\u015fturarak \u0130spanya ligini kazand\u0131 ve Santiago Bernab\u00e9u stadyumunda FC Barcelona&#8217;ya kar\u015f\u0131 5-0&#8217;l\u0131k galibiyet gibi di\u011fer unutulmaz zaferlere imza att\u0131. Real Madrid&#8217;in efsanevi oyuncusu Ra\u00fal Gonz\u00e1lez Blanco ilk kez 1994 y\u0131l\u0131nda sahaya \u00e7\u0131kt\u0131.<\/p>\n<p>1996 y\u0131l\u0131nda \u0130talyan Fabio Capello yeni teknik direkt\u00f6r olarak imza att\u0131. Ayn\u0131 y\u0131l Teka sponsorlu\u011funda efsanevi beyaz tak\u0131m futbol y\u0131ld\u0131zlar\u0131ndan olu\u015fan bir kadroyu bir araya getirdi. Mijatovic, Suker, Roberto Carlos ve Seedorf&#8217;un yan\u0131 s\u0131ra Fernando Redondo, Hierro, Amavisca ve Ca\u00f1izares gibi oyuncular da tak\u0131ma kat\u0131ld\u0131.<\/p>\n<p>Ayr\u0131ca Ra\u00fal Gonz\u00e1lez \u00f6nderli\u011finde Guti, \u00c1lvaro Benito ve V\u00edctor S\u00e1nchez gibi yeni nesil yetenekler ortaya \u00e7\u0131kt\u0131.<\/p>\n<p><img loading=\"lazy\" decoding=\"async\" class=\"wp-image-58616 alignnone size-medium\" src=\"https:\/\/www.teka.com\/tr-tr\/wp-content\/uploads\/sites\/16\/2024\/03\/tumblr_nde9uchenL1t52aheo1_1280-235x300.jpg\" alt=\"\" width=\"235\" height=\"300\" srcset=\"https:\/\/www.teka.com\/tr-tr\/wp-content\/uploads\/sites\/16\/2024\/03\/tumblr_nde9uchenL1t52aheo1_1280-235x300.jpg 235w, https:\/\/www.teka.com\/tr-tr\/wp-content\/uploads\/sites\/16\/2024\/03\/tumblr_nde9uchenL1t52aheo1_1280.jpg 251w\" sizes=\"(max-width: 235px) 100vw, 235px\" \/><\/p>\n<p>Tak\u0131m o sezon iyi sonu\u00e7lar ald\u0131 ve Katalan ekibinin bir par\u00e7as\u0131 olan gen\u00e7 Ronaldo Nazario ile F.C. Barcelona&#8217;ya kar\u015f\u0131 oynayarak \u0130spanya ligi \u015fampiyonlu\u011funu kazand\u0131.<\/p>\n<p>Ertesi sezon Jupp Heynckes yeni teknik direkt\u00f6r oldu ve kul\u00fcp Fernando Morientes, Brezilyal\u0131 Savio ve Frans\u0131z Christian Karembeu gibi baz\u0131 \u00f6nemli oyuncularla s\u00f6zle\u015fme imzalad\u0131.<\/p>\n<p>Kul\u00fcb\u00fcn d\u00f6n\u00fcm noktalar\u0131ndan biri, tak\u0131m\u0131n o sezon kazand\u0131\u011f\u0131 \u015fampiyonlukla ger\u00e7ekle\u015fti. Kul\u00fcp, Yedinci Avrupa Kupas\u0131n\u0131 kazand\u0131.<\/p>\n<p><img loading=\"lazy\" decoding=\"async\" class=\"wp-image-58618 alignnone size-medium\" src=\"https:\/\/www.teka.com\/tr-tr\/wp-content\/uploads\/sites\/16\/2024\/03\/agencia-efe_multimedia_3262731.multimedia.photos.1287587-300x192.jpg\" alt=\"\" width=\"300\" height=\"192\" \/><\/p>\n<p>20 May\u0131s 1998&#8217;de Amsterdam Arena&#8217;da Real Madrid C.F., Torino Juventus&#8217;u Pedja Mijatovic&#8217;in gol\u00fc ve Zinedine Zidane, Inzaghi ve Del Piero&#8217;dan olu\u015fan kadrosuyla 1-0 ma\u011flup etti.<\/p>\n<p>Bu \u015fampiyonluk, Avrupa Kupas\u0131&#8217;n\u0131 kazanmak i\u00e7in 32 y\u0131ld\u0131r s\u00fcrd\u00fcr\u00fclen ve ba\u015far\u0131s\u0131zl\u0131kla sonu\u00e7lanan \u00e7abalar\u0131n da sonu oldu.<\/p>\n<p>Ma\u00e7\u0131n ertesi g\u00fcn\u00fc Real Madrid, kul\u00fcb\u00fcn resmi sembol\u00fc olmayan Madrid&#8217;deki tanr\u0131\u00e7a Cibeles heykelinin yan\u0131nda \u015fampiyonlu\u011funu kutlad\u0131. Madrid sokaklar\u0131ndaki kutlamaya yar\u0131m milyondan fazla insan kat\u0131ld\u0131.<\/p>\n<p>1999 y\u0131l\u0131nda Real Madrid, Steve McManaman, Nicolas Anelka, M\u00edchel Salgado ve Iv\u00e1n Herrera gibi di\u011fer \u00f6nemli transferlerle birlikte Vicente del Bosque&#8217;yi yeni teknik direkt\u00f6r olarak kadrosuna katt\u0131.<\/p>\n<p>Bu ayn\u0131 zamanda bir ba\u015fka efsanevi oyuncu olan \u00cdker Casillas\u2019\u0131n da ilk \u00e7\u0131k\u0131\u015f\u0131yd\u0131. Madrid do\u011fumlu oyuncu, Athletic de Bilbao&#8217;ya kar\u015f\u0131 oynanan bir ma\u00e7ta hen\u00fcz 18 ya\u015f\u0131ndayken en \u00fcst ligdeki ilk ma\u00e7\u0131na \u00e7\u0131kt\u0131.<\/p>\n<p>K\u0131sa bir s\u00fcre sonra, 20 May\u0131s 2000&#8217;de Paris&#8217;teki Saint-Denis Stadyumu&#8217;nda kul\u00fcp tarihi bir an daha ya\u015fad\u0131. Avrupa Kupas\u0131 final ma\u00e7\u0131 Real Madrid ve Valencia C.F. aras\u0131nda oynand\u0131. 3-0&#8217;l\u0131k galibiyetle Real Madrid, yedincisinden sadece iki y\u0131l sonra sekizinci Avrupa Kupas\u0131&#8217;n\u0131 kazand\u0131. Bu unutulmaz ma\u00e7ta golleri Morientes, McManaman ve Ra\u00fal att\u0131.<\/p>\n<p><img loading=\"lazy\" decoding=\"async\" class=\"wp-image-58619 alignnone size-medium\" src=\"https:\/\/www.teka.com\/tr-tr\/wp-content\/uploads\/sites\/16\/2024\/03\/Captura-de-pantalla-2024-01-22-113708-300x199.jpg\" alt=\"\" width=\"300\" height=\"199\" \/><\/p>\n<p><strong>C\u00e1diz C.F. sponsorlu\u011fu<\/strong><\/p>\n<p>Teka, 2007-2008 sezonunda C\u00e1diz C.F.&#8217;nin ana sponsoru oldu ve logosu End\u00fcl\u00fcs kul\u00fcb\u00fcn\u00fcn formas\u0131 \u00fczerinde yer ald\u0131.<\/p>\n<p>C\u00e1diz C.F. 1910 y\u0131l\u0131nda kurulan \u0130spanyol futbolunun en uzun ge\u00e7mi\u015fe sahip tak\u0131mlar\u0131ndan biridir.<\/p>\n<p>&nbsp;<\/p>\n<p><strong>Basketbol <\/strong><\/p>\n<p><img loading=\"lazy\" decoding=\"async\" class=\"wp-image-58620 alignnone size-medium\" src=\"https:\/\/www.teka.com\/tr-tr\/wp-content\/uploads\/sites\/16\/2024\/03\/3am7961-300x133.jpg\" alt=\"\" width=\"300\" height=\"133\" \/><\/p>\n<p>Teka, futboldaki sponsorluk deneyimiyle \u0130spanyol sporunun en verimli ili\u015fkilerinden biri olan basketbol sahalar\u0131nda da kendine yer buldu. Real Madrid basketbol formalar\u0131n\u0131 Teka logosu olmadan d\u00fc\u015f\u00fcnmek m\u00fcmk\u00fcn de\u011fil. Bu sponsorluk basketbol kul\u00fcb\u00fcn\u00fcn tarihindeki en ba\u015far\u0131l\u0131 iki d\u00f6neme tan\u0131kl\u0131k etti. Dahas\u0131, bu forma hem beyaz kul\u00fcb\u00fcn taraftarlar\u0131 hem de d\u00fcnya \u00e7ap\u0131ndaki di\u011fer basketbol taraftarlar\u0131 ve tak\u0131mlar\u0131 taraf\u0131ndan unutulmaz bir d\u00f6nemi temsil ediyor.<\/p>\n<p><strong>\u0130lk d\u00f6nem: 1992-2000, <\/strong><strong>Real Madrid Teka <\/strong><\/p>\n<p>Bu y\u0131llar tak\u0131m i\u00e7in bir d\u00f6n\u00fcm noktas\u0131 ve taraftarlar\u0131 taraf\u0131ndan hala en \u00e7ok sevilen zamanlardan biridir. Kul\u00fcb\u00fcn sahada unutulmaz isimleri bir araya getirmeyi ba\u015fard\u0131\u011f\u0131 \u00fcretken bir d\u00f6nemdi. 1992 y\u0131l\u0131nda Teka sponsorlu\u011fu ba\u015flad\u0131 ve k\u0131sa bir s\u00fcre sonra tak\u0131m Real Madrid Teka ad\u0131n\u0131 ald\u0131.<\/p>\n<p>Kul\u00fcp ACB Ligi&#8217;ni iki kez kazand\u0131 (1993, 1994) ve 15 y\u0131l boyunca Avrupa \u015fampiyonlu\u011funu kovalad\u0131ktan sonra, 1995&#8217;te Euroleague&#8217;de elde ettikleri zaferle bir ba\u015fka zirve an\u0131na ula\u015ft\u0131.<\/p>\n<p>Teka&#8217;n\u0131n Real Madrid&#8217;e geli\u015fiyle ayn\u0131 zamanda Arvyas Sabonis ile de s\u00f6zle\u015fme imzaland\u0131. Tak\u0131m\u0131 basketbolda tekrar \u00fcst s\u0131ralara ta\u015f\u0131yan stratejinin kilit oyuncular\u0131ndan biriydi. Ondan sonra Joe Arlauckas, Jos\u00e9 Miguel Ant\u00fanez ve Chechu Biriukov gibi di\u011fer b\u00fcy\u00fck isimler tak\u0131m\u0131n bir par\u00e7as\u0131n\u0131 olu\u015fturdu ve ko\u00e7 Clifford Luyk&#8217;un komutas\u0131 alt\u0131nda alt\u0131n bir d\u00f6nemi temsil etti.<\/p>\n<p>Alberto Herreos ve Dejan Bodiroga gibi y\u0131ld\u0131z oyuncular\u0131n geli\u015fi, bu sezonlarda iki Avrupa Kupa Galipleri Kupas\u0131, \u00fc\u00e7 \u0130spanya ligi ve \u00e7e\u015fitli turnuvalarda toplam 15 \u015fampiyonluk elde eden bir kul\u00fcbe prestij katt\u0131.<\/p>\n<p><strong>\u0130kinci d\u00f6nem: 2014-2016, <\/strong><strong>Real Madrid de Baloncesto<\/strong><\/p>\n<p>Teka ile eski Real Madrid de Baloncesto aras\u0131nda yeni bir d\u00f6nem ba\u015flad\u0131. Teka, Madrid merkezli kul\u00fcb\u00fcn tarihinde en fazla \u015fampiyonlu\u011fa sahip sponsor oldu.<\/p>\n<p>Kul\u00fcp ad\u0131na Florentino P\u00e9rez ve Teka&#8217;n\u0131n ba\u015fkan\u0131 Arturo Baldasano, tak\u0131m i\u00e7in say\u0131s\u0131z zaferlerle dolu bir d\u00f6nemin ba\u015flang\u0131c\u0131 olan bir anla\u015fma imzalad\u0131. Tak\u0131m, sekizinci Avrupa Kupas\u0131 ve iki lig \u015fampiyonlu\u011fu, \u0130spanya S\u00fcper Kupas\u0131, iki Copas del Rey ve bir FIBA K\u0131talararas\u0131 Kupa dahil olmak \u00fczere daha fazla \u015fampiyonluk elde ederek Avrupa&#8217;daki prestijini geri kazand\u0131. Taraftarlar, Madrid&#8217;deki Palacio de Deportes&#8217;te Olympiakos&#8217;a kar\u015f\u0131 oynanan Final Four finali gibi \u0130spanyol tak\u0131m\u0131n\u0131n zaferiyle sonu\u00e7lanan ola\u011fan\u00fcst\u00fc anlar ya\u015fad\u0131.<\/p>\n<p>Kul\u00fcp Rudy Fern\u00e1ndez, Felipe Reyes, Jaycee Carroll, Sergio Rodr\u00edguez, Luka Doncic ve Sergio Llull gibi \u00fcnl\u00fc oyunculara imza att\u0131rd\u0131. Bu oyuncular, \u0130spanya&#8217;da ve d\u00fcnyada basketbol tarihinin bir par\u00e7as\u0131 haline gelen hem kul\u00fcb\u00fc hem de marka de\u011ferlerini temsil eden ve bize sporun en efsanevi anlar\u0131n\u0131 ya\u015fatan bir forma giydiler.<\/p>\n<p>&nbsp;<\/p>\n<p><strong>Motor Sporlar\u0131 <\/strong><\/p>\n<p><strong> <img loading=\"lazy\" decoding=\"async\" class=\"wp-image-58621 alignnone size-medium\" src=\"https:\/\/www.teka.com\/tr-tr\/wp-content\/uploads\/sites\/16\/2024\/03\/Ricky_Cardus_fotoMarca-300x173.jpeg\" alt=\"\" width=\"300\" height=\"173\" \/><\/strong><\/p>\n<p>Motosiklet sporu da Teka&#8217;n\u0131n ilgi alanlar\u0131ndan biriydi. Marka 1975&#8217;ten bu yana spor sponsorlu\u011fu alan\u0131nda kendini g\u00f6steriyordu ve yeni y\u00fczy\u0131l\u0131n ba\u015f\u0131nda sponsorlu\u011funu motosiklet yar\u0131\u015flar\u0131nda ve tak\u0131mlar\u0131nda da g\u00f6sterdi.<\/p>\n<p>Teka, motokros ve D\u00fcnya \u015eampiyonas\u0131&#8217;n\u0131n ara kategorilerinden biri olan ve 765cc motosikletlerin yer ald\u0131\u011f\u0131 en \u00f6nemli yar\u0131\u015fmalardan biri olan Moto2&#8217;ye odakland\u0131. AGR, bu son yar\u0131\u015fmada marka logosunu gururla sergileyen tak\u0131m oldu.<\/p>\n<p><strong>Teka&#8217;n\u0131n FIM Motokros D\u00fcnya \u015eampiyonas\u0131 <\/strong><\/p>\n<p>Teka, motosiklet d\u00fcnyas\u0131ndaki maceras\u0131na 2008 y\u0131l\u0131nda Suzuki motokros tak\u0131m\u0131n\u0131n sponsorlu\u011fuyla ba\u015flad\u0131. O y\u0131l en \u00e7ok onurland\u0131r\u0131lan tak\u0131mlardan biri oldu. B\u00f6ylece marka, sporla olan yak\u0131n i\u015f birli\u011fini geni\u015fleterek destek vermeye karar verdi.<\/p>\n<p>Motokrosa at\u0131lan bu ad\u0131m, Teka&#8217;n\u0131n Almanya, Portekiz veya \u0130spanya&#8217;da zaten tan\u0131n\u0131yor olmas\u0131 nedeniyle markay\u0131 Kuzey Avrupa \u00fclkelerine tan\u0131tmak i\u00e7in m\u00fckemmel bir yol oldu\u011funu da kan\u0131tlad\u0131.<\/p>\n<p>O d\u00f6nemde Teka Suzuki WMX1 tak\u0131mlar\u0131nda Steve Ramon ve Ken de Dycker gibi isimler yer al\u0131yordu. Her ikisi de o y\u0131l D\u00fcnya Motokros \u015eampiyonas\u0131&#8217;nda s\u0131ras\u0131yla ikinci ve \u00fc\u00e7\u00fcnc\u00fc olarak podyuma \u00e7\u0131kt\u0131.<\/p>\n<p>K\u0131sa bir s\u00fcre sonra Teka, sponsorluk a\u00e7\u0131s\u0131ndan di\u011fer \u00f6nemli ad\u0131mlar\u0131n\u0131 da att\u0131. Marka, 2009 ve 2010 y\u0131llar\u0131nda FIM&#8217;in ana sponsorlar\u0131ndan biri oldu.<\/p>\n<p><strong>\u00a0<\/strong><strong>MX1 ve MX2 kategorilerinde Motokros D\u00fcnya \u015eampiyonas\u0131.<\/strong><\/p>\n<p>D\u00fcnya \u00e7ap\u0131nda \u00f6nemli say\u0131da takip\u00e7isi olan bu tan\u0131nm\u0131\u015f uluslararas\u0131 yar\u0131\u015fma, \u00f6zellikle Orta ve Kuzey Avrupa&#8217;da spor ve sponsor markalar\u0131 i\u00e7in m\u00fckemmel bir vitrin olu\u015fturur. Farkl\u0131 \u00fclkelerde ger\u00e7ekle\u015fen yar\u0131\u015fma geni\u015f bir TV yay\u0131n\u0131na sahip olmas\u0131 ile motokrosu izlemesi en heyecan verici sporlardan biri haline getiriyor.<\/p>\n<p><strong>2012 y\u0131l\u0131nda AGR Ekibi arac\u0131l\u0131\u011f\u0131yla <\/strong><strong>Teka Moto2&#8217;ye girdi. <\/strong><\/p>\n<p>Teka, Karlos Argui\u00f1ano&#8217;nun sahibi oldu\u011fu Agr&#8217;nin (Argui\u00f1ano ve Gin\u00e9s Yar\u0131\u015f Tak\u0131m\u0131) sponsorlu\u011funda Moto2 Premier yar\u0131\u015fmas\u0131na kat\u0131ld\u0131. Motosiklet tutkusundan do\u011fan, Jorge Mart\u00ednez &#8220;Aspar&#8221; ve \u00c1ngel Nieto gibi pilotlar\u0131n 20 y\u0131l\u0131 a\u015fk\u0131n s\u00fcredir teknisyenli\u011fini yapan Gin\u00e9s Guirado, Bask b\u00f6lgesinden \u015fef Karlos Argui\u00f1ano ile g\u00fc\u00e7lerini birle\u015ftirdi. Birlikte, ekip i\u00e7in gelecek vaat eden gen\u00e7 yetenekler bulmaya odakland\u0131lar. 2012 y\u0131l\u0131nda AGR en iyi yar\u0131\u015fmalara giden yola ba\u015far\u0131yla ba\u015flad\u0131 ve Teka&#8217;n\u0131n sponsorlu\u011funda D\u00fcnya Motosiklet \u015eampiyonas\u0131&#8217;n\u0131n Moto2 kategorisine ula\u015ft\u0131. S\u00fcr\u00fcc\u00fc Ricky Card\u00fas AGR Tak\u0131m\u0131 ile D\u00fcnya \u015eampiyonas\u0131na kat\u0131lmaya hak kazand\u0131.<\/p>\n<p>Teka&#8217;n\u0131n o y\u0131llar boyunca sporla olan yo\u011fun ve yak\u0131n ili\u015fkisi, markan\u0131n ba\u011fl\u0131l\u0131\u011f\u0131n\u0131n bir kan\u0131t\u0131d\u0131r. Teka, farkl\u0131 spor disiplinlerindeki yeni tak\u0131mlar\u0131 ve gen\u00e7 yetenekleri en \u00fcst d\u00fczey m\u00fcsabakalara birlikte ilerlemeleri i\u00e7in destekledi.<\/p>\n<p>&nbsp;<\/p>\n<p><strong>Di\u011fer sporlar <\/strong><\/p>\n<p>B\u00fcy\u00fcme, s\u00fcrekli m\u00fckemmellik aray\u0131\u015f\u0131 ve tak\u0131m \u00e7al\u0131\u015fmas\u0131 sporun temel de\u011ferleri aras\u0131ndad\u0131r. Ayn\u0131 de\u011ferler, 100 y\u0131ll\u0131k tarihi boyunca Teka i\u00e7in de ge\u00e7erlidir.<\/p>\n<p>Bu nedenle markan\u0131n sponsorlu\u011fu bir\u00e7ok \u00fclkedeki di\u011fer spor dallar\u0131na da yay\u0131ld\u0131. Hayat\u0131m\u0131z\u0131n her alan\u0131nda bizi daha iyi yapan \u015feyleri desteklemenin bir yolu her zaman spor oldu.<\/p>\n<p><strong>Dakar \u015eili Rallisi ve Rally Desert Challenge<\/strong><\/p>\n<p><img loading=\"lazy\" decoding=\"async\" class=\"wp-image-58624 alignnone size-medium\" src=\"https:\/\/www.teka.com\/tr-tr\/wp-content\/uploads\/sites\/16\/2024\/03\/coche2-300x179.jpg\" alt=\"\" width=\"300\" height=\"179\" \/><\/p>\n<p>Teka, zorlu ko\u015fullar ve konumlar nedeniyle s\u00fcr\u00fcc\u00fclerin en zorlu yar\u0131\u015fmalarda m\u00fccadele etti\u011fi ralli d\u00fcnyas\u0131n\u0131n bir par\u00e7as\u0131 oldu.<\/p>\n<p>Motokros ve Moto2 ile i\u015f birli\u011finin yan\u0131 s\u0131ra marka, 2013 y\u0131l\u0131nda G\u00fcney Amerika&#8217;da d\u00fczenlenen d\u00fcnyaca \u00fcnl\u00fc yar\u0131\u015flardan biri olan Dakar \u015eili Rallisi&#8217;ne sponsor oldu. Teka, Rally Desert Challenge gibi di\u011fer yar\u0131\u015fmalar\u0131n da bir par\u00e7as\u0131yd\u0131.<\/p>\n<p>&nbsp;<\/p>\n<p><strong>Su sporlar\u0131 <\/strong><\/p>\n<p>Teka, 2010 y\u0131l\u0131nda Barselona D\u00fcnya Yar\u0131\u015f\u0131&#8217;n\u0131n ikinci aya\u011f\u0131na sponsor oldu. Durmaks\u0131z\u0131n ve sadece iki ki\u015filik bir m\u00fcrettebatla d\u00fcnyan\u0131n etraf\u0131n\u0131 dola\u015fmas\u0131yla bilinen bu yelken yar\u0131\u015f\u0131nda yer alan tek sponsordur. Teka&#8217;n\u0131n sponsor oldu\u011fu yelkenlilerden biri yar\u0131\u015fta ikincili\u011fi kazand\u0131.<\/p>\n<p>Marka ayr\u0131ca \u00e7ifte madalyal\u0131 bir sporcu ve son y\u0131llar\u0131n en tan\u0131nm\u0131\u015f sprint kano sporcular\u0131ndan biri olan Macar Imre Pulai&#8217;ye de sponsor oldu.<\/p>\n<p>&nbsp;<\/p>\n<p><strong>Hokey ve Polo <\/strong><\/p>\n<p>Teka&#8217;n\u0131n logosu di\u011fer bir\u00e7ok spor kategorisinde de g\u00f6r\u00fcld\u00fc. \u00c7ek Cumhuriyeti floorball tak\u0131m\u0131 Tatran Teka Stresovice&#8217;nin (floorball ayn\u0131 zamanda unihockey olarak da bilinir) resmi sponsoru olarak ulusal ve uluslararas\u0131 alanda b\u00fcy\u00fck ba\u015far\u0131lara imza att\u0131.<\/p>\n<p><img loading=\"lazy\" decoding=\"async\" class=\"wp-image-58622 alignnone size-medium\" src=\"https:\/\/www.teka.com\/tr-tr\/wp-content\/uploads\/sites\/16\/2024\/03\/CleanShot-2024-01-29-at-15.08.08@2x-300x196.png\" alt=\"\" width=\"300\" height=\"196\" \/><\/p>\n<p>Teka, \u015eili&#8217;den Club de Polo San Cris- t\u00f3bal&#8217;\u0131n bir par\u00e7as\u0131 olarak polo gibi sporlarda da g\u00f6r\u00fcld\u00fc ve geni\u015f bir zafer ge\u00e7mi\u015fine sahipti.<\/p>\n<p><img loading=\"lazy\" decoding=\"async\" class=\"wp-image-58623 alignnone size-medium\" src=\"https:\/\/www.teka.com\/tr-tr\/wp-content\/uploads\/sites\/16\/2024\/03\/DSC0417-300x200.jpg\" alt=\"\" width=\"300\" height=\"200\" \/><\/p>\n<p>Spor sponsorluklar\u0131 sayesinde Teka, marka de\u011ferlerini desteklemenin ve daha y\u00fcksek hedeflere ula\u015fman\u0131n ekip \u00e7al\u0131\u015fmas\u0131 i\u00e7inde yer alarak ger\u00e7ekle\u015fti\u011fini d\u00fcnyaya g\u00f6sterdi. Grubu en ba\u015f\u0131ndan beri destekleyen ve kendini sporda bulan bu felsefeyi sonuna kadar destekliyoruz.<\/p>\n<p>&nbsp;<\/p>\n<p>[\/et_pb_text][\/et_pb_column][\/et_pb_row][\/et_pb_section][et_pb_section fb_built=&#8221;1&#8243; _builder_version=&#8221;4.22.1&#8243; _module_preset=&#8221;default&#8221; collapsed=&#8221;on&#8221; global_colors_info=&#8221;{}&#8221;][et_pb_row _builder_version=&#8221;4.22.1&#8243; _module_preset=&#8221;default&#8221; collapsed=&#8221;on&#8221; global_colors_info=&#8221;{}&#8221;][et_pb_column type=&#8221;4_4&#8243; _builder_version=&#8221;4.22.1&#8243; _module_preset=&#8221;default&#8221; global_colors_info=&#8221;{}&#8221;][et_pb_image src=&#8221;https:\/\/www.teka.com\/tr-tr\/wp-content\/uploads\/sites\/16\/2024\/03\/Teka_100yil_blog_linkedin.png&#8221; title_text=&#8221;Teka_100yil_blog_linkedin&#8221; _builder_version=&#8221;4.22.1&#8243; _module_preset=&#8221;default&#8221; global_colors_info=&#8221;{}&#8221;][\/et_pb_image][et_pb_text _builder_version=&#8221;4.22.1&#8243; _module_preset=&#8221;default&#8221; global_colors_info=&#8221;{}&#8221;]<\/p>\n<p><strong>100 y\u0131ld\u0131r hayata tat katan anlar <\/strong><\/p>\n<p>100. y\u0131l kutlamam\u0131z\u0131 sizlerle payla\u015fman\u0131n sevinci ya\u015f\u0131yoruz.<\/p>\n<p><strong>100 y\u0131ll\u0131k anlaml\u0131 anlar<\/strong><\/p>\n<p>100 y\u0131ld\u0131r yemek pi\u015firme tutkumuz bizi evinizin kalbine ta\u015f\u0131d\u0131 ve hayat\u0131n\u0131z\u0131n bir par\u00e7as\u0131 haline getirdi.<\/p>\n<p><strong>100 y\u0131ll\u0131k muhte\u015fem hikayeler ve unutulmaz anlar.<\/strong><\/p>\n<p>Teka, 100 y\u0131ld\u0131r evlerin merkezinde yer ald\u0131 ve ku\u015faklar boyunca milyonlarca hayat\u0131n par\u00e7as\u0131 oldu. Bu 100 y\u0131lda d\u00fcnyan\u0131n nas\u0131l geli\u015fti\u011fine tan\u0131k olduk ve biz de bu geli\u015fimin bir par\u00e7as\u0131 olduk. T\u00fcm bunlar\u0131, mutfaktaki yol arkada\u015f\u0131n\u0131z olmak ve hayata tat katan anlar ya\u015faman\u0131za katk\u0131da bulunmak i\u00e7in ger\u00e7ekle\u015ftirdik.<\/p>\n<p>100 y\u0131l boyunca, en heyecan verici hikayelerden baz\u0131lar\u0131na, en komik \u00a0anlara ve tabii ki hayat\u0131n bir par\u00e7as\u0131 olan t\u00fcm duygulara tan\u0131k olduk. Milyonlarca \u00f6p\u00fcc\u00fck, kahkahalar, itiraflar, yan\u0131lsamalar, sar\u0131lmalar, hayal k\u0131r\u0131kl\u0131klar\u0131, s\u0131rlar, arkada\u015flar, \u015fakalar, \u00e7iftler, s\u00fcrprizler&#8230;<\/p>\n<p>Her aile bir d\u00fcnyad\u0131r ve her aile benzersizdir. \u0130\u015fte bu y\u00fczden sizin bir par\u00e7an\u0131z olmam\u0131za izin verdi\u011finiz i\u00e7in \u00e7ok te\u015fekk\u00fcrler.<\/p>\n<p><strong>\u0130leti\u015fimimizin temel ta\u015flar\u0131: \u00d6nc\u00fc olmak<\/strong><\/p>\n<p>100 y\u0131l boyunca Teka olarak, her zaman her alanda \u00f6nc\u00fc bir marka olduk. Sekt\u00f6r\u00fcm\u00fcz\u00fcn tarihindeki en \u00f6nemli yeniliklerden baz\u0131lar\u0131na \u00f6nc\u00fcl\u00fck ettik.<\/p>\n<p>1928 y\u0131l\u0131nda Almanya&#8217;da emaye f\u0131r\u0131nlar \u00fcretmeye ba\u015flayarak \u00e7\u0131kt\u0131\u011f\u0131m\u0131z yolda 1960&#8217;larda eviye konseptini yeniden icat ettik ve ilk ankastre eviyeleri piyasaya s\u00fcrd\u00fck. Bug\u00fcn d\u00fcnya \u00e7ap\u0131nda 75 milyondan fazla eviye satm\u0131\u015f durumday\u0131z.<\/p>\n<p>Bundan birka\u00e7 y\u0131l sonra, 18 May\u0131s 1978&#8217;de d\u00fcnya \u00e7ap\u0131nda patentini ald\u0131\u011f\u0131m\u0131z ankastre oca\u011f\u0131 yaratan marka olduk. Bu yeni ocak format\u0131 m\u00fchendislerimiz Kurt Hermann, Rolf Claas ve Leopold Springer taraf\u0131ndan olu\u015fturuldu. Bu bulu\u015f, yemek pi\u015firme d\u00fcnyas\u0131nda \u00e7\u0131\u011f\u0131r a\u00e7\u0131lan bir yenilik oldu. \u00a0\u00d6yle ki neredeyse 50 y\u0131l sonra ankastre ocaklar hala d\u00fcnyan\u0131n hemen her yerinde standart \u00fcr\u00fcn olmaya devam ediyor.<\/p>\n<p>1981&#8217;de \u0130spanya La Liga&#8217;da bir futbol tak\u0131m\u0131na sponsor olan ilk marka olduk. 1983 y\u0131l\u0131nda vitroseramik ocak \u00fcreten ilk Avrupa markas\u0131yd\u0131k.<\/p>\n<p>1984 y\u0131l\u0131nda Avrupa&#8217;da mikrodalga f\u0131r\u0131n \u00fcreten ilk marka olarak bu cihaz\u0131 milyonlarca mutfa\u011fa ula\u015ft\u0131rd\u0131k. 2021&#8217;de f\u0131r\u0131n\u0131n i\u00e7inde restoran kalitesinde et pi\u015firmek i\u00e7in d\u00fcnyan\u0131n ilk 700 \u00b0C\u2019ye kadar \u0131s\u0131nabilen f\u0131r\u0131n\u0131 olan SteakMaster&#8217;\u0131 piyasaya s\u00fcrd\u00fck.<\/p>\n<p>2023 y\u0131l\u0131nda Valencia paellas\u0131n\u0131 yar\u0131 otomatik bir \u015fekilde ad\u0131m ad\u0131m haz\u0131rlayan yapay zekaya sahip ilk ind\u00fcksiyonlu ocak olan MestrePaeller&#8217;i piyasaya s\u00fcrd\u00fck.<\/p>\n<p>Bug\u00fcn, size daha iyi \u00e7\u00f6z\u00fcmleri geli\u015ftirmek ve sunmak amac\u0131yla her g\u00fcn \u00e7al\u0131\u015fmaya devam ediyoruz.<\/p>\n<p><strong>\u0130leti\u015fimimizin temel ta\u015flar\u0131: K\u00f6kler<\/strong><\/p>\n<p>\u015eirketimizin k\u00f6keni 1924 y\u0131l\u0131nda Sechshelden&#8217;e dayanmaktad\u0131r. O zamanlar Sechshelden, Haiger \u015fehri yak\u0131nlar\u0131nda k\u00fc\u00e7\u00fck bir k\u00f6yd\u00fc. Teka&#8217;n\u0131n bu b\u00f6lgedeki ba\u011flar\u0131 ve etkisi hala \u00e7ok g\u00fc\u00e7l\u00fcd\u00fcr; ilk Teka fabrikas\u0131n\u0131n kuruldu\u011fu cadde bug\u00fcn Willi Thielmann&#8217;\u0131n ad\u0131n\u0131 ta\u015f\u0131maktad\u0131r.<\/p>\n<p>\u015eirketin ilk \u00e7al\u0131\u015fan\u0131, 1924 y\u0131l\u0131nda Sechshelden at\u00f6lyesinde \u00e7al\u0131\u015fmaya ba\u015flayan Emil Haas&#8217;t\u0131r. Emil, emekli oldu\u011fu g\u00fcne kadar 50 y\u0131ldan fazla \u015firkette \u00e7al\u0131\u015ft\u0131. Bu s\u00fcre zarf\u0131nda \u015firket hayal edilemeyecek kadar b\u00fcy\u00fcm\u00fc\u015f ve sadece Almanya fabrikas\u0131nda 1.000&#8217;den fazla \u00e7al\u0131\u015fana ula\u015fm\u0131\u015ft\u0131.<\/p>\n<p>Bug\u00fcn Teka 120 \u00fclkede faaliyet g\u00f6stermekte ve binlerce \u00e7al\u0131\u015fana sahip olmakla birlikte, \u015firkette varl\u0131\u011f\u0131n\u0131 s\u00fcrd\u00fcren de\u011ferleri sayesinde k\u00f6kenlerindeki aile ruhunu hala korumaktad\u0131r.<\/p>\n<p><strong>\u0130leti\u015fimimizin temel ta\u015flar\u0131: \u0130nan\u0131lmaz Hikayeler <\/strong><\/p>\n<p>Tarihimiz inan\u0131lmaz hikayelerle dolu. 100 y\u0131l uzun bir s\u00fcre, \u00f6zellikle de Teka gibi macerac\u0131 bir ruha ve zorluklardan y\u0131lmayan bir yap\u0131ya \u00a0sahipseniz\u2026<\/p>\n<p>Tutkumuz ve Teka markam\u0131z\u0131n yer ald\u0131\u011f\u0131 toplumlarla olan ba\u011f\u0131, bir\u00e7ok zorlu\u011fa ba\u015f etmemize, farkl\u0131 giri\u015fimleri desteklememize ve birbirinden farkl\u0131 olas\u0131l\u0131klar\u0131 d\u00fc\u015f\u00fcnmemize neden oldu.<\/p>\n<p>Bu ruh, Santander fabrikalar\u0131m\u0131zdan birinin \u00e7at\u0131s\u0131nda \u00e7al\u0131\u015fanlar\u0131m\u0131z i\u00e7in bir d\u00f6n\u00fcm noktas\u0131 haline gelen ve b\u00f6lgedeki en iyi bowling m\u00fcsabakalar\u0131na tan\u0131kl\u0131k eden muhte\u015fem bir bowling salonu in\u015fa etmemizi sa\u011flad\u0131.<\/p>\n<p>Ayr\u0131ca kendi bisiklet tak\u0131m\u0131m\u0131z\u0131 kurduk ve bu tak\u0131mla Vuelta a Espa\u00f1a&#8217;y\u0131 kazand\u0131k. Bir ba\u015fka meydan okuma da bir hentbol kul\u00fcb\u00fc kurmakt\u0131 ve birlikte d\u00fcnyan\u0131n en iyi tak\u0131m\u0131 olduk. \u015eampiyonlar, Euroleague, futbol ve basketbol liglerinden bahsetmiyoruz bile\u2026<\/p>\n<p>Hatta Paris-Dakar Rallisi&#8217;nde yar\u0131\u015ft\u0131k ve K\u0131\u015f Olimpiyatlar\u0131na kat\u0131ld\u0131k.<\/p>\n<p>Okyanus Yar\u0131\u015f\u0131&#8217;nda da yar\u0131\u015ft\u0131k ve bu deneyimi sevdi\u011fimiz i\u00e7in 2012&#8217;de d\u00fcnyan\u0131n en etkileyici yat\u0131nda bir Teka mutfa\u011f\u0131 kurduk.<\/p>\n<p>Teka d\u00fcnyan\u0131n en heyecan verici binalar\u0131nda yer al\u0131yor, ancak her \u015feyden \u00f6nce en \u00f6nemli yap\u0131lar olan evlerimizde de bulunuyor. Bu evlerde 100 y\u0131l boyunca milyonlarca inan\u0131lmaz hikaye ya\u015fand\u0131 ve biz de bunlar\u0131n ayr\u0131cal\u0131kl\u0131 tan\u0131klar\u0131 olduk.<\/p>\n<p>&nbsp;<\/p>\n<p>&nbsp;<\/p>\n<p>&nbsp;<\/p>\n<p>[\/et_pb_text][\/et_pb_column][\/et_pb_row][\/et_pb_section][et_pb_section fb_built=&#8221;1&#8243; _builder_version=&#8221;4.22.1&#8243; _module_preset=&#8221;default&#8221; collapsed=&#8221;on&#8221; global_colors_info=&#8221;{}&#8221;][et_pb_row _builder_version=&#8221;4.22.1&#8243; _module_preset=&#8221;default&#8221; collapsed=&#8221;on&#8221; global_colors_info=&#8221;{}&#8221;][et_pb_column type=&#8221;4_4&#8243; _builder_version=&#8221;4.22.1&#8243; _module_preset=&#8221;default&#8221; global_colors_info=&#8221;{}&#8221;][et_pb_image src=&#8221;https:\/\/www.teka.com\/tr-tr\/wp-content\/uploads\/sites\/16\/2024\/03\/Teka_sikayetvar_odul_blog-linkedin.png&#8221; title_text=&#8221;Teka_sikayetvar_odul_blog-linkedin&#8221; src_tablet=&#8221;https:\/\/www.teka.com\/tr-tr\/wp-content\/uploads\/sites\/16\/2024\/03\/Teka_sikayetvar_odul_blog-linkedin.png&#8221; src_phone=&#8221;https:\/\/www.teka.com\/tr-tr\/wp-content\/uploads\/sites\/16\/2024\/03\/Teka_sikayetvar_odul_blog-linkedin.png&#8221; src_last_edited=&#8221;on|desktop&#8221; _builder_version=&#8221;4.22.1&#8243; _module_preset=&#8221;default&#8221; global_colors_info=&#8221;{}&#8221;][\/et_pb_image][et_pb_video src=&#8221;https:\/\/www.teka.com\/tr-tr\/wp-content\/uploads\/sites\/16\/2024\/03\/Teka-Aydin-Kuzalti_mp4_low.mp4&#8243; _builder_version=&#8221;4.22.1&#8243; _module_preset=&#8221;default&#8221; global_colors_info=&#8221;{}&#8221;][\/et_pb_video][et_pb_text _builder_version=&#8221;4.22.1&#8243; _module_preset=&#8221;default&#8221; global_colors_info=&#8221;{}&#8221;]<\/p>\n<p><strong>M\u00fc\u015fteri deneyimine verdi\u011fimiz \u00f6nem bize A.C.E. Awards Diamond \u00f6d\u00fcl kazand\u0131rd\u0131!\u00a0<\/strong><\/p>\n<p>\u015eikayetvar taraf\u0131ndan bu y\u0131l dokuzuncusu d\u00fczenlenen A.C.E. Awards (Achievement in Customer Excellence) 19 \u015eubat Pazartesi Mandarin Oriental Bosphorus, \u0130stanbul\u2019da ger\u00e7ekle\u015fti. Kusursuz m\u00fc\u015fteri deneyimini ya\u015fatan markalar\u0131n \u00f6d\u00fcllerine kavu\u015ftu\u011fu g\u00f6rkemli gecede unutulmaz anlar ya\u015fad\u0131k.<\/p>\n<p>194 bin markan\u0131n, 11.2 milyon bireysel \u00fcyenin ve ayl\u0131k ortalama 28 milyon ziyaret\u00e7inin bulu\u015ftu\u011fu \u015eikayetvar, 23 y\u0131ll\u0131k tecr\u00fcbesiyle m\u00fckemmel m\u00fc\u015fteri deneyimini ya\u015fatan markalar\u0131 dokuzuncu kez \u00f6d\u00fcllendirdi.<\/p>\n<p>Firmalar\u0131n \u015fikayet verileri, pazar paylar\u0131 ve \u015eikayetvar taraf\u0131ndan uygulanan y\u0131ll\u0131k 1.5 milyonun \u00fczerinde anket baz al\u0131narak haz\u0131rlanan M\u00fc\u015fteri Deneyim Endeksi ara\u015ft\u0131rmas\u0131 sonu\u00e7lar\u0131na g\u00f6re, t\u00fcketicilerimize m\u00fckemmel m\u00fc\u015fteri deneyimi ya\u015fatmaktan gurur duyuyoruz. Ankastre kategorisinde m\u00fc\u015fteri deneyimine verdi\u011fimiz \u00f6nemi \u015eikayetvar\u2019dan Diamond \u00f6d\u00fcl ile ta\u00e7land\u0131rd\u0131k.<\/p>\n<p>Her sene y\u00fckselen memnuniyet d\u00fczeyi endeksimiz ile m\u00fc\u015fterilerimiz i\u00e7in \u201cHayata Tat Katan Anlar\u201d yaratmaya devam edece\u011fiz.<\/p>\n<p>[\/et_pb_text][\/et_pb_column][\/et_pb_row][et_pb_row _builder_version=&#8221;4.22.1&#8243; _module_preset=&#8221;default&#8221; collapsed=&#8221;on&#8221; global_colors_info=&#8221;{}&#8221;][et_pb_column type=&#8221;4_4&#8243; _builder_version=&#8221;4.22.1&#8243; _module_preset=&#8221;default&#8221; global_colors_info=&#8221;{}&#8221;][et_pb_image src=&#8221;https:\/\/www.teka.com\/tr-tr\/wp-content\/uploads\/sites\/16\/2024\/01\/Teka_blog_izmirsergi_yatay.png&#8221; title_text=&#8221;Teka_blog_izmirsergi_yatay&#8221; _builder_version=&#8221;4.22.1&#8243; _module_preset=&#8221;default&#8221; global_colors_info=&#8221;{}&#8221;][\/et_pb_image][et_pb_text _builder_version=&#8221;4.22.1&#8243; _module_preset=&#8221;default&#8221; global_colors_info=&#8221;{}&#8221;]<\/p>\n<p><strong>Hayat\u0131n mutfa\u011f\u0131nda s\u00fcrd\u00fcr\u00fclebilir sanat var!<\/strong><\/p>\n<p>8-12 Ocak 2024 tarihlerinde, \u0130zmir \u00d6zel T\u00fcrk Koleji\u2019nde bir hafta s\u00fcren sergi ile hayat\u0131n mutfa\u011f\u0131 10 farkl\u0131 sanat\u00e7\u0131m\u0131z\u0131n eserleriyle renklendi. TEKA\u2019n\u0131n cam f\u0131r\u0131n kapaklar\u0131 sanat\u00e7\u0131lar\u0131n yeni tuvalleri olurken hayat\u0131n mutfa\u011f\u0131 s\u00fcrd\u00fcr\u00fclebilir sanatla fark\u0131ndal\u0131k kazand\u0131.<\/p>\n<p>\u0130zmir \u00d6zel T\u00fcrk Koleji Akademik Direkt\u00f6r\u00fc Bahar Ergin Faat, Anadolu Lisesi M\u00fcd\u00fcr\u00fc Ersoy Filiz, Ortaokul ve Kamp\u00fcs M\u00fcd\u00fcr\u00fc Evrim Bayar, Yurt D\u0131\u015f\u0131 E\u011fitim ve Uluslararas\u0131 Programlar Y\u00f6neticisi Yonca Bak\u0131r, Yurt D\u0131\u015f\u0131 E\u011fitim Dan\u0131\u015fman\u0131 ve ITK Smyrna Interact Kulub\u00fc Koordinat\u00f6r\u00fc Derya \u00d6z\u015fahinler ile Interact Kul\u00fcb\u00fc \u00d6\u011frencileri, Lise Z\u00fcmre Ba\u015fkanlar\u0131, G\u00f6rsel Sanatlar Z\u00fcmresi, Smyrna Rotary Kul\u00fcb\u00fc D\u00f6nem Ba\u015fkan\u0131 Re\u015fat Karao\u011flu, Eurasia CEO\u2019muz Ayd\u0131n Kuzalt\u0131 ve Teka ekibinin kat\u0131ld\u0131\u011f\u0131 sergi a\u00e7\u0131l\u0131\u015f\u0131nda bir\u00e7ok sanatsever bir araya geldi.<\/p>\n<p>\u00dclk\u00fc Y\u0131lmaz, Esra \u015eat\u0131ro\u011flu, Cins, Elif Tutka, Sevtap Y\u0131lmaz, Ataman O\u011fuz, Elifko, Mahir G\u00fcven, Sinem Kaya ve Ya\u011fmur Y\u0131lan\u2019\u0131n da aralar\u0131nda bulundu\u011fu 10 sanat\u00e7\u0131m\u0131z\u0131n farkl\u0131 bak\u0131\u015f a\u00e7\u0131lar\u0131yla haz\u0131rlanan eserleri TEKA\u2019n\u0131n cam f\u0131r\u0131n kapaklar\u0131 \u00fczerinde sergilendi. Bu y\u00f6n\u00fc ile yenilik\u00e7i bir anlat\u0131ma da sahip olan eserler olduk\u00e7a dikkat \u00e7ekiciydi.<\/p>\n<p>[\/et_pb_text][\/et_pb_column][\/et_pb_row][et_pb_row _builder_version=&#8221;4.22.1&#8243; _module_preset=&#8221;default&#8221; collapsed=&#8221;on&#8221; global_colors_info=&#8221;{}&#8221;][et_pb_column type=&#8221;4_4&#8243; _builder_version=&#8221;4.22.1&#8243; _module_preset=&#8221;default&#8221; global_colors_info=&#8221;{}&#8221;][et_pb_image src=&#8221;https:\/\/www.teka.com\/tr-tr\/wp-content\/uploads\/sites\/16\/2023\/11\/Teka_batman_blog.png&#8221; title_text=&#8221;Teka_batman_blog&#8221; _builder_version=&#8221;4.22.1&#8243; _module_preset=&#8221;default&#8221; global_colors_info=&#8221;{}&#8221;][\/et_pb_image][et_pb_text _builder_version=&#8221;4.22.1&#8243; _module_preset=&#8221;default&#8221; global_colors_info=&#8221;{}&#8221;]<\/p>\n<p><strong>Batman Ma\u011fazam\u0131z ile hayata tat katan anlar \u00e7o\u011fal\u0131yor!<\/strong><\/p>\n<p>Mutfak t\u00fcm ger\u00e7ekli\u011fi ve s\u0131cakl\u0131\u011f\u0131 ile TEKA i\u00e7in her zaman hayat\u0131n tam merkezinde yer al\u0131r. Hayat\u0131m\u0131zdaki bir\u00e7ok an ve an\u0131 mutfaktan ge\u00e7er ve hepimiz i\u00e7in farkl\u0131 anlamlara sahiptir. Kimimiz i\u00e7in ge\u00e7mi\u015fin kokusunu ta\u015f\u0131r kimimiz i\u00e7in yeniliklere a\u00e7\u0131lan kap\u0131d\u0131r. Muhabbetin, sevginin, misafirin hi\u00e7 eksik olmad\u0131\u011f\u0131 yerdir. Hayata tat katan anlar mutfakta pi\u015fer ve t\u00fcm eve yay\u0131l\u0131r.<\/p>\n<p>Mutfa\u011f\u0131n farkl\u0131 anlamlar\u0131n\u0131, hayat\u0131m\u0131zdaki yerini, \u00f6zg\u00fcn renklerini ve hikayelerini ortaya \u00e7\u0131karan \u00fcr\u00fcnlerimizle sizleri bulu\u015fturmak i\u00e7in SS Grup g\u00fcvencesiyle yeni ma\u011fazam\u0131z Batman\u2019da da hayata tat katan anlar yaratmaya devam ediyoruz. Yakla\u015f\u0131k 150 ki\u015finin kat\u0131l\u0131m\u0131yla ger\u00e7ekle\u015fen Batman ma\u011fazam\u0131z\u0131n a\u00e7\u0131l\u0131\u015f\u0131na Teka Euroasia Regional CEO\u00a0Ayd\u0131n Kuzalt\u0131, Teka Regional CCO\u00a0Bar\u0131\u015f Orbay, \u00e7ok say\u0131da i\u00e7 mimar ve m\u00fcteahhit kat\u0131ld\u0131. Organizasyonda t\u00fcm renkleriyle Urban Serisi, Giugiaro tasar\u0131m\u0131 G1 Infinity Serisi, SteakMaster, AirFry, MaestroPizza, ankastre kahve makinelerimiz, tost makinesinden \u00e7ok daha fazlas\u0131n\u0131n\u0131 sunan EliteGrill de dahil olmak \u00fczere hemen hemen t\u00fcm TEKA \u00fcr\u00fcn gam\u0131 sergilendi. TEKA olarak T\u00fcrkiye geneline yay\u0131lan ve say\u0131s\u0131 500\u2019\u00fc ge\u00e7en sat\u0131\u015f noktalar\u0131m\u0131zda t\u00fcketicilerimize yak\u0131n olmay\u0131 hedefliyoruz. Bu b\u00fcy\u00fcmenin kalbinde her zaman cihaz satmaktan \u00f6te, s\u00fcreklili\u011fi olan bir m\u00fc\u015fteri deneyimi sunmak, sat\u0131\u015f sonras\u0131 hizmetlerimizle fark yaratmak yat\u0131yor. Sekt\u00f6rde bizi \u00f6ne \u00e7\u0131karan, en son teknoloji ile \u00fcretilen ve sizlere e\u015fsiz bir pi\u015firme deneyimi sunan \u00fcr\u00fcnlerimizle bunu ba\u015far\u0131yoruz.<\/p>\n<p>Batman\u2019da ger\u00e7ekle\u015ftirdi\u011fimiz yeni ma\u011faza etkinli\u011fimizde mutfak t\u00fcm ger\u00e7ekli\u011fi ve s\u0131cakl\u0131\u011f\u0131 ile yine hayat\u0131n tam merkezinde yerini ald\u0131. Yeni ma\u011fazam\u0131zda, hayat\u0131n tad\u0131n\u0131 art\u0131ran mutfaklar i\u00e7in en pratik ve yenilik\u00e7i \u00e7\u00f6z\u00fcmleri sizlerle bulu\u015fturmaya devam edece\u011fiz.<\/p>\n<p>&nbsp;<\/p>\n<p>&nbsp;<\/p>\n<p>[\/et_pb_text][\/et_pb_column][\/et_pb_row][\/et_pb_section][et_pb_section fb_built=&#8221;1&#8243; _builder_version=&#8221;4.22.1&#8243; _module_preset=&#8221;default&#8221; collapsed=&#8221;on&#8221; global_colors_info=&#8221;{}&#8221;][et_pb_row _builder_version=&#8221;4.22.1&#8243; _module_preset=&#8221;default&#8221; collapsed=&#8221;off&#8221; global_colors_info=&#8221;{}&#8221;][et_pb_column type=&#8221;4_4&#8243; _builder_version=&#8221;4.22.1&#8243; _module_preset=&#8221;default&#8221; global_colors_info=&#8221;{}&#8221;][et_pb_image src=&#8221;https:\/\/www.teka.com\/tr-tr\/wp-content\/uploads\/sites\/16\/2023\/09\/Teka_kibris_acilis_blog.png&#8221; _builder_version=&#8221;4.22.1&#8243; _module_preset=&#8221;default&#8221; global_colors_info=&#8221;{}&#8221;][\/et_pb_image][et_pb_text _builder_version=&#8221;4.22.1&#8243; _module_preset=&#8221;default&#8221; global_colors_info=&#8221;{}&#8221;]<\/p>\n<p>Teka i\u00e7in mutfak sadece \u015f\u0131k bir resim de\u011fil, evin en canl\u0131, en ya\u015fam dolu yeridir. Hayat\u0131m\u0131zdaki bir\u00e7ok an ve an\u0131 mutfaktan ge\u00e7er. Kimimiz i\u00e7in ge\u00e7mi\u015fin kokusunu ta\u015f\u0131r kimimiz i\u00e7in yeniliklere a\u00e7\u0131lan kap\u0131d\u0131r. Mutfa\u011f\u0131n farkl\u0131 anlamlar\u0131n\u0131, hayat\u0131m\u0131zdaki yerini, \u00f6zg\u00fcn renklerini ve hikayelerini ortaya \u00e7\u0131karan \u00fcr\u00fcnlerimizle sizleri bulu\u015fturmak i\u00e7in T\u00fcrkiye\u2019den sonra \u00c7eler g\u00fcvencesiyle K\u0131br\u0131s\u2019ta da hayata tat katan anlar yaratmaya devam ediyoruz.<\/p>\n<p>K\u0131br\u0131s ma\u011fazam\u0131z\u0131n a\u00e7\u0131l\u0131\u015f\u0131na KKTC\u00a0Cumhurba\u015fkan\u0131 Ersin Tatar, KKTC\u00a0Meclis Ba\u015fkan\u0131 Zorlu T\u00f6re, Teka Euroasia Regional CEO\u00a0Ayd\u0131n Kuzalt\u0131, Teka Regional CCO\u00a0Bar\u0131\u015f Orbay, Ali \u00c7eler ve \u00e7ok say\u0131da i\u00e7 mimar, beyaz e\u015fya ve ankastre sekt\u00f6r\u00fcnden ki\u015filer, mermer, h\u0131rdavat ve yap\u0131 elemanlar\u0131 sekt\u00f6r\u00fcnde faaliyet g\u00f6steren firmalar, mobilya ve mutfak \u00fcreticileri\/distrib\u00fct\u00f6rleri, in\u015faat ve proje geli\u015ftime firmalar\u0131, finans \u00e7evreleri, bankalar\u0131n \u00fcst d\u00fczey y\u00f6neticileri, KKTC turizminin \u00f6nde gelen temsilcileri ve tan\u0131nm\u0131\u015f otellerin y\u00f6neticileri kat\u0131ld\u0131.<\/p>\n<p>Yakla\u015f\u0131k 160 ki\u015finin kat\u0131l\u0131m\u0131yla ger\u00e7ekle\u015fen organizasyonun a\u00e7\u0131k hava kokteylinde Ersin Tatar, Ayd\u0131n Kuzalt\u0131 ve Ali \u00c7eler\u2019in a\u00e7\u0131l\u0131\u015f konu\u015fmalar\u0131ndan sonra \u00fcr\u00fcn demonstrasyonu yap\u0131ld\u0131. Pi\u015firici grubunda gaz ve ind\u00fcksiyonun birle\u015fti\u011fi Hibrid ocaklar, kendinden davlumbazl\u0131 tezgah\u00fcst\u00fc ind\u00fcksiyon oca\u011f\u0131m\u0131z MasterSense Air, t\u00fcm renkleriyle Urban Serisi, Giugiaro tasar\u0131m\u0131 G1 Infinity Serisi, SteakMaster, AirFry, MaestroPizza, iOven, ankastre kahve makinelerimiz, y\u0131kama grubunda AutoDose \u00c7ama\u015f\u0131r Makinelerimiz, kendi kendini temizleyen PureClean Evyemiz, Metallic Edition Evyelerimiz gibi t\u00fcm yenilik\u00e7i \u00fcst segment \u00fcr\u00fcnlerimiz, mutfak bataryas\u0131 gam\u0131m\u0131z ve \u00e7e\u015fitli ankastre ve solo so\u011futucular\u0131m\u0131z ile bula\u015f\u0131k makinelerimiz de dahil olmak \u00fczere hemen hemen t\u00fcm TEKA \u00fcr\u00fcn serileri sergilendi.<\/p>\n<p>K\u0131br\u0131s\u2019ta ger\u00e7ekle\u015ftirdi\u011fimiz yeni ma\u011faza etkinli\u011fimizde mutfak t\u00fcm ger\u00e7ekli\u011fi ve s\u0131cakl\u0131\u011f\u0131 ile hayat\u0131n merkezinde yerini ald\u0131. Yeni ma\u011fazam\u0131zda, hayat\u0131n tad\u0131n\u0131 art\u0131ran mutfaklar i\u00e7in en pratik ve yenilik\u00e7i \u00e7\u00f6z\u00fcmler sunmaya devam edece\u011fiz.\u00a0<\/p>\n<p>&nbsp;<\/p>\n<p>&nbsp;<\/p>\n<p>&nbsp;<\/p>\n<p>&nbsp;<\/p>\n<p>[\/et_pb_text][\/et_pb_column][\/et_pb_row][\/et_pb_section][et_pb_section fb_built=&#8221;1&#8243; _builder_version=&#8221;4.22.1&#8243; _module_preset=&#8221;default&#8221; collapsed=&#8221;on&#8221; global_colors_info=&#8221;{}&#8221;][et_pb_row column_structure=&#8221;1_2,1_2&#8243; _builder_version=&#8221;4.22.1&#8243; _module_preset=&#8221;default&#8221; global_colors_info=&#8221;{}&#8221;][et_pb_column type=&#8221;1_2&#8243; _builder_version=&#8221;4.22.1&#8243; _module_preset=&#8221;default&#8221; global_colors_info=&#8221;{}&#8221;][et_pb_image src=&#8221;https:\/\/www.teka.com\/tr-tr\/wp-content\/uploads\/sites\/16\/2023\/09\/Teka_sikayetvar_story.jpg&#8221; title_text=&#8221;Teka_sikayetvar_story&#8221; _builder_version=&#8221;4.22.1&#8243; _module_preset=&#8221;default&#8221; global_colors_info=&#8221;{}&#8221;][\/et_pb_image][\/et_pb_column][et_pb_column type=&#8221;1_2&#8243; _builder_version=&#8221;4.22.1&#8243; _module_preset=&#8221;default&#8221; global_colors_info=&#8221;{}&#8221;][et_pb_text _builder_version=&#8221;4.22.1&#8243; _module_preset=&#8221;default&#8221; global_colors_info=&#8221;{}&#8221;]<\/p>\n<p>&nbsp;<\/p>\n<p><strong>Beyaz E\u015fya Ankastre Sekt\u00f6r\u00fcn\u00fcn Kazanan\u0131 Teka!<\/strong><\/p>\n<p>&nbsp;<\/p>\n<p>M\u00fc\u015fteri deneyimi noktas\u0131nda fark yaratmak, sat\u0131\u015f sonras\u0131 hizmetlerimizi geli\u015ftirerek memnuniyeti art\u0131rmak i\u00e7in s\u00fcrekli \u00e7al\u0131\u015f\u0131yoruz. Servis y\u00f6netim program\u0131 ile montaj ve onar\u0131m bildirim taleplerini online olarak takip ediyoruz.<\/p>\n<p>\u201cMarkam\u0131z, kalite, teknoloji ve inovasyona dayan\u0131yor. Teka \u00fcr\u00fcnleri g\u00fcvenilirlik, verimlilik ve hassasiyet \u00f6zellikleriyle d\u00fcnya \u00e7ap\u0131nda tan\u0131n\u0131yor. T\u00fcm \u00fcr\u00fcnlerimize en iyi i\u015flevselli\u011fi sa\u011flamak ve her ad\u0131mda m\u00fckemmelli\u011fe ula\u015fmak \u00fczere tasar\u0131mlar yap\u0131yoruz. Yakla\u015f\u0131k 100 y\u0131ll\u0131k bir ge\u00e7mi\u015fe sahip \u015firketimiz Sahiplenme, Kaanma Tutkusu, Orijinallik, Sayg\u0131, \u00c7eviklik, Kat\u0131l\u0131m ve \u0130lgilenme de\u011ferlerine dayan\u0131yor. Bu k\u00f6kl\u00fc de\u011ferler y\u00fcksek amac\u0131m\u0131z olan hayata tat katan anlar yaratmam\u0131zda her zaman bize rehberlik ediyor. TEKA olarak en y\u00fckse\u011fe konumland\u0131rd\u0131\u011f\u0131m\u0131z birincil amac\u0131m\u0131z t\u00fcm payda\u015flar\u0131m\u0131zla al\u0131\u015f\u0131lm\u0131\u015f\u0131n d\u0131\u015f\u0131nda ilgilenmektir. Bu kapsamda; her alanda \u00e7al\u0131\u015fmalar yap\u0131yoruz. M\u00fc\u015fterilerimize d\u00fcnya standartlar\u0131nda kaliteli \u00e7\u00f6z\u00fcmler sunarak g\u00fcnl\u00fck problemlerini \u00e7\u00f6zmelerine yard\u0131mc\u0131 oluyoruz. \u00c7al\u0131\u015fanlar\u0131m\u0131z\u0131n g\u00f6r\u00fc\u015f ve \u00f6nerilerini de alarak i\u015f s\u00fcre\u00e7lerimizi ve \u00e7al\u0131\u015fma ortam\u0131m\u0131z\u0131 s\u00fcrekli iyile\u015ftiriyor, tedarik\u00e7ilerimiz ve di\u011fer t\u00fcm payda\u015flar\u0131m\u0131z i\u00e7in y\u00fcksek amac\u0131m\u0131z \u00e7er\u00e7evesinde \u00e7al\u0131\u015fmalar yap\u0131yoruz.<\/p>\n<p>M\u00fc\u015fteri deneyimine verdi\u011fimiz \u00f6nem bize \u015eikayetvar\u2019dan \u00f6d\u00fcl getirdi.<\/p>\n<p><a href=\"http:\/\/sikayetvar.com\/\">sikayetvar.com<\/a>\u2019un kullan\u0131c\u0131lar\u0131 taraf\u0131ndan yap\u0131lan de\u011ferlendirmede \u2019Beyaz E\u015fya Ankastre Sekt\u00f6r\u00fc\u2019 kategorisinde;<\/p>\n<p>Memnuniyet D\u00fczey Endeksi, Churn Endeksi ve \u015eikayet Oran Endeksi de\u011ferlendirmeleri sonucunda olu\u015fan M\u00fc\u015fteri Deneyim Puanlamas\u0131nda liderli\u011fimizi s\u00fcrd\u00fcr\u00fcyoruz.<\/p>\n<p>M\u00fc\u015fteri deneyimini en \u00fcst noktaya ta\u015f\u0131mak ve M\u00fc\u015fterilerimizin hayat\u0131na tat katmak i\u00e7in \u00e7al\u0131\u015fmaya devam ediyoruz.<\/p>\n<p>&nbsp;<\/p>\n<p>T\u00fcm m\u00fc\u015fterilerimize te\u015fekk\u00fcrler\u2026<\/p>\n<p>&nbsp;<\/p>\n<p>&nbsp;<\/p>\n<p>&nbsp;<\/p>\n<p>&nbsp;<\/p>\n<p>&nbsp;<\/p>\n<p>&nbsp;<\/p>\n<p>[\/et_pb_text][\/et_pb_column][\/et_pb_row][\/et_pb_section][et_pb_section fb_built=&#8221;1&#8243; _builder_version=&#8221;4.16&#8243; _module_preset=&#8221;default&#8221; collapsed=&#8221;on&#8221; global_colors_info=&#8221;{}&#8221;][et_pb_row _builder_version=&#8221;4.16&#8243; _module_preset=&#8221;default&#8221; collapsed=&#8221;on&#8221; global_colors_info=&#8221;{}&#8221;][et_pb_column type=&#8221;4_4&#8243; _builder_version=&#8221;4.16&#8243; _module_preset=&#8221;default&#8221; global_colors_info=&#8221;{}&#8221;][et_pb_image src=&#8221;https:\/\/www.teka.com\/tr-tr\/wp-content\/uploads\/sites\/16\/2023\/07\/Teka_adana_blog_yatay.png&#8221; title_text=&#8221;Teka_adana_blog_yatay&#8221; _builder_version=&#8221;4.16&#8243; _module_preset=&#8221;default&#8221; global_colors_info=&#8221;{}&#8221;][\/et_pb_image][et_pb_text _builder_version=&#8221;4.16&#8243; _module_preset=&#8221;default&#8221; global_colors_info=&#8221;{}&#8221;]<\/p>\n<p>&nbsp;<\/p>\n<p>Mutfak t\u00fcm ger\u00e7ekli\u011fi ve s\u0131cakl\u0131\u011f\u0131 ile TEKA i\u00e7in her zaman hayat\u0131n tam merkezinde yer al\u0131r. Bizim i\u00e7in mutfak sadece \u015f\u0131k bir resim de\u011fil, evin en canl\u0131, en ya\u015fam dolu yeridir. Hayat\u0131m\u0131zdaki bir\u00e7ok an ve an\u0131 mutfaktan ge\u00e7er. Kimimiz i\u00e7in ge\u00e7mi\u015fin kokusunu ta\u015f\u0131r kimimiz i\u00e7in yeniliklere a\u00e7\u0131lan kap\u0131d\u0131r. Mutfa\u011f\u0131n farkl\u0131 anlamlar\u0131n\u0131, hayat\u0131m\u0131zdaki yerini, \u00f6zg\u00fcn renklerini ve hikayelerini ortaya \u00e7\u0131karan \u00fcr\u00fcnlerimizle sizleri bulu\u015fturmak i\u00e7in T\u00fcrkiye geneline yay\u0131lan ve say\u0131s\u0131 500\u2019\u00fc ge\u00e7en sat\u0131\u015f noktalar\u0131m\u0131zla hayata tat katan anlar yaratmaya devam ediyoruz. Teka Pi\u015firme Etkinli\u011fimiz 7 Haziran\u2019da, mimarlar\u0131n ve \u015feflerin kat\u0131l\u0131m\u0131yla yeni sat\u0131\u015f noktam\u0131z Adana \u00c7al\u0131k Dekor\u2019da ger\u00e7ekle\u015fti.<\/p>\n<p>Pi\u015firme etkinli\u011fimizin konusu bu kez tam k\u0131vam\u0131nda pi\u015fen etlerdi. Tabii ki de etkinli\u011fin y\u0131ld\u0131z\u0131 \u0130novasyon \u00f6d\u00fcll\u00fc SteakMaster f\u0131r\u0131n\u0131m\u0131z oldu. Evde, restoran kalitesinde et pi\u015firmemizi sa\u011flayan Teka SteakMaster\u2019\u0131n ustal\u0131\u011f\u0131 700 \u00baC&#8217;ye kadar \u00e7\u0131kabilen \u00f6zel d\u00f6k\u00fcm demir \u0131zgaras\u0131ndan geliyor. \u0130novatif ve \u00f6zel teknolojisi sayesinde, Teka taraf\u0131ndan Michelin \u015eefleri ile birlikte geli\u015ftirilmi\u015f SteakMaster, her pi\u015firmede m\u00fckemmel sonucu garanti ediyor. Ayr\u0131ca etin t\u00fcr\u00fcne, kesimine ve pi\u015fme \u015fekline ba\u011fl\u0131 olarak 20 \u00f6zel otomatik pi\u015firme program\u0131 da sunuyor.<\/p>\n<p>Pi\u015firme etkinli\u011fimizde \u015fef Semen \u00d6ner ve asistanlar\u0131 mimarlara m\u00fckemmel et haz\u0131rlaman\u0131n p\u00fcf noktalar\u0131n\u0131 anlatt\u0131 ve deneyimlemelerine f\u0131rsat verdi. Yakla\u015f\u0131k 60 ki\u015filik organizasyonda kat\u0131l\u0131mc\u0131lar restoran kalitesinde et pi\u015firme ve tad\u0131m deneyimi ya\u015fad\u0131. Tabii ki mutfaktaki en b\u00fcy\u00fck yard\u0131mc\u0131lar\u0131 Teka SteakMaster oldu.<\/p>\n<p>Adana\u2019da ger\u00e7ekle\u015ftirdi\u011fimiz Hayata Tat Katan Pi\u015firme Etkinli\u011fimiz damaklarda unutulmaz tatlar b\u0131rakt\u0131. Keyfin, yenili\u011fin, muhabbetin ve mutlulu\u011fun m\u00fckemmel kar\u0131\u015f\u0131m\u0131n\u0131n her zaman mutfa\u011f\u0131n\u0131z\u0131 tatland\u0131rmas\u0131n\u0131 dileriz.<\/p>\n<p>&nbsp;<\/p>\n<p>[\/et_pb_text][\/et_pb_column][\/et_pb_row][\/et_pb_section][et_pb_section fb_built=&#8221;1&#8243; _builder_version=&#8221;4.16&#8243; _module_preset=&#8221;default&#8221; collapsed=&#8221;on&#8221; global_colors_info=&#8221;{}&#8221;][et_pb_row _builder_version=&#8221;4.16&#8243; _module_preset=&#8221;default&#8221; collapsed=&#8221;on&#8221; global_colors_info=&#8221;{}&#8221;][et_pb_column type=&#8221;4_4&#8243; _builder_version=&#8221;4.16&#8243; _module_preset=&#8221;default&#8221; global_colors_info=&#8221;{}&#8221;][et_pb_image src=&#8221;https:\/\/www.teka.com\/tr-tr\/wp-content\/uploads\/sites\/16\/2023\/06\/Teka_blog_izmir_yatay.jpg&#8221; title_text=&#8221;Teka_blog_izmir_yatay&#8221; _builder_version=&#8221;4.16&#8243; _module_preset=&#8221;default&#8221; global_colors_info=&#8221;{}&#8221;][\/et_pb_image][et_pb_text _builder_version=&#8221;4.16&#8243; _module_preset=&#8221;default&#8221; global_colors_info=&#8221;{}&#8221;]<\/p>\n<p class=\"s3\"><strong><span class=\"s2\"><span class=\"bumpedFont15\">Hayat\u0131n<\/span><\/span><span class=\"s2\"><span class=\"bumpedFont15\">\u00a0<\/span><\/span><span class=\"s2\"><span class=\"bumpedFont15\">mutfa\u011f\u0131nda<\/span><\/span><span class=\"s2\"><span class=\"bumpedFont15\">\u00a0<\/span><\/span><span class=\"s2\"><span class=\"bumpedFont15\">s\u00fcrd\u00fcr\u00fclebilir<\/span><\/span><span class=\"s2\"><span class=\"bumpedFont15\">\u00a0<\/span><\/span><span class=\"s2\"><span class=\"bumpedFont15\">sanat<\/span><\/span><span class=\"s2\"><span class=\"bumpedFont15\"><span class=\"Apple-converted-space\">\u00a0<\/span>var!<\/span><\/span><\/strong><\/p>\n<p><span class=\"s4\">Ge\u00e7ti\u011fimiz<span class=\"Apple-converted-space\">\u00a0<\/span><\/span><span class=\"s4\">Mart<\/span><span class=\"s4\"><span class=\"Apple-converted-space\">\u00a0<\/span>ay\u0131nda \u0130stanbul<span class=\"Apple-converted-space\">\u00a0<\/span><\/span><span class=\"s4\">Concept<\/span><span class=\"s4\"><span class=\"Apple-converted-space\">\u00a0<\/span>Galeri\u2019de ger\u00e7ekle\u015f<\/span><span class=\"s4\">tirdi\u011fimiz<\/span><span class=\"s4\"><span class=\"Apple-converted-space\">\u00a0<\/span>sergi ile hayat\u0131n mutfa\u011f\u0131<\/span><span class=\"s4\">\u00a0<\/span><span class=\"s4\">10 farkl\u0131 sanat\u00e7\u0131m\u0131z\u0131n eserleriyle renklenmi\u015fti.<span class=\"Apple-converted-space\">\u00a0<\/span><\/span><span class=\"s5\">TEKA\u2019n\u0131n<\/span><span class=\"s5\"><span class=\"Apple-converted-space\">\u00a0<\/span>cam f\u0131r\u0131n kapaklar\u0131 sanat\u00e7\u0131lar\u0131n yeni tuvalleri ol<\/span><span class=\"s5\">urken<\/span><span class=\"s5\">\u00a0<\/span><span class=\"s5\">hayat\u0131n mutfa\u011f\u0131 s\u00fcrd\u00fcr\u00fclebilir sanatla fark\u0131ndal\u0131k kazan<\/span><span class=\"s5\">m\u0131\u015ft\u0131<\/span><span class=\"s5\">.<span class=\"Apple-converted-space\">\u00a0<\/span><\/span><\/p>\n<p><span class=\"s5\">\u00dclk\u00fc Y\u0131lmaz, Esra \u015eat\u0131ro\u011flu, Cins, Elif<span class=\"Apple-converted-space\">\u00a0<\/span><\/span><span class=\"s5\">Tutka<\/span><span class=\"s5\">,<span class=\"Apple-converted-space\">\u00a0<\/span><\/span><span class=\"s5\">Sevtap<\/span><span class=\"s5\">Y\u0131lmaz, Ataman O\u011fuz,<span class=\"Apple-converted-space\">\u00a0<\/span><\/span><span class=\"s5\">Elifko<\/span><span class=\"s5\">, Mahir G\u00fcven, Sinem Kaya ve Ya\u011fmur<span class=\"Apple-converted-space\">\u00a0<\/span><\/span><span class=\"s5\">Y\u0131lan\u2019\u0131n<\/span><span class=\"s5\"><span class=\"Apple-converted-space\">\u00a0<\/span>da aralar\u0131nda bulundu\u011fu 10 sanat\u00e7\u0131m\u0131z\u0131n eserleri bu kez \u0130zmir\u2019de<\/span><span class=\"s5\">ydi<\/span><span class=\"s5\">. Bir\u00e7ok sanatseverin kat\u0131ld\u0131\u011f\u0131 ve 6 Haziran\u2019da ger\u00e7ekle\u015fen a\u00e7\u0131l\u0131\u015fta yer alan eserler b\u00fcy\u00fck be\u011feni kazand\u0131. Sanat\u00e7\u0131lar\u0131n farkl\u0131 bak\u0131\u015f a\u00e7\u0131lar\u0131yla haz\u0131rlanan eserler,<span class=\"Apple-converted-space\">\u00a0<\/span><\/span><span class=\"s5\">TEKA\u2019n\u0131n<\/span><span class=\"s5\"><span class=\"Apple-converted-space\">\u00a0<\/span>cam f\u0131r\u0131n kapaklar\u0131 \u00fczerinde sergilendi. Bu y\u00f6n\u00fc ile yenilik\u00e7i bir anlat\u0131ma da sahip olan eserler olduk\u00e7a dikkat \u00e7ekiciydi.<\/span><\/p>\n<p><span class=\"s5\">13 Haziran\u2019a kadar<span class=\"Apple-converted-space\">\u00a0<\/span><\/span><span class=\"s5\">\u0130zmir<\/span><span class=\"s5\">\u00a0<\/span><span class=\"s5\">Galeri A\u2019da<\/span><span class=\"s5\"><span class=\"Apple-converted-space\">\u00a0<\/span>devam eden sergimiz<\/span><span class=\"s5\">de sanatseverlerle bulu\u015fmak \u00e7ok keyifliydi.<span class=\"Apple-converted-space\">\u00a0<\/span><\/span><\/p>\n<p>&nbsp;<\/p>\n<p>[\/et_pb_text][\/et_pb_column][\/et_pb_row][\/et_pb_section][et_pb_section fb_built=&#8221;1&#8243; _builder_version=&#8221;4.16&#8243; _module_preset=&#8221;default&#8221; collapsed=&#8221;on&#8221; global_colors_info=&#8221;{}&#8221;][et_pb_row _builder_version=&#8221;4.16&#8243; _module_preset=&#8221;default&#8221; global_colors_info=&#8221;{}&#8221;][et_pb_column type=&#8221;4_4&#8243; _builder_version=&#8221;4.16&#8243; _module_preset=&#8221;default&#8221; global_colors_info=&#8221;{}&#8221;][et_pb_image src=&#8221;https:\/\/www.teka.com\/tr-tr\/wp-content\/uploads\/sites\/16\/2023\/06\/Teka_blog_yatay2.png&#8221; title_text=&#8221;Teka_blog_yatay2&#8243; _builder_version=&#8221;4.16&#8243; _module_preset=&#8221;default&#8221; global_colors_info=&#8221;{}&#8221;][\/et_pb_image][\/et_pb_column][\/et_pb_row][et_pb_row _builder_version=&#8221;4.16&#8243; _module_preset=&#8221;default&#8221; global_colors_info=&#8221;{}&#8221;][et_pb_column type=&#8221;4_4&#8243; _builder_version=&#8221;4.16&#8243; _module_preset=&#8221;default&#8221; global_colors_info=&#8221;{}&#8221;][et_pb_text _builder_version=&#8221;4.16&#8243; _module_preset=&#8221;default&#8221; global_colors_info=&#8221;{}&#8221;]<\/p>\n<p><strong>Hayata Tat Katan Pi\u015firme Etkinli\u011fimiz Antalya\u2019da ger\u00e7ekle\u015fti!<\/strong><\/p>\n<p>Teka olarak i\u015fimizin kalbinde her zaman \u201cHayata tat katan anlar\u201d vard\u0131r. Mutfa\u011f\u0131n farkl\u0131 anlamlar\u0131n\u0131, hayat\u0131m\u0131z\u0131n i\u00e7indeki yerini, \u00f6zg\u00fcn renklerini ve hikayelerini ortaya \u00e7\u0131karan \u00fcr\u00fcnlerimizle sizleri bulu\u015fturmak i\u00e7in T\u00fcrkiye\u2019nin farkl\u0131 yerlerinde b\u00fcy\u00fcmeye devam ediyoruz. T\u00fcrkiye geneline yay\u0131lan ve say\u0131s\u0131 500\u2019\u00fc ge\u00e7en sat\u0131\u015f noktalar\u0131m\u0131zla hayat\u0131n tad\u0131n\u0131 art\u0131r\u0131yoruz. Teka Pi\u015firme Etkinli\u011fimiz mimarlar\u0131n ve \u015feflerin kat\u0131l\u0131m\u0131yla 25 May\u0131s\u2019ta aram\u0131za kat\u0131lan yeni sat\u0131\u015f noktam\u0131z Antalya Ayta\u015f\u2019ta ger\u00e7ekle\u015fti.<\/p>\n<p>Pi\u015firme etkinli\u011fimizin konusu kimsenin hay\u0131r diyemeyece\u011fi nefis bir \u0130talyan lezzeti; pizzayd\u0131. Pizza denilince Teka\u2019da \u00f6ne \u00e7\u0131kan \u00fcr\u00fcn\u00fcm\u00fcz tabii ki de MaestroPizza oldu. Evde, restoran kalitesinde pizza pi\u015firmemizi sa\u011flayan Teka MaestroPizza\u2019n\u0131n marifeti 340\u00baC\u2019ye kadar \u00e7\u0131kabilen g\u00fc\u00e7l\u00fc \u0131zgaras\u0131 ve \u00f6zel pizza ta\u015f\u0131nda sakl\u0131. Pi\u015firme etkinli\u011fimizde \u015fef Semen \u00d6ner ve asistanlar\u0131 mimarlara lezzetli pizza haz\u0131rlaman\u0131n p\u00fcf noktalar\u0131n\u0131 anlatt\u0131 ve deneyimlemelerine f\u0131rsat verdi. Yakla\u015f\u0131k 50 ki\u015filik organizasyonda kat\u0131l\u0131mc\u0131lar pizza hamuru a\u00e7\u0131p pi\u015firme deneyimi ya\u015fad\u0131. Tabii ki mutfaktaki en b\u00fcy\u00fck yard\u0131mc\u0131lar\u0131 Teka MaestroPizza oldu. Y\u00fcksek s\u0131cakl\u0131\u011fa \u00e7\u0131kabilen f\u0131r\u0131n ve pizza ta\u015f\u0131 sayesinde, pizzalar ayn\u0131 m\u00fckemmellikte, sadece 3 dakikada pi\u015fti.\u00a0<\/p>\n<p>Antalya\u2019da ger\u00e7ekle\u015ftirdi\u011fimiz Hayata Tat Katan Pi\u015firme Etkinli\u011fimizin ard\u0131ndan geriye unutulmaz anlar\u0131n nefis tad\u0131 kald\u0131. Teka i\u00e7in hayata tat katan anlar mutfakta pi\u015fer ve t\u00fcm eve yay\u0131l\u0131r. Muhabbetin, sevginin ve farkl\u0131 lezzet deneyimlerinin her zaman mutfa\u011f\u0131n\u0131z\u0131 tatland\u0131rmas\u0131 dile\u011fiyle\u2026\u00a0<\/p>\n<p>&nbsp;<\/p>\n<p>&nbsp;<\/p>\n<p>&nbsp;<\/p>\n<p>[\/et_pb_text][\/et_pb_column][\/et_pb_row][\/et_pb_section][et_pb_section fb_built=&#8221;1&#8243; _builder_version=&#8221;4.16&#8243; _module_preset=&#8221;default&#8221; collapsed=&#8221;on&#8221; global_colors_info=&#8221;{}&#8221;][et_pb_row _builder_version=&#8221;4.16&#8243; _module_preset=&#8221;default&#8221; collapsed=&#8221;on&#8221; global_colors_info=&#8221;{}&#8221;][et_pb_column type=&#8221;4_4&#8243; _builder_version=&#8221;4.16&#8243; _module_preset=&#8221;default&#8221; global_colors_info=&#8221;{}&#8221;][et_pb_image src=&#8221;https:\/\/www.teka.com\/tr-tr\/wp-content\/uploads\/sites\/16\/2023\/04\/Teka_blog_yatay1.jpg&#8221; title_text=&#8221;Teka_blog_yatay1&#8243; _builder_version=&#8221;4.16&#8243; _module_preset=&#8221;default&#8221; global_colors_info=&#8221;{}&#8221;][\/et_pb_image][et_pb_text _builder_version=&#8221;4.16&#8243; _module_preset=&#8221;default&#8221; global_colors_info=&#8221;{}&#8221;]<\/p>\n<p><strong>Yeni i\u015f ortaklar\u0131m\u0131zla T\u00fcrkiye\u2019de b\u00fcy\u00fcmeye devam ediyoruz!<\/strong><\/p>\n<p>Mutfak t\u00fcm ger\u00e7ekli\u011fi ve s\u0131cakl\u0131\u011f\u0131 ile TEKA i\u00e7in her zaman hayat\u0131n tam merkezinde yer al\u0131r. Bizim i\u00e7in mutfak sadece \u015f\u0131k bir resim de\u011fil, evin en canl\u0131, en ya\u015fam dolu yeridir. \u00dcstelik hepimiz i\u00e7in farkl\u0131 bir hikaye, farkl\u0131 bir anlam ta\u015f\u0131r. Hayat\u0131m\u0131zdaki bir\u00e7ok an ve an\u0131 mutfaktan ge\u00e7er ve hayat mutfa\u011fa u\u011framadan akmaz. \u00c7\u00fcnk\u00fc mutfa\u011fa y\u00fcklenen \u00e7ok \u00e7e\u015fitli anlamlar vard\u0131r. Kimimiz i\u00e7in ge\u00e7mi\u015fin kokusunu ta\u015f\u0131r kimimiz i\u00e7in yeniliklere a\u00e7\u0131lan kap\u0131d\u0131r. Muhabbetin, sevginin, misafirin hi\u00e7 eksik olmad\u0131\u011f\u0131 yerdir. Hayata tat katan anlar mutfakta pi\u015fer ve t\u00fcm eve yay\u0131l\u0131r.<\/p>\n<p>TEKA olarak; mutfa\u011f\u0131n farkl\u0131 anlamlar\u0131n\u0131, hayat\u0131m\u0131z\u0131n i\u00e7indeki yerini, \u00f6zg\u00fcn renklerini ve hikayelerini ortaya \u00e7\u0131karan \u00fcr\u00fcnlerimizi sizlerle bulu\u015fturmak i\u00e7in T\u00fcrkiye\u2019de b\u00fcy\u00fcmeyi s\u00fcrd\u00fcr\u00fcyoruz. Bu b\u00fcy\u00fcmenin kalbinde her zaman cihaz satmaktan \u00f6te, s\u00fcreklili\u011fi olan bir m\u00fc\u015fteri deneyimi yaratmak, sat\u0131\u015f sonras\u0131 hizmetlerimizle fark yaratmak yat\u0131yor. Tabii ki sekt\u00f6rde bizi \u00f6ne \u00e7\u0131karan, en son teknoloji ile \u00fcretilen ve sizlere e\u015fsiz bir pi\u015firme deneyimi sunan \u00fcr\u00fcnlerimizle bunu ba\u015far\u0131yoruz. \u0130novasyon \u00f6d\u00fcll\u00fc SteakMaster f\u0131r\u0131n\u0131m\u0131z, s\u00fcrd\u00fcr\u00fclebilirlik \u00f6d\u00fcll\u00fc AirFry f\u0131r\u0131n\u0131m\u0131z m\u00fc\u015fteriye de\u011fer yaratan AR-GE \u00e7al\u0131\u015fmalar\u0131m\u0131z\u0131n en somut \u00f6rnekleri aras\u0131ndad\u0131r.<\/p>\n<p>TEKA olarak T\u00fcrkiye geneline yay\u0131lan ve say\u0131s\u0131 500\u2019\u00fc ge\u00e7en sat\u0131\u015f noktalar\u0131m\u0131zda t\u00fcketicilerimize yak\u0131n olmay\u0131 hedefliyoruz. Bu ama\u00e7la k\u0131ymetli i\u015f ortaklar\u0131m\u0131z ile birlikte yeni ma\u011faza yat\u0131r\u0131mlar\u0131m\u0131za h\u0131z kesmeden devam ediyoruz. Aram\u0131za kat\u0131lan 2 yeni sat\u0131\u015f noktam\u0131z; Antalya Ayta\u015f ve Adana \u00c7al\u0131k Dekor ile sizlere daha da yak\u0131n olaca\u011f\u0131z. Yeni i\u015f ortaklar\u0131m\u0131z ile hayata tat katan anlar\u0131 \u00e7o\u011faltmaya devam ediyoruz.\u00a0<\/p>\n<p>[\/et_pb_text][\/et_pb_column][\/et_pb_row][\/et_pb_section][et_pb_section fb_built=&#8221;1&#8243; _builder_version=&#8221;4.16&#8243; _module_preset=&#8221;default&#8221; collapsed=&#8221;on&#8221; global_colors_info=&#8221;{}&#8221;][et_pb_row _builder_version=&#8221;4.16&#8243; _module_preset=&#8221;default&#8221; collapsed=&#8221;on&#8221; global_colors_info=&#8221;{}&#8221;][et_pb_column type=&#8221;4_4&#8243; _builder_version=&#8221;4.16&#8243; _module_preset=&#8221;default&#8221; global_colors_info=&#8221;{}&#8221;][et_pb_image src=&#8221;https:\/\/www.teka.com\/tr-tr\/wp-content\/uploads\/sites\/16\/2023\/03\/Ekran-Resmi-2023-03-07-16.27.38.png&#8221; title_text=&#8221;Ekran Resmi 2023-03-07 16.27.38&#8243; _builder_version=&#8221;4.16&#8243; _module_preset=&#8221;default&#8221; global_colors_info=&#8221;{}&#8221;][\/et_pb_image][et_pb_text _builder_version=&#8221;4.16&#8243; _module_preset=&#8221;default&#8221; global_colors_info=&#8221;{}&#8221;]<\/p>\n<p><strong>TEKA Yetkili Servisler Toplant\u0131s\u0131 unutulmaz ba\u015far\u0131lara sahne oldu! <\/strong><\/p>\n<p>Antalya\u2019da ger\u00e7ekle\u015ftirdi\u011fimiz TEKA Yetkili Servisler Toplant\u0131m\u0131z\u0131n ana konusu, sat\u0131\u015f sonras\u0131 servis kalitemizi en \u00fcst seviyeye ta\u015f\u0131makt\u0131. \u00c7\u00f6z\u00fcm orta\u011f\u0131m\u0131z Elite SSH ekibi ile birlikte 2 g\u00fcn s\u00fcren etkinlikte TEKA\u2019n\u0131n T\u00fcrkiye hedeflerini, y\u00fcksek amac\u0131m\u0131z olan unutulmaz anlar yaratman\u0131n gerekliliklerini konu\u015ftuk, Elite SSH\u2019\u0131n teknik ve CRM e\u011fitimlerine kat\u0131ld\u0131k.<\/p>\n<p><strong>TEKA\u2019n\u0131n g\u00f6r\u00fcnen y\u00fcz\u00fc; \u00e7\u00f6z\u00fcm ortaklar\u0131m\u0131z <\/strong><\/p>\n<p>TEKA olarak yapt\u0131\u011f\u0131m\u0131z her i\u015fte t\u00fcketicilerimizin evlerinde en iyi \u00e7\u00f6z\u00fcm\u00fc sunmay\u0131 hedefliyoruz. Bunu sa\u011flamak i\u00e7in kaliteyi, kullan\u0131labilirli\u011fi ve verimlili\u011fi birle\u015ftiriyoruz. B\u00f6ylece y\u00fcksek amac\u0131m\u0131z olan unutulmaz anlar yaratma konusunda s\u00fcrd\u00fcr\u00fclebilir ba\u015far\u0131lara imza at\u0131yoruz.<\/p>\n<p><strong>Sat\u0131\u015f sonras\u0131 hizmetler<\/strong> \u00fcr\u00fcn kalitesi ve fiyat\u0131n\u0131n yan\u0131 s\u0131ra g\u00fcn\u00fcm\u00fczde m\u00fc\u015fterilerin sat\u0131n alma kararlar\u0131n\u0131 etkileyen en <strong>\u00f6nemli<\/strong> fakt\u00f6rlerden biri haline geldi. TEKA olarak yeni \u00fcr\u00fcn kurulumu ve mevcut \u00fcr\u00fcnlerin kullan\u0131m\u0131 s\u00fcresince ortaya \u00e7\u0131kabilecek her t\u00fcrl\u00fc problemin tespitine ve \u00e7\u00f6z\u00fcm\u00fcne y\u00f6nelik s\u00fcre\u00e7ler sat\u0131\u015f sonras\u0131 hizmetlerimiz aras\u0131nda yer al\u0131r. Birlikte \u00e7al\u0131\u015ft\u0131\u011f\u0131m\u0131z \u00e7\u00f6z\u00fcm ortaklar\u0131m\u0131z m\u00fc\u015fterilerimiz ile aram\u0131zdaki ileti\u015fimi sa\u011flar ve TEKA\u2019n\u0131n g\u00f6r\u00fcnen y\u00fcz\u00fc olurlar. Sat\u0131\u015f sonras\u0131 hizmette amac\u0131m\u0131z, m\u00fc\u015fterilerimizle y\u00fcksek seviyede ilgilenmek ve \u00fcr\u00fcn sat\u0131\u015f\u0131ndan kurulumuna kadar %100 m\u00fc\u015fteri memnuniyetini sa\u011flamakt\u0131r.\u00a0Bu ba\u011flamda tek hedefimiz \u00fcr\u00fcn satmak de\u011fil, m\u00fc\u015fteri deneyimimizi en iyi hale getirmek ve sat\u0131\u015f sonras\u0131 hizmetlerimizdeki memnuniyet oran\u0131m\u0131z\u0131 art\u0131rmakt\u0131r. TEKA T\u00fcrkiye Genel M\u00fcd\u00fcr\u00fc Ayd\u0131n Kuzalt\u0131\u2019n\u0131n belirtti\u011fi gibi; \u201cM\u00fc\u015fteri deneyiminde oda\u011f\u0131m\u0131z TEKA\u2019n\u0131n y\u00fcksek amac\u0131 olan \u2018insanlarla al\u0131\u015f\u0131lm\u0131\u015f\u0131n d\u0131\u015f\u0131nda ilgilenmek ve anlaml\u0131 anlar yaratmakt\u0131r\u2019. Bu y\u00fcksek ama\u00e7, \u015firketimizin maneviyata sahip olmas\u0131n\u0131 sa\u011fl\u0131yor ve yapt\u0131\u011f\u0131m\u0131z her \u015feye anlam veriyor.\u201d<\/p>\n<p>[\/et_pb_text][\/et_pb_column][\/et_pb_row][\/et_pb_section][et_pb_section fb_built=&#8221;1&#8243; _builder_version=&#8221;4.16&#8243; collapsed=&#8221;off&#8221; global_colors_info=&#8221;{}&#8221;][et_pb_row _builder_version=&#8221;4.16&#8243; _module_preset=&#8221;default&#8221; collapsed=&#8221;on&#8221; global_colors_info=&#8221;{}&#8221;][et_pb_column type=&#8221;4_4&#8243; _builder_version=&#8221;4.16&#8243; _module_preset=&#8221;default&#8221; global_colors_info=&#8221;{}&#8221;][et_pb_image src=&#8221;https:\/\/www.teka.com\/tr-tr\/wp-content\/uploads\/sites\/16\/2022\/10\/Teka_kolaj_yatay.jpg&#8221; title_text=&#8221;Teka_kolaj_yatay&#8221; _builder_version=&#8221;4.16&#8243; _module_preset=&#8221;default&#8221; global_colors_info=&#8221;{}&#8221;][\/et_pb_image][et_pb_text _builder_version=&#8221;4.16&#8243; _module_preset=&#8221;default&#8221; global_colors_info=&#8221;{}&#8221;]<\/p>\n<p><strong>Teka t\u00fcketicilerine yak\u0131n olmak i\u00e7in T\u00fcrkiye\u2019de b\u00fcy\u00fcmeyi s\u00fcrd\u00fcr\u00fcyor.<\/strong><\/p>\n<p>T\u00fcrkiye\u2019de 30 y\u0131l\u0131 a\u015fk\u0131n sekt\u00f6r deneyimimizle \u0130stanbul ve \u0130zmir\u2019de \u00fcretim yap\u0131yor ve buradaki merkezlerden i\u00e7 pazar ve t\u00fcm d\u00fcnya \u00fclkelerine \u00fcr\u00fcnlerimizi sunuyoruz.\u00a0\u00dcr\u00fcnlerimizi tasar\u0131m ve teknik \u00f6zellik bak\u0131m\u0131ndan ileriye ta\u015f\u0131yan yeni bir end\u00fcsriyel platforma odaklanarak son iki y\u0131lda Ar-Ge\u2019ye \u00e7ok ciddi yat\u0131r\u0131mlar yapt\u0131k. Bu sayede Avrupa\u2019da tasarlanan ve geli\u015ftirilen \u00fcr\u00fcnlerimizi m\u00fc\u015fterilerimizin be\u011fenisine sunduk.\u00a0<\/p>\n<p>SteakMaster ve MaestroPizza f\u0131r\u0131nlar sekt\u00f6rde en son teknoloji ile \u00fcretilen ve t\u00fcketicilerimize e\u015fsiz pi\u015firme deneyimi sunan \u00fcr\u00fcnlerin ba\u015f\u0131nda geliyor. \u0130novasyon \u00f6d\u00fcll\u00fc SteakMaster f\u0131r\u0131n\u0131m\u0131z, s\u00fcrd\u00fcr\u00fclebilirlik \u00f6d\u00fcll\u00fc AirFry f\u0131r\u0131n\u0131m\u0131z m\u00fc\u015fteriye de\u011fer yaratan AR-GE \u00e7al\u0131\u015fmalar\u0131m\u0131z\u0131n en somut \u00f6rnekleridir.<\/p>\n<p>Teka olarak T\u00fcrkiye geneline yay\u0131lan ve say\u0131s\u0131 500\u2019\u00fc ge\u00e7en sat\u0131\u015f noktalar\u0131m\u0131zda t\u00fcketicilerimize yak\u0131n olmay\u0131 hedefliyoruz. Bu ama\u00e7la k\u0131ymetli i\u015f ortaklar\u0131m\u0131z ile birlikte yeni ma\u011faza yat\u0131r\u0131mlar\u0131m\u0131za h\u0131z kesmeden devam ediyoruz. T\u00fcketicilerimiz i\u00e7in cihaz satmaktan \u00f6te m\u00fc\u015fteri deneyimi noktas\u0131nda fark yaratmak, sat\u0131\u015f sonras\u0131nda da hizmetlerimizi geli\u015ftirerek memnuniyeti art\u0131rmak i\u00e7in s\u00fcrekli \u00e7al\u0131\u015f\u0131yoruz. Bu i\u015f birli\u011fi ile hizmet kalitemizi t\u00fcketici odakl\u0131 ve en optimum s\u00fcrelerde hizmet verecek \u015fekilde art\u0131rarak yolumuza devam edece\u011fiz.\u00a0<\/p>\n<p>[\/et_pb_text][\/et_pb_column][\/et_pb_row][et_pb_row column_structure=&#8221;1_2,1_2&#8243; _builder_version=&#8221;4.16&#8243; _module_preset=&#8221;default&#8221; collapsed=&#8221;on&#8221; global_colors_info=&#8221;{}&#8221;][et_pb_column type=&#8221;1_2&#8243; _builder_version=&#8221;4.16&#8243; _module_preset=&#8221;default&#8221; global_colors_info=&#8221;{}&#8221;][et_pb_text _builder_version=&#8221;4.16&#8243; _module_preset=&#8221;default&#8221; global_colors_info=&#8221;{}&#8221;]<\/p>\n<p><strong>S\u00dcRD\u00dcR\u00dcLEB\u0130L\u0130RL\u0130K KATEGOR\u0130S\u0130N\u0130N KAZANANI TEKA AIRFRY!<\/strong><\/p>\n<p>Ge\u00e7ti\u011fimiz g\u00fcnlerde ger\u00e7ekle\u015fen T\u00fcrkiye Lider Marka \u00d6d\u00fclleri\u2019nde AirFry f\u0131r\u0131n ile S\u00fcrd\u00fcr\u00fclebilirlik Kategorisinde Y\u0131l\u0131n Pi\u015firme Grubu \u00dcr\u00fcn\u00fc se\u00e7ildik. Birinci tur \u00f6n elemenin ard\u0131ndan ikinci turu da ge\u00e7erek finalist olmay\u0131 ba\u015faran Teka AirFry, \u00fc\u00e7\u00fcnc\u00fc turda 9.50 puan alarak S\u00fcrd\u00fcr\u00fclebilirlik kategorisindeki \u00f6d\u00fcl\u00fcn sahibi oldu. Bu gurur verici ba\u015far\u0131da eme\u011fi ge\u00e7en t\u00fcm \u00e7al\u0131\u015fma arkada\u015flar\u0131m\u0131z\u0131 tebrik ediyoruz.<\/p>\n<p><strong>Her y\u00f6nden s\u00fcrd\u00fcr\u00fclebilir! <\/strong><\/p>\n<p>AirFry fonksiyonu sayesinde sadece birka\u00e7 damla ya\u011f kullanarak lezzetli ve sa\u011fl\u0131kl\u0131, \u00e7\u0131t\u0131r \u00e7\u0131t\u0131r k\u0131zartmalar pi\u015firebilirsiniz. B\u00f6ylece tek bir cihazda k\u0131zartma yapmak i\u00e7in ayr\u0131ca frit\u00f6z i\u015flevi g\u00f6ren k\u00fc\u00e7\u00fck bir ev aleti sat\u0131n alman\u0131za gerek kalmaz.<\/p>\n<p>Teka AirFry, k\u0131zartmay\u0131 \u00e7ok az ya\u011f kullanarak yapan pi\u015firme \u00f6zelli\u011fi ile sa\u011fl\u0131kl\u0131 beslenme konusunda s\u00fcrd\u00fcr\u00fclebilirli\u011fi destekler.\u00a0Ayr\u0131ca pi\u015firme s\u00fcresini k\u0131saltarak daha az enerji t\u00fcketir ve bu sayede s\u00fcrd\u00fcr\u00fclebilir bir yap\u0131ya sahiptir. M\u00fckemmel hava sirk\u00fclasyonu sa\u011flayan \u00f6zel delikli tepsi FryMaster kutusu ile yiyecekleri ters \u00e7evirmeden homojen \u015fekilde pi\u015firir. F\u0131r\u0131n i\u00e7indeki ekstra halka \u0131s\u0131t\u0131c\u0131 SurroundTemp ile de yiyeceklerin t\u00fcm y\u00fczeyinde e\u015fit \u0131s\u0131 da\u011f\u0131l\u0131m\u0131 sa\u011flar.<\/p>\n<p><strong>Teka AirFry\u2019\u0131n arkas\u0131nda harika bir ekip var!<\/strong><\/p>\n<p>Harika bir i\u015f yeri k\u00fclt\u00fcr\u00fc olu\u015fturmak i\u00e7in \u00e7\u0131km\u0131\u015f oldu\u011fumuz yolculuk en anlaml\u0131 yolculuklardan biriydi. Great Place to Work\u00ae Enstit\u00fcs\u00fc taraf\u0131ndan global standartlarda ger\u00e7ekle\u015ftirilen de\u011ferlendirmeler ve analizler sonucunda, pozitif \u00e7al\u0131\u015fan deneyimi ve y\u00fcksek g\u00fcven k\u00fclt\u00fcr\u00fcne sahip harika i\u015f yeri kriterlerini sa\u011flayarak Great Place To Work\u00ae Certified unvan\u0131 kazand\u0131k. Ba\u015far\u0131lar\u0131m\u0131za yenilerini ekleyerek ilerleyebilmemiz i\u00e7in en b\u00fcy\u00fck \u00f6nceli\u011fimiz her zaman ekibimizin mutlulu\u011fu.<\/p>\n<p><strong>Hayata tat katan anlar Teka\u2019da!<\/strong><\/p>\n<p>Ge\u00e7ti\u011fimiz aylarda Teka T\u00fcrkiye olarak 30. y\u0131l\u0131m\u0131z\u0131 geride b\u0131rakt\u0131k. 100 y\u0131ll\u0131k bir ge\u00e7mi\u015fe sahip bir marka olman\u0131n deneyimini hem ekip arkada\u015flar\u0131m\u0131zla hem de t\u00fcketicilerimizle birlikte payla\u015fman\u0131n mutlulu\u011funu ya\u015f\u0131yoruz. Basit bir hatta \u00fcretilen gazl\u0131 ocaklardan bug\u00fcn y\u00fczlerce ki\u015finin \u00e7al\u0131\u015ft\u0131\u011f\u0131, b\u00fct\u00fcn d\u00fcnyaya \u00fcr\u00fcn \u00fcretti\u011fimiz \u0130zmir\u2019deki fabrikam\u0131z \u015fu anda Teka\u2019n\u0131n en \u00f6nemli merkezlerinin ba\u015f\u0131nda geliyor. T\u00fcm bu ba\u015far\u0131lar\u0131m\u0131z\u0131n kalbinde harika bir ekip yat\u0131yor. Ve bu ekip, her anlamda hayata tat katmaya devam ediyor.<\/p>\n<p>&nbsp;<\/p>\n<p><strong>\u00a0<\/strong><\/p>\n<p><strong>\u00a0<\/strong><\/p>\n<p>&nbsp;<\/p>\n<p>[\/et_pb_text][\/et_pb_column][et_pb_column type=&#8221;1_2&#8243; _builder_version=&#8221;4.16&#8243; _module_preset=&#8221;default&#8221; global_colors_info=&#8221;{}&#8221;][et_pb_image src=&#8221;https:\/\/www.teka.com\/tr-tr\/wp-content\/uploads\/sites\/16\/2022\/08\/5Q4A2846-scaled.jpg&#8221; title_text=&#8221;5Q4A2846&#8243; _builder_version=&#8221;4.16&#8243; _module_preset=&#8221;default&#8221; global_colors_info=&#8221;{}&#8221;][\/et_pb_image][et_pb_image src=&#8221;https:\/\/www.teka.com\/tr-tr\/wp-content\/uploads\/sites\/16\/2022\/08\/OKN_6987-scaled.jpg&#8221; title_text=&#8221;OKN_6987&#8243; _builder_version=&#8221;4.16&#8243; _module_preset=&#8221;default&#8221; global_colors_info=&#8221;{}&#8221;][\/et_pb_image][et_pb_image src=&#8221;https:\/\/www.teka.com\/tr-tr\/wp-content\/uploads\/sites\/16\/2022\/08\/OKN_6995-scaled.jpg&#8221; title_text=&#8221;OKN_6995&#8243; _builder_version=&#8221;4.16&#8243; _module_preset=&#8221;default&#8221; global_colors_info=&#8221;{}&#8221;][\/et_pb_image][\/et_pb_column][\/et_pb_row][et_pb_row _builder_version=&#8221;4.16&#8243; _module_preset=&#8221;default&#8221; collapsed=&#8221;on&#8221; global_colors_info=&#8221;{}&#8221;][et_pb_column type=&#8221;4_4&#8243; _builder_version=&#8221;4.16&#8243; _module_preset=&#8221;default&#8221; global_colors_info=&#8221;{}&#8221;][et_pb_text _builder_version=&#8221;4.16&#8243; _module_preset=&#8221;default&#8221; global_colors_info=&#8221;{}&#8221;]<\/p>\n<p><strong>TEKA\u2019n\u0131n mutfa\u011f\u0131nda \u015eef \u0130smet Saz var!<\/strong><\/p>\n<p><strong>\u00a0<\/strong>Mottomuz olan hayata tat katan anlar\u0131n lezzetini art\u0131racak bir i\u015f birli\u011fine imza att\u0131k. Chef of the Year \u00f6d\u00fcll\u00fc \u0130smet Saz, dijitalde TEKA T\u00fcrkiye\u2019nin marka el\u00e7isi oldu. D\u00fcnyan\u0131n \u00f6nemli gastronomi merkezlerinin mutfaklar\u0131nda \u00f6zg\u00fcn dokunu\u015flar ile yerel lezzetlere yepyeni yorumlar kazand\u0131ran \u0130smet Saz, TEKA\u2019n\u0131n mutfa\u011f\u0131nda pi\u015firdi\u011fi pratik ve s\u00fcrd\u00fcr\u00fclebilir tarifleri bizlerle bulu\u015fturuyor.<\/p>\n<p>&nbsp;<\/p>\n<p>TEKA\u2019n\u0131n YouTube kanal\u0131nda yay\u0131nlanmaya ba\u015flayan tariflerde \u015eef \u0130smet Saz, SteakMaster\u2019la d\u00fcnyaca \u00fcnl\u00fc tarifler pi\u015firiyor. \u00dcstelik pi\u015firmeye dair p\u00fcf noktalarla birlikte! SteakMaster\u2019\u0131n 700 \u00baC&#8217;ye kadar \u00e7\u0131kabilen \u00f6zel d\u00f6k\u00fcm demir \u0131zgaras\u0131nda etlerin d\u0131\u015f k\u0131sm\u0131 m\u00fckemmel m\u00fch\u00fcrlenirken i\u00e7 k\u0131sm\u0131 ise sulu kal\u0131yor. \u015eef \u0130smet Saz nar gibi k\u0131zarm\u0131\u015f bir lezzet patlamas\u0131na ve m\u00fckemmel pi\u015fme derecesine sahip etler haz\u0131rl\u0131yor. Hi\u00e7 ya\u011f kullanmadan minimalize lezzetleri minimum enerji t\u00fcketimine sahip TEKA f\u0131r\u0131nlarda haz\u0131rl\u0131yor. Sadece 5-6 dakikada pi\u015fen etlerle restoran kalitesini evinize ta\u015f\u0131yor. \u00dcstelik sadece etle de\u011fil vegi tariflerle de harikalar yarataca\u011f\u0131n\u0131z, sebzelerin farkl\u0131 aramalar\u0131n\u0131 ortaya \u00e7\u0131karan nefis tabaklar ortaya koyuyor.<\/p>\n<p>&nbsp;<\/p>\n<p>\u0130smet Saz\u2019\u0131n Hayata Tat Katan 12 tarifini sene boyunca YouTube kanal\u0131m\u0131zdan izleyebilirsiniz. TEKA mutfa\u011f\u0131nda \u00e7ekilen birbirinden nefis ve pratik tariflerle kendi mutfa\u011f\u0131n\u0131zda harikalar yaratabilirsiniz. Tabii pi\u015firme konusunda uzman bir yard\u0131mc\u0131yla i\u015finiz \u00e7ok daha kolay!<\/p>\n<p>TEKA SteakMaster etin t\u00fcr\u00fcne, kesimine ve pi\u015fme \u015fekline ba\u011fl\u0131 olarak farkl\u0131 tarifler i\u00e7in s\u0131cakl\u0131k ve pi\u015firme s\u00fcresi konusunda size rehberlik edecek 20 \u00f6zel otomatik program\u0131yla en b\u00fcy\u00fck yard\u0131mc\u0131n\u0131z oluyor. Size sadece en sevdi\u011finiz ete karar vermek kal\u0131yor. \u00dcstelik t\u00fcm bu pi\u015firme s\u00fcrecinde A+ enerji s\u0131n\u0131f\u0131 ile %20 oran\u0131nda daha az enerji t\u00fcketiyor. DualClean temizleme sistemi ile unutulmaz anlar\u0131n\u0131za daha \u00e7ok zaman kal\u0131yor. \u015eimdiden afiyet olsun.<\/p>\n<p>\u0130zlemek i\u00e7in: <a href=\"https:\/\/www.youtube.com\/watch?v=MUo3gWVp_Yo&amp;t=16s\">https:\/\/www.youtube.com\/watch?v=MUo3gWVp_Yo&amp;t=16s<\/a><\/p>\n<p>YouTube Kanal\u0131m\u0131za abone olun! <a href=\"https:\/\/www.youtube.com\/c\/TekaTurkey\">https:\/\/www.youtube.com\/c\/TekaTurkey<\/a><\/p>\n<p>&nbsp;<\/p>\n<p>&nbsp;<\/p>\n<p>&nbsp;<\/p>\n<p>[\/et_pb_text][\/et_pb_column][\/et_pb_row][et_pb_row _builder_version=&#8221;4.16&#8243; _module_preset=&#8221;default&#8221; collapsed=&#8221;on&#8221; global_colors_info=&#8221;{}&#8221;][et_pb_column type=&#8221;4_4&#8243; _builder_version=&#8221;4.16&#8243; _module_preset=&#8221;default&#8221; global_colors_info=&#8221;{}&#8221;][et_pb_text _builder_version=&#8221;4.16&#8243; _module_preset=&#8221;default&#8221; global_colors_info=&#8221;{}&#8221;]<\/p>\n<p><strong>TEKA&#8217;NIN YEN\u0130 REKLAM KAMPANYASININ YILDIZI: \u201cET SEVERLER\u201d<\/strong><\/p>\n<p>Yeni reklam kampanyam\u0131z\u0131n y\u0131ld\u0131z\u0131 SteakMaster, &#8220;Meat Lovers&#8221; reklam kampanyas\u0131 ile kar\u015f\u0131n\u0131zda!<\/p>\n<p>Teka SteakMaster \u00e7\u0131\u011f\u0131r a\u00e7an yeniliklerle en et\u00e7il damaklar\u0131 tatmin etmek i\u00e7in tasarland\u0131. Restoran kalitesinde et pi\u015firmenizi sa\u011flayan multifonksiyonel turbo f\u0131r\u0131n\u0131, 700 \u00baC&#8217;ye kadar \u00e7\u0131kabilen \u00f6zel d\u00f6k\u00fcm demir \u0131zgaras\u0131, 20 otomatik program\u0131 ile evde m\u00fckemmel bir bifte\u011fin tad\u0131na varmak isteyen herkes i\u00e7in gastronomik bir deneyim sunuyor.<\/p>\n<p>Kampanyada SteakMaster\u2019\u0131 mutfa\u011f\u0131n\u0131z\u0131n kral\u0131 olarak sunuyor ve bunu yaparken ba\u015fka bir kral\u0131n varl\u0131\u011f\u0131ndan g\u00fc\u00e7 al\u0131yoruz. Tabii ki orman\u0131n karal\u0131ndan. B\u00fcy\u00fcleyici sesi, cezbetme yetene\u011fi ve et konusundaki uzmanl\u0131\u011f\u0131 ile g\u00f6renleri kendine hayran b\u0131rakacak g\u00f6rkemli ve karizmatik bir aslan. 29 Mart 2022\u2019de Madrid\u2019te ba\u015flayan kampanya T\u00fcrkiye\u2019de de yay\u0131nda.<\/p>\n<p>&nbsp;<\/p>\n<p><strong>Dijitalde kral\u0131n izinden ilerliyoruz!<\/strong><\/p>\n<p>Teka olarak mutfa\u011f\u0131n krallar\u0131 olmak i\u00e7in tasarlanm\u0131\u015f \u00fcst\u00fcn \u00f6zelliklere sahip \u00fcr\u00fcnler yaratarak t\u00fcketicilerimize yemek pi\u015firirken m\u00fckemmel kalite ve hassasiyetin keyfini \u00e7\u0131karma \u015fans\u0131 sunuyoruz. Bu nedenle, aslan\u0131n izinden giderek kendi damgam\u0131z\u0131 yaratt\u0131k: &#8216;Mutfa\u011f\u0131n\u0131z\u0131n Kral\u0131&#8217;. Bununla, mutfaklardan en iyi \u015fekilde yararlanman\u0131z\u0131 ve evinizde otantik bir mutfak deneyimi ya\u015faman\u0131z\u0131 sa\u011flayacak \u00fcr\u00fcn se\u00e7kisi belirlemeyi hedefliyoruz.<\/p>\n<p>K\u00fcresel bir reklam kampanyas\u0131 olan &#8220;Meat Lovers&#8221; \u00f6zg\u00fcn, \u00e7arp\u0131c\u0131 ve e\u011flenceli bir dille sahip. Dijital kanallarda yay\u0131nlad\u0131\u011f\u0131m\u0131z kampanya ile t\u00fcketicilerimizle yak\u0131ndan bir ba\u011f kurarak ileti\u015fim yolunda da sa\u011flam bir ad\u0131m att\u0131k.<\/p>\n<p>&nbsp;<\/p>\n<p>&nbsp;<\/p>\n<p>[\/et_pb_text][\/et_pb_column][\/et_pb_row][et_pb_row _builder_version=&#8221;4.16&#8243; _module_preset=&#8221;default&#8221; collapsed=&#8221;on&#8221; global_colors_info=&#8221;{}&#8221;][et_pb_column type=&#8221;4_4&#8243; _builder_version=&#8221;4.16&#8243; _module_preset=&#8221;default&#8221; global_colors_info=&#8221;{}&#8221;][et_pb_text _builder_version=&#8221;4.16&#8243; _module_preset=&#8221;default&#8221; global_colors_info=&#8221;{}&#8221;]<\/p>\n<p><strong>TEKA T\u00fcrkiye 30 ya\u015f\u0131nda!<\/strong><\/p>\n<p>29 Haziran 2022\u2019de ger\u00e7ekle\u015fen ve TEKA T\u00fcrkiye\u2019nin 30. y\u0131l\u0131n\u0131 kutlad\u0131\u011f\u0131m\u0131z gecede bir\u00e7ok de\u011ferli konu\u011fumuz bizlere e\u015flik etti. Heritage-B \u0130cra Kurulu Ba\u015fkan\u0131 Maximillian Bronner, TEKA Group CEO\u2019su Stefan Hoetzl, \u00fcst d\u00fczey y\u00f6neticilerimiz ve TEKA T\u00fcrkiye \u00e7al\u0131\u015fma arkada\u015flar\u0131m\u0131zla gala yeme\u011finde bulu\u015ftuk. Gecede TEKA T\u00fcrkiye Genel M\u00fcd\u00fcr\u00fc Ayd\u0131n Kuzalt\u0131 mutfa\u011f\u0131n \u00f6neminden, TEKA\u2019y\u0131 di\u011ferlerinden ay\u0131ran en \u00f6nemli \u00f6zelli\u011fin pi\u015firmeye ve ankastreye odaklanmas\u0131ndan, T\u00fcrkiye\u2019de ankastre kavram\u0131n\u0131n\u0131n TEKA ile olu\u015ftu\u011fundan bahsetti.<\/p>\n<p>&nbsp;<\/p>\n<p><strong>TEKA\u2019n\u0131n kalbi d\u00fcnya mutfaklar\u0131n\u0131 besliyor!<\/strong><\/p>\n<p>TEKA\u2019n\u0131n 100 seneye dayanan ge\u00e7mi\u015fi, T\u00fcrkiye\u2019de 30. senesinde. Bir tane basit bir hatta \u00fcretilen gazl\u0131 ocaklardan bug\u00fcn y\u00fczlerce ki\u015finin \u00e7al\u0131\u015ft\u0131\u011f\u0131, b\u00fct\u00fcn d\u00fcnyaya \u00fcr\u00fcn besledi\u011fimiz \u0130zmir\u2019deki fabrikam\u0131z \u015fu anda da TEKA\u2019n\u0131n \u00fcst d\u00fczey performans g\u00f6steren en iyi fabrikas\u0131, hatta kalbi. Asl\u0131nda bu y\u00fcz y\u0131ll\u0131k ge\u00e7mi\u015f TEKA\u2019n\u0131n dna\u2019s\u0131 gibi. T\u00fcrkiye fabrikalar\u0131m\u0131z TEKA Global\u2019in g\u00f6zbebe\u011fi oldu\u011fu i\u00e7in 2025 y\u0131l\u0131na kadar planl\u0131 bir b\u00fcy\u00fcme ile ciroyu y\u00fczde 100 oran\u0131nda art\u0131rmay\u0131 hedefliyoruz. Kuzalt\u0131 konu\u015fmas\u0131nda; \u201cB\u00fcy\u00fcme hedeflerimizin do\u011fal sonucu olarak istihdam say\u0131m\u0131z\u0131 da art\u0131rmay\u0131 planl\u0131yoruz. Bu ivmeyle 30 y\u0131ld\u0131r yapt\u0131\u011f\u0131m\u0131z gibi \u00fclkemize yat\u0131r\u0131ma devam edece\u011fiz. Ge\u00e7mi\u015f y\u0131llarda yapt\u0131\u011f\u0131m\u0131z yat\u0131r\u0131mlarla kapasitemizi art\u0131rd\u0131k.\u201d dedi.<\/p>\n<p>&nbsp;<\/p>\n<p><strong>Harika bir ekibiz!<\/strong><\/p>\n<p>Harika bir i\u015f yeri k\u00fclt\u00fcr\u00fc olu\u015fturmak ve daha iyi bir \u00e7al\u0131\u015fan deneyimi i\u00e7in \u00e7\u0131km\u0131\u015f oldu\u011fumuz yolculuktan mutlu bir haberle d\u00f6nd\u00fck. Great Place to Work\u00ae Enstit\u00fcs\u00fc taraf\u0131ndan global standartlarda ger\u00e7ekle\u015ftirilen de\u011ferlendirmeler ve analizler sonucunda, pozitif \u00e7al\u0131\u015fan deneyimi ve y\u00fcksek g\u00fcven k\u00fclt\u00fcr\u00fcne sahip harika i\u015f yeri kriterlerini sa\u011flayarak TEKA T\u00fcrkiye olarak Great Place To Work\u00ae Certified unvan\u0131n\u0131 kullanmaya hak kazand\u0131k. S\u00fcr\u00fcd\u00fcr\u00fclebilir ba\u015far\u0131 i\u00e7in harika i\u015f yeri deneyimi yolculu\u011fumuz \u00e7\u0131kt\u0131\u011f\u0131m\u0131z en anlaml\u0131 yolculuklardan biriydi.<\/p>\n<p>&nbsp;<\/p>\n<p><strong>100 y\u0131ll\u0131k tecr\u00fcbeyle hayata tat katan anlar yaratmaya devam ediyoruz!<\/strong><\/p>\n<p>Tasar\u0131m ya da Arge dedi\u011fimiz zaman 100 y\u0131ll\u0131k ge\u00e7mi\u015ften bahsediyoruz. \u015eu anda \u0130zmir\u2019deki fabrikadaki Arge merkezimizde tasar\u0131mlar yap\u0131l\u0131yor, yeni \u00fcr\u00fcnler tasarlan\u0131yor, Avrupa ve T\u00fcrkiye\u2019nin ihtiyac\u0131 olan eviyeler burada \u00fcretiliyor. Son iki y\u0131ld\u0131r Ar-Ge\u2019ye b\u00fcy\u00fck miktarda yat\u0131r\u0131m yaparak Avrupa\u2019da tasarlanan ve geli\u015ftirilen \u00fcr\u00fcnler T\u00fcrkiye\u2019deki m\u00fc\u015fterilerimizin be\u011fenisine sunuluyor. Restoran kalitesinde etler i\u00e7in Teka SteakMaster ankastre f\u0131r\u0131n, S\u0131n\u0131rs\u0131z Y\u00fczey ve DirectSense teknolojisi ve\u00a0 Dokunmatik Kontrol paneli ile Teka ind\u00fcksiyon ocak ba\u015fta olmak \u00fczere yeni \u00fcr\u00fcn yelpazesinde sunulan t\u00fcm f\u0131r\u0131n, ocak ve davlumbazlar \u00f6zellikleri bak\u0131m\u0131ndan inovasyonda \u00e7ok \u00f6nemli bir a\u015famay\u0131 temsil ediyor.<\/p>\n<p>&nbsp;<\/p>\n<p><strong>S\u00fcrd\u00fcr\u00fclebilir \u00fcretimle 20 bin a\u011fac\u0131n kesilmesini \u00f6nledik! <\/strong><\/p>\n<p>TEKA EuroAsia ailesi olarak\u00a0i\u015f s\u00fcreklili\u011fini sa\u011flay\u0131c\u0131, karbon sal\u0131n\u0131m\u0131n\u0131 d\u00fc\u015f\u00fcrmeye y\u00f6nelik ve ye\u015fil d\u00f6n\u00fc\u015f\u00fcm\u00fc destekleyici, do\u011fal kaynak t\u00fcketimini ve at\u0131k olu\u015fumunu azalt\u0131c\u0131 projeleri destekliyoruz. At\u0131k olu\u015fumunun \u00f6n\u00fcne ge\u00e7ecek projeler geli\u015ftirerek at\u0131klar\u0131m\u0131z\u0131 yeniden de\u011ferlendiriyor, de\u011ferlendiremedi\u011fimiz at\u0131klar\u0131 kayna\u011f\u0131nda ayr\u0131\u015ft\u0131r\u0131yoruz. Sadece son 4 y\u0131lda at\u0131k miktar\u0131n\u0131 y\u00fczde 35 oran\u0131nda azaltt\u0131k. Yakla\u015f\u0131k 3400 varil petrol kullan\u0131m\u0131n\u0131n \u00f6n\u00fcne ge\u00e7tik, 1.200.000 kWh elektrik tasarrufu sa\u011flad\u0131k. Geri d\u00f6n\u00fc\u015f\u00fcme g\u00f6nderdi\u011fimiz at\u0131klarla yakla\u015f\u0131k 20 bin a\u011fac\u0131n kesilmesinin \u00f6n\u00fcne ge\u00e7tik.<\/p>\n<p><strong>\u00a0<\/strong><\/p>\n<p><strong>TEKA, 30 y\u0131ld\u0131r T\u00fcrkiye\u2019deki mutfaklara tat katmaya devam ediyor!<\/strong><\/p>\n<p>30. y\u0131l ileti\u015fim \u00e7al\u0131\u015fmalar\u0131m\u0131z kapsam\u0131nda haz\u0131rlanan belgesel filmimizde 30 y\u0131ll\u0131k zaman yolculu\u011funa \u00e7\u0131kt\u0131k, TEKA\u2019da neler ya\u015fand\u0131\u011f\u0131n\u0131 Ayd\u0131n Kuzalt\u0131\u2019dan dinledik. Yine 30. y\u0131la \u00f6zel haz\u0131rlad\u0131\u011f\u0131m\u0131z 3 k\u0131sa filmde mutfaklar\u0131n hepimiz i\u00e7in farkl\u0131 anlar\u0131n mekan\u0131 oldu\u011funu, yemekle olan ya\u015famsal ili\u015fkimizin \u00f6tesinde, hayata damga vuran bir\u00e7ok olay\u0131n da sahnesi oldu\u011funun alt\u0131n\u0131 \u00e7izdik. Reklam ve sinema sekt\u00f6r\u00fcn\u00fcn gen\u00e7 y\u00f6netmelerini desteklemek ve sanatsal yarat\u0131c\u0131l\u0131klar\u0131n\u0131 g\u00f6stermeleri i\u00e7in f\u0131rsat verdi\u011fimiz \u00f6zel bir projeye imza att\u0131k. Bu proje i\u00e7in gen\u00e7 y\u00f6netmeler mutfakta ge\u00e7en hikayeler haz\u0131rlad\u0131lar. Hikayelerde yer alan mutfaklar farkl\u0131 olaylar\u0131n sahnesi oldu.<\/p>\n<p>TEKA T\u00fcrkiye olarak s\u00fcrd\u00fcr\u00fclebilir ba\u015far\u0131 i\u00e7in amat\u00f6r ruhumuzdan vazge\u00e7miyoruz. Gen\u00e7 y\u00f6netmenlerle \u00e7al\u0131\u015fmam\u0131z\u0131n di\u011fer bir amac\u0131 da mutfa\u011f\u0131n o kendine has duygusunu bu amat\u00f6r ruhla ortaya \u00e7\u0131karmakt\u0131. TEKA T\u00fcrkiye\u2019nin 30. y\u0131l\u0131na \u00f6zel haz\u0131rlad\u0131\u011f\u0131m\u0131z filmlerde, gen\u00e7 y\u00f6netmenlerin g\u00f6z\u00fcnden farkl\u0131 hikayesi olan anlara tan\u0131kl\u0131k ediyoruz.<\/p>\n<p>[\/et_pb_text][\/et_pb_column][\/et_pb_row][et_pb_row _builder_version=&#8221;4.16&#8243; _module_preset=&#8221;default&#8221; collapsed=&#8221;on&#8221; global_colors_info=&#8221;{}&#8221;][et_pb_column type=&#8221;4_4&#8243; _builder_version=&#8221;4.16&#8243; _module_preset=&#8221;default&#8221; global_colors_info=&#8221;{}&#8221;][et_pb_image src=&#8221;https:\/\/www.teka.com\/tr-tr\/wp-content\/uploads\/sites\/16\/2022\/07\/1S7A2917-1-scaled.jpg&#8221; title_text=&#8221;1S7A2917&#8243; _builder_version=&#8221;4.16&#8243; _module_preset=&#8221;default&#8221; global_colors_info=&#8221;{}&#8221;][\/et_pb_image][et_pb_image src=&#8221;https:\/\/www.teka.com\/tr-tr\/wp-content\/uploads\/sites\/16\/2022\/07\/1S7A3444-1-scaled.jpg&#8221; title_text=&#8221;1S7A3444&#8243; _builder_version=&#8221;4.16&#8243; _module_preset=&#8221;default&#8221; global_colors_info=&#8221;{}&#8221;][\/et_pb_image][et_pb_image src=&#8221;https:\/\/www.teka.com\/tr-tr\/wp-content\/uploads\/sites\/16\/2022\/07\/1S7A3518-scaled.jpg&#8221; title_text=&#8221;1S7A3518&#8243; _builder_version=&#8221;4.16&#8243; _module_preset=&#8221;default&#8221; global_colors_info=&#8221;{}&#8221;][\/et_pb_image][et_pb_image src=&#8221;https:\/\/www.teka.com\/tr-tr\/wp-content\/uploads\/sites\/16\/2022\/07\/1S7A3551-scaled.jpg&#8221; title_text=&#8221;1S7A3551&#8243; _builder_version=&#8221;4.16&#8243; _module_preset=&#8221;default&#8221; global_colors_info=&#8221;{}&#8221;][\/et_pb_image][et_pb_image src=&#8221;https:\/\/www.teka.com\/tr-tr\/wp-content\/uploads\/sites\/16\/2022\/07\/1S7A3625-scaled.jpg&#8221; title_text=&#8221;1S7A3625&#8243; _builder_version=&#8221;4.16&#8243; _module_preset=&#8221;default&#8221; global_colors_info=&#8221;{}&#8221;][\/et_pb_image][et_pb_image src=&#8221;https:\/\/www.teka.com\/tr-tr\/wp-content\/uploads\/sites\/16\/2022\/07\/1S7A3660-scaled.jpg&#8221; title_text=&#8221;1S7A3660&#8243; _builder_version=&#8221;4.16&#8243; _module_preset=&#8221;default&#8221; global_colors_info=&#8221;{}&#8221;][\/et_pb_image][et_pb_image src=&#8221;https:\/\/www.teka.com\/tr-tr\/wp-content\/uploads\/sites\/16\/2022\/07\/1S7A3704-scaled.jpg&#8221; title_text=&#8221;1S7A3704&#8243; _builder_version=&#8221;4.16&#8243; _module_preset=&#8221;default&#8221; global_colors_info=&#8221;{}&#8221;][\/et_pb_image][\/et_pb_column][\/et_pb_row][et_pb_row _builder_version=&#8221;4.16&#8243; background_size=&#8221;initial&#8221; background_position=&#8221;top_left&#8221; background_repeat=&#8221;repeat&#8221; collapsed=&#8221;on&#8221; global_colors_info=&#8221;{}&#8221;][et_pb_column type=&#8221;4_4&#8243; _builder_version=&#8221;4.16&#8243; custom_padding=&#8221;|||&#8221; global_colors_info=&#8221;{}&#8221; custom_padding__hover=&#8221;|||&#8221;][et_pb_image src=&#8221;https:\/\/www.teka.com\/tr-tr\/wp-content\/uploads\/sites\/16\/2021\/09\/5ed3a18d-190d-43ec-a760-f730c5fdc7d4.jpg&#8221; title_text=&#8221;5ed3a18d-190d-43ec-a760-f730c5fdc7d4&#8243; align=&#8221;center&#8221; align_tablet=&#8221;center&#8221; align_phone=&#8221;&#8221; align_last_edited=&#8221;on|desktop&#8221; _builder_version=&#8221;4.16&#8243; width=&#8221;50%&#8221; max_width=&#8221;50%&#8221; global_colors_info=&#8221;{}&#8221;][\/et_pb_image][et_pb_text admin_label=&#8221;Text&#8221; _builder_version=&#8221;4.16&#8243; _module_preset=&#8221;default&#8221; global_colors_info=&#8221;{}&#8221;]<\/p>\n<p style=\"text-align: center\"><strong>YILIN \u0130NOVAT\u0130F P\u0130\u015e\u0130RME GRUBU \u00dcR\u00dcN\u00dc STEAKMASTER\u2019IN<\/strong><\/p>\n<p style=\"text-align: center\">Evlerde restoran kalitesinde et pi\u015firmeyi m\u00fcmk\u00fcn k\u0131lan SteakMaster f\u0131r\u0131n\u0131m\u0131z \u2018\u2018Y\u0131l\u0131n \u0130novatif Pi\u015firme Grubu \u00dcr\u00fcn\u00fc\u2019\u2019 \u00f6d\u00fcl\u00fcne lay\u0131k g\u00f6r\u00fcld\u00fc.<\/p>\n<p style=\"text-align: center\">T\u00fcrkiye Lider Marka \u00d6d\u00fclleri T\u00f6reni 13 Temmuz 2021&#8217;de; \u00fcnl\u00fc manken ve oyuncu \u00d6zge Ulusoy ile ba\u015far\u0131l\u0131 oyuncu Emre K\u0131nay\u2019\u0131n sunumuyla, \u0130stanbul Hilton Bomonti Hotel\u2019de ger\u00e7ekle\u015fti.<\/p>\n<p style=\"text-align: center\">\u0130\u015f, sanat ve cemiyet hayat\u0131ndan geni\u015f bir kat\u0131l\u0131mla ger\u00e7ekle\u015fen 2. T\u00fcrkiye Lider Marka \u00d6d\u00fclleri T\u00f6reni\u2019nde davetliler, Hande Yener ve Serdar Orta\u00e7 konserleriyle keyifli anlar ya\u015fad\u0131.<\/p>\n<p style=\"text-align: center\">T\u00f6rende imza att\u0131klar\u0131 \u00f6nemli yat\u0131r\u0131mlarla sekt\u00f6r ve T\u00fcrkiye ekonomisine katk\u0131 sa\u011flayan markalar \u00f6d\u00fcllendirildi.<\/p>\n<p style=\"text-align: center\">D\u00fcnya genelinde 120\u2019den fazla \u00fclkede \u00fcr\u00fcnleri kullan\u0131lan, T\u00fcrkiye\u2019de de 2 \u00fcretim tesisi bulunan Teka, evlerde restoran kalitesinde et pi\u015firmeyi m\u00fcmk\u00fcn k\u0131lan Steakmaster \u00fcr\u00fcn\u00fcyle \u2018\u2018Y\u0131l\u0131n \u0130novatif Pi\u015firme Grubu \u00dcr\u00fcn\u00fc\u2019\u2019 \u00f6d\u00fcl\u00fcne lay\u0131k g\u00f6r\u00fcld\u00fc.<\/p>\n<p style=\"text-align: center\">\u015eirketimiz ad\u0131na \u00f6d\u00fcl\u00fc CEO\u2019muz Ayd\u0131n Kuzalt\u0131 ald\u0131. 5 k\u0131tada faaliyet g\u00f6steren Teka\u2019n\u0131n global bir \u015firket oldu\u011funun alt\u0131n\u0131 \u00e7izdi. D\u00fcnya genelinde 15 \u00fcretim tesisi ile \u00fcretim ger\u00e7ekle\u015ftirdiklerini vurgulayan Kuzalt\u0131, T\u00fcrkiye\u2019de bulunan 2 tesis ile \u00fclke ekonomisine katk\u0131 sa\u011flamaktan duyduklar\u0131 memnuniyeti dile getirdi.<\/p>\n<p>[\/et_pb_text][et_pb_image src=&#8221;https:\/\/www.teka.com\/tr-tr\/wp-content\/uploads\/sites\/16\/2021\/09\/OKN_3165-scaled.jpg&#8221; title_text=&#8221;OKN_3165&#8243; align_tablet=&#8221;center&#8221; align_phone=&#8221;&#8221; align_last_edited=&#8221;on|desktop&#8221; _builder_version=&#8221;4.16&#8243; global_colors_info=&#8221;{}&#8221;][\/et_pb_image][et_pb_image src=&#8221;https:\/\/www.teka.com\/tr-tr\/wp-content\/uploads\/sites\/16\/2021\/09\/OKN_3185-scaled.jpg&#8221; title_text=&#8221;OKN_3185&#8243; align_tablet=&#8221;center&#8221; align_phone=&#8221;&#8221; align_last_edited=&#8221;on|desktop&#8221; _builder_version=&#8221;4.16&#8243; global_colors_info=&#8221;{}&#8221;][\/et_pb_image][et_pb_image src=&#8221;https:\/\/www.teka.com\/tr-tr\/wp-content\/uploads\/sites\/16\/2021\/09\/ERS_5522-scaled.jpg&#8221; title_text=&#8221;ERS_5522&#8243; align_tablet=&#8221;center&#8221; align_phone=&#8221;&#8221; align_last_edited=&#8221;on|desktop&#8221; _builder_version=&#8221;4.16&#8243; global_colors_info=&#8221;{}&#8221;][\/et_pb_image][et_pb_image src=&#8221;https:\/\/www.teka.com\/tr-tr\/wp-content\/uploads\/sites\/16\/2020\/03\/Covid-19-v2-.jpeg&#8221; align_tablet=&#8221;center&#8221; align_phone=&#8221;&#8221; align_last_edited=&#8221;on|desktop&#8221; _builder_version=&#8221;4.16&#8243; global_colors_info=&#8221;{}&#8221;][\/et_pb_image][et_pb_image src=&#8221;https:\/\/www.teka.com\/tr-tr\/wp-content\/uploads\/sites\/16\/2020\/03\/Covid-19.jpg&#8221; align_tablet=&#8221;center&#8221; align_phone=&#8221;&#8221; align_last_edited=&#8221;on|desktop&#8221; _builder_version=&#8221;4.16&#8243; global_colors_info=&#8221;{}&#8221;][\/et_pb_image][et_pb_image src=&#8221;https:\/\/www.teka.com\/tr-tr\/wp-content\/uploads\/sites\/16\/2019\/07\/TekaSektorHaberleri.png&#8221; align_tablet=&#8221;center&#8221; align_phone=&#8221;&#8221; align_last_edited=&#8221;on|desktop&#8221; _builder_version=&#8221;4.16&#8243; global_colors_info=&#8221;{}&#8221;][\/et_pb_image][et_pb_image src=&#8221;https:\/\/www.teka.com\/tr-tr\/wp-content\/uploads\/sites\/16\/2019\/07\/SektorHaberi3.png&#8221; align_tablet=&#8221;center&#8221; align_phone=&#8221;&#8221; align_last_edited=&#8221;on|desktop&#8221; _builder_version=&#8221;4.16&#8243; global_colors_info=&#8221;{}&#8221;][\/et_pb_image][et_pb_image src=&#8221;https:\/\/www.teka.com\/tr-tr\/wp-content\/uploads\/sites\/16\/2019\/07\/TK-07-MAILING.jpg&#8221; align_tablet=&#8221;center&#8221; align_phone=&#8221;&#8221; align_last_edited=&#8221;on|desktop&#8221; _builder_version=&#8221;4.16&#8243; global_colors_info=&#8221;{}&#8221;][\/et_pb_image][et_pb_image src=&#8221;https:\/\/www.teka.com\/tr-tr\/wp-content\/uploads\/sites\/16\/2019\/07\/SektorHaberi2.png&#8221; align_tablet=&#8221;center&#8221; align_phone=&#8221;&#8221; align_last_edited=&#8221;on|desktop&#8221; _builder_version=&#8221;4.16&#8243; global_colors_info=&#8221;{}&#8221;][\/et_pb_image][et_pb_image src=&#8221;https:\/\/www.teka.com\/tr-tr\/wp-content\/uploads\/sites\/16\/2019\/07\/SektorHaberleri4.jpg&#8221; align_tablet=&#8221;center&#8221; align_phone=&#8221;&#8221; align_last_edited=&#8221;on|desktop&#8221; _builder_version=&#8221;4.16&#8243; global_colors_info=&#8221;{}&#8221;][\/et_pb_image][\/et_pb_column][\/et_pb_row][\/et_pb_section]<\/p>\n","protected":false},"excerpt":{"rendered":"<p>\u00a0 Haberler Buradan Teka&#8217;n\u0131n t\u00fcm haberlerini takip edebilirsiniz: bas\u0131n b\u00fcltenleri, \u00fcr\u00fcn lansmanlar\u0131, reklam kampanyalar\u0131 ve \u00e7ok daha fazlas\u0131. \u00a0TEKA klimalar Antalya\u2019da d\u00fczenlenen lansmanla tan\u0131t\u0131ld\u0131. TEKA olarak, yeni nesil klima \u00e7\u00f6z\u00fcmlerimizi T\u00fcrkiye pazar\u0131yla bulu\u015fturdu\u011fumuz lansman\u0131m\u0131z\u0131 9 Nisan\u2019da Antalya\u2019da ger\u00e7ekle\u015ftirdik. Kombi Klima Shop i\u015f birli\u011fiyle d\u00fczenledi\u011fimiz bu \u00f6zel etkinlikte, klima sekt\u00f6r\u00fcnden 120\u2019yi a\u015fk\u0131n bayimizle bir araya geldik. [&hellip;]<\/p>\n","protected":false},"author":9,"featured_media":0,"parent":0,"menu_order":0,"comment_status":"closed","ping_status":"closed","template":"","meta":{"_acf_changed":false,"_et_pb_use_builder":"on","_et_pb_old_content":"","_et_gb_content_width":"","footnotes":""},"class_list":["post-21983","page","type-page","status-publish","hentry"],"acf":[],"yoast_head":"<!-- This site is optimized with the Yoast SEO plugin v27.5 - https:\/\/yoast.com\/product\/yoast-seo-wordpress\/ -->\n<title>News | Teka Ankastre<\/title>\n<meta name=\"robots\" content=\"index, follow, max-snippet:-1, max-image-preview:large, max-video-preview:-1\" \/>\n<link rel=\"canonical\" href=\"https:\/\/www.teka.com\/tr-tr\/news\/\" \/>\n<meta property=\"og:locale\" content=\"tr_TR\" \/>\n<meta property=\"og:type\" content=\"article\" \/>\n<meta property=\"og:title\" content=\"News | Teka Ankastre\" \/>\n<meta property=\"og:description\" content=\"\u00a0 Haberler Buradan Teka&#039;n\u0131n t\u00fcm haberlerini takip edebilirsiniz: bas\u0131n b\u00fcltenleri, \u00fcr\u00fcn lansmanlar\u0131, reklam kampanyalar\u0131 ve \u00e7ok daha fazlas\u0131. \u00a0TEKA klimalar Antalya\u2019da d\u00fczenlenen lansmanla tan\u0131t\u0131ld\u0131. TEKA olarak, yeni nesil klima \u00e7\u00f6z\u00fcmlerimizi T\u00fcrkiye pazar\u0131yla bulu\u015fturdu\u011fumuz lansman\u0131m\u0131z\u0131 9 Nisan\u2019da Antalya\u2019da ger\u00e7ekle\u015ftirdik. Kombi Klima Shop i\u015f birli\u011fiyle d\u00fczenledi\u011fimiz bu \u00f6zel etkinlikte, klima sekt\u00f6r\u00fcnden 120\u2019yi a\u015fk\u0131n bayimizle bir araya geldik. [&hellip;]\" \/>\n<meta property=\"og:url\" content=\"https:\/\/www.teka.com\/tr-tr\/news\/\" \/>\n<meta property=\"og:site_name\" content=\"Teka Ankastre\" \/>\n<meta property=\"article:modified_time\" content=\"2026-04-17T11:14:23+00:00\" \/>\n<meta property=\"og:image\" content=\"https:\/\/www.teka.com\/tr-tr\/wp-content\/uploads\/sites\/16\/2024\/05\/WhatsApp-Image-2024-05-27-at-09.59.18-300x225.jpeg\" \/>\n<meta name=\"twitter:card\" content=\"summary_large_image\" \/>\n<meta name=\"twitter:label1\" content=\"Tahmini okuma s\u00fcresi\" \/>\n\t<meta name=\"twitter:data1\" content=\"87 dakika\" \/>\n<script type=\"application\/ld+json\" class=\"yoast-schema-graph\">{\"@context\":\"https:\\\/\\\/schema.org\",\"@graph\":[{\"@type\":\"WebPage\",\"@id\":\"https:\\\/\\\/www.teka.com\\\/tr-tr\\\/news\\\/\",\"url\":\"https:\\\/\\\/www.teka.com\\\/tr-tr\\\/news\\\/\",\"name\":\"News | Teka Ankastre\",\"isPartOf\":{\"@id\":\"https:\\\/\\\/www.teka.com\\\/tr-tr\\\/#website\"},\"primaryImageOfPage\":{\"@id\":\"https:\\\/\\\/www.teka.com\\\/tr-tr\\\/news\\\/#primaryimage\"},\"image\":{\"@id\":\"https:\\\/\\\/www.teka.com\\\/tr-tr\\\/news\\\/#primaryimage\"},\"thumbnailUrl\":\"https:\\\/\\\/www.teka.com\\\/tr-tr\\\/wp-content\\\/uploads\\\/sites\\\/16\\\/2024\\\/05\\\/WhatsApp-Image-2024-05-27-at-09.59.18-300x225.jpeg\",\"datePublished\":\"2018-09-11T07:37:22+00:00\",\"dateModified\":\"2026-04-17T11:14:23+00:00\",\"inLanguage\":\"tr\",\"potentialAction\":[{\"@type\":\"ReadAction\",\"target\":[\"https:\\\/\\\/www.teka.com\\\/tr-tr\\\/news\\\/\"]}]},{\"@type\":\"ImageObject\",\"inLanguage\":\"tr\",\"@id\":\"https:\\\/\\\/www.teka.com\\\/tr-tr\\\/news\\\/#primaryimage\",\"url\":\"https:\\\/\\\/www.teka.com\\\/tr-tr\\\/wp-content\\\/uploads\\\/sites\\\/16\\\/2024\\\/05\\\/WhatsApp-Image-2024-05-27-at-09.59.18.jpeg\",\"contentUrl\":\"https:\\\/\\\/www.teka.com\\\/tr-tr\\\/wp-content\\\/uploads\\\/sites\\\/16\\\/2024\\\/05\\\/WhatsApp-Image-2024-05-27-at-09.59.18.jpeg\",\"width\":1600,\"height\":1200},{\"@type\":\"WebSite\",\"@id\":\"https:\\\/\\\/www.teka.com\\\/tr-tr\\\/#website\",\"url\":\"https:\\\/\\\/www.teka.com\\\/tr-tr\\\/\",\"name\":\"Teka Ankastre\",\"description\":\"\",\"publisher\":{\"@id\":\"https:\\\/\\\/www.teka.com\\\/tr-tr\\\/#organization\"},\"potentialAction\":[{\"@type\":\"SearchAction\",\"target\":{\"@type\":\"EntryPoint\",\"urlTemplate\":\"https:\\\/\\\/www.teka.com\\\/tr-tr\\\/?s={search_term_string}\"},\"query-input\":{\"@type\":\"PropertyValueSpecification\",\"valueRequired\":true,\"valueName\":\"search_term_string\"}}],\"inLanguage\":\"tr\"},{\"@type\":\"Organization\",\"@id\":\"https:\\\/\\\/www.teka.com\\\/tr-tr\\\/#organization\",\"name\":\"Teka Ankastre\",\"url\":\"https:\\\/\\\/www.teka.com\\\/tr-tr\\\/\",\"logo\":{\"@type\":\"ImageObject\",\"inLanguage\":\"tr\",\"@id\":\"https:\\\/\\\/www.teka.com\\\/tr-tr\\\/#\\\/schema\\\/logo\\\/image\\\/\",\"url\":\"https:\\\/\\\/www.teka.com\\\/tr-tr\\\/wp-content\\\/uploads\\\/sites\\\/16\\\/2019\\\/03\\\/favicon-2019.png\",\"contentUrl\":\"https:\\\/\\\/www.teka.com\\\/tr-tr\\\/wp-content\\\/uploads\\\/sites\\\/16\\\/2019\\\/03\\\/favicon-2019.png\",\"width\":512,\"height\":512,\"caption\":\"Teka Ankastre\"},\"image\":{\"@id\":\"https:\\\/\\\/www.teka.com\\\/tr-tr\\\/#\\\/schema\\\/logo\\\/image\\\/\"}}]}<\/script>\n<!-- \/ Yoast SEO plugin. -->","yoast_head_json":{"title":"News | Teka Ankastre","robots":{"index":"index","follow":"follow","max-snippet":"max-snippet:-1","max-image-preview":"max-image-preview:large","max-video-preview":"max-video-preview:-1"},"canonical":"https:\/\/www.teka.com\/tr-tr\/news\/","og_locale":"tr_TR","og_type":"article","og_title":"News | Teka Ankastre","og_description":"\u00a0 Haberler Buradan Teka'n\u0131n t\u00fcm haberlerini takip edebilirsiniz: bas\u0131n b\u00fcltenleri, \u00fcr\u00fcn lansmanlar\u0131, reklam kampanyalar\u0131 ve \u00e7ok daha fazlas\u0131. \u00a0TEKA klimalar Antalya\u2019da d\u00fczenlenen lansmanla tan\u0131t\u0131ld\u0131. TEKA olarak, yeni nesil klima \u00e7\u00f6z\u00fcmlerimizi T\u00fcrkiye pazar\u0131yla bulu\u015fturdu\u011fumuz lansman\u0131m\u0131z\u0131 9 Nisan\u2019da Antalya\u2019da ger\u00e7ekle\u015ftirdik. Kombi Klima Shop i\u015f birli\u011fiyle d\u00fczenledi\u011fimiz bu \u00f6zel etkinlikte, klima sekt\u00f6r\u00fcnden 120\u2019yi a\u015fk\u0131n bayimizle bir araya geldik. [&hellip;]","og_url":"https:\/\/www.teka.com\/tr-tr\/news\/","og_site_name":"Teka Ankastre","article_modified_time":"2026-04-17T11:14:23+00:00","og_image":[{"url":"https:\/\/www.teka.com\/tr-tr\/wp-content\/uploads\/sites\/16\/2024\/05\/WhatsApp-Image-2024-05-27-at-09.59.18-300x225.jpeg","type":"","width":"","height":""}],"twitter_card":"summary_large_image","twitter_misc":{"Tahmini okuma s\u00fcresi":"87 dakika"},"schema":{"@context":"https:\/\/schema.org","@graph":[{"@type":"WebPage","@id":"https:\/\/www.teka.com\/tr-tr\/news\/","url":"https:\/\/www.teka.com\/tr-tr\/news\/","name":"News | Teka Ankastre","isPartOf":{"@id":"https:\/\/www.teka.com\/tr-tr\/#website"},"primaryImageOfPage":{"@id":"https:\/\/www.teka.com\/tr-tr\/news\/#primaryimage"},"image":{"@id":"https:\/\/www.teka.com\/tr-tr\/news\/#primaryimage"},"thumbnailUrl":"https:\/\/www.teka.com\/tr-tr\/wp-content\/uploads\/sites\/16\/2024\/05\/WhatsApp-Image-2024-05-27-at-09.59.18-300x225.jpeg","datePublished":"2018-09-11T07:37:22+00:00","dateModified":"2026-04-17T11:14:23+00:00","inLanguage":"tr","potentialAction":[{"@type":"ReadAction","target":["https:\/\/www.teka.com\/tr-tr\/news\/"]}]},{"@type":"ImageObject","inLanguage":"tr","@id":"https:\/\/www.teka.com\/tr-tr\/news\/#primaryimage","url":"https:\/\/www.teka.com\/tr-tr\/wp-content\/uploads\/sites\/16\/2024\/05\/WhatsApp-Image-2024-05-27-at-09.59.18.jpeg","contentUrl":"https:\/\/www.teka.com\/tr-tr\/wp-content\/uploads\/sites\/16\/2024\/05\/WhatsApp-Image-2024-05-27-at-09.59.18.jpeg","width":1600,"height":1200},{"@type":"WebSite","@id":"https:\/\/www.teka.com\/tr-tr\/#website","url":"https:\/\/www.teka.com\/tr-tr\/","name":"Teka Ankastre","description":"","publisher":{"@id":"https:\/\/www.teka.com\/tr-tr\/#organization"},"potentialAction":[{"@type":"SearchAction","target":{"@type":"EntryPoint","urlTemplate":"https:\/\/www.teka.com\/tr-tr\/?s={search_term_string}"},"query-input":{"@type":"PropertyValueSpecification","valueRequired":true,"valueName":"search_term_string"}}],"inLanguage":"tr"},{"@type":"Organization","@id":"https:\/\/www.teka.com\/tr-tr\/#organization","name":"Teka Ankastre","url":"https:\/\/www.teka.com\/tr-tr\/","logo":{"@type":"ImageObject","inLanguage":"tr","@id":"https:\/\/www.teka.com\/tr-tr\/#\/schema\/logo\/image\/","url":"https:\/\/www.teka.com\/tr-tr\/wp-content\/uploads\/sites\/16\/2019\/03\/favicon-2019.png","contentUrl":"https:\/\/www.teka.com\/tr-tr\/wp-content\/uploads\/sites\/16\/2019\/03\/favicon-2019.png","width":512,"height":512,"caption":"Teka Ankastre"},"image":{"@id":"https:\/\/www.teka.com\/tr-tr\/#\/schema\/logo\/image\/"}}]}},"_links":{"self":[{"href":"https:\/\/www.teka.com\/tr-tr\/wp-json\/wp\/v2\/pages\/21983","targetHints":{"allow":["GET"]}}],"collection":[{"href":"https:\/\/www.teka.com\/tr-tr\/wp-json\/wp\/v2\/pages"}],"about":[{"href":"https:\/\/www.teka.com\/tr-tr\/wp-json\/wp\/v2\/types\/page"}],"author":[{"embeddable":true,"href":"https:\/\/www.teka.com\/tr-tr\/wp-json\/wp\/v2\/users\/9"}],"replies":[{"embeddable":true,"href":"https:\/\/www.teka.com\/tr-tr\/wp-json\/wp\/v2\/comments?post=21983"}],"version-history":[{"count":51,"href":"https:\/\/www.teka.com\/tr-tr\/wp-json\/wp\/v2\/pages\/21983\/revisions"}],"predecessor-version":[{"id":60057,"href":"https:\/\/www.teka.com\/tr-tr\/wp-json\/wp\/v2\/pages\/21983\/revisions\/60057"}],"wp:attachment":[{"href":"https:\/\/www.teka.com\/tr-tr\/wp-json\/wp\/v2\/media?parent=21983"}],"curies":[{"name":"wp","href":"https:\/\/api.w.org\/{rel}","templated":true}]}}